{"id":69987,"date":"2024-09-26T12:33:31","date_gmt":"2024-09-26T10:33:31","guid":{"rendered":"https:\/\/sagnlandet.dk\/fortidsfamilie-information-viking\/"},"modified":"2025-02-24T07:25:29","modified_gmt":"2025-02-24T06:25:29","slug":"informations-familiales-anterieures-viking","status":"publish","type":"page","link":"https:\/\/sagnlandet.dk\/fr\/informations-familiales-anterieures-viking\/","title":{"rendered":"Informations familiales ant\u00e9rieures Viking"},"content":{"rendered":"\r\n\r\n<section class=\"standout-section standout-block standout-basic alignfull rounded-bg wp-elements-3e72caa62bc30ca15cf883075659df51 hero-section side-spacing has-bg has-bg-img bg-size-cover bg-align-horizontal-center bg-align-vertical-center has-text-color\" style=\"color: #ffffff;\">\r\n\r\n\t<div class=\"standout-max-container\">\t\r\n\r\n<div class=\"standout-block-inner\">\r\n\t\t\t\r\n\t<div class=\"standout-block-background-deco\" style=\"--bg-align-vertical: center; --bg-align-horizontal: center; --bg-object-position: center center\">\r\n\t\t<img loading=\"lazy\" decoding=\"async\" width=\"1920\" height=\"786\" src=\"https:\/\/sagnlandet.dk\/fr\/wp-content\/uploads\/sites\/12\/2025\/02\/efteraarsferie-2020-22-2-scaled-1.jpg\" class=\"standout-block-background-deco-element\" alt=\"\" srcset=\"https:\/\/sagnlandet.dk\/fr\/wp-content\/uploads\/sites\/12\/2025\/02\/efteraarsferie-2020-22-2-scaled-1.jpg 2560w, https:\/\/sagnlandet.dk\/fr\/wp-content\/uploads\/sites\/12\/2025\/02\/efteraarsferie-2020-22-2-scaled-1-600x246.jpg 600w, https:\/\/sagnlandet.dk\/fr\/wp-content\/uploads\/sites\/12\/2025\/02\/efteraarsferie-2020-22-2-scaled-1-1920x786.jpg 1920w, https:\/\/sagnlandet.dk\/fr\/wp-content\/uploads\/sites\/12\/2025\/02\/efteraarsferie-2020-22-2-scaled-1-1536x629.jpg 1536w, https:\/\/sagnlandet.dk\/fr\/wp-content\/uploads\/sites\/12\/2025\/02\/efteraarsferie-2020-22-2-scaled-1-2048x838.jpg 2048w, https:\/\/sagnlandet.dk\/fr\/wp-content\/uploads\/sites\/12\/2025\/02\/efteraarsferie-2020-22-2-scaled-1-244x100.jpg 244w, https:\/\/sagnlandet.dk\/fr\/wp-content\/uploads\/sites\/12\/2025\/02\/efteraarsferie-2020-22-2-scaled-1-1200x491.jpg 1200w, https:\/\/sagnlandet.dk\/fr\/wp-content\/uploads\/sites\/12\/2025\/02\/efteraarsferie-2020-22-2-scaled-1-1320x540.jpg 1320w\" sizes=\"(max-width: 1920px) 100vw, 1920px\" \/>\t<\/div>\r\n\r\n\t\t\r\n\t\t\t\t\t\t<div class=\"acf-innerblocks-container\">\n\n<h1 class=\"wp-block-heading\">Informations sur la famille Viking<\/h1>\n\n<\/div>\r\n\t\t\t\r\n\t\t\t<div class=\"standout-hero-information\"><div class=\"standout-hero-information-inner\">Voir le programme de la journ\u00e9e <a href=\"https:\/\/sagnlandet.dk\/fr\/programme-de-jour\/\">ici <span height=\"1em\" class=\"standout-custom-svg custom-svg\"><?xml version=\"1.0\" encoding=\"UTF-8\"?><svg height=\"1em\" id=\"a\" xmlns=\"http:\/\/www.w3.org\/2000\/svg\" viewBox=\"0 0 16.28 22.02\"><path d=\"M5.4,18.67h-.24c-.77.76-1.5,1.5-2.28,2.28v.35h-.36c-.24.26-.45.47-.68.71H.74c0-.15-.01-.28-.02-.37-.24-.23-.45-.43-.7-.66v-.34c.08-.05.15-.1.23-.15-.06-.05-.14-.09-.19-.15-.03-.04-.06-.13-.04-.15.13-.13.28-.24.46-.39,0-.08,0-.22.01-.29.52-.52,1.01-1,1.49-1.49-.01-.02-.02-.03-.04-.05.14,0,.27-.01.35-.02.32-.33.61-.62.94-.95h.35c0-.15.02-.3.02-.37.2-.2.37-.37.58-.58h.26c.48-.49.93-.94,1.42-1.44h.35v-.38c.13-.11.22-.2.31-.28,0-.02-.02-.04-.03-.06h.34c.41-.42.77-.79,1.18-1.2h.25c.57-.57,1.1-1.11,1.66-1.68h.25c.2-.19.37-.33.52-.49.04-.04.09-.16.07-.18-.12-.11-.26-.19-.38-.3-.12-.11-.22-.23-.33-.35-.11-.12-.21-.24-.32-.36-.07-.07-.15-.13-.29-.24h-.25c-.31-.33-.6-.62-.92-.96h-.3c-.15-.17-.26-.3-.41-.48h-.31c-.15-.17-.26-.3-.41-.48h-.28c-.41-.42-.77-.79-1.18-1.2h-.27c-.31-.33-.6-.62-.92-.96h-.29c-.23-.25-.44-.47-.68-.72h-.29c-.14-.17-.26-.31-.4-.48h-.31c-.14-.17-.26-.31-.41-.48h-.28c-.29-.29-.53-.54-.83-.84v-.26c-.26-.24-.47-.44-.71-.67.1-.18-.21-.52.23-.68v-.31c.22-.22.38-.38.59-.59h1.02c.14.16.25.29.4.47h.36c.02.09.04.16.06.24h.35c.23.25.44.46.68.72h.29c.15.17.26.3.42.48h.27c.33.33.61.62.94.96.06,0,.19,0,.3.02.14.16.26.3.4.47h.29c.32.33.61.62.94.96h.28c.14.17.26.31.4.48h.37c0,.36.29.21.41.24.24.26.44.47.68.72h.34c.07.11,0,.36.28.23v.48c.15,0,.29.01.38.02.31.32.59.62.91.95h.28c.23.25.44.47.68.72h.3c.14-.16.26-.3.4-.47h1.33c0-.37.27-.21.47-.25.02-.06.05-.14.07-.22h.58c.19.2.36.37.57.58v.58c-.07.01-.14.03-.2.04-.1.17.13.48-.26.48v.33c-.2.21-.34.36-.49.51-.1.11-.2.23-.31.33-.12.1-.26.18-.39.29-.03.02-.03.12-.01.14.14.12.29.24.46.38v.36c.08.03.16.06.25.08v.65c.08.02.15.04.23.06v.42c-.07.02-.14.05-.23.07v.43h-.38c-.11.12-.17.18-.23.25-.05-.07-.11-.13-.19-.23h-.55c-.15-.17-.26-.3-.41-.48h-.32c-.26-.48-.68-.1-.93-.25-.24.25-.44.46-.68.72-.07,0-.2,0-.37.02v.37c-.13.11-.22.19-.31.27,0,.02.02.04.03.06h-.33c-.66.66-1.26,1.27-1.91,1.92h-.25c-.81.81-1.57,1.58-2.39,2.4h-.35c0,.15-.02.29-.02.39-.11.11-.2.19-.35.33Z\"\/><\/svg><\/span><\/a><\/div><div class=\"standout-hero-rowing-animation\"><img decoding=\"async\" class=\"animation\" src=\"https:\/\/sagnlandet.dk\/fr\/wp-content\/themes\/s-child\/images\/rowing.png\"><\/div><\/div>\t<\/div>\r\n\r\n\r\n\r\n\t\t<\/div>\r\n<\/section>\n\n\n<hr class=\"wp-block-separator has-alpha-channel-opacity\"\/>\n\n\n\n<p class=\"alignright has-text-align-right\"><em>derni\u00e8re mise \u00e0 jour le 13 mai 2024<\/em><\/p>\n\n\n\n<div class=\"wp-block-media-text has-media-on-the-right is-stacked-on-mobile\" style=\"grid-template-columns:auto 55%\"><div class=\"wp-block-media-text__content\">\n<p>Bienvenue \u00e0 ! Vous avez r\u00e9serv\u00e9 un s\u00e9jour d&#8217;une semaine en tant que famille ancienne au March\u00e9 Viking de Fredsbjerg, dans le Pays des l\u00e9gendes de Lejre. Nous en sommes ravis et nous nous r\u00e9jouissons de vous accueillir.<\/p>\n<\/div><figure class=\"wp-block-media-text__media\"><img decoding=\"async\" src=\"https:\/\/sagnlandet.dk\/wp-content\/uploads\/2025\/02\/voelvens-spaadom-nov-2021-01-1320x1102-1-300x300-1.jpg\" alt=\"\" class=\"wp-image-1261 size-thumbnail\"\/><\/figure><\/div>\n\n\n\n<p>Sur cette page, vous trouverez plus d&#8217;informations sur la pr\u00e9paration de votre s\u00e9jour, la nourriture que vous pr\u00e9parerez et quelques informations pratiques.<\/p>\n\n\n\n<p>Les Vikings de Fredsbjerg se r\u00e9jouissent de vous accueillir,<\/p>\n\n\n\n<p><strong>Que les dieux soient avec vous,<\/strong><\/p>\n\n\n\n<p><em>\/Roland Peter Christensen, alias Rollo<\/em><\/p>\n\n\n\r\n\r\n<section class=\"standout-section standout-block standout-basic alignwide has-bg has-bg-img bg-size-cover bg-align-horizontal-center bg-align-vertical-center\">\r\n\r\n\t<div class=\"standout-max-container\">\t\r\n\r\n<div class=\"standout-block-inner\">\r\n\t\t\t\r\n\t<div class=\"standout-block-background-deco\" style=\"--bg-align-vertical: center; --bg-align-horizontal: center; --bg-object-position: center center\">\r\n\t\t<img loading=\"lazy\" decoding=\"async\" width=\"470\" height=\"570\" src=\"https:\/\/sagnlandet.dk\/fr\/wp-content\/uploads\/sites\/12\/2025\/02\/forside-undervisning-04.jpg\" class=\"standout-block-background-deco-element\" alt=\"\" srcset=\"https:\/\/sagnlandet.dk\/fr\/wp-content\/uploads\/sites\/12\/2025\/02\/forside-undervisning-04.jpg 470w, https:\/\/sagnlandet.dk\/fr\/wp-content\/uploads\/sites\/12\/2025\/02\/forside-undervisning-04-82x100.jpg 82w\" sizes=\"(max-width: 470px) 100vw, 470px\" \/>\t<\/div>\r\n\r\n\t\t\r\n\t\t\t\t\t\t<div class=\"acf-innerblocks-container\">\n\n<h2 class=\"wp-block-heading has-color-bg-color has-text-color has-link-color wp-elements-92f69660032358688a29faaba1205aca\">Informations sur le s\u00e9jour<\/h2>\n\n<\/div>\r\n\t\t\t\r\n\t<\/div>\r\n\r\n\r\n\r\n\t\t<\/div>\r\n<\/section>\n\n\n<h4 class=\"wp-block-heading\">Un bon voyage dans le temps \u00e0 l&#8217;\u00e9poque des Vikings<\/h4>\n\n\n\n<p>\u00cates-vous pr\u00eat \u00e0 vivre une exp\u00e9rience tr\u00e8s sp\u00e9ciale ? Une exp\u00e9rience au cours de laquelle nous cr\u00e9erons ensemble une petite communaut\u00e9. Une communaut\u00e9 qui veille les uns sur les autres et vous donne l&#8217;occasion de passer des vacances compl\u00e8tement diff\u00e9rentes, o\u00f9 la communaut\u00e9, la serviabilit\u00e9, le confort au coin du feu, les histoires et l&#8217;apprentissage sont au centre des pr\u00e9occupations. Bienvenue donc \u00e0 Fredsbjerg, dans l&#8217;environnement historique viking de Lejre Land of Legends.<\/p>\n\n\n\n<h4 class=\"wp-block-heading\"><strong>Ce qui vous attend&#8230;<\/strong><\/h4>\n\n\n\n<p>En tant que familles du pass\u00e9 dans l&#8217;environnement viking de Fredsbjerg, vous vivrez comme des Vikings sur la place du march\u00e9 et dans la maison foresti\u00e8re qui entoure la nouvelle salle du roi du Lejre Land of Legends, une version recr\u00e9\u00e9e du plus grand b\u00e2timent de l&#8217;\u00e8re viking trouv\u00e9 au Danemark.<\/p>\n\n\n\n<p>Au cours de la semaine, vous aurez l&#8217;occasion de d\u00e9couvrir la vie et l&#8217;\u00e9poque des Vikings gr\u00e2ce \u00e0 de nombreuses t\u00e2ches pratiques et amusantes, \u00e0 des apports professionnels, \u00e0 des histoires et \u00e0 des rencontres chaleureuses.<\/p>\n\n\n\n<p>Outre les sports et l&#8217;armement vikings, vous aurez l&#8217;occasion d&#8217;essayer divers objets historiques en laine, en bois, en cuir et en m\u00e9tal.<\/p>\n\n\n\n<p>Vous aurez un aper\u00e7u des conditions de vie de nos anc\u00eatres. Vous apprendrez \u00e0 renforcer et \u00e0 soutenir la communaut\u00e9 dans laquelle vous vous trouvez, et vous apprendrez \u00e0 \u00eatre un bon ami et une \u00e2me s\u0153ur, en prenant la responsabilit\u00e9 de votre propre vie et en vous occupant des autres, en devenant de bons h\u00f4tes et de bons invit\u00e9s<\/p>\n\n\n\n<p>En outre, vous pourrez vous endormir tous les soirs avec l&#8217;odeur de la fum\u00e9e de bois dans vos cheveux apr\u00e8s vos repas, que vous aiderez \u00e0 pr\u00e9parer sur le feu de camp.<\/p>\n\n\n\n<p>Un voyage \u00e0 l&#8217;\u00e2ge des Vikings \u00e0 Fredsbjerg est donc une exp\u00e9rience holistique unique pour les jeunes et les moins jeunes.<\/p>\n\n\n\n<p><strong>Pour les familles ordinaires<\/strong><\/p>\n\n\n\n<p>Pour passer une semaine en famille dans le pass\u00e9 \u00e0 Lejre Land of Legends, il suffit d&#8217;avoir le d\u00e9sir et le courage de passer ses vacances dans l&#8217;un de nos environnements reconstitu\u00e9s. Il n&#8217;est pas n\u00e9cessaire d&#8217;avoir des connaissances approfondies, car les guides qui vous accompagnent vous prendront par la main tout au long du parcours pour vous faire passer une semaine inoubliable.<\/p>\n\n\n\n<p>Pour partir en vacances \u00e0 l&#8217;\u00e9poque des Vikings, vous devez constituer un groupe de 2 \u00e0 5 personnes. Le groupe doit comprendre au moins un adulte de plus de 18 ans. Il n&#8217;est pas n\u00e9cessaire d&#8217;\u00eatre une famille nucl\u00e9aire traditionnelle.<\/p>\n\n\n\n<p>Fredsbjerg accueille \u00e9galement les visiteurs ordinaires pendant les heures d&#8217;ouverture du Lejre Land of Legends. Vous pouvez leur montrer et leur raconter ce que vous faites.<\/p>\n\n\n\n<hr class=\"wp-block-separator has-alpha-channel-opacity\"\/>\n\n\n\n<h4 class=\"wp-block-heading\">Avant d&#8217;arriver au Lejre Land of Legends<\/h4>\n\n\n\n<p>Il est important que vous lisiez attentivement cette page.<\/p>\n\n\n\n<h4 class=\"wp-block-heading\">La liste des choses importantes \u00e0 faire<\/h4>\n\n\n\n<ul class=\"wp-block-list\">\n<li>Equipement personnel<\/li>\n\n\n\n<li>Sac de couchage<\/li>\n\n\n\n<li>V\u00eatements de rechange<\/li>\n\n\n\n<li>Chaussures adapt\u00e9es<\/li>\n\n\n\n<li>Huile anti-moustiques<\/li>\n\n\n\n<li>Cr\u00e8me solaire<\/li>\n\n\n\n<li>Num\u00e9ro de t\u00e9l\u00e9phone d&#8217;une personne de contact<\/li>\n\n\n\n<li>N&#8217;oubliez pas non plus votre carte jaune d&#8217;assurance maladie et l&#8217;ann\u00e9e de votre derni\u00e8re vaccination contre le t\u00e9tanos<\/li>\n\n\n\n<li>poignard, lampe de poche, ours en peluche endormi<\/li>\n<\/ul>\n\n\n\n<hr class=\"wp-block-separator has-alpha-channel-opacity\"\/>\n\n\n\n<h4 class=\"wp-block-heading\"><strong>Nourriture, allergies et aliments<\/strong><\/h4>\n\n\n\n<p>La nourriture tout au long de votre s\u00e9jour fait partie de toutes les vacances dans le pass\u00e9 \u00e0 Lejre Land of Legends. En tant que Viking, les \u00e9l\u00e9ments de base de la nourriture sont les mati\u00e8res premi\u00e8res telles que les c\u00e9r\u00e9ales et les produits c\u00e9r\u00e9aliers, les produits laitiers, la viande, le poisson, les pommes et les poires, les champignons, les pois, les choux et les l\u00e9gumes-racines, les noix, les oignons et les herbes sauvages. La nourriture est pr\u00e9par\u00e9e avec l&#8217;aide des Vikings locaux. En termes d&#8217;ingr\u00e9dients, le r\u00e9gime alimentaire est similaire \u00e0 ce que nous savons que les Vikings pouvaient obtenir localement et en exp\u00e9dition, bien que le menu offre moins de bouillie et plus de nourriture de festin antique.<\/p>\n\n\n\n<p>Le menu des s\u00e9jours de vacances \u00e0 l&#8217;\u00e2ge des Vikings varie en fonction de la saison.<\/p>\n\n\n\r\n\r\n<section class=\"standout-section standout-block standout-basic alignwide rounded-bg border-bg has-bg has-bg-color\" style=\"background-color: var(--wp--preset--color--color-gul); --standout-block-gap: var(--gap-s);\">\r\n\r\n\t<div class=\"standout-max-container\">\t\r\n\r\n<div class=\"standout-block-inner\">\r\n\t\r\n\t\t\t\t\t\t<div class=\"acf-innerblocks-container\">\n\n<h5 class=\"wp-block-heading\">Vegan, v\u00e9g\u00e9tariens et consid\u00e9rations di\u00e9t\u00e9tiques<\/h5>\n\n\n\n<p>La nourriture viking ne pouvant \u00eatre pr\u00e9par\u00e9e dans des versions sans lactose, sans gluten ou 100 % v\u00e9g\u00e9taliennes, nous recommandons aux membres de la famille ayant un r\u00e9gime alimentaire particulier d&#8217;apporter des aliments suppl\u00e9mentaires en cas de besoin.<\/p>\n\n\n\n<p>Lejre Land of Legends n&#8217;est pas tenu de veiller \u00e0 ce qu&#8217;un r\u00e9gime alimentaire vari\u00e9 et complet r\u00e9ponde \u00e0 ces exigences.<\/p>\n\n\n\n<p>Cependant, nous vous invitons \u00e0 informer Lejre Land of Legends \u00e0 l&#8217;avance de toute exigence alimentaire, car nous nous effor\u00e7ons d&#8217;en tenir compte dans la mesure du possible.<\/p>\n\n<\/div>\r\n\t\t\t\r\n\t<\/div>\r\n\r\n\r\n\r\n\t\t<\/div>\r\n<\/section>\n\n\n<hr class=\"wp-block-separator has-alpha-channel-opacity\"\/>\n\n\n\r\n\r\n<section class=\"standout-section standout-block standout-basic alignwide rounded-bg border-bg has-bg has-bg-color\" style=\"background-color: var(--wp--preset--color--color-gul); --standout-block-gap: var(--gap-s);\">\r\n\r\n\t<div class=\"standout-max-container\">\t\r\n\r\n<div class=\"standout-block-inner\">\r\n\t\r\n\t\t\t\t\t\t<div class=\"acf-innerblocks-container\">\n\n<h5 class=\"wp-block-heading\">Qu&#8217;en est-il des animaux domestiques ?<\/h5>\n\n\n\n<p style=\"font-size:14px\"><strong>Il n&#8217;est pas possible d&#8217;emmener des animaux de compagnie en tant qu&#8217;ancienne famille. C&#8217;est \u00e0 la fois pour le bien des animaux du Pays des l\u00e9gendes de Lejre, comme les moutons, et parce que dans toutes les parties du Pays des l\u00e9gendes de Lejre, il peut y avoir des touristes de tous \u00e2ges en libert\u00e9, qui doivent pouvoir se d\u00e9placer librement. (Les touristes, pas les moutons)<\/strong><\/p>\n\n<\/div>\r\n\t\t\t\r\n\t<\/div>\r\n\r\n\r\n\r\n\t\t<\/div>\r\n<\/section>\n\n\n<hr class=\"wp-block-separator has-alpha-channel-opacity\"\/>\n\n\n\n<h4 class=\"wp-block-heading\">Informations sur le sommeil et le changement<\/h4>\n\n\n\n<p>Avec les Vikings, vous serez log\u00e9s dans nos nouveaux hirdshus ou dans nos tentes oseberg derri\u00e8re la place du march\u00e9 de Kongehallen. Le premier jour, vous recevrez des v\u00eatements et des chaussures afin que chacun puisse s&#8217;adapter au r\u00f4le des Vikings dans votre nouvelle communaut\u00e9.<\/p>\n\n\n\n<p>Les lits dans les tentes sont sur\u00e9lev\u00e9s par rapport au sol avec de la paille et des peaux de couchage douces et peuvent accueillir une petite famille.<\/p>\n\n\n\n<p>La hutte est divis\u00e9e en trois sections avec des entr\u00e9es s\u00e9par\u00e9es vers les zones de couchage avec respectivement 5, 6 et 5 alc\u00f4ves. Les alc\u00f4ves peuvent accueillir 3 \u00e0 4 personnes, avec un espace de couchage suppl\u00e9mentaire dans le grenier.<\/p>\n\n\n\n<p>Les alc\u00f4ves sont \u00e9quip\u00e9es de matelas, de peaux ou de couvertures de laine \u00e9paisses en guise de matelas. Vous apportez vos propres sacs de couchage et vos bagages peuvent \u00eatre rang\u00e9s dans un tiroir sous l&#8217;espace de couchage pendant la journ\u00e9e.<\/p>\n\n\n\r\n\r\n<section class=\"standout-section standout-block standout-accordion alignwide\">\r\n\r\n\t<div class=\"standout-max-container\">\t\r\n\r\n<div class=\"standout-block-inner\">\r\n\t<div class=\"acf-innerblocks-container\">\r\n\t\t\r\n\t\t<div class=\"standout-accordion-container \"><span class=\"standout-accordion-button standout-accordion-show-more\">Toiletforhold og bademuligheder<span height=\"1em\" class=\"standout-custom-svg fa-svg standout-fa-plus\"><svg height=\"1em\" xmlns=\"http:\/\/www.w3.org\/2000\/svg\" viewBox=\"0 0 448 512\"><!-- Font Awesome Free 5.15.2 by @fontawesome - https:\/\/fontawesome.com License - https:\/\/fontawesome.com\/license\/free (Icons: CC BY 4.0, Fonts: SIL OFL 1.1, Code: MIT License) --><path d=\"M416 208H272V64c0-17.67-14.33-32-32-32h-32c-17.67 0-32 14.33-32 32v144H32c-17.67 0-32 14.33-32 32v32c0 17.67 14.33 32 32 32h144v144c0 17.67 14.33 32 32 32h32c17.67 0 32-14.33 32-32V304h144c17.67 0 32-14.33 32-32v-32c0-17.67-14.33-32-32-32z\"\/><\/svg><\/span><\/span><span class=\"standout-accordion-button standout-accordion-show-less\" style=\"display: none\">Toiletforhold og bademuligheder<span height=\"1em\" class=\"standout-custom-svg fa-svg standout-fa-minus\"><svg height=\"1em\" xmlns=\"http:\/\/www.w3.org\/2000\/svg\" viewBox=\"0 0 448 512\"><!-- Font Awesome Free 5.15.2 by @fontawesome - https:\/\/fontawesome.com License - https:\/\/fontawesome.com\/license\/free (Icons: CC BY 4.0, Fonts: SIL OFL 1.1, Code: MIT License) --><path d=\"M416 208H32c-17.67 0-32 14.33-32 32v32c0 17.67 14.33 32 32 32h384c17.67 0 32-14.33 32-32v-32c0-17.67-14.33-32-32-32z\"\/><\/svg><\/span><\/span><div class=\"standout-accordion-content\" style=\"display: none\">\r\n\t\t\t\t\t\n\n<p>Tous les vacanciers de l&#8217;\u00e8re viking ont acc\u00e8s aux installations modernes dans les coulisses de Lejre Land of Legends pendant leur s\u00e9jour. La maison multiple est \u00e9quip\u00e9e de douches et de vestiaires, ainsi que de toilettes modernes avec syst\u00e8me de glisser-d\u00e9poser.<\/p>\n\n\r\n\t\t\r\n\t\t<\/div><\/div>\t<\/div>\r\n<\/div>\r\n\r\n\r\n\r\n\t\t<\/div>\r\n<\/section>\n\n\r\n\r\n<section class=\"standout-section standout-block standout-basic alignwide has-bg has-bg-img bg-size-cover bg-align-horizontal-center bg-align-vertical-center\">\r\n\r\n\t<div class=\"standout-max-container\">\t\r\n\r\n<div class=\"standout-block-inner\">\r\n\t\t\t\r\n\t<div class=\"standout-block-background-deco\" style=\"--bg-align-vertical: center; --bg-align-horizontal: center; --bg-object-position: center center\">\r\n\t\t<img loading=\"lazy\" decoding=\"async\" width=\"870\" height=\"740\" src=\"https:\/\/sagnlandet.dk\/fr\/wp-content\/uploads\/sites\/12\/2025\/02\/vaer-hilset-fremmede.jpg\" class=\"standout-block-background-deco-element\" alt=\"\" srcset=\"https:\/\/sagnlandet.dk\/fr\/wp-content\/uploads\/sites\/12\/2025\/02\/vaer-hilset-fremmede.jpg 870w, https:\/\/sagnlandet.dk\/fr\/wp-content\/uploads\/sites\/12\/2025\/02\/vaer-hilset-fremmede-600x510.jpg 600w, https:\/\/sagnlandet.dk\/fr\/wp-content\/uploads\/sites\/12\/2025\/02\/vaer-hilset-fremmede-118x100.jpg 118w\" sizes=\"(max-width: 870px) 100vw, 870px\" \/>\t<\/div>\r\n\r\n\t\t\r\n\t\t\t\t\t\t<div class=\"acf-innerblocks-container\">\n\n<h2 class=\"wp-block-heading has-color-bg-color has-text-color has-link-color wp-elements-7ffdc0705ee73a8cac362741eaa81957\">Ce qu&#8217;<span style=\"text-decoration: underline;\">il faut <\/span>savoir<\/h2>\n\n<\/div>\r\n\t\t\t\r\n\t<\/div>\r\n\r\n\r\n\r\n\t\t<\/div>\r\n<\/section>\n\n\n<h4 class=\"wp-block-heading\">R\u00e8gles et informations pratiques pour la s\u00e9curit\u00e9<\/h4>\n\n\n\n<p>Nous tenons \u00e0 ce que votre s\u00e9jour soit le plus respectueux possible de l&#8217;histoire, tant pour votre bien que pour celui de nos h\u00f4tes. C&#8217;est pourquoi nous avons \u00e9tabli quelques r\u00e8gles que toute personne s\u00e9journant \u00e0 Lejre Land of Legends doit conna\u00eetre.<\/p>\n\n\n\n<div class=\"wp-block-media-text is-stacked-on-mobile\"><figure class=\"wp-block-media-text__media\"><a href=\"https:\/\/sagnlandet.dk\/wp-content\/uploads\/2024\/09\/sikkerhedsregler.pdf\"><img decoding=\"async\" src=\"https:\/\/sagnlandet.dk\/wp-content\/uploads\/2025\/02\/viking-sikkerhed-300x200-1.png\" alt=\"\" class=\"wp-image-1265 size-full\"\/><\/a><\/figure><div class=\"wp-block-media-text__content\">\n<p><a href=\"https:\/\/sagnlandet.dk\/wp-content\/uploads\/2024\/09\/sikkerhedsregler.pdf\"><span style=\"text-decoration: underline;\"><strong>R\u00e8gles de s\u00e9curit\u00e9 et d&#8217;incendie :<\/strong> Lisez-les ci-dessous ou t\u00e9l\u00e9chargez-les au format A4 et imprimez-les chez vous.<\/span><\/a><\/p>\n<\/div><\/div>\n\n\n\r\n\r\n<section class=\"standout-section standout-block standout-accordion alignwide\">\r\n\r\n\t<div class=\"standout-max-container\">\t\r\n\r\n<div class=\"standout-block-inner\">\r\n\t<div class=\"acf-innerblocks-container\">\r\n\t\t\r\n\t\t<div class=\"standout-accordion-container \"><span class=\"standout-accordion-button standout-accordion-show-more\">Ild, sygdom og sikkerhedsregler i Vikingetiden<span height=\"1em\" class=\"standout-custom-svg fa-svg standout-fa-plus\"><svg height=\"1em\" xmlns=\"http:\/\/www.w3.org\/2000\/svg\" viewBox=\"0 0 448 512\"><!-- Font Awesome Free 5.15.2 by @fontawesome - https:\/\/fontawesome.com License - https:\/\/fontawesome.com\/license\/free (Icons: CC BY 4.0, Fonts: SIL OFL 1.1, Code: MIT License) --><path d=\"M416 208H272V64c0-17.67-14.33-32-32-32h-32c-17.67 0-32 14.33-32 32v144H32c-17.67 0-32 14.33-32 32v32c0 17.67 14.33 32 32 32h144v144c0 17.67 14.33 32 32 32h32c17.67 0 32-14.33 32-32V304h144c17.67 0 32-14.33 32-32v-32c0-17.67-14.33-32-32-32z\"\/><\/svg><\/span><\/span><span class=\"standout-accordion-button standout-accordion-show-less\" style=\"display: none\">Ild, sygdom og sikkerhedsregler i Vikingetiden<span height=\"1em\" class=\"standout-custom-svg fa-svg standout-fa-minus\"><svg height=\"1em\" xmlns=\"http:\/\/www.w3.org\/2000\/svg\" viewBox=\"0 0 448 512\"><!-- Font Awesome Free 5.15.2 by @fontawesome - https:\/\/fontawesome.com License - https:\/\/fontawesome.com\/license\/free (Icons: CC BY 4.0, Fonts: SIL OFL 1.1, Code: MIT License) --><path d=\"M416 208H32c-17.67 0-32 14.33-32 32v32c0 17.67 14.33 32 32 32h384c17.67 0 32-14.33 32-32v-32c0-17.67-14.33-32-32-32z\"\/><\/svg><\/span><\/span><div class=\"standout-accordion-content\" style=\"display: none\">\r\n\t\t\t\t\t\n\n<ul class=\"wp-block-list\">\n<li><strong>Coupe de bois :<\/strong> Toutes les coupes de bois se font dans les stalles du site de coupe. Rappelez-vous les instructions concernant la coupe du bois : les jambes sont \u00e9cart\u00e9es et la hache est plac\u00e9e en ligne droite au-dessus de votre t\u00eate. Un adulte doit \u00eatre pr\u00e9sent, sauf accord contraire.<\/li>\n\n\n\n<li><strong>D\u00e9coupage : <\/strong>Asseyez-vous avant de sortir votre couteau de la gaine et remettez-le dans la gaine avant de vous lever. Convenez avec l&#8217;animateur de l&#8217;endroit o\u00f9 il est appropri\u00e9 de s&#8217;asseoir et de couper.<\/li>\n\n\n\n<li><strong>Fumer :<\/strong> Il est permis de fumer derri\u00e8re la maison multiple. En cas de s\u00e9cheresse, il peut \u00eatre totalement interdit de fumer. Le personnel de Lejre Land of Legends ne fume pas en pr\u00e9sence d&#8217;enfants ou d&#8217;autres visiteurs.<\/li>\n\n\n\n<li><strong>Eau br\u00fblante :<\/strong> Lorsque vous recueillez de l&#8217;eau br\u00fblante pour laver la vaisselle au Multihouse, le seau n&#8217;est qu&#8217;\u00e0 moiti\u00e9 rempli d&#8217;eau. L&#8217;eau du robinet d&#8217;eau chaude est \u00e0 70\u00b0. Prenez deux personnes pour aller chercher l&#8217;eau, utilisez un b\u00e2ton de transport et marchez calmement avec le seau entre vous. La canne se trouve dans le coffre de la cuisine de la maison foresti\u00e8re.<br>Soyez prudent lorsque vous \u00e9bouillantez vos plats.<\/li>\n\n\n\n<li><strong>Feu ouvert :<\/strong> Les feux en plein air ne peuvent \u00eatre allum\u00e9s que dans les foyers pr\u00e9vus \u00e0 cet effet. Toute autre utilisation de feu ouvert n&#8217;est autoris\u00e9e qu&#8217;avec un instructeur ou sur rendez-vous. En p\u00e9riode de s\u00e9cheresse, des restrictions particuli\u00e8res peuvent \u00eatre impos\u00e9es.<\/li>\n\n\n\n<li><strong>Pour les br\u00fblures : <\/strong>Utiliser de l&#8217;eau froide pendant au moins une demi-heure. Une br\u00fblure ouverte ou une br\u00fblure plus grande que la main de la personne doit \u00eatre examin\u00e9e par un m\u00e9decin apr\u00e8s refroidissement, \u00e9galement si la br\u00fblure forme un anneau autour d&#8217;un doigt, d&#8217;un bras ou d&#8217;une jambe.<\/li>\n\n\n\n<li><strong>En cas d&#8217;incendie :<\/strong> S&#8217;efforcer d&#8217;\u00e9teindre le feu avant qu&#8217;il ne prenne de l&#8217;ampleur. Utilisez une couverture anti-feu \/ un extincteur &#8211; n&#8217;oubliez pas d&#8217;enlever l&#8217;attelle.<\/li>\n\n\n\n<li><strong>En cas d&#8217;incendie dans la cabane du berger : <\/strong>Tout le monde sort de la maison. N&#8217;oubliez pas que la porte de la cabane du berger est orient\u00e9e vers l&#8217;int\u00e9rieur. Comptez les personnes. Les tentes des Vikings sont alert\u00e9es et vid\u00e9es. Comptez les personnes. Point de rencontre : La place devant le Welcome Center. Courez vers le t\u00e9l\u00e9phone et alertez les pompiers. Appelez le 112 depuis le t\u00e9l\u00e9phone d&#8217;urgence situ\u00e9 dans la kitchenette du Multihouse. N&#8217;oubliez pas d&#8217;ouvrir la grille de l&#8217;entr\u00e9e pour que les pompiers puissent entrer. Faites de la place pour les camions de pompiers.<\/li>\n\n\n\n<li><strong>Faites le feu en personne : <\/strong>Utilisez la couverture anti-feu. Allongez la personne. Mettez la couverture anti-feu de la t\u00eate vers le bas. Jamais dans l&#8217;autre sens ! Les flammes atteindraient la t\u00eate.<\/li>\n\n\n\n<li><strong>Maladie : <\/strong>Le m\u00e9decin le plus proche se trouve \u00e0 Lejre. En dehors des heures d&#8217;ouverture, appelez le service m\u00e9dical d&#8217;urgence. Mieux vaut y aller une fois trop souvent qu&#8217;une fois trop peu.<\/li>\n\n\n\n<li><strong>Transport m\u00e9dical : <\/strong>Lejre Land of Legends a conclu un contrat avec Falck pour le transport de nos visiteurs en cas de maladie ou d&#8217;accident. Notre num\u00e9ro d&#8217;abonnement est le 0634391.<\/li>\n<\/ul>\n\n\r\n\t\t\r\n\t\t<\/div><\/div>\t<\/div>\r\n<\/div>\r\n\r\n\r\n\r\n\t\t<\/div>\r\n<\/section>\n\n\r\n\r\n<section class=\"standout-section standout-block standout-accordion alignwide\">\r\n\r\n\t<div class=\"standout-max-container\">\t\r\n\r\n<div class=\"standout-block-inner\">\r\n\t<div class=\"acf-innerblocks-container\">\r\n\t\t\r\n\t\t<div class=\"standout-accordion-container \"><span class=\"standout-accordion-button standout-accordion-show-more\">Sikkerhedsudstyr i Vikingetiden<span height=\"1em\" class=\"standout-custom-svg fa-svg standout-fa-plus\"><svg height=\"1em\" xmlns=\"http:\/\/www.w3.org\/2000\/svg\" viewBox=\"0 0 448 512\"><!-- Font Awesome Free 5.15.2 by @fontawesome - https:\/\/fontawesome.com License - https:\/\/fontawesome.com\/license\/free (Icons: CC BY 4.0, Fonts: SIL OFL 1.1, Code: MIT License) --><path d=\"M416 208H272V64c0-17.67-14.33-32-32-32h-32c-17.67 0-32 14.33-32 32v144H32c-17.67 0-32 14.33-32 32v32c0 17.67 14.33 32 32 32h144v144c0 17.67 14.33 32 32 32h32c17.67 0 32-14.33 32-32V304h144c17.67 0 32-14.33 32-32v-32c0-17.67-14.33-32-32-32z\"\/><\/svg><\/span><\/span><span class=\"standout-accordion-button standout-accordion-show-less\" style=\"display: none\">Sikkerhedsudstyr i Vikingetiden<span height=\"1em\" class=\"standout-custom-svg fa-svg standout-fa-minus\"><svg height=\"1em\" xmlns=\"http:\/\/www.w3.org\/2000\/svg\" viewBox=\"0 0 448 512\"><!-- Font Awesome Free 5.15.2 by @fontawesome - https:\/\/fontawesome.com License - https:\/\/fontawesome.com\/license\/free (Icons: CC BY 4.0, Fonts: SIL OFL 1.1, Code: MIT License) --><path d=\"M416 208H32c-17.67 0-32 14.33-32 32v32c0 17.67 14.33 32 32 32h384c17.67 0 32-14.33 32-32v-32c0-17.67-14.33-32-32-32z\"\/><\/svg><\/span><\/span><div class=\"standout-accordion-content\" style=\"display: none\">\r\n\t\t\t\t\t\n\n<p><strong>\u00c9quipement de s\u00e9curit\u00e9 :<\/strong><\/p>\n\n\n\n<ul class=\"wp-block-list\">\n<li>La maison des cuisiniers, \u00e9galement appel\u00e9e maison foresti\u00e8re, dispose d&#8217;un ensemble d&#8217;\u00e9quipements anti-incendie. Il y a des couvertures anti-feu et un extincteur \u00e0 mousse.<\/li>\n\n\n\n<li>Dans la maison foresti\u00e8re, la trousse de premiers secours se trouve au-dessus de la porte nord.<\/li>\n\n\n\n<li>Dans la tente-cuisine, la trousse de premiers secours et la couverture anti-feu se trouvent dans le coffre de la cuisine. Il y a \u00e9galement un extincteur.<\/li>\n\n\n\n<li>Dans la Forge, l&#8217;extincteur est accroch\u00e9 derri\u00e8re le poteau.<\/li>\n\n\n\n<li>Vous pouvez faire remplir les trousses de secours en vous adressant au personnel.<\/li>\n\n\n\n<li>Hirdshuset dispose \u00e9galement d&#8217;un \u00e9quipement anti-incendie dans chaque pi\u00e8ce.<\/li>\n\n\n\n<li>Dans le Multihouse, dans la cuisine, il y a une trousse de premiers secours et un t\u00e9l\u00e9phone rouge pour appeler le 112. Un extincteur \u00e0 mousse se trouve \u00e0 l&#8217;ext\u00e9rieur de la porte de la cuisine.<\/li>\n<\/ul>\n\n\n\n<p><strong>IL Y A DES TROUSSES DE PREMIERS SECOURS, DES COUVERTURES ANTI-FEU ET DES EXTINCTEURS \u00c0 MOUSSE \u00c0 DIFF\u00c9RENTS ENDROITS \u00c0 FREDSBJERG.<\/strong><\/p>\n\n\r\n\t\t\r\n\t\t<\/div><\/div>\t<\/div>\r\n<\/div>\r\n\r\n\r\n\r\n\t\t<\/div>\r\n<\/section>\n\n\r\n\r\n<section class=\"standout-section standout-block standout-basic alignwide rounded-bg border-bg has-bg has-bg-color\" style=\"background-color: var(--wp--preset--color--color-gul); --standout-block-gap: var(--gap-s);\">\r\n\r\n\t<div class=\"standout-max-container\">\t\r\n\r\n<div class=\"standout-block-inner\">\r\n\t\r\n\t\t\t\t\t\t<div class=\"acf-innerblocks-container\">\n\n<h5 class=\"wp-block-heading\">En cas d&#8217;incendie domestique<\/h5>\n\n\n\n<ul class=\"wp-block-list\">\n<li><strong>Faites sortir tout le monde de la maison<\/strong>. Si n\u00e9cessaire, utilisez la couverture anti-feu pour d\u00e9gager le passage.<\/li>\n\n\n\n<li><strong>Rampez sur le sol dans les pi\u00e8ces enfum\u00e9es<\/strong>. Si vous en avez le temps, faites \u00e9galement sortir tous les animaux de la maison.<\/li>\n\n\n\n<li>Une fois que tout le monde est sorti en toute s\u00e9curit\u00e9, <strong>comptez les personnes<\/strong>.<\/li>\n\n\n\n<li><strong>Une personne appelle le 112<\/strong><\/li>\n\n\n\n<li>Lorsque les pompiers arrivent, <strong>n&#8217;oubliez pas de d\u00e9verrouiller les joints et la porte principale<\/strong>. Vous pouvez \u00e9galement les aider en leur indiquant o\u00f9 chercher des personnes (crochets, lits, etc.). <strong>N&#8217;oubliez pas qu&#8217;ils ne connaissent ni l&#8217;endroit ni la maison<\/strong>.<\/li>\n<\/ul>\n\n<\/div>\r\n\t\t\t\r\n\t<\/div>\r\n\r\n\r\n\r\n\t\t<\/div>\r\n<\/section>\n\n\n<hr class=\"wp-block-separator has-alpha-channel-opacity\"\/>\n\n\n\n<p><strong>Consignes quotidiennes pour les anciennes familles du Pays des l\u00e9gendes de Lejre<\/strong><\/p>\n\n\n\n<ul class=\"wp-block-list\">\n<li>Pendant les heures d&#8217;ouverture, les membres des familles vikings restent principalement dans la zone viking.<\/li>\n\n\n\n<li>Il est interdit de s\u00e9journer et de voyager en costume viking dans les autres environnements reconstitu\u00e9s : le champ de l&#8217;\u00e2ge de pierre, le village de l&#8217;\u00e2ge de fer et Krikkebjerghuse pendant les heures d&#8217;ouverture de Lejre Land of Legends.<\/li>\n\n\n\n<li>Les objets modernes tels que les appareils photo, les sacs de couchage, les serviettes et les aliments non authentiques pour les enfants et les adultes doivent \u00eatre cach\u00e9s pendant les heures d&#8217;ouverture.<\/li>\n\n\n\n<li>Le maquillage, les bijoux et les montres sont interdits pendant les heures d&#8217;ouverture lorsque l&#8217;on porte des costumes vikings (en revanche, les lunettes et les alliances sont autoris\u00e9es)<\/li>\n\n\n\n<li>Fumer n&#8217;est autoris\u00e9 que derri\u00e8re le Multihuset et doit \u00eatre fait de mani\u00e8re \u00e0 ce que les visiteurs de Lejre Land of Legends ne puissent pas le voir &#8211; et de pr\u00e9f\u00e9rence pas devant les enfants.<\/li>\n<\/ul>\n\n\n\n<p>Tous les vacanciers de l&#8217;\u00c2ge des Vikings ont acc\u00e8s aux installations modernes dans les coulisses de Lejre Land of Legends pendant leur s\u00e9jour. La maison multiple dispose d&#8217;une cuisine \u00e9quip\u00e9e d&#8217;une machine \u00e0 caf\u00e9 et d&#8217;un r\u00e9frig\u00e9rateur, ainsi que de salles de bain, de vestiaires et de toilettes modernes avec syst\u00e8me de glisser-d\u00e9poser.<\/p>\n\n\n\n<p>Pendant votre s\u00e9jour, vous devez ranger vos objets modernes avant l&#8217;ouverture de Lejre Land of Legends aux visiteurs de jour \u00e0 10h00 et vous pouvez les ressortir apr\u00e8s 17h00.<\/p>\n\n\n\n<figure class=\"wp-block-image size-full\"><img decoding=\"async\" src=\"https:\/\/sagnlandet.dk\/wp-content\/uploads\/2025\/02\/viking-oversigt.jpg\" alt=\"\" class=\"wp-image-1260\"\/><\/figure>\n\n\n\r\n\r\n<section class=\"standout-section standout-block standout-basic alignwide has-bg has-bg-img bg-size-cover bg-align-horizontal-center bg-align-vertical-center\">\r\n\r\n\t<div class=\"standout-max-container\">\t\r\n\r\n<div class=\"standout-block-inner\">\r\n\t\t\t\r\n\t<div class=\"standout-block-background-deco\" style=\"--bg-align-vertical: center; --bg-align-horizontal: center; --bg-object-position: center center\">\r\n\t\t<img loading=\"lazy\" decoding=\"async\" width=\"1920\" height=\"686\" src=\"https:\/\/sagnlandet.dk\/fr\/wp-content\/uploads\/sites\/12\/2025\/02\/efteraarsferie-2020-48-beskaaret-scaled-1.jpg\" class=\"standout-block-background-deco-element\" alt=\"\" srcset=\"https:\/\/sagnlandet.dk\/fr\/wp-content\/uploads\/sites\/12\/2025\/02\/efteraarsferie-2020-48-beskaaret-scaled-1.jpg 2560w, https:\/\/sagnlandet.dk\/fr\/wp-content\/uploads\/sites\/12\/2025\/02\/efteraarsferie-2020-48-beskaaret-scaled-1-600x214.jpg 600w, https:\/\/sagnlandet.dk\/fr\/wp-content\/uploads\/sites\/12\/2025\/02\/efteraarsferie-2020-48-beskaaret-scaled-1-1920x686.jpg 1920w, https:\/\/sagnlandet.dk\/fr\/wp-content\/uploads\/sites\/12\/2025\/02\/efteraarsferie-2020-48-beskaaret-scaled-1-1536x549.jpg 1536w, https:\/\/sagnlandet.dk\/fr\/wp-content\/uploads\/sites\/12\/2025\/02\/efteraarsferie-2020-48-beskaaret-scaled-1-2048x732.jpg 2048w, https:\/\/sagnlandet.dk\/fr\/wp-content\/uploads\/sites\/12\/2025\/02\/efteraarsferie-2020-48-beskaaret-scaled-1-280x100.jpg 280w, https:\/\/sagnlandet.dk\/fr\/wp-content\/uploads\/sites\/12\/2025\/02\/efteraarsferie-2020-48-beskaaret-scaled-1-1200x429.jpg 1200w, https:\/\/sagnlandet.dk\/fr\/wp-content\/uploads\/sites\/12\/2025\/02\/efteraarsferie-2020-48-beskaaret-scaled-1-1320x472.jpg 1320w\" sizes=\"(max-width: 1920px) 100vw, 1920px\" \/>\t<\/div>\r\n\r\n\t\t\r\n\t\t\t\t\t\t<div class=\"acf-innerblocks-container\">\n\n<h2 class=\"wp-block-heading has-color-bg-color has-text-color has-link-color wp-elements-ac1b9354f92f0e23bdf4c3365913c1c9\">Bienvenue \u00e0 l&#8217;\u00e9poque des Vikings<\/h2>\n\n<\/div>\r\n\t\t\t\r\n\t<\/div>\r\n\r\n\r\n\r\n\t\t<\/div>\r\n<\/section>\n\n\n<h4 class=\"wp-block-heading\">La r\u00e9gion viking de Fredsbjerg<\/h4>\n\n\n\n<p>sALUTATIONS, \u00c9TRANGERS, EN CE JOUR D&#8217;ODIN<\/p>\n\n\n\n<p>Au march\u00e9 viking de Fredsbjerg, les Vikings de Sagnlandet vous accueillent avec courtoisie et vous donnent un aper\u00e7u de la vie quotidienne telle qu&#8217;elle pouvait \u00eatre il y a un peu plus de 1000 ans.<\/p>\n\n\n\n<p>Rencontrez le forgeron pr\u00e8s de la chemin\u00e9e, jetez un coup d&#8217;\u0153il dans les tentes et les coffres ou sentez l&#8217;odeur du rago\u00fbt qui mijote sur le feu &#8211; si vous avez de la chance, on vous proposera peut-\u00eatre d&#8217;y go\u00fbter.<\/p>\n\n\n\n<p>La place du march\u00e9 est utilis\u00e9e \u00e0 des fins \u00e9ducatives les jours de semaine et vous \u00eates invit\u00e9s \u00e0 rendre visite aux enfants qui y travaillent. Ils seront heureux de vous parler de leur s\u00e9jour et de leurs activit\u00e9s.<\/p>\n\n\n\n<p>Pendant les vacances d&#8217;\u00e9t\u00e9 et d&#8217;automne, les visiteurs peuvent rejoindre les Vikings eux-m\u00eames et aider \u00e0 couper les herbes, \u00e0 faire du pain, \u00e0 baratter le beurre, \u00e0 couper le bois de chauffage, \u00e0 tirer les soufflets et bien d&#8217;autres choses encore.<\/p>\n\n\n\r\n\r\n<section class=\"standout-section standout-block standout-basic alignwide has-bg has-bg-img bg-size-cover bg-align-horizontal-center bg-align-vertical-center\">\r\n\r\n\t<div class=\"standout-max-container\">\t\r\n\r\n<div class=\"standout-block-inner\">\r\n\t\t\t\r\n\t<div class=\"standout-block-background-deco\" style=\"--bg-align-vertical: center; --bg-align-horizontal: center; --bg-object-position: center center\">\r\n\t\t<img loading=\"lazy\" decoding=\"async\" width=\"1920\" height=\"1731\" src=\"https:\/\/sagnlandet.dk\/fr\/wp-content\/uploads\/sites\/12\/2025\/02\/efteraarsferie-2020-45-scaled-1.jpg\" class=\"standout-block-background-deco-element\" alt=\"\" srcset=\"https:\/\/sagnlandet.dk\/fr\/wp-content\/uploads\/sites\/12\/2025\/02\/efteraarsferie-2020-45-scaled-1.jpg 2560w, https:\/\/sagnlandet.dk\/fr\/wp-content\/uploads\/sites\/12\/2025\/02\/efteraarsferie-2020-45-scaled-1-600x541.jpg 600w, https:\/\/sagnlandet.dk\/fr\/wp-content\/uploads\/sites\/12\/2025\/02\/efteraarsferie-2020-45-scaled-1-1920x1731.jpg 1920w, https:\/\/sagnlandet.dk\/fr\/wp-content\/uploads\/sites\/12\/2025\/02\/efteraarsferie-2020-45-scaled-1-1536x1385.jpg 1536w, https:\/\/sagnlandet.dk\/fr\/wp-content\/uploads\/sites\/12\/2025\/02\/efteraarsferie-2020-45-scaled-1-2048x1846.jpg 2048w, https:\/\/sagnlandet.dk\/fr\/wp-content\/uploads\/sites\/12\/2025\/02\/efteraarsferie-2020-45-scaled-1-111x100.jpg 111w, https:\/\/sagnlandet.dk\/fr\/wp-content\/uploads\/sites\/12\/2025\/02\/efteraarsferie-2020-45-scaled-1-1200x1082.jpg 1200w, https:\/\/sagnlandet.dk\/fr\/wp-content\/uploads\/sites\/12\/2025\/02\/efteraarsferie-2020-45-scaled-1-1320x1190.jpg 1320w\" sizes=\"(max-width: 1920px) 100vw, 1920px\" \/>\t<\/div>\r\n\r\n\t\t\r\n\t\t\t\t\t\t<div class=\"acf-innerblocks-container\">\n\n<h2 class=\"wp-block-heading has-color-bg-color has-text-color has-link-color wp-elements-d38a2aaaf28d166542fb3384944e0a9d\">Runes et noms vikings<\/h2>\n\n<\/div>\r\n\t\t\t\r\n\t<\/div>\r\n\r\n\r\n\r\n\t\t<\/div>\r\n<\/section>\n\n\n<h4 class=\"wp-block-heading\">L&#8217;histoire des runes<\/h4>\n\n\n\n<p>Dans de nombreux contextes, il est amusant de pouvoir \u00e9crire son nom en runes.<\/p>\n\n\n\n<p>Les plus anciennes inscriptions runiques remontent au IIe si\u00e8cle de notre \u00e8re. Elles sont \u00e9crites dans l&#8217;alphabet germanique commun, qui comprend 24 caract\u00e8res :<\/p>\n\n\n\n<figure class=\"wp-block-image size-full\"><img decoding=\"async\" src=\"https:\/\/sagnlandet.dk\/wp-content\/uploads\/2025\/02\/futhark-copy-300x47-1.jpg\" alt=\"\" class=\"wp-image-1253\"\/><\/figure>\n\n\n\n<p>L&#8217;alphabet est appel\u00e9 futharken d&#8217;apr\u00e8s les 6 premiers caract\u00e8res.<\/p>\n\n\n\n<p>\u00c0 la fin des ann\u00e9es 700, l&#8217;ancien alphabet danois a \u00e9t\u00e9 remplac\u00e9 par un alphabet \u00e0 16 caract\u00e8res. Les m\u00eames caract\u00e8res ont alors \u00e9t\u00e9 utilis\u00e9s pour plusieurs sons. Cet alphabet est rest\u00e9 inchang\u00e9 jusqu&#8217;aux environs de l&#8217;an 1000 :<\/p>\n\n\n\n<figure class=\"wp-block-image size-full\"><img decoding=\"async\" src=\"https:\/\/sagnlandet.dk\/wp-content\/uploads\/2025\/02\/ny-futhark-copy-300x64-1.jpg\" alt=\"\" class=\"wp-image-1256\"\/><\/figure>\n\n\n\n<p>La langue parl\u00e9e \u00e0 l&#8217;\u00e9poque des Vikings \u00e9tait diff\u00e9rente de la langue parl\u00e9e au Danemark aujourd&#8217;hui.<\/p>\n\n\n\n<p>Voici quelques noms que l&#8217;on retrouve souvent sur les pierres runiques :<\/p>\n\n\n\n<figure class=\"wp-block-image size-full\"><img decoding=\"async\" src=\"https:\/\/sagnlandet.dk\/wp-content\/uploads\/2025\/02\/navne-copy-300x79-1.jpg\" alt=\"\" class=\"wp-image-1254\"\/><\/figure>\n\n\n\n<p>Si les enfants doivent \u00e9crire leur nom en runes et qu&#8217;ils ne trouvent pas toutes les lettres de leur nom dans l&#8217;alphabet runique, qu&#8217;ils mettent un &#8211; pour la lettre manquante.<\/p>\n\n\n\n<p>Si les enfants doivent \u00e9crire leur nom en runes et qu&#8217;ils ne trouvent pas toutes les lettres de leur nom dans l&#8217;alphabet runique, qu&#8217;ils mettent un &#8211; pour la lettre manquante.<\/p>\n\n\n\n<hr class=\"wp-block-separator has-alpha-channel-opacity\"\/>\n\n\n\n<h4 class=\"wp-block-heading\">Les noms \u00e0 l&#8217;\u00e9poque des Vikings<\/h4>\n\n\n\n<p>Nous connaissons beaucoup de noms de l&#8217;\u00e9poque des Vikings. Les noms sont grav\u00e9s en runes avec le futhark le plus jeune. Le futhark jeune est l&#8217;alphabet runique \u00e0 16 caract\u00e8res utilis\u00e9 \u00e0 l&#8217;\u00e9poque des Vikings (8e-10e si\u00e8cle). \u00c0 l&#8217;\u00e9poque des Vikings, il existait trois types de noms : les noms compos\u00e9s, les noms non compos\u00e9s et les formes courtes. Les noms compos\u00e9s appartenaient initialement aux couches sociales les plus \u00e9lev\u00e9es. Ils sont compos\u00e9s d&#8217;un pr\u00e9fixe et d&#8217;un suffixe. Ils font r\u00e9f\u00e9rence \u00e0 des choses et \u00e0 des concepts tr\u00e8s appr\u00e9ci\u00e9s \u00e0 l&#8217;\u00e9poque des Vikings : les guerriers, les batailles, les armes. Les noms non compos\u00e9s \u00e9taient dans la plupart des cas des surnoms utilis\u00e9s comme seul nom. Ulf, Bj\u00f8rn, Ravn et Svend en sont des exemples. Les formes abr\u00e9g\u00e9es sont des noms raccourcis, par exemple Toke, qui est une forme abr\u00e9g\u00e9e de Thorkil.<\/p>\n\n\n\r\n\r\n<section class=\"standout-section standout-block standout-accordion alignwide\">\r\n\r\n\t<div class=\"standout-max-container\">\t\r\n\r\n<div class=\"standout-block-inner\">\r\n\t<div class=\"acf-innerblocks-container\">\r\n\t\t\r\n\t\t<div class=\"standout-accordion-container \"><span class=\"standout-accordion-button standout-accordion-show-more\">Kvindenavne<span height=\"1em\" class=\"standout-custom-svg fa-svg standout-fa-plus\"><svg height=\"1em\" xmlns=\"http:\/\/www.w3.org\/2000\/svg\" viewBox=\"0 0 448 512\"><!-- Font Awesome Free 5.15.2 by @fontawesome - https:\/\/fontawesome.com License - https:\/\/fontawesome.com\/license\/free (Icons: CC BY 4.0, Fonts: SIL OFL 1.1, Code: MIT License) --><path d=\"M416 208H272V64c0-17.67-14.33-32-32-32h-32c-17.67 0-32 14.33-32 32v144H32c-17.67 0-32 14.33-32 32v32c0 17.67 14.33 32 32 32h144v144c0 17.67 14.33 32 32 32h32c17.67 0 32-14.33 32-32V304h144c17.67 0 32-14.33 32-32v-32c0-17.67-14.33-32-32-32z\"\/><\/svg><\/span><\/span><span class=\"standout-accordion-button standout-accordion-show-less\" style=\"display: none\">Kvindenavne<span height=\"1em\" class=\"standout-custom-svg fa-svg standout-fa-minus\"><svg height=\"1em\" xmlns=\"http:\/\/www.w3.org\/2000\/svg\" viewBox=\"0 0 448 512\"><!-- Font Awesome Free 5.15.2 by @fontawesome - https:\/\/fontawesome.com License - https:\/\/fontawesome.com\/license\/free (Icons: CC BY 4.0, Fonts: SIL OFL 1.1, Code: MIT License) --><path d=\"M416 208H32c-17.67 0-32 14.33-32 32v32c0 17.67 14.33 32 32 32h384c17.67 0 32-14.33 32-32v-32c0-17.67-14.33-32-32-32z\"\/><\/svg><\/span><\/span><div class=\"standout-accordion-content\" style=\"display: none\">\r\n\t\t\t\t\t\n\n<p><strong>Dis<\/strong> vient du vieux norrois occidental dis qui signifie &#8220;dis, divinit\u00e9 f\u00e9minine&#8221;.<\/p>\n\n\n\n<p><strong>Fritha<\/strong> (Frida), du vieux norrois occidental frithr signifiant &#8220;amour, paix&#8221;.<\/p>\n\n\n\n<p><strong>Gudfrith<\/strong> (Gudfred), la premi\u00e8re partie vient du vieux norrois occidental gud qui signifie &#8220;divinit\u00e9 ou \u00eatre divin&#8221; et la deuxi\u00e8me partie vient du vieux norrois occidental frithr qui signifie &#8220;amour, paix&#8221;.<\/p>\n\n\n\n<p><strong>Gunhildr<\/strong> (Gunhild), la premi\u00e8re partie vient du vieux norrois occidental gunnr qui signifie &#8220;combat ou bataille&#8221;. La deuxi\u00e8me partie vient du vieux norrois occidental hildr, qui signifie &#8220;bataille&#8221;.<\/p>\n\n\n\n<p><strong>Gunnur<\/strong> (Gunvor) vient du vieux norrois occidental gunnr, qui signifie &#8220;combat ou bataille&#8221;.<\/p>\n\n\r\n\t\t\r\n\t\t<\/div><\/div>\t<\/div>\r\n<\/div>\r\n\r\n\r\n\r\n\t\t<\/div>\r\n<\/section>\n\n\r\n\r\n<section class=\"standout-section standout-block standout-accordion alignwide\">\r\n\r\n\t<div class=\"standout-max-container\">\t\r\n\r\n<div class=\"standout-block-inner\">\r\n\t<div class=\"acf-innerblocks-container\">\r\n\t\t\r\n\t\t<div class=\"standout-accordion-container \"><span class=\"standout-accordion-button standout-accordion-show-more\">Mandsnavne<span height=\"1em\" class=\"standout-custom-svg fa-svg standout-fa-plus\"><svg height=\"1em\" xmlns=\"http:\/\/www.w3.org\/2000\/svg\" viewBox=\"0 0 448 512\"><!-- Font Awesome Free 5.15.2 by @fontawesome - https:\/\/fontawesome.com License - https:\/\/fontawesome.com\/license\/free (Icons: CC BY 4.0, Fonts: SIL OFL 1.1, Code: MIT License) --><path d=\"M416 208H272V64c0-17.67-14.33-32-32-32h-32c-17.67 0-32 14.33-32 32v144H32c-17.67 0-32 14.33-32 32v32c0 17.67 14.33 32 32 32h144v144c0 17.67 14.33 32 32 32h32c17.67 0 32-14.33 32-32V304h144c17.67 0 32-14.33 32-32v-32c0-17.67-14.33-32-32-32z\"\/><\/svg><\/span><\/span><span class=\"standout-accordion-button standout-accordion-show-less\" style=\"display: none\">Mandsnavne<span height=\"1em\" class=\"standout-custom-svg fa-svg standout-fa-minus\"><svg height=\"1em\" xmlns=\"http:\/\/www.w3.org\/2000\/svg\" viewBox=\"0 0 448 512\"><!-- Font Awesome Free 5.15.2 by @fontawesome - https:\/\/fontawesome.com License - https:\/\/fontawesome.com\/license\/free (Icons: CC BY 4.0, Fonts: SIL OFL 1.1, Code: MIT License) --><path d=\"M416 208H32c-17.67 0-32 14.33-32 32v32c0 17.67 14.33 32 32 32h384c17.67 0 32-14.33 32-32v-32c0-17.67-14.33-32-32-32z\"\/><\/svg><\/span><\/span><div class=\"standout-accordion-content\" style=\"display: none\">\r\n\t\t\t\t\t\n\n<p><strong>Biorn<\/strong> (Bj\u00f8rn), du vieux norrois bernurr qui signifie &#8220;ours&#8221;.<\/p>\n\n\n\n<p><strong>B\u00f8si<\/strong> (Bose), vient de bause qui signifie &#8220;grand homme, personne fi\u00e8re, hautaine&#8221;.<\/p>\n\n\n\n<p><strong>Gudmund<\/strong>, la premi\u00e8re partie vient du vieux norrois occidental gud qui signifie &#8220;divinit\u00e9 ou \u00eatre divin&#8221;. La deuxi\u00e8me partie vient du vieux norrois mundur, qui signifie &#8220;protecteur&#8221;.<\/p>\n\n\n\n<p><strong>Harald<\/strong>, la premi\u00e8re partie vient de heri qui signifie &#8220;li\u00e8vre&#8221;. La deuxi\u00e8me partie vient du vieux norrois occidental -valdr, qui signifie &#8220;faucon&#8221;.<\/p>\n\n\n\n<p><strong>Lidsvaldar<\/strong>, la premi\u00e8re partie vient du vieux norrois occidental -valdar qui signifie &#8220;suite, \u00e9quipage&#8221;. La deuxi\u00e8me partie vient de valdar qui signifie &#8220;souverain ou chef&#8221;.<\/p>\n\n\n\n<p><strong>Svend<\/strong>, de sveinn qui signifie &#8220;jeune homme&#8221;.<\/p>\n\n\n\n<p><strong>Toke<\/strong>, forme courte de Thorkil. La premi\u00e8re partie vient du vieux norrois occidental thor, qui signifie &#8220;tonnerre et \u00e9clairs&#8221;. La deuxi\u00e8me partie vient du vieux norrois occidental ketil, qui signifie &#8220;casque&#8221; et &#8220;protecteur&#8221;. Toke est le nom masculin le plus fr\u00e9quemment grav\u00e9 dans les runes \u00e0 l&#8217;\u00e9poque des Vikings.<\/p>\n\n\n\n<p><strong>Tryggvi<\/strong> vient de tryggr qui signifie &#8220;fid\u00e8le, fiable&#8221;.<\/p>\n\n\n\n<p><strong>Vermund<\/strong> vient de verja qui signifie &#8220;gardien ou protecteur&#8221;.<\/p>\n\n\n\n<p><strong>Wilhelm<\/strong>, \u00e0 l&#8217;origine un nom germanique occidental qui vient de vili, signifiant &#8221; volont\u00e9 ou d\u00e9sir &#8220;<\/p>\n\n\r\n\t\t\r\n\t\t<\/div><\/div>\t<\/div>\r\n<\/div>\r\n\r\n\r\n\r\n\t\t<\/div>\r\n<\/section>\n\n\n<hr class=\"wp-block-separator has-alpha-channel-opacity\"\/>\n\n\n\n<h4 class=\"wp-block-heading\">Cr\u00e9ez votre propre nom viking<\/h4>\n\n\n\n<p>De nombreux noms vikings sont compos\u00e9s, c&#8217;est-\u00e0-dire que deux parties sont r\u00e9unies. La premi\u00e8re partie est commune aux noms masculins et f\u00e9minins, la derni\u00e8re partie est diff\u00e9rente.<\/p>\n\n\n\n<p>Vous pouvez ici cr\u00e9er votre propre nom viking :<\/p>\n\n\n\r\n\r\n<section class=\"standout-section standout-block standout-accordion alignwide\">\r\n\r\n\t<div class=\"standout-max-container\">\t\r\n\r\n<div class=\"standout-block-inner\">\r\n\t<div class=\"acf-innerblocks-container\">\r\n\t\t\r\n\t\t<div class=\"standout-accordion-container \"><span class=\"standout-accordion-button standout-accordion-show-more\">Forled<span height=\"1em\" class=\"standout-custom-svg fa-svg standout-fa-plus\"><svg height=\"1em\" xmlns=\"http:\/\/www.w3.org\/2000\/svg\" viewBox=\"0 0 448 512\"><!-- Font Awesome Free 5.15.2 by @fontawesome - https:\/\/fontawesome.com License - https:\/\/fontawesome.com\/license\/free (Icons: CC BY 4.0, Fonts: SIL OFL 1.1, Code: MIT License) --><path d=\"M416 208H272V64c0-17.67-14.33-32-32-32h-32c-17.67 0-32 14.33-32 32v144H32c-17.67 0-32 14.33-32 32v32c0 17.67 14.33 32 32 32h144v144c0 17.67 14.33 32 32 32h32c17.67 0 32-14.33 32-32V304h144c17.67 0 32-14.33 32-32v-32c0-17.67-14.33-32-32-32z\"\/><\/svg><\/span><\/span><span class=\"standout-accordion-button standout-accordion-show-less\" style=\"display: none\">Forled<span height=\"1em\" class=\"standout-custom-svg fa-svg standout-fa-minus\"><svg height=\"1em\" xmlns=\"http:\/\/www.w3.org\/2000\/svg\" viewBox=\"0 0 448 512\"><!-- Font Awesome Free 5.15.2 by @fontawesome - https:\/\/fontawesome.com License - https:\/\/fontawesome.com\/license\/free (Icons: CC BY 4.0, Fonts: SIL OFL 1.1, Code: MIT License) --><path d=\"M416 208H32c-17.67 0-32 14.33-32 32v32c0 17.67 14.33 32 32 32h384c17.67 0 32-14.33 32-32v-32c0-17.67-14.33-32-32-32z\"\/><\/svg><\/span><\/span><div class=\"standout-accordion-content\" style=\"display: none\">\r\n\t\t\t\t\t\n\n<p><strong>Al-<\/strong> a plusieurs origines : le germanique ala ou alla qui signifie &#8220;tout ou entier&#8221;, le vieux norrois alu qui signifie &#8220;gardien, protection et bonheur&#8221; et le norrois occidental alfr qui signifie &#8220;elfe, une sorte d&#8217;\u00eatre souterrain&#8221;.<\/p>\n\n\n\n<p><strong>As-<\/strong> vient du vieux norrois occidental \u00e1ss qui signifie &#8220;dieu pa\u00efen&#8221;.<\/p>\n\n\n\n<p><strong>Gud-<\/strong> vient du vieux norrois occidental gud qui signifie &#8220;divinit\u00e9 ou \u00eatre divin&#8221;.<\/p>\n\n\n\n<p><strong>Gunn-<\/strong> vient du vieux norrois occidental gunnr qui signifie &#8220;combat ou bataille&#8221;.<\/p>\n\n\n\n<p><strong>Ger-<\/strong> vient du vieux norrois occidental geirr qui signifie &#8220;lance&#8221;.<\/p>\n\n\n\n<p><strong>Ragn-<\/strong> a plusieurs origines dont le gothique ragin qui signifie &#8220;conseil&#8221; et le vieux norrois occidental rogn ou regin qui signifie &#8220;pouvoirs ou puissances divines&#8221;.<\/p>\n\n\n\n<p><strong>Sig-<\/strong> vient du vieux norrois occidental sigr qui signifie &#8220;victoire&#8221;.<\/p>\n\n\n\n<p><strong>Thor-<\/strong> vient du vieux norrois occidental Thor, qui signifie \u00e0 l&#8217;origine &#8220;tonnerre, foudre&#8221;.<\/p>\n\n\n\n<p><strong>\u00d8y-<\/strong> vient du vieux norrois awio qui signifie &#8220;bonheur, cadeau&#8221;.<\/p>\n\n\r\n\t\t\r\n\t\t<\/div><\/div>\t<\/div>\r\n<\/div>\r\n\r\n\r\n\r\n\t\t<\/div>\r\n<\/section>\n\n\r\n\r\n<section class=\"standout-section standout-block standout-accordion alignwide\">\r\n\r\n\t<div class=\"standout-max-container\">\t\r\n\r\n<div class=\"standout-block-inner\">\r\n\t<div class=\"acf-innerblocks-container\">\r\n\t\t\r\n\t\t<div class=\"standout-accordion-container \"><span class=\"standout-accordion-button standout-accordion-show-more\">Efterled til mandsnavn<span height=\"1em\" class=\"standout-custom-svg fa-svg standout-fa-plus\"><svg height=\"1em\" xmlns=\"http:\/\/www.w3.org\/2000\/svg\" viewBox=\"0 0 448 512\"><!-- Font Awesome Free 5.15.2 by @fontawesome - https:\/\/fontawesome.com License - https:\/\/fontawesome.com\/license\/free (Icons: CC BY 4.0, Fonts: SIL OFL 1.1, Code: MIT License) --><path d=\"M416 208H272V64c0-17.67-14.33-32-32-32h-32c-17.67 0-32 14.33-32 32v144H32c-17.67 0-32 14.33-32 32v32c0 17.67 14.33 32 32 32h144v144c0 17.67 14.33 32 32 32h32c17.67 0 32-14.33 32-32V304h144c17.67 0 32-14.33 32-32v-32c0-17.67-14.33-32-32-32z\"\/><\/svg><\/span><\/span><span class=\"standout-accordion-button standout-accordion-show-less\" style=\"display: none\">Efterled til mandsnavn<span height=\"1em\" class=\"standout-custom-svg fa-svg standout-fa-minus\"><svg height=\"1em\" xmlns=\"http:\/\/www.w3.org\/2000\/svg\" viewBox=\"0 0 448 512\"><!-- Font Awesome Free 5.15.2 by @fontawesome - https:\/\/fontawesome.com License - https:\/\/fontawesome.com\/license\/free (Icons: CC BY 4.0, Fonts: SIL OFL 1.1, Code: MIT License) --><path d=\"M416 208H32c-17.67 0-32 14.33-32 32v32c0 17.67 14.33 32 32 32h384c17.67 0 32-14.33 32-32v-32c0-17.67-14.33-32-32-32z\"\/><\/svg><\/span><\/span><div class=\"standout-accordion-content\" style=\"display: none\">\r\n\t\t\t\t\t\n\n<p>&#8211;<strong>arr<\/strong> a plusieurs origines, harjarr signifiant &#8220;arm\u00e9e&#8221; ou &#8220;commandants, guerriers&#8221;, warjarr signifiant &#8220;celui qui refuse ou prot\u00e8ge&#8221; et g\u00e6irrrr signifiant &#8220;lance&#8221;.<\/p>\n\n\n\n<p>&#8211;<strong>bj\u00f8rn<\/strong>, du vieux norrois bernurr qui signifie &#8220;ours&#8221;.<\/p>\n\n\n\n<p>&#8211;<strong>ger<\/strong>, vient du vieux norrois occidental geirr qui signifie &#8220;lance&#8221;.<\/p>\n\n\n\n<p>&#8211;<strong>laugr<\/strong>, probablement le m\u00eame que le gothique liugan qui signifie &#8220;faire un v\u0153u sacr\u00e9, se marier&#8221;.<\/p>\n\n\n\n<p>&#8211;<strong>mundr<\/strong>, vient du vieux norrois mundur qui signifie &#8220;protecteur&#8221;.<\/p>\n\n\n\n<p>&#8211;<strong>sten<\/strong>, du vieux norrois occidental steinn signifiant &#8220;pierre&#8221;.<\/p>\n\n\n\n<p>&#8211;<strong>ulf<\/strong>, du vieux norrois occidental ulfr signifiant &#8220;loup&#8221;.<\/p>\n\n\n\n<p>&#8211;<strong>valdar<\/strong>, de valdr qui signifie &#8220;dirigeant ou chef&#8221;.<\/p>\n\n\r\n\t\t\r\n\t\t<\/div><\/div>\t<\/div>\r\n<\/div>\r\n\r\n\r\n\r\n\t\t<\/div>\r\n<\/section>\n\n\r\n\r\n<section class=\"standout-section standout-block standout-accordion alignwide\">\r\n\r\n\t<div class=\"standout-max-container\">\t\r\n\r\n<div class=\"standout-block-inner\">\r\n\t<div class=\"acf-innerblocks-container\">\r\n\t\t\r\n\t\t<div class=\"standout-accordion-container \"><span class=\"standout-accordion-button standout-accordion-show-more\">Efterled til kvindenavn<span height=\"1em\" class=\"standout-custom-svg fa-svg standout-fa-plus\"><svg height=\"1em\" xmlns=\"http:\/\/www.w3.org\/2000\/svg\" viewBox=\"0 0 448 512\"><!-- Font Awesome Free 5.15.2 by @fontawesome - https:\/\/fontawesome.com License - https:\/\/fontawesome.com\/license\/free (Icons: CC BY 4.0, Fonts: SIL OFL 1.1, Code: MIT License) --><path d=\"M416 208H272V64c0-17.67-14.33-32-32-32h-32c-17.67 0-32 14.33-32 32v144H32c-17.67 0-32 14.33-32 32v32c0 17.67 14.33 32 32 32h144v144c0 17.67 14.33 32 32 32h32c17.67 0 32-14.33 32-32V304h144c17.67 0 32-14.33 32-32v-32c0-17.67-14.33-32-32-32z\"\/><\/svg><\/span><\/span><span class=\"standout-accordion-button standout-accordion-show-less\" style=\"display: none\">Efterled til kvindenavn<span height=\"1em\" class=\"standout-custom-svg fa-svg standout-fa-minus\"><svg height=\"1em\" xmlns=\"http:\/\/www.w3.org\/2000\/svg\" viewBox=\"0 0 448 512\"><!-- Font Awesome Free 5.15.2 by @fontawesome - https:\/\/fontawesome.com License - https:\/\/fontawesome.com\/license\/free (Icons: CC BY 4.0, Fonts: SIL OFL 1.1, Code: MIT License) --><path d=\"M416 208H32c-17.67 0-32 14.33-32 32v32c0 17.67 14.33 32 32 32h384c17.67 0 32-14.33 32-32v-32c0-17.67-14.33-32-32-32z\"\/><\/svg><\/span><\/span><div class=\"standout-accordion-content\" style=\"display: none\">\r\n\t\t\t\t\t\n\n<p>&#8211;<strong>bord<\/strong>, de bjerg et du vieux norrois occidental bjarga, signifiant &#8220;sauvetage ou aide&#8221;.<\/p>\n\n\n\n<p>&#8211;<strong>dis<\/strong>, du vieux norrois occidental dis, signifiant &#8220;dis, divinit\u00e9 f\u00e9minine&#8221;.<\/p>\n\n\n\n<p>&#8211;<strong>fred<\/strong>, du vieux norrois occidental frithr, signifiant &#8220;amour, paix&#8221;.<\/p>\n\n\n\n<p>&#8211;<strong>hildr<\/strong>, du vieux norrois occidental hildr, signifiant &#8220;bataille&#8221;.<\/p>\n\n\n\n<p>&#8211;<strong>guilde<\/strong>, probablement la m\u00eame chose que le gothique liugan, qui signifie &#8220;faire un v\u0153u sacr\u00e9, se marier&#8221;.<\/p>\n\n\n\n<p>&#8211;<strong>vi<\/strong>, peut provenir du germanique wihaz signifiant &#8220;un pr\u00eatre&#8221; ou du vieux norrois occidental vig signifiant &#8220;combat&#8221;.<\/p>\n\n\n\n<p>&#8211;<strong>\u00f8y<\/strong>, vient du vieux norrois awio qui signifie &#8220;bonheur, cadeau&#8221;.<\/p>\n\n\r\n\t\t\r\n\t\t<\/div><\/div>\t<\/div>\r\n<\/div>\r\n\r\n\r\n\r\n\t\t<\/div>\r\n<\/section>\n\n\n<div class=\"wp-block-media-text is-stacked-on-mobile\"><figure class=\"wp-block-media-text__media\"><a href=\"https:\/\/sagnlandet.dk\/wp-content\/uploads\/2024\/09\/navnemagi.pdf\"><img decoding=\"async\" src=\"https:\/\/sagnlandet.dk\/wp-content\/uploads\/2025\/02\/vikingenavne-1320x880-1.png\" alt=\"\" class=\"wp-image-1259 size-full\"\/><\/a><\/figure><div class=\"wp-block-media-text__content\">\n<p><span style=\"text-decoration: underline;\"><a href=\"https:\/\/sagnlandet.dk\/wp-content\/uploads\/2024\/09\/navnemagi.pdf\"><strong>En savoir plus sur la magie des noms \u00e0 l&#8217;\u00e2ge des Vikings :<\/strong> Trouvez votre nom viking dans le livret ici !<\/a><\/span><\/p>\n<\/div><\/div>\n\n\n\r\n\r\n<section class=\"standout-section standout-block standout-basic alignwide has-bg has-bg-img bg-size-cover bg-align-horizontal-center bg-align-vertical-center\">\r\n\r\n\t<div class=\"standout-max-container\">\t\r\n\r\n<div class=\"standout-block-inner\">\r\n\t\t\t\r\n\t<div class=\"standout-block-background-deco\" style=\"--bg-align-vertical: center; --bg-align-horizontal: center; --bg-object-position: center center\">\r\n\t\t<img loading=\"lazy\" decoding=\"async\" width=\"1320\" height=\"1102\" src=\"https:\/\/sagnlandet.dk\/fr\/wp-content\/uploads\/sites\/12\/2025\/02\/voelvens-spaadom-nov-2021-01-1320x1102-1.jpg\" class=\"standout-block-background-deco-element\" alt=\"\" srcset=\"https:\/\/sagnlandet.dk\/fr\/wp-content\/uploads\/sites\/12\/2025\/02\/voelvens-spaadom-nov-2021-01-1320x1102-1.jpg 1320w, https:\/\/sagnlandet.dk\/fr\/wp-content\/uploads\/sites\/12\/2025\/02\/voelvens-spaadom-nov-2021-01-1320x1102-1-600x501.jpg 600w, https:\/\/sagnlandet.dk\/fr\/wp-content\/uploads\/sites\/12\/2025\/02\/voelvens-spaadom-nov-2021-01-1320x1102-1-120x100.jpg 120w, https:\/\/sagnlandet.dk\/fr\/wp-content\/uploads\/sites\/12\/2025\/02\/voelvens-spaadom-nov-2021-01-1320x1102-1-1200x1002.jpg 1200w\" sizes=\"(max-width: 1320px) 100vw, 1320px\" \/>\t<\/div>\r\n\r\n\t\t\r\n\t\t\t\t\t\t<div class=\"acf-innerblocks-container\">\n\n<h2 class=\"wp-block-heading has-color-bg-color has-text-color has-link-color wp-elements-2c476e2a47acaece0cb8126a9a8da5df\">Informations sur le site viking de Fredsbjerg<\/h2>\n\n<\/div>\r\n\t\t\t\r\n\t<\/div>\r\n\r\n\r\n\r\n\t\t<\/div>\r\n<\/section>\n\n\n<h4 class=\"wp-block-heading\">La salle du roi<\/h4>\n\n\n\n<p>Sur une belle colline, le Lejre Land of Legends a recr\u00e9\u00e9 la plus grande salle royale connue de l&#8217;\u00e8re viking au Danemark. En 2009, les vestiges de la plus grande maison de l&#8217;\u00e8re viking du Danemark sont sortis de terre. Avec un peu plus de 60 m\u00e8tres d&#8217;un pignon \u00e0 l&#8217;autre, la salle \u00e9tait aussi longue qu&#8217;un terrain de football moderne est large, et avec ses rang\u00e9es de grands poteaux \u00e9pais, la structure pouvait supporter un b\u00e2timent d&#8217;une hauteur de plafond de plus de 10 m\u00e8tres.<\/p>\n\n\n\n<p>L&#8217;immense salle royale et les nombreuses autres d\u00e9couvertes impressionnantes de l&#8217;\u00e2ge du fer et de l&#8217;\u00e2ge viking indiquent que Gl. Lejre occupait une position tr\u00e8s particuli\u00e8re \u00e0 l&#8217;\u00e9poque. Peut-\u00eatre m\u00eame le si\u00e8ge du sommet de la soci\u00e9t\u00e9 \u00e0 une \u00e9poque o\u00f9 le Danemark \u00e9tait au seuil de l&#8217;\u00e2ge des Vikings et du pouvoir royal.<\/p>\n\n\n\n<p>M\u00eame dans les sagas, les l\u00e9gendes et autres sources \u00e9crites, l&#8217;importance de Lejre a laiss\u00e9 des traces. Le lieu est souvent associ\u00e9 \u00e0 la mythique famille royale l\u00e9gendaire, les Skjoldungs, qui, selon les l\u00e9gendes et les sagas, comprenait les rois Skjold, Roar, Helge, Rolf Krake, Ragnar Lodbrog et Harald Hildetand. Des histoires qui sont en elles-m\u00eames des mythes, mais qui, avec les d\u00e9couvertes arch\u00e9ologiques, t\u00e9moignent de l&#8217;importance de Lejre \u00e0 l&#8217;\u00e2ge du fer et \u00e0 l&#8217;\u00e9poque des Vikings.<\/p>\n\n\n\n<p>La salle royale reconstitu\u00e9e fera partie de l&#8217;environnement viking reconstitu\u00e9 dans Lejre Land of Legends. Un environnement recr\u00e9\u00e9 qui, avec la salle royale comme c\u0153ur de la r\u00e9gion, sera rempli d&#8217;activit\u00e9s et d&#8217;exp\u00e9riences passionnantes pour toute la famille.<\/p>\n\n\n\n<p>Nous sommes impatients de vous emmener dans un nouveau voyage dans le temps, au d\u00e9but de l&#8217;\u00e8re viking !<\/p>\n\n\n\r\n\r\n<section class=\"standout-section standout-block standout-accordion alignwide\">\r\n\r\n\t<div class=\"standout-max-container\">\t\r\n\r\n<div class=\"standout-block-inner\">\r\n\t<div class=\"acf-innerblocks-container\">\r\n\t\t\r\n\t\t<div class=\"standout-accordion-container \"><span class=\"standout-accordion-button standout-accordion-show-more\">Hvad er det for en tid I rejser til?<span height=\"1em\" class=\"standout-custom-svg fa-svg standout-fa-plus\"><svg height=\"1em\" xmlns=\"http:\/\/www.w3.org\/2000\/svg\" viewBox=\"0 0 448 512\"><!-- Font Awesome Free 5.15.2 by @fontawesome - https:\/\/fontawesome.com License - https:\/\/fontawesome.com\/license\/free (Icons: CC BY 4.0, Fonts: SIL OFL 1.1, Code: MIT License) --><path d=\"M416 208H272V64c0-17.67-14.33-32-32-32h-32c-17.67 0-32 14.33-32 32v144H32c-17.67 0-32 14.33-32 32v32c0 17.67 14.33 32 32 32h144v144c0 17.67 14.33 32 32 32h32c17.67 0 32-14.33 32-32V304h144c17.67 0 32-14.33 32-32v-32c0-17.67-14.33-32-32-32z\"\/><\/svg><\/span><\/span><span class=\"standout-accordion-button standout-accordion-show-less\" style=\"display: none\">Hvad er det for en tid I rejser til?<span height=\"1em\" class=\"standout-custom-svg fa-svg standout-fa-minus\"><svg height=\"1em\" xmlns=\"http:\/\/www.w3.org\/2000\/svg\" viewBox=\"0 0 448 512\"><!-- Font Awesome Free 5.15.2 by @fontawesome - https:\/\/fontawesome.com License - https:\/\/fontawesome.com\/license\/free (Icons: CC BY 4.0, Fonts: SIL OFL 1.1, Code: MIT License) --><path d=\"M416 208H32c-17.67 0-32 14.33-32 32v32c0 17.67 14.33 32 32 32h384c17.67 0 32-14.33 32-32v-32c0-17.67-14.33-32-32-32z\"\/><\/svg><\/span><\/span><div class=\"standout-accordion-content\" style=\"display: none\">\r\n\t\t\t\t\t\n\n<p>L&#8217;\u00e2ge des Vikings s&#8217;\u00e9tend du d\u00e9but des ann\u00e9es 700 au milieu des ann\u00e9es 1000 de l&#8217;\u00e8re chr\u00e9tienne. L&#8217;expression &#8220;\u00e2ge des Vikings&#8221; n&#8217;existe qu&#8217;en Scandinavie. Dans les autres pays, on parle de la fin de l&#8217;\u00e2ge du fer ou du d\u00e9but du Moyen \u00c2ge.<\/p>\n\n\n\n<p>Les Vikings venaient de toute la Scandinavie, la r\u00e9gion qui comprend aujourd&#8217;hui le Danemark, la Norv\u00e8ge et la Su\u00e8de. La langue utilis\u00e9e \u00e9tait le vieux norrois et l&#8217;\u00e9criture \u00e9tait grav\u00e9e \u00e0 l&#8217;aide de runes courtes.<\/p>\n\n\n\n<p>La zone viking du Lejre Land of Legends refl\u00e8te le d\u00e9but de l&#8217;\u00e2ge viking, avec des d\u00e9couvertes et des sources datant du Ve au IXe si\u00e8cle, o\u00f9 la zone de Gl. lejre, situ\u00e9e \u00e0 environ 2 km du Lejre Land of Legends, avec les vestiges de puissantes salles royales, de tumulus, de monticules fun\u00e9raires et d&#8217;un centre de pouvoir et de culture<\/p>\n\n\n\n<p>comme un centre de pouvoir et de culture. L&#8217;\u00e2ge des Vikings a \u00e9t\u00e9 une p\u00e9riode de bouleversements, o\u00f9 les gens ont progressivement abandonn\u00e9 les anciens dieux \u00e0 mesure que la connaissance du Christ blanc s&#8217;est r\u00e9pandue. La soci\u00e9t\u00e9 est pass\u00e9e d&#8217;une soci\u00e9t\u00e9 de chefs \u00e0 une soci\u00e9t\u00e9 avec un \u00c9tat \u00e9mergent. Les sources \u00e9crites, arch\u00e9ologiques et numismatiques (pi\u00e8ces de monnaie) t\u00e9moignent de cette centralisation de la formation de l&#8217;\u00c9tat. La construction de fermes royales et de centres de culte tels que Lejre et Tiss\u00f8, que le roi pouvait visiter lors de ses d\u00e9placements dans le pays, la construction de forts, de remparts et d&#8217;autres d\u00e9fenses, ainsi que la frappe de pi\u00e8ces de monnaie sont des exemples de cette formation de l&#8217;\u00c9tat.<\/p>\n\n\n\n<p>Elle t\u00e9moignait du pouvoir du roi.<\/p>\n\n\n\n<p>La fonction du roi \u00e9tait avant tout de diriger les actions militaires et les f\u00eates cultuelles, mais aussi d&#8217;assurer la protection dans le royaume, ainsi que d&#8217;\u00eatre le chef du royaume \u00e0 l&#8217;ext\u00e9rieur. Les int\u00e9r\u00eats du roi \u00e9taient d\u00e9fendus par des hommes-rois, des magnats locaux qui lui assuraient, entre autres, des revenus dans les villes et sur les march\u00e9s. Le roi avait \u00e9galement des bergers qui constituaient son entourage personnel et sa maison. Ils \u00e9taient rattach\u00e9s aux fermes royales, qui \u00e9taient charg\u00e9es de l&#8217;entretien de la r\u00e9gion. Au premier plan se trouvait le brasseur, qui rompait le pain quotidien de la maisonn\u00e9e. Le m\u00e9nage, qui comprenait \u00e0 la fois les bergers et la maisonn\u00e9e, ne recevait pas de salaire en tant que tel, mais un abri, de la nourriture, une protection et des cadeaux. L&#8217;\u00e9change de cadeaux permettait d&#8217;\u00e9tablir des relations.<\/p>\n\n\r\n\t\t\r\n\t\t<\/div><\/div>\t<\/div>\r\n<\/div>\r\n\r\n\r\n\r\n\t\t<\/div>\r\n<\/section>\n\n\r\n\r\n<section class=\"standout-section standout-block standout-accordion alignwide\">\r\n\r\n\t<div class=\"standout-max-container\">\t\r\n\r\n<div class=\"standout-block-inner\">\r\n\t<div class=\"acf-innerblocks-container\">\r\n\t\t\r\n\t\t<div class=\"standout-accordion-container \"><span class=\"standout-accordion-button standout-accordion-show-more\">Samfundslag<span height=\"1em\" class=\"standout-custom-svg fa-svg standout-fa-plus\"><svg height=\"1em\" xmlns=\"http:\/\/www.w3.org\/2000\/svg\" viewBox=\"0 0 448 512\"><!-- Font Awesome Free 5.15.2 by @fontawesome - https:\/\/fontawesome.com License - https:\/\/fontawesome.com\/license\/free (Icons: CC BY 4.0, Fonts: SIL OFL 1.1, Code: MIT License) --><path d=\"M416 208H272V64c0-17.67-14.33-32-32-32h-32c-17.67 0-32 14.33-32 32v144H32c-17.67 0-32 14.33-32 32v32c0 17.67 14.33 32 32 32h144v144c0 17.67 14.33 32 32 32h32c17.67 0 32-14.33 32-32V304h144c17.67 0 32-14.33 32-32v-32c0-17.67-14.33-32-32-32z\"\/><\/svg><\/span><\/span><span class=\"standout-accordion-button standout-accordion-show-less\" style=\"display: none\">Samfundslag<span height=\"1em\" class=\"standout-custom-svg fa-svg standout-fa-minus\"><svg height=\"1em\" xmlns=\"http:\/\/www.w3.org\/2000\/svg\" viewBox=\"0 0 448 512\"><!-- Font Awesome Free 5.15.2 by @fontawesome - https:\/\/fontawesome.com License - https:\/\/fontawesome.com\/license\/free (Icons: CC BY 4.0, Fonts: SIL OFL 1.1, Code: MIT License) --><path d=\"M416 208H32c-17.67 0-32 14.33-32 32v32c0 17.67 14.33 32 32 32h384c17.67 0 32-14.33 32-32v-32c0-17.67-14.33-32-32-32z\"\/><\/svg><\/span><\/span><div class=\"standout-accordion-content\" style=\"display: none\">\r\n\t\t\t\t\t\n\n<p>La soci\u00e9t\u00e9 de l&#8217;\u00e9poque \u00e9tait tr\u00e8s stratifi\u00e9e. Au sommet se trouvaient le roi et les grands chefs &#8211; l&#8217;aristocratie. Les paysans libres et les nobles formaient un niveau interm\u00e9diaire. Au-dessous d&#8217;eux se trouvaient les ouvriers agricoles sans terre et, au bas de l&#8217;\u00e9chelle, les esclaves. Il est possible que les artisans n&#8217;aient pas toujours \u00e9t\u00e9 libres, mais nous ne disposons que de peu d&#8217;informations concr\u00e8tes sur leur statut. La famille \u00e9tait la communaut\u00e9 de base, mais il existait aussi d&#8217;autres communaut\u00e9s (vieux danois : f\u00e9lag) avec des obligations mutuelles qui pouvaient la remplacer. Il peut s&#8217;agir de la propri\u00e9t\u00e9 d&#8217;un navire, d&#8217;une bande de guerriers ou d&#8217;une association commerciale.<\/p>\n\n\n\n<p>Le mariage \u00e9tait une alliance entre \u00e9gaux et leurs familles. Les sources sugg\u00e8rent que les femmes avaient des relations libres, sauf lorsqu&#8217;il s&#8217;agissait de femmes affranchies et d&#8217;esclaves. Les femmes avaient un statut ind\u00e9pendant, la femme au foyer \u00e9tait la porteuse des cl\u00e9s et pouvait exercer une autorit\u00e9 ind\u00e9pendante, mais leurs t\u00e2ches principales se situaient au sein du foyer, dans l&#8217;entretien de la maison et l&#8217;\u00e9ducation des enfants.<\/p>\n\n\n\n<p>\u00c0 l&#8217;\u00e9poque pa\u00efenne, elles pouvaient \u00e9galement accomplir des actes rituels, mais cette possibilit\u00e9 a disparu avec le christianisme, qui a progressivement r\u00e9duit la marge de man\u0153uvre des femmes. Les enfants avaient leur propre cadre de vie avec les adultes, o\u00f9 ils participaient au travail quotidien en tant que petites personnes en jupes de femme dans la maison autour du foyer, et lorsqu&#8217;ils grandissaient avec des t\u00e2ches et des corv\u00e9es quotidiennes \u00e0 l&#8217;int\u00e9rieur et \u00e0 l&#8217;ext\u00e9rieur de la maison. Les enfants ne restaient pas toujours \u00e0 la maison avec leurs parents et leur famille. Ils \u00e9taient accueillis dans d&#8217;autres fermes et d&#8217;autres lieux pour apprendre \u00e0 naviguer dans le monde.<\/p>\n\n\r\n\t\t\r\n\t\t<\/div><\/div>\t<\/div>\r\n<\/div>\r\n\r\n\r\n\r\n\t\t<\/div>\r\n<\/section>\n\n\r\n\r\n<section class=\"standout-section standout-block standout-accordion alignwide\">\r\n\r\n\t<div class=\"standout-max-container\">\t\r\n\r\n<div class=\"standout-block-inner\">\r\n\t<div class=\"acf-innerblocks-container\">\r\n\t\t\r\n\t\t<div class=\"standout-accordion-container \"><span class=\"standout-accordion-button standout-accordion-show-more\">Vikingernes geografi<span height=\"1em\" class=\"standout-custom-svg fa-svg standout-fa-plus\"><svg height=\"1em\" xmlns=\"http:\/\/www.w3.org\/2000\/svg\" viewBox=\"0 0 448 512\"><!-- Font Awesome Free 5.15.2 by @fontawesome - https:\/\/fontawesome.com License - https:\/\/fontawesome.com\/license\/free (Icons: CC BY 4.0, Fonts: SIL OFL 1.1, Code: MIT License) --><path d=\"M416 208H272V64c0-17.67-14.33-32-32-32h-32c-17.67 0-32 14.33-32 32v144H32c-17.67 0-32 14.33-32 32v32c0 17.67 14.33 32 32 32h144v144c0 17.67 14.33 32 32 32h32c17.67 0 32-14.33 32-32V304h144c17.67 0 32-14.33 32-32v-32c0-17.67-14.33-32-32-32z\"\/><\/svg><\/span><\/span><span class=\"standout-accordion-button standout-accordion-show-less\" style=\"display: none\">Vikingernes geografi<span height=\"1em\" class=\"standout-custom-svg fa-svg standout-fa-minus\"><svg height=\"1em\" xmlns=\"http:\/\/www.w3.org\/2000\/svg\" viewBox=\"0 0 448 512\"><!-- Font Awesome Free 5.15.2 by @fontawesome - https:\/\/fontawesome.com License - https:\/\/fontawesome.com\/license\/free (Icons: CC BY 4.0, Fonts: SIL OFL 1.1, Code: MIT License) --><path d=\"M416 208H32c-17.67 0-32 14.33-32 32v32c0 17.67 14.33 32 32 32h384c17.67 0 32-14.33 32-32v-32c0-17.67-14.33-32-32-32z\"\/><\/svg><\/span><\/span><div class=\"standout-accordion-content\" style=\"display: none\">\r\n\t\t\t\t\t\n\n<p>Les Vikings \u00e9taient connus et craints presque partout dans le monde comme des hommes violents et des berserkers. Cependant, ils \u00e9taient \u00e9galement connus pour leur comportement commercial, leurs colonies et leurs voyages de d\u00e9couverte. Ils voyageaient vers l&#8217;ouest et le sud et naviguaient sur les fleuves vers l&#8217;est jusqu&#8217;\u00e0 l&#8217;Empire byzantin. Ils \u00e9taient des constructeurs de navires, des marins et des navigateurs comp\u00e9tents. Les navires vikings \u00e9taient les chevaux pur-sang de la mer qui transportaient les Vikings sur leurs routes commerciales lointaines avec des marchandises telles que des fourrures, de l&#8217;ambre, de l&#8217;ardoise pour les pierres \u00e0 moudre, du poisson de roche, du bois, du goudron, des plumes et du duvet.<\/p>\n\n\n\n<p>Aller \u00e0 la rencontre du monde \u00e9tait la volont\u00e9 des Vikings, et si vous vouliez vous d\u00e9brouiller dans un monde \u00e9tranger, vous aviez besoin d&#8217;un ensemble de r\u00e8gles de bonne conduite, comme le &#8220;Takt og Tone&#8221; d&#8217;Emma Gad. Un tel ensemble de r\u00e8gles se trouve dans un long po\u00e8me appel\u00e9 H\u00e1vam\u00e1l de l&#8217;Edda. H\u00e1vam\u00e1l est le &#8220;discours du Grand&#8221; &#8211; d&#8217;Odin lui-m\u00eame.<\/p>\n\n\n\n<p>L\u00e0 o\u00f9 les routes se croisaient, on am\u00e9nageait des postes d&#8217;amarrage ou de chargement o\u00f9 l&#8217;on pouvait faire accoster de plus petits navires et commercer. Les premi\u00e8res villes commerciales ont \u00e9t\u00e9 fond\u00e9es avec un syst\u00e8me commercial bien organis\u00e9. Les villes commerciales les plus c\u00e9l\u00e8bres de la r\u00e9gion nordique sont Hedeby, Ribe, Kaupang en Norv\u00e8ge et Birka en Su\u00e8de, Viborg, Odense et Aarhus. Les sources anglo-saxonnes et les lois du paysage, telles que la loi du Jutland, la &#8220;Grey Goose&#8221; islandaise et la Gulatingslov norv\u00e9gienne, qui trouve ses racines dans le droit coutumier viking, t\u00e9moignent que le p\u00e9rilleux voyage sur l&#8217;eau et sur terre des marchands et des riches n\u00e9gociants \u00e9tait facilit\u00e9 par la loi et l&#8217;ordre.<\/p>\n\n\r\n\t\t\r\n\t\t<\/div><\/div>\t<\/div>\r\n<\/div>\r\n\r\n\r\n\r\n\t\t<\/div>\r\n<\/section>\n\n\n<h4 class=\"wp-block-heading\">Un quatrain en guise de conseil<\/h4>\n\n\n\n<p>Voici un petit quatrain qui donne des conseils et des orientations lors de l&#8217;arriv\u00e9e dans un pays \u00e9tranger :<\/p>\n\n\n\n<p class=\"aligncenter has-text-align-center\">&#8220;Personne ne doit se vanter de ses comp\u00e9tences et de son intelligence,<br>mais plut\u00f4t \u00e9couter volontiers pour apprendre.<br>Celui qui vient pensif et silencieux<br>et silencieux \u00e0 la ferme,<br>prend rarement un mauvais d\u00e9part&#8221;<\/p>\n\n\n\r\n\r\n<section class=\"standout-section standout-block standout-basic alignwide has-bg has-bg-img bg-size-cover bg-align-horizontal-center bg-align-vertical-center\">\r\n\r\n\t<div class=\"standout-max-container\">\t\r\n\r\n<div class=\"standout-block-inner\">\r\n\t\t\t\r\n\t<div class=\"standout-block-background-deco\" style=\"--bg-align-vertical: center; --bg-align-horizontal: center; --bg-object-position: center center\">\r\n\t\t<img loading=\"lazy\" decoding=\"async\" width=\"1920\" height=\"1281\" src=\"https:\/\/sagnlandet.dk\/fr\/wp-content\/uploads\/sites\/12\/2025\/02\/kongehal-2022-24-scaled-1.jpg\" class=\"standout-block-background-deco-element\" alt=\"\" srcset=\"https:\/\/sagnlandet.dk\/fr\/wp-content\/uploads\/sites\/12\/2025\/02\/kongehal-2022-24-scaled-1.jpg 2560w, https:\/\/sagnlandet.dk\/fr\/wp-content\/uploads\/sites\/12\/2025\/02\/kongehal-2022-24-scaled-1-600x400.jpg 600w, https:\/\/sagnlandet.dk\/fr\/wp-content\/uploads\/sites\/12\/2025\/02\/kongehal-2022-24-scaled-1-1920x1281.jpg 1920w, https:\/\/sagnlandet.dk\/fr\/wp-content\/uploads\/sites\/12\/2025\/02\/kongehal-2022-24-scaled-1-1536x1025.jpg 1536w, https:\/\/sagnlandet.dk\/fr\/wp-content\/uploads\/sites\/12\/2025\/02\/kongehal-2022-24-scaled-1-2048x1366.jpg 2048w, https:\/\/sagnlandet.dk\/fr\/wp-content\/uploads\/sites\/12\/2025\/02\/kongehal-2022-24-scaled-1-150x100.jpg 150w, https:\/\/sagnlandet.dk\/fr\/wp-content\/uploads\/sites\/12\/2025\/02\/kongehal-2022-24-scaled-1-1200x801.jpg 1200w, https:\/\/sagnlandet.dk\/fr\/wp-content\/uploads\/sites\/12\/2025\/02\/kongehal-2022-24-scaled-1-1320x881.jpg 1320w\" sizes=\"(max-width: 1920px) 100vw, 1920px\" \/>\t<\/div>\r\n\r\n\t\t\r\n\t\t\t\t\t\t<div class=\"acf-innerblocks-container\">\n\n<h2 class=\"wp-block-heading has-color-bg-color has-text-color has-link-color wp-elements-d55352fda17294076b344b727354602c\">Aper\u00e7u du programme hebdomadaire<\/h2>\n\n<\/div>\r\n\t\t\t\r\n\t<\/div>\r\n\r\n\r\n\r\n\t\t<\/div>\r\n<\/section>\n\n\n<h4 class=\"wp-block-heading\">Lundi &#8211; Jour d&#8217;arriv\u00e9e et voyage dans le temps<\/h4>\n\n\n\n<p>Bienvenue \u00e0 Lejre, le pays des l\u00e9gendes !<\/p>\n\n\n\n<h6 class=\"wp-block-heading\">Comment arriver \u00e0 Lejre Land of Legends ?<\/h6>\n\n\n\n<p>Si vous arrivez au Lejre Land of Legends en voiture, vous devez la garer dans le parking.<\/p>\n\n\n\n<p>Il est interdit de conduire dans le Lejre Land of Legends pendant les heures d&#8217;ouverture et la voiture est gar\u00e9e dans le parking.<\/p>\n\n\n\n<p>Les cl\u00e9s du portail se trouvent sur le rebord de la fen\u00eatre dans la cuisine des h\u00f4tes.<\/p>\n\n\n\n<p><strong>ATTENTION ! Il est important que vous n&#8217;arriviez pas trop tard le premier jour<\/strong> afin que nous ayons le temps d&#8217;habiller tout le monde et de nous occuper des autres t\u00e2ches. Si vous n&#8217;avez pas pu venir en raison de vacances ou de la circulation, veuillez nous en informer bien \u00e0 l&#8217;avance.<\/p>\n\n\n\n<h6 class=\"wp-block-heading\">Le premier jour<\/h6>\n\n\n\n<p>Le jour de l&#8217;arriv\u00e9e est le jour o\u00f9 vous vous installez dans votre nouvelle maison et o\u00f9 vous apprenez \u00e0 conna\u00eetre l&#8217;endroit et \u00e0 vous conna\u00eetre les uns les autres.<\/p>\n\n\n\n<p>Lorsque vous arriverez le lundi matin, vous serez accueillis \u00e0 l&#8217;entr\u00e9e par l&#8217;un des m\u00e9diateurs vikings de Lejre Land of Legends.<\/p>\n\n\n\n<p>Il y aura ensuite un accueil commun au cours duquel nous nous pr\u00e9senterons les uns aux autres, suivi d&#8217;une visite de l&#8217;environnement viking o\u00f9 vous serez log\u00e9s et des installations et \u00e9quipements modernes de Lejre Land of Legends.<\/p>\n\n\n\n<p>Au grenier \u00e0 costumes, vous recevrez de l&#8217;aide pour le changer de la t\u00eate aux pieds en v\u00eatements vikings. Les costumes sont en lin et en laine.<\/p>\n\n\n\n<p>Les Vikings ont pr\u00e9par\u00e9 le premier repas viking que vous pourrez d\u00e9guster. Le reste de la journ\u00e9e est consacr\u00e9 \u00e0 l&#8217;installation dans votre nouvelle vie.<\/p>\n\n\n\n<p>Vous allumerez le feu, pr\u00e9parerez votre d\u00eener et ferez des jeux et des concours pour mieux vous conna\u00eetre.<\/p>\n\n\n\r\n\r\n<section class=\"standout-section standout-block standout-accordion alignwide\">\r\n\r\n\t<div class=\"standout-max-container\">\t\r\n\r\n<div class=\"standout-block-inner\">\r\n\t<div class=\"acf-innerblocks-container\">\r\n\t\t\r\n\t\t<div class=\"standout-accordion-container \"><span class=\"standout-accordion-button standout-accordion-show-more\">Kl. 10.00 &#8211; ankomst<span height=\"1em\" class=\"standout-custom-svg fa-svg standout-fa-plus\"><svg height=\"1em\" xmlns=\"http:\/\/www.w3.org\/2000\/svg\" viewBox=\"0 0 448 512\"><!-- Font Awesome Free 5.15.2 by @fontawesome - https:\/\/fontawesome.com License - https:\/\/fontawesome.com\/license\/free (Icons: CC BY 4.0, Fonts: SIL OFL 1.1, Code: MIT License) --><path d=\"M416 208H272V64c0-17.67-14.33-32-32-32h-32c-17.67 0-32 14.33-32 32v144H32c-17.67 0-32 14.33-32 32v32c0 17.67 14.33 32 32 32h144v144c0 17.67 14.33 32 32 32h32c17.67 0 32-14.33 32-32V304h144c17.67 0 32-14.33 32-32v-32c0-17.67-14.33-32-32-32z\"\/><\/svg><\/span><\/span><span class=\"standout-accordion-button standout-accordion-show-less\" style=\"display: none\">Kl. 10.00 &#8211; ankomst<span height=\"1em\" class=\"standout-custom-svg fa-svg standout-fa-minus\"><svg height=\"1em\" xmlns=\"http:\/\/www.w3.org\/2000\/svg\" viewBox=\"0 0 448 512\"><!-- Font Awesome Free 5.15.2 by @fontawesome - https:\/\/fontawesome.com License - https:\/\/fontawesome.com\/license\/free (Icons: CC BY 4.0, Fonts: SIL OFL 1.1, Code: MIT License) --><path d=\"M416 208H32c-17.67 0-32 14.33-32 32v32c0 17.67 14.33 32 32 32h384c17.67 0 32-14.33 32-32v-32c0-17.67-14.33-32-32-32z\"\/><\/svg><\/span><\/span><div class=\"standout-accordion-content\" style=\"display: none\">\r\n\t\t\t\t\t\n\n<p>Nous venons vous chercher \u00e0 la porte. H\u00e9bergement, information et visite guid\u00e9e, habillage en costumes vikings et d\u00e9jeuner pr\u00e9par\u00e9 pour vous par les Vikings.<\/p>\n\n\r\n\t\t\r\n\t\t<\/div><\/div>\t<\/div>\r\n<\/div>\r\n\r\n\r\n\r\n\t\t<\/div>\r\n<\/section>\n\n\r\n\r\n<section class=\"standout-section standout-block standout-accordion alignwide\">\r\n\r\n\t<div class=\"standout-max-container\">\t\r\n\r\n<div class=\"standout-block-inner\">\r\n\t<div class=\"acf-innerblocks-container\">\r\n\t\t\r\n\t\t<div class=\"standout-accordion-container \"><span class=\"standout-accordion-button standout-accordion-show-more\">Resten af dagen<span height=\"1em\" class=\"standout-custom-svg fa-svg standout-fa-plus\"><svg height=\"1em\" xmlns=\"http:\/\/www.w3.org\/2000\/svg\" viewBox=\"0 0 448 512\"><!-- Font Awesome Free 5.15.2 by @fontawesome - https:\/\/fontawesome.com License - https:\/\/fontawesome.com\/license\/free (Icons: CC BY 4.0, Fonts: SIL OFL 1.1, Code: MIT License) --><path d=\"M416 208H272V64c0-17.67-14.33-32-32-32h-32c-17.67 0-32 14.33-32 32v144H32c-17.67 0-32 14.33-32 32v32c0 17.67 14.33 32 32 32h144v144c0 17.67 14.33 32 32 32h32c17.67 0 32-14.33 32-32V304h144c17.67 0 32-14.33 32-32v-32c0-17.67-14.33-32-32-32z\"\/><\/svg><\/span><\/span><span class=\"standout-accordion-button standout-accordion-show-less\" style=\"display: none\">Resten af dagen<span height=\"1em\" class=\"standout-custom-svg fa-svg standout-fa-minus\"><svg height=\"1em\" xmlns=\"http:\/\/www.w3.org\/2000\/svg\" viewBox=\"0 0 448 512\"><!-- Font Awesome Free 5.15.2 by @fontawesome - https:\/\/fontawesome.com License - https:\/\/fontawesome.com\/license\/free (Icons: CC BY 4.0, Fonts: SIL OFL 1.1, Code: MIT License) --><path d=\"M416 208H32c-17.67 0-32 14.33-32 32v32c0 17.67 14.33 32 32 32h384c17.67 0 32-14.33 32-32v-32c0-17.67-14.33-32-32-32z\"\/><\/svg><\/span><\/span><div class=\"standout-accordion-content\" style=\"display: none\">\r\n\t\t\t\t\t\n\n<p>Le programme quotidien commence.<\/p>\n\n\r\n\t\t\r\n\t\t<\/div><\/div>\t<\/div>\r\n<\/div>\r\n\r\n\r\n\r\n\t\t<\/div>\r\n<\/section>\n\n\n<h4 class=\"wp-block-heading\">Le reste de la semaine<\/h4>\n\n\n\n<p>Le jour de votre arriv\u00e9e, vous recevrez un aper\u00e7u du d\u00e9roulement de votre semaine \u00e0 l&#8217;\u00e9poque des Vikings. Pour vous en faire une id\u00e9e, consultez la section &#8220;Exemple de programme pour des vacances vikings \u00e0 Lejre Land of Legends&#8221; sur <a href=\"https:\/\/sagnlandet.dk\/en\/tag-paa-ferie-i-vikingetiden\/\"><span style=\"text-decoration: underline;\">cette page<\/span><\/a>.<\/p>\n\n\n\n<h4 class=\"wp-block-heading\">Vendredi &#8211; Jour d&#8217;adieu<\/h4>\n\n\n\n<p>C&#8217;est le jour o\u00f9 vous retournez \u00e0 nouveau dans le futur. Au cours de la matin\u00e9e, les maisons seront nettoy\u00e9es jusqu&#8217;\u00e0 ce que vienne l&#8217;heure de la derni\u00e8re activit\u00e9 du s\u00e9jour.<\/p>\n\n\n\r\n\r\n<section class=\"standout-section standout-block standout-accordion alignwide\">\r\n\r\n\t<div class=\"standout-max-container\">\t\r\n\r\n<div class=\"standout-block-inner\">\r\n\t<div class=\"acf-innerblocks-container\">\r\n\t\t\r\n\t\t<div class=\"standout-accordion-container \"><span class=\"standout-accordion-button standout-accordion-show-more\">Efter frokost<span height=\"1em\" class=\"standout-custom-svg fa-svg standout-fa-plus\"><svg height=\"1em\" xmlns=\"http:\/\/www.w3.org\/2000\/svg\" viewBox=\"0 0 448 512\"><!-- Font Awesome Free 5.15.2 by @fontawesome - https:\/\/fontawesome.com License - https:\/\/fontawesome.com\/license\/free (Icons: CC BY 4.0, Fonts: SIL OFL 1.1, Code: MIT License) --><path d=\"M416 208H272V64c0-17.67-14.33-32-32-32h-32c-17.67 0-32 14.33-32 32v144H32c-17.67 0-32 14.33-32 32v32c0 17.67 14.33 32 32 32h144v144c0 17.67 14.33 32 32 32h32c17.67 0 32-14.33 32-32V304h144c17.67 0 32-14.33 32-32v-32c0-17.67-14.33-32-32-32z\"\/><\/svg><\/span><\/span><span class=\"standout-accordion-button standout-accordion-show-less\" style=\"display: none\">Efter frokost<span height=\"1em\" class=\"standout-custom-svg fa-svg standout-fa-minus\"><svg height=\"1em\" xmlns=\"http:\/\/www.w3.org\/2000\/svg\" viewBox=\"0 0 448 512\"><!-- Font Awesome Free 5.15.2 by @fontawesome - https:\/\/fontawesome.com License - https:\/\/fontawesome.com\/license\/free (Icons: CC BY 4.0, Fonts: SIL OFL 1.1, Code: MIT License) --><path d=\"M416 208H32c-17.67 0-32 14.33-32 32v32c0 17.67 14.33 32 32 32h384c17.67 0 32-14.33 32-32v-32c0-17.67-14.33-32-32-32z\"\/><\/svg><\/span><\/span><div class=\"standout-accordion-content\" style=\"display: none\">\r\n\t\t\t\t\t\n\n<p>Les Vikings de Fredsbjerg pr\u00e9pareront le d\u00e9jeuner et r\u00e9capituleront les exp\u00e9riences de la semaine, diront au revoir et merci, \u00e0 bient\u00f4t et bon voyage.<\/p>\n\n\r\n\t\t\r\n\t\t<\/div><\/div>\t<\/div>\r\n<\/div>\r\n\r\n\r\n\r\n\t\t<\/div>\r\n<\/section>\n\n\n<p><\/p>\n\n\n\n<p><\/p>\n\n\n\n<p><\/p>\n","protected":false},"excerpt":{"rendered":"<p>derni\u00e8re mise \u00e0 jour le 13 mai 2024 Bienvenue \u00e0 ! Vous avez r\u00e9serv\u00e9 un s\u00e9jour d&#8217;une semaine en tant que famille ancienne au March\u00e9 Viking de Fredsbjerg, dans le Pays des l\u00e9gendes de Lejre. Nous en sommes ravis et nous nous r\u00e9jouissons de vous accueillir. Sur cette page, vous trouverez plus d&#8217;informations sur la [&hellip;]<\/p>\n","protected":false},"author":3,"featured_media":71082,"parent":0,"menu_order":0,"comment_status":"open","ping_status":"open","template":"","meta":{"_acf_changed":false,"footnotes":""},"class_list":["post-69987","page","type-page","status-publish","has-post-thumbnail","hentry"],"acf":[],"yoast_head":"<!-- This site is optimized with the Yoast SEO plugin v23.5 - https:\/\/yoast.com\/wordpress\/plugins\/seo\/ -->\n<title>Informations familiales ant\u00e9rieures Viking - Sagnlandet Lejre<\/title>\n<meta name=\"robots\" content=\"index, follow, max-snippet:-1, max-image-preview:large, max-video-preview:-1\" \/>\n<link rel=\"canonical\" href=\"https:\/\/sagnlandet.dk\/fr\/past-family-information-viking\/\" \/>\n<meta property=\"og:locale\" content=\"fr_FR\" \/>\n<meta property=\"og:type\" content=\"article\" \/>\n<meta property=\"og:title\" content=\"Informations familiales ant\u00e9rieures Viking - Sagnlandet Lejre\" \/>\n<meta property=\"og:description\" content=\"derni\u00e8re mise \u00e0 jour le 13 mai 2024 Bienvenue \u00e0 ! Vous avez r\u00e9serv\u00e9 un s\u00e9jour d&#8217;une semaine en tant que famille ancienne au March\u00e9 Viking de Fredsbjerg, dans le Pays des l\u00e9gendes de Lejre. Nous en sommes ravis et nous nous r\u00e9jouissons de vous accueillir. Sur cette page, vous trouverez plus d&#8217;informations sur la [&hellip;]\" \/>\n<meta property=\"og:url\" content=\"https:\/\/sagnlandet.dk\/fr\/past-family-information-viking\/\" \/>\n<meta property=\"og:site_name\" content=\"Sagnlandet Lejre\" \/>\n<meta property=\"article:modified_time\" content=\"2025-02-24T06:25:29+00:00\" \/>\n<meta property=\"og:image\" content=\"https:\/\/sagnlandet.dk\/fr\/wp-content\/uploads\/sites\/12\/2025\/02\/efteraarsferie-2020-22-2-scaled-1-1.jpg\" \/>\n\t<meta property=\"og:image:width\" content=\"2560\" \/>\n\t<meta property=\"og:image:height\" content=\"1048\" \/>\n\t<meta property=\"og:image:type\" content=\"image\/jpeg\" \/>\n<meta name=\"twitter:card\" content=\"summary_large_image\" \/>\n<meta name=\"twitter:label1\" content=\"Dur\u00e9e de lecture estim\u00e9e\" \/>\n\t<meta name=\"twitter:data1\" content=\"24 minutes\" \/>\n<!-- \/ Yoast SEO plugin. -->","yoast_head_json":{"title":"Informations familiales ant\u00e9rieures Viking - Sagnlandet Lejre","robots":{"index":"index","follow":"follow","max-snippet":"max-snippet:-1","max-image-preview":"max-image-preview:large","max-video-preview":"max-video-preview:-1"},"canonical":"https:\/\/sagnlandet.dk\/fr\/past-family-information-viking\/","og_locale":"fr_FR","og_type":"article","og_title":"Informations familiales ant\u00e9rieures Viking - Sagnlandet Lejre","og_description":"derni\u00e8re mise \u00e0 jour le 13 mai 2024 Bienvenue \u00e0 ! Vous avez r\u00e9serv\u00e9 un s\u00e9jour d&#8217;une semaine en tant que famille ancienne au March\u00e9 Viking de Fredsbjerg, dans le Pays des l\u00e9gendes de Lejre. Nous en sommes ravis et nous nous r\u00e9jouissons de vous accueillir. Sur cette page, vous trouverez plus d&#8217;informations sur la [&hellip;]","og_url":"https:\/\/sagnlandet.dk\/fr\/past-family-information-viking\/","og_site_name":"Sagnlandet Lejre","article_modified_time":"2025-02-24T06:25:29+00:00","og_image":[{"width":2560,"height":1048,"url":"https:\/\/sagnlandet.dk\/fr\/wp-content\/uploads\/sites\/12\/2025\/02\/efteraarsferie-2020-22-2-scaled-1-1.jpg","type":"image\/jpeg"}],"twitter_card":"summary_large_image","twitter_misc":{"Dur\u00e9e de lecture estim\u00e9e":"24 minutes"},"schema":{"@context":"https:\/\/schema.org","@graph":[{"@type":"WebPage","@id":"https:\/\/sagnlandet.dk\/fr\/past-family-information-viking\/","url":"https:\/\/sagnlandet.dk\/fr\/past-family-information-viking\/","name":"Informations familiales ant\u00e9rieures Viking - Sagnlandet Lejre","isPartOf":{"@id":"https:\/\/sagnlandet.dk\/fr\/#website"},"primaryImageOfPage":{"@id":"https:\/\/sagnlandet.dk\/fr\/past-family-information-viking\/#primaryimage"},"image":{"@id":"https:\/\/sagnlandet.dk\/fr\/past-family-information-viking\/#primaryimage"},"thumbnailUrl":"https:\/\/sagnlandet.dk\/fr\/wp-content\/uploads\/sites\/12\/2025\/02\/efteraarsferie-2020-22-2-scaled-1-1-1.jpg","datePublished":"2024-09-26T10:33:31+00:00","dateModified":"2025-02-24T06:25:29+00:00","breadcrumb":{"@id":"https:\/\/sagnlandet.dk\/fr\/past-family-information-viking\/#breadcrumb"},"inLanguage":"fr-FR","potentialAction":[{"@type":"ReadAction","target":["https:\/\/sagnlandet.dk\/fr\/past-family-information-viking\/"]}]},{"@type":"ImageObject","inLanguage":"fr-FR","@id":"https:\/\/sagnlandet.dk\/fr\/past-family-information-viking\/#primaryimage","url":"https:\/\/sagnlandet.dk\/fr\/wp-content\/uploads\/sites\/12\/2025\/02\/efteraarsferie-2020-22-2-scaled-1-1-1.jpg","contentUrl":"https:\/\/sagnlandet.dk\/fr\/wp-content\/uploads\/sites\/12\/2025\/02\/efteraarsferie-2020-22-2-scaled-1-1-1.jpg","width":2560,"height":1048},{"@type":"BreadcrumbList","@id":"https:\/\/sagnlandet.dk\/fr\/past-family-information-viking\/#breadcrumb","itemListElement":[{"@type":"ListItem","position":1,"name":"Hjem","item":"https:\/\/sagnlandet.dk\/fr\/"},{"@type":"ListItem","position":2,"name":"Past family information Viking"}]},{"@type":"WebSite","@id":"https:\/\/sagnlandet.dk\/fr\/#website","url":"https:\/\/sagnlandet.dk\/fr\/","name":"Sagnlandet Lejre","description":"","publisher":{"@id":"https:\/\/sagnlandet.dk\/fr\/#organization"},"potentialAction":[{"@type":"SearchAction","target":{"@type":"EntryPoint","urlTemplate":"https:\/\/sagnlandet.dk\/fr\/?s={search_term_string}"},"query-input":{"@type":"PropertyValueSpecification","valueRequired":true,"valueName":"search_term_string"}}],"inLanguage":"fr-FR"},{"@type":"Organization","@id":"https:\/\/sagnlandet.dk\/fr\/#organization","name":"Sagnlandet Lejre","url":"https:\/\/sagnlandet.dk\/fr\/","logo":{"@type":"ImageObject","inLanguage":"fr-FR","@id":"https:\/\/sagnlandet.dk\/fr\/#\/schema\/logo\/image\/","url":"https:\/\/sagnlandet.dk\/fr\/wp-content\/uploads\/sites\/12\/1738\/65\/logo.png","contentUrl":"https:\/\/sagnlandet.dk\/fr\/wp-content\/uploads\/sites\/12\/1738\/65\/logo.png","width":398,"height":143,"caption":"Sagnlandet Lejre"},"image":{"@id":"https:\/\/sagnlandet.dk\/fr\/#\/schema\/logo\/image\/"}}]}},"_links":{"self":[{"href":"https:\/\/sagnlandet.dk\/fr\/wp-json\/wp\/v2\/pages\/69987"}],"collection":[{"href":"https:\/\/sagnlandet.dk\/fr\/wp-json\/wp\/v2\/pages"}],"about":[{"href":"https:\/\/sagnlandet.dk\/fr\/wp-json\/wp\/v2\/types\/page"}],"author":[{"embeddable":true,"href":"https:\/\/sagnlandet.dk\/fr\/wp-json\/wp\/v2\/users\/3"}],"replies":[{"embeddable":true,"href":"https:\/\/sagnlandet.dk\/fr\/wp-json\/wp\/v2\/comments?post=69987"}],"version-history":[{"count":3,"href":"https:\/\/sagnlandet.dk\/fr\/wp-json\/wp\/v2\/pages\/69987\/revisions"}],"predecessor-version":[{"id":71520,"href":"https:\/\/sagnlandet.dk\/fr\/wp-json\/wp\/v2\/pages\/69987\/revisions\/71520"}],"wp:featuredmedia":[{"embeddable":true,"href":"https:\/\/sagnlandet.dk\/fr\/wp-json\/wp\/v2\/media\/71082"}],"wp:attachment":[{"href":"https:\/\/sagnlandet.dk\/fr\/wp-json\/wp\/v2\/media?parent=69987"}],"curies":[{"name":"wp","href":"https:\/\/api.w.org\/{rel}","templated":true}]}}