{"id":71299,"date":"2025-06-18T11:15:40","date_gmt":"2025-06-18T09:15:40","guid":{"rendered":"https:\/\/sagnlandet.dk\/fr\/blog\/events\/menneskekaede-og-bronzealderceremoni-med-malmmesteren-jara\/"},"modified":"2025-06-18T11:17:14","modified_gmt":"2025-06-18T09:17:14","slug":"menneskekaede-og-bronzealderceremoni-med-malmmesteren-jara","status":"publish","type":"ajde_events","link":"https:\/\/sagnlandet.dk\/fr\/blog\/events\/menneskekaede-og-bronzealderceremoni-med-malmmesteren-jara\/","title":{"rendered":"Cha\u00eene humaine et c\u00e9r\u00e9monie de l\u2019\u00e2ge du bronze avec le Ma\u00eetre du Minerai Jara"},"content":{"rendered":"\n<p><\/p>\n\n\n\r\n\r\n<section class=\"standout-section standout-block standout-basic alignwide\">\r\n\r\n\t<div class=\"standout-max-container\">\t\r\n\r\n<div class=\"standout-block-inner\">\r\n\t\r\n\t\t\t\t\t\t<div class=\"acf-innerblocks-container\">\n\n<blockquote class=\"wp-block-quote is-layout-flow wp-block-quote-is-layout-flow\">\n<h2 class=\"wp-block-heading\"><strong><strong>Cha\u00eene humaine et c\u00e9r\u00e9monie de l\u2019\u00e2ge du bronze avec le Ma\u00eetre du Minerai Jara<\/strong><\/strong><\/h2>\n<\/blockquote>\n\n\n\n<p>Suivez le \u00ab ma\u00eetre du minerai \u00bb et fondeur de bronze Jara, pr\u00eatre de l\u2019\u00e2ge du bronze, accompagn\u00e9 du peuple du pass\u00e9 dans une longue cha\u00eene humaine \u2013 la plus longue du Danemark ce soir \u2013 et remontez 3 000 ans en arri\u00e8re, jusqu\u2019au site du culte solaire. L\u00e0, tous les invit\u00e9s sont accueillis et impliqu\u00e9s dans une c\u00e9r\u00e9monie solennelle du solstice d\u2019\u00e9t\u00e9, au plus pr\u00e8s du Dieu Soleil, avec sons, rythmes et mouvements.<\/p>\n\n<\/div>\r\n\t\t\t\r\n\t<\/div>\r\n\r\n\r\n\r\n\t\t<\/div>\r\n<\/section>\n\n\n<p><\/p>\n","protected":false},"author":1569,"featured_media":71300,"menu_order":0,"comment_status":"closed","ping_status":"closed","template":"","meta":{"_acf_changed":false},"tags":[],"event_type":[675,676],"event_type_2":[680],"class_list":["post-71299","ajde_events","type-ajde_events","status-publish","has-post-thumbnail","hentry","event_location-labyrinthe-de-danse-n21","event_type-675","event_type-evenement","event_type_2-programme-de-la-saison"],"acf":[],"yoast_head":"<!-- This site is optimized with the Yoast SEO plugin v23.5 - https:\/\/yoast.com\/wordpress\/plugins\/seo\/ -->\n<title>Cha\u00eene humaine et c\u00e9r\u00e9monie de l\u2019\u00e2ge du bronze avec le Ma\u00eetre du Minerai Jara - Sagnlandet Lejre<\/title>\n<meta name=\"robots\" content=\"index, follow, max-snippet:-1, max-image-preview:large, max-video-preview:-1\" \/>\n<link rel=\"canonical\" href=\"https:\/\/sagnlandet.dk\/fr\/blog\/events\/menneskekaede-og-bronzealderceremoni-med-malmmesteren-jara\/\" \/>\n<meta property=\"og:locale\" content=\"fr_FR\" \/>\n<meta property=\"og:type\" content=\"article\" \/>\n<meta property=\"og:title\" content=\"Cha\u00eene humaine et c\u00e9r\u00e9monie de l\u2019\u00e2ge du bronze avec le Ma\u00eetre du Minerai Jara - Sagnlandet Lejre\" \/>\n<meta property=\"og:url\" content=\"https:\/\/sagnlandet.dk\/fr\/blog\/events\/menneskekaede-og-bronzealderceremoni-med-malmmesteren-jara\/\" \/>\n<meta property=\"og:site_name\" content=\"Sagnlandet Lejre\" \/>\n<meta property=\"article:modified_time\" content=\"2025-06-18T09:17:14+00:00\" \/>\n<meta property=\"og:image\" content=\"https:\/\/sagnlandet.dk\/fr\/wp-content\/uploads\/sites\/12\/2025\/06\/Sankt-Hans-2024-12-1-scaled.jpg\" \/>\n\t<meta property=\"og:image:width\" content=\"2560\" \/>\n\t<meta property=\"og:image:height\" content=\"1708\" \/>\n\t<meta property=\"og:image:type\" content=\"image\/jpeg\" \/>\n<meta name=\"twitter:card\" content=\"summary_large_image\" \/>\n<meta name=\"twitter:label1\" content=\"Dur\u00e9e de lecture estim\u00e9e\" \/>\n\t<meta name=\"twitter:data1\" content=\"1 minute\" \/>\n<!-- \/ Yoast SEO plugin. -->","yoast_head_json":{"title":"Cha\u00eene humaine et c\u00e9r\u00e9monie de l\u2019\u00e2ge du bronze avec le Ma\u00eetre du Minerai Jara - Sagnlandet Lejre","robots":{"index":"index","follow":"follow","max-snippet":"max-snippet:-1","max-image-preview":"max-image-preview:large","max-video-preview":"max-video-preview:-1"},"canonical":"https:\/\/sagnlandet.dk\/fr\/blog\/events\/menneskekaede-og-bronzealderceremoni-med-malmmesteren-jara\/","og_locale":"fr_FR","og_type":"article","og_title":"Cha\u00eene humaine et c\u00e9r\u00e9monie de l\u2019\u00e2ge du bronze avec le Ma\u00eetre du Minerai Jara - Sagnlandet Lejre","og_url":"https:\/\/sagnlandet.dk\/fr\/blog\/events\/menneskekaede-og-bronzealderceremoni-med-malmmesteren-jara\/","og_site_name":"Sagnlandet Lejre","article_modified_time":"2025-06-18T09:17:14+00:00","og_image":[{"width":2560,"height":1708,"url":"https:\/\/sagnlandet.dk\/fr\/wp-content\/uploads\/sites\/12\/2025\/06\/Sankt-Hans-2024-12-1-scaled.jpg","type":"image\/jpeg"}],"twitter_card":"summary_large_image","twitter_misc":{"Dur\u00e9e de lecture estim\u00e9e":"1 minute"},"schema":{"@context":"https:\/\/schema.org","@graph":[{"@type":"WebPage","@id":"https:\/\/sagnlandet.dk\/fr\/blog\/events\/menneskekaede-og-bronzealderceremoni-med-malmmesteren-jara\/","url":"https:\/\/sagnlandet.dk\/fr\/blog\/events\/menneskekaede-og-bronzealderceremoni-med-malmmesteren-jara\/","name":"Cha\u00eene humaine et c\u00e9r\u00e9monie de l\u2019\u00e2ge du bronze avec le Ma\u00eetre du Minerai Jara - Sagnlandet Lejre","isPartOf":{"@id":"https:\/\/sagnlandet.dk\/fr\/#website"},"primaryImageOfPage":{"@id":"https:\/\/sagnlandet.dk\/fr\/blog\/events\/menneskekaede-og-bronzealderceremoni-med-malmmesteren-jara\/#primaryimage"},"image":{"@id":"https:\/\/sagnlandet.dk\/fr\/blog\/events\/menneskekaede-og-bronzealderceremoni-med-malmmesteren-jara\/#primaryimage"},"thumbnailUrl":"https:\/\/sagnlandet.dk\/fr\/wp-content\/uploads\/sites\/12\/2025\/06\/Sankt-Hans-2024-12-1-scaled.jpg","datePublished":"2025-06-18T09:15:40+00:00","dateModified":"2025-06-18T09:17:14+00:00","breadcrumb":{"@id":"https:\/\/sagnlandet.dk\/fr\/blog\/events\/menneskekaede-og-bronzealderceremoni-med-malmmesteren-jara\/#breadcrumb"},"inLanguage":"fr-FR","potentialAction":[{"@type":"ReadAction","target":["https:\/\/sagnlandet.dk\/fr\/blog\/events\/menneskekaede-og-bronzealderceremoni-med-malmmesteren-jara\/"]}]},{"@type":"ImageObject","inLanguage":"fr-FR","@id":"https:\/\/sagnlandet.dk\/fr\/blog\/events\/menneskekaede-og-bronzealderceremoni-med-malmmesteren-jara\/#primaryimage","url":"https:\/\/sagnlandet.dk\/fr\/wp-content\/uploads\/sites\/12\/2025\/06\/Sankt-Hans-2024-12-1-scaled.jpg","contentUrl":"https:\/\/sagnlandet.dk\/fr\/wp-content\/uploads\/sites\/12\/2025\/06\/Sankt-Hans-2024-12-1-scaled.jpg","width":2560,"height":1708},{"@type":"BreadcrumbList","@id":"https:\/\/sagnlandet.dk\/fr\/blog\/events\/menneskekaede-og-bronzealderceremoni-med-malmmesteren-jara\/#breadcrumb","itemListElement":[{"@type":"ListItem","position":1,"name":"Hjem","item":"https:\/\/sagnlandet.dk\/fr\/"},{"@type":"ListItem","position":2,"name":"Events","item":"https:\/\/sagnlandet.dk\/fr\/blog\/events\/"},{"@type":"ListItem","position":3,"name":"Cha\u00eene humaine et c\u00e9r\u00e9monie de l\u2019\u00e2ge du bronze avec le Ma\u00eetre du Minerai Jara"}]},{"@type":"WebSite","@id":"https:\/\/sagnlandet.dk\/fr\/#website","url":"https:\/\/sagnlandet.dk\/fr\/","name":"Sagnlandet Lejre","description":"","publisher":{"@id":"https:\/\/sagnlandet.dk\/fr\/#organization"},"potentialAction":[{"@type":"SearchAction","target":{"@type":"EntryPoint","urlTemplate":"https:\/\/sagnlandet.dk\/fr\/?s={search_term_string}"},"query-input":{"@type":"PropertyValueSpecification","valueRequired":true,"valueName":"search_term_string"}}],"inLanguage":"fr-FR"},{"@type":"Organization","@id":"https:\/\/sagnlandet.dk\/fr\/#organization","name":"Sagnlandet Lejre","url":"https:\/\/sagnlandet.dk\/fr\/","logo":{"@type":"ImageObject","inLanguage":"fr-FR","@id":"https:\/\/sagnlandet.dk\/fr\/#\/schema\/logo\/image\/","url":"https:\/\/sagnlandet.dk\/fr\/wp-content\/uploads\/sites\/12\/1738\/65\/logo.png","contentUrl":"https:\/\/sagnlandet.dk\/fr\/wp-content\/uploads\/sites\/12\/1738\/65\/logo.png","width":398,"height":143,"caption":"Sagnlandet Lejre"},"image":{"@id":"https:\/\/sagnlandet.dk\/fr\/#\/schema\/logo\/image\/"}}]}},"_links":{"self":[{"href":"https:\/\/sagnlandet.dk\/fr\/wp-json\/wp\/v2\/ajde_events\/71299"}],"collection":[{"href":"https:\/\/sagnlandet.dk\/fr\/wp-json\/wp\/v2\/ajde_events"}],"about":[{"href":"https:\/\/sagnlandet.dk\/fr\/wp-json\/wp\/v2\/types\/ajde_events"}],"author":[{"embeddable":true,"href":"https:\/\/sagnlandet.dk\/fr\/wp-json\/wp\/v2\/users\/1569"}],"replies":[{"embeddable":true,"href":"https:\/\/sagnlandet.dk\/fr\/wp-json\/wp\/v2\/comments?post=71299"}],"wp:featuredmedia":[{"embeddable":true,"href":"https:\/\/sagnlandet.dk\/fr\/wp-json\/wp\/v2\/media\/71300"}],"wp:attachment":[{"href":"https:\/\/sagnlandet.dk\/fr\/wp-json\/wp\/v2\/media?parent=71299"}],"wp:term":[{"taxonomy":"post_tag","embeddable":true,"href":"https:\/\/sagnlandet.dk\/fr\/wp-json\/wp\/v2\/tags?post=71299"},{"taxonomy":"event_type","embeddable":true,"href":"https:\/\/sagnlandet.dk\/fr\/wp-json\/wp\/v2\/event_type?post=71299"},{"taxonomy":"event_type_2","embeddable":true,"href":"https:\/\/sagnlandet.dk\/fr\/wp-json\/wp\/v2\/event_type_2?post=71299"}],"curies":[{"name":"wp","href":"https:\/\/api.w.org\/{rel}","templated":true}]}}