{"id":70208,"date":"2024-11-18T14:35:03","date_gmt":"2024-11-18T13:35:03","guid":{"rendered":"https:\/\/sagnlandet.dk\/information-om-covid-19\/"},"modified":"2025-02-24T07:10:39","modified_gmt":"2025-02-24T06:10:39","slug":"informationen-ueber-covid-19","status":"publish","type":"page","link":"https:\/\/sagnlandet.dk\/de\/informationen-ueber-covid-19\/","title":{"rendered":"Informationen \u00fcber COVID-19"},"content":{"rendered":"\r\n\r\n<section class=\"standout-section standout-block standout-basic alignfull rounded-bg wp-elements-3e306d1e1fe37a62e139fee1fd73ef51 hero-section side-spacing has-bg has-bg-img bg-size-cover bg-align-horizontal-center bg-align-vertical-center has-text-color\" style=\"color: #ffffff;\">\r\n\r\n\t<div class=\"standout-max-container\">\t\r\n\r\n<div class=\"standout-block-inner\">\r\n\t\t\t\r\n\t<div class=\"standout-block-background-deco\" style=\"--bg-align-vertical: center; --bg-align-horizontal: center; --bg-object-position: center center\">\r\n\t\t<img loading=\"lazy\" decoding=\"async\" width=\"1320\" height=\"550\" src=\"https:\/\/sagnlandet.dk\/de\/wp-content\/uploads\/sites\/13\/2025\/02\/robaad-og-baaldal-27-juni-2019-44-copy-1320x550-1.jpg\" class=\"standout-block-background-deco-element\" alt=\"\" srcset=\"https:\/\/sagnlandet.dk\/de\/wp-content\/uploads\/sites\/13\/2025\/02\/robaad-og-baaldal-27-juni-2019-44-copy-1320x550-1.jpg 1320w, https:\/\/sagnlandet.dk\/de\/wp-content\/uploads\/sites\/13\/2025\/02\/robaad-og-baaldal-27-juni-2019-44-copy-1320x550-1-600x250.jpg 600w, https:\/\/sagnlandet.dk\/de\/wp-content\/uploads\/sites\/13\/2025\/02\/robaad-og-baaldal-27-juni-2019-44-copy-1320x550-1-240x100.jpg 240w, https:\/\/sagnlandet.dk\/de\/wp-content\/uploads\/sites\/13\/2025\/02\/robaad-og-baaldal-27-juni-2019-44-copy-1320x550-1-1200x500.jpg 1200w\" sizes=\"(max-width: 1320px) 100vw, 1320px\" \/>\t<\/div>\r\n\r\n\t\t\r\n\t\t\t\t\t\t<div class=\"acf-innerblocks-container\">\n\n<h1 class=\"wp-block-heading\">Informationen \u00fcber COVID-19<\/h1>\n\n\n\n<p class=\"has-h-6-font-size\">Was m\u00fcssen Sie tun, wenn Sie uns w\u00e4hrend des COVID-19 besuchen wollen?<\/p>\n\n<\/div>\r\n\t\t\t\r\n\t\t\t<div class=\"standout-hero-information\"><div class=\"standout-hero-information-inner\">Das Programm des Tages finden Sie <a href=\"https:\/\/sagnlandet.dk\/de\/tagesprogramm\/\">hier <span height=\"1em\" class=\"standout-custom-svg custom-svg\"><?xml version=\"1.0\" encoding=\"UTF-8\"?><svg height=\"1em\" id=\"a\" xmlns=\"http:\/\/www.w3.org\/2000\/svg\" viewBox=\"0 0 16.28 22.02\"><path d=\"M5.4,18.67h-.24c-.77.76-1.5,1.5-2.28,2.28v.35h-.36c-.24.26-.45.47-.68.71H.74c0-.15-.01-.28-.02-.37-.24-.23-.45-.43-.7-.66v-.34c.08-.05.15-.1.23-.15-.06-.05-.14-.09-.19-.15-.03-.04-.06-.13-.04-.15.13-.13.28-.24.46-.39,0-.08,0-.22.01-.29.52-.52,1.01-1,1.49-1.49-.01-.02-.02-.03-.04-.05.14,0,.27-.01.35-.02.32-.33.61-.62.94-.95h.35c0-.15.02-.3.02-.37.2-.2.37-.37.58-.58h.26c.48-.49.93-.94,1.42-1.44h.35v-.38c.13-.11.22-.2.31-.28,0-.02-.02-.04-.03-.06h.34c.41-.42.77-.79,1.18-1.2h.25c.57-.57,1.1-1.11,1.66-1.68h.25c.2-.19.37-.33.52-.49.04-.04.09-.16.07-.18-.12-.11-.26-.19-.38-.3-.12-.11-.22-.23-.33-.35-.11-.12-.21-.24-.32-.36-.07-.07-.15-.13-.29-.24h-.25c-.31-.33-.6-.62-.92-.96h-.3c-.15-.17-.26-.3-.41-.48h-.31c-.15-.17-.26-.3-.41-.48h-.28c-.41-.42-.77-.79-1.18-1.2h-.27c-.31-.33-.6-.62-.92-.96h-.29c-.23-.25-.44-.47-.68-.72h-.29c-.14-.17-.26-.31-.4-.48h-.31c-.14-.17-.26-.31-.41-.48h-.28c-.29-.29-.53-.54-.83-.84v-.26c-.26-.24-.47-.44-.71-.67.1-.18-.21-.52.23-.68v-.31c.22-.22.38-.38.59-.59h1.02c.14.16.25.29.4.47h.36c.02.09.04.16.06.24h.35c.23.25.44.46.68.72h.29c.15.17.26.3.42.48h.27c.33.33.61.62.94.96.06,0,.19,0,.3.02.14.16.26.3.4.47h.29c.32.33.61.62.94.96h.28c.14.17.26.31.4.48h.37c0,.36.29.21.41.24.24.26.44.47.68.72h.34c.07.11,0,.36.28.23v.48c.15,0,.29.01.38.02.31.32.59.62.91.95h.28c.23.25.44.47.68.72h.3c.14-.16.26-.3.4-.47h1.33c0-.37.27-.21.47-.25.02-.06.05-.14.07-.22h.58c.19.2.36.37.57.58v.58c-.07.01-.14.03-.2.04-.1.17.13.48-.26.48v.33c-.2.21-.34.36-.49.51-.1.11-.2.23-.31.33-.12.1-.26.18-.39.29-.03.02-.03.12-.01.14.14.12.29.24.46.38v.36c.08.03.16.06.25.08v.65c.08.02.15.04.23.06v.42c-.07.02-.14.05-.23.07v.43h-.38c-.11.12-.17.18-.23.25-.05-.07-.11-.13-.19-.23h-.55c-.15-.17-.26-.3-.41-.48h-.32c-.26-.48-.68-.1-.93-.25-.24.25-.44.46-.68.72-.07,0-.2,0-.37.02v.37c-.13.11-.22.19-.31.27,0,.02.02.04.03.06h-.33c-.66.66-1.26,1.27-1.91,1.92h-.25c-.81.81-1.57,1.58-2.39,2.4h-.35c0,.15-.02.29-.02.39-.11.11-.2.19-.35.33Z\"\/><\/svg><\/span><\/a><\/div><div class=\"standout-hero-rowing-animation\"><img decoding=\"async\" class=\"animation\" src=\"https:\/\/sagnlandet.dk\/de\/wp-content\/themes\/s-child\/images\/rowing.png\"><\/div><\/div>\t<\/div>\r\n\r\n\r\n\r\n\t\t<\/div>\r\n<\/section>\n\n\r\n\r\n<section class=\"standout-section standout-block standout-basic alignwide\">\r\n\r\n\t<div class=\"standout-max-container\">\t\r\n\r\n<div class=\"standout-block-inner\">\r\n\t\r\n\t\t\t\t\t\t<div class=\"acf-innerblocks-container\">\n\n<p>Was sollten Sie tun, wenn Sie uns w\u00e4hrend der COVID-19 besuchen wollen?<\/p>\n\n\n\n<div class=\"wp-block-cover is-light\"><span aria-hidden=\"true\" class=\"wp-block-cover__background has-background-dim\" style=\"background-color:#a29e8e\"><\/span><img decoding=\"async\" class=\"wp-block-cover__image-background wp-image-2373\" alt=\"\" src=\"https:\/\/sagnlandet.dk\/wp-content\/uploads\/2025\/02\/efteraarsferie-2020-27-scaled-1.jpg\" data-object-fit=\"cover\"\/><div class=\"wp-block-cover__inner-container is-layout-constrained wp-block-cover-is-layout-constrained\">\n<h2 class=\"wp-block-heading has-text-align-center has-color-bg-color has-text-color has-link-color has-large-font-size wp-elements-8941da7db86da4081bea172f137e0a22\">CORONA-P\u00c4SSE UND ZUGANG ZU DEN CAMPS DER LEGENDEN<\/h2>\n<\/div><\/div>\n\n<\/div>\r\n\t\t\t\r\n\t<\/div>\r\n\r\n\r\n\r\n\t\t<\/div>\r\n<\/section>\n\n\r\n\r\n<section class=\"standout-section standout-block standout-columns alignwide column-gap-s\" style=\"--columns: 2; --column-span: 1; --element-alignment: flex-start;\" data-columns=\"2\">\r\n\r\n\t<div class=\"standout-max-container\">\t\r\n\r\n<div class=\"standout-block-inner\">\r\n\t\t\t<div class=\"acf-innerblocks-container\">\n\r\n\r\n<section class=\"standout-block standout-column-element rounded-bg wp-elements-33d45023122131d7ef910c4667629eb9 has-bg has-bg-color has-text-color\" style=\"background-color: var(--wp--preset--color--color-text); color: #ffffff;\">\r\n\r\n\t<div class=\"standout-max-container\">\t\r\n\r\n<div class=\"standout-block-inner\">\r\n\t\t\r\n\t\t\t<div class=\"acf-innerblocks-container\">\n\n<div class=\"wp-block-group is-layout-constrained wp-block-group-is-layout-constrained\">\n<h3 class=\"wp-block-heading has-color-gul-color has-text-color has-link-color has-h-4-font-size wp-elements-3f5fac5a18c5132f23b0285fdd15712d\"><strong>ERINNERE DICH AN CORONAPAS<\/strong><\/h3>\n\n\n\n<p><strong>G\u00e4ste ab 15 Jahren, die die erste, zweite oder dritte COVID-19-Impfung erhalten haben<\/strong><em>(seit der ersten Impfung m\u00fcssen mindestens 14 Tage vergangen sein<\/em>), k\u00f6nnen Lejre Land of Legends ohne einen negativen Test besuchen. Eine Impfung muss 12 Monate nach Abschluss der Impfung in einem g\u00fcltigen Corona-Pass nachgewiesen werden.<\/p>\n\n\n\n<ul class=\"wp-block-list\">\n<li><strong>D\u00e4nische Staatsb\u00fcrger<\/strong>: D\u00e4nische Staatsb\u00fcrger m\u00fcssen <strong>f\u00fcr die COVID-19-Impfung einen Corona-Pass<\/strong> vorlegen. Diesen finden Sie auf sundhed.dk unter &#8220;Corona&#8221; \u2192 &#8220;Coronapas &#8211; COVID-19-Impfung&#8221; oder in MinSundhed oder der Coronapas-App.<\/li>\n\n\n\n<li><strong>Ausl\u00e4ndische Staatsb\u00fcrger<\/strong>: Ausl\u00e4ndische Staatsb\u00fcrger m\u00fcssen bei ihrer Ankunft im Lejre Land of Legends einen Nachweis \u00fcber eine abgeschlossene oder laufende Impfung vorlegen. Der Impfpass ist nach der ersten Injektion noch 14 Tage lang g\u00fcltig. Dar\u00fcber hinaus m\u00fcssen ausl\u00e4ndische Staatsb\u00fcrger einen Ausweis vorlegen, der mit dem Impfpass \u00fcbereinstimmt.<\/li>\n<\/ul>\n\n\n\n<p><strong>G\u00e4ste, die sich infiziert haben<\/strong>, k\u00f6nnen die positive Probe ab 14 Tagen und bis zu 6 Monaten danach vorlegen.<\/p>\n\n\n\n<p><strong>G\u00e4ste ab 15 Jahren<\/strong>, die nicht geimpft sind, m\u00fcssen <strong>einen Nachweis \u00fcber einen negativen COVID-19-Test<\/strong> mitbringen. Dabei kann es sich entweder um einen negativen Antigentest<em>(Schnelltest)<\/em> handeln, der innerhalb von 72 Stunden durchgef\u00fchrt wird, oder um einen PCR-Test<em>(im Rachen<\/em>), der innerhalb von 94 Stunden durchgef\u00fchrt wird und auf dem Name, Testzeit und Testergebnis angegeben sind. Bitte halten Sie das Testergebnis entweder auf Ihrem Handy oder als Ausdruck bereit, wenn Sie in Lejre Land of Legends ankommen. Das macht es f\u00fcr uns alle einfacher.<\/p>\n\n\n\n<p><strong>G\u00e4ste, die vom Corona-Pass und -Test befreit sind<\/strong>, m\u00fcssen einen g\u00fcltigen Nachweis vorlegen. Diese erhalten Sie beim B\u00fcrgerservice. <a href=\"https:\/\/sum.dk\/nyheder\/2021\/juni\/ny-ordning-for-dokumentation-hvis-du-er-undtaget-for-test-og-coronapas\"><span style=\"text-decoration: underline;\">Mehr \u00fcber die Regelung erfahren Sie hier<\/span><\/a>.<\/p>\n<\/div>\n\n\n\n<hr class=\"wp-block-separator has-alpha-channel-opacity\"\/>\n\n\n\n<div class=\"wp-block-group has-color-gul-background-color has-background is-layout-constrained wp-block-group-is-layout-constrained\">\n<h4 class=\"wp-block-heading has-color-text-color has-text-color has-link-color wp-elements-00d7ea8061ce01ccadf48cdcd0a1792f\"><strong>REMEMBERID<\/strong><\/h4>\n\n\n\n<p class=\"has-color-text-color has-text-color has-link-color wp-elements-ba63729d3a977efe1498e81f146faaab\">Zus\u00e4tzlich zum Nachweis eines negativen COVID-19-Tests m\u00fcssen G\u00e4ste ab 15 Jahren <strong>einen g\u00fcltigen Ausweis<\/strong> vorlegen. Dies kann ein F\u00fchrerschein, eine Gesundheitskarte, ein Reisepass oder ein anderer von der Regierung ausgestellter Ausweis sein.<\/p>\n<\/div>\n\n<\/div>\r\n\t<\/div>\r\n\r\n\r\n\r\n\t\t<\/div>\r\n<\/section>\n\n\r\n\r\n<section class=\"standout-block standout-column-element rounded-bg wp-elements-6a4540528dc3aa048748363259e8f7dd has-bg has-bg-color has-text-color\" style=\"background-color: var(--wp--preset--color--color-text); color: #ffffff;\">\r\n\r\n\t<div class=\"standout-max-container\">\t\r\n\r\n<div class=\"standout-block-inner\">\r\n\t\t\r\n\t\t\t<div class=\"acf-innerblocks-container\">\n\n<div class=\"wp-block-group is-layout-constrained wp-block-group-is-layout-constrained\">\n<h5 class=\"wp-block-heading has-color-gul-color has-text-color has-link-color wp-elements-8079f700b7e16c96443c6074efcfe006\"><strong> hABEN SIE SICH INFIZIERT?<\/strong><\/h5>\n\n\n\n<p><strong>G\u00e4ste, die sich infiziert haben<\/strong>, k\u00f6nnen die positive Probe ab 14 Tagen und bis zu 6 Monaten danach vorlegen.<\/p>\n<\/div>\n\n\n\n<hr class=\"wp-block-separator has-alpha-channel-opacity\"\/>\n\n\n\n<div class=\"wp-block-group has-color-bg-color has-color-2-background-color has-text-color has-background has-link-color wp-elements-7feed9960c6144e78f615ae0cdbcdd76 is-layout-constrained wp-block-group-is-layout-constrained\">\n<h4 class=\"wp-block-heading has-color-gul-color has-text-color has-link-color wp-elements-a5c728d03295c66c6bde3f63e920c6b3\">SIE BRAUCHEN KEINE SITZPLATZKARTE F\u00dcR DEN BESUCH DER KONGEHALLEN<\/h4>\n\n\n\n<p>Ab dem 9. November gilt in D\u00e4nemark ein Versammlungsverbot f\u00fcr 200 Personen in Innenr\u00e4umen. Daher ben\u00f6tigen Sie f\u00fcr den Besuch von Kongehallen keine Platzkarte.<br>Liegt das Versammlungsverbot bei 99 oder weniger Personen, muss f\u00fcr den Besuch von Kongehallen wieder ein Sitzplatzticket gebucht werden.<\/p>\n\n\n\n<p class=\"has-color-bg-color has-text-color has-link-color wp-elements-0309c93e2fdf357daac9490c5fa5cf7d\"><strong>HINWEIS: Sollten sich die Vorschriften und Richtlinien der Beh\u00f6rden in Bezug auf Gesichtsmasken und Corona-P\u00e4sse \u00e4ndern, werden wir die Informationen auf dieser Seite so schnell wie m\u00f6glich aktualisieren. Sie k\u00f6nnen oben auf der Seite immer sehen, wann die Informationen zuletzt aktualisiert wurden. Die Informationen, die Sie auf dieser Seite an einem bestimmten Tag lesen k\u00f6nnen, sind immer g\u00fcltig f\u00fcr Ihren Besuch in Lejre Land of Legends.<\/strong><\/p>\n<\/div>\n\n<\/div>\r\n\t<\/div>\r\n\r\n\r\n\r\n\t\t<\/div>\r\n<\/section>\n<\/div>\r\n\t<\/div>\r\n\r\n\r\n\r\n\t\t<\/div>\r\n<\/section>\n\n\r\n\r\n<section class=\"standout-section standout-block standout-basic alignwide\">\r\n\r\n\t<div class=\"standout-max-container\">\t\r\n\r\n<div class=\"standout-block-inner\">\r\n\t\r\n\t\t\t\t\t\t<div class=\"acf-innerblocks-container\">\n\n<p>Was sollten Sie tun, wenn Sie uns w\u00e4hrend des COVID-19 besuchen m\u00f6chten?<\/p>\n\n\n\n<div class=\"wp-block-cover\"><span aria-hidden=\"true\" class=\"wp-block-cover__background has-background-dim\" style=\"background-color:#74462b\"><\/span><img decoding=\"async\" class=\"wp-block-cover__image-background wp-image-2254\" alt=\"\" src=\"https:\/\/sagnlandet.dk\/wp-content\/uploads\/2025\/02\/familie-og-kongehallen-aug-2020-68-468x596-1.jpg\" data-object-fit=\"cover\"\/><div class=\"wp-block-cover__inner-container is-layout-constrained wp-block-cover-is-layout-constrained\">\n<h2 class=\"wp-block-heading has-text-align-center has-color-bg-color has-text-color has-link-color has-large-font-size wp-elements-351f1966bb744fbf68b12ba5cb153d51\">Testzentrum und COVID-19-Test<\/h2>\n<\/div><\/div>\n\n<\/div>\r\n\t\t\t\r\n\t<\/div>\r\n\r\n\r\n\r\n\t\t<\/div>\r\n<\/section>\n\n\r\n\r\n<section class=\"standout-section standout-block standout-columns alignwide column-gap-s\" style=\"--columns: 2; --column-span: 1; --element-alignment: flex-start;\" data-columns=\"2\">\r\n\r\n\t<div class=\"standout-max-container\">\t\r\n\r\n<div class=\"standout-block-inner\">\r\n\t\t\t<div class=\"acf-innerblocks-container\">\n\r\n\r\n<section class=\"standout-block standout-column-element rounded-bg wp-elements-2fa9104040215e846661207875b9d7cd has-bg has-bg-color has-text-color\" style=\"background-color: var(--wp--preset--color--color-text); color: #ffffff;\">\r\n\r\n\t<div class=\"standout-max-container\">\t\r\n\r\n<div class=\"standout-block-inner\">\r\n\t\t\r\n\t\t\t<div class=\"acf-innerblocks-container\">\n\n<h5 class=\"wp-block-heading has-color-gul-color has-text-color has-link-color wp-elements-30b3ff9fe979fd6a6d962847ea1598af\"><strong>Denken Sie daran, Coronapas mitzubringen!<\/strong><\/h5>\n\n\n\n<p>Als wissensp\u00e4dagogisches Aktivit\u00e4tszentrum (VPAC) ist Lejre Land of Legends beh\u00f6rdlich dazu verpflichtet, von G\u00e4sten ab 15 Jahren die Vorlage von Coronapas zu verlangen. Dies gilt sowohl f\u00fcr d\u00e4nische als auch f\u00fcr ausl\u00e4ndische Staatsb\u00fcrger.<\/p>\n\n\n\n<p><strong>Bei Ihrer Ankunft in Lejre Land of Legends m\u00fcssen Sie einen Coronapas mit Ihrem Namen und einem Ausweis in Form eines F\u00fchrerscheins, einer Gesundheitskarte, eines Reisepasses oder eines anderen amtlichen Ausweises vorlegen<\/strong>.<\/p>\n\n\n\n<p>Lejre Land of Legends speichert diese Informationen nicht.<\/p>\n\n\n\n<p>Es kann Ausnahmen f\u00fcr die Vorlage eines Corona-Passes geben &#8211; mehr dazu finden Sie am Ende dieser Seite in unseren FAQ &amp; Fragen.<\/p>\n\n\n\n<p>Kinder bis zum Alter von 14 Jahren m\u00fcssen keinen Corona-Pass vorlegen.<\/p>\n\n<\/div>\r\n\t<\/div>\r\n\r\n\r\n\r\n\t\t<\/div>\r\n<\/section>\n\n\r\n\r\n<section class=\"standout-block standout-column-element rounded-bg wp-elements-cd16e4d11f1d3e9347a34e0ad3d74594 has-bg has-bg-color has-text-color\" style=\"background-color: var(--wp--preset--color--color-text); color: #ffffff;\">\r\n\r\n\t<div class=\"standout-max-container\">\t\r\n\r\n<div class=\"standout-block-inner\">\r\n\t\t\r\n\t\t\t<div class=\"acf-innerblocks-container\">\n\n<h5 class=\"wp-block-heading has-color-gul-color has-text-color has-link-color wp-elements-aae8aea3b35b762b1a704924bb27326b\"><strong>Testzentren in Ihrer N\u00e4he<\/strong><\/h5>\n\n\n\n<p>Viele Testzentren werden derzeit landesweit wiederer\u00f6ffnet. Die Informationen auf dieser Seite sind daher m\u00f6glicherweise nicht auf dem neuesten Stand. <a href=\"https:\/\/www.roskilde.dk\/da-dk\/om-kommunen\/corona-situationen-i-roskilde-kommune\/her-kan-du-blive-testet-for-covid-19\/\">Hier finden Sie die neuesten Informationen \u00fcber lokale Testzentren<\/a>.<\/p>\n\n\n\n<h4 class=\"wp-block-heading\">Schnelltest<em><u>:<\/u><\/em><\/h4>\n\n\n\n<p><strong>Ro&#8217;s Torv (Gesch\u00e4ft Nr. 71)<\/strong> &#8211; Ro&#8217;s Torv 1, 4000 Roskilde<\/p>\n\n\n\n<p><strong>Hedehusene<\/strong> &#8211; Charlotteg\u00e5rdsvej 1, 2640 Hedehusene<\/p>\n\n\n\n<p><em><a href=\"https:\/\/www.roskilde.dk\/da-dk\/om-kommunen\/corona-situationen-i-roskilde-kommune\/her-kan-du-blive-testet-for-covid-19\/\">Die \u00d6ffnungszeiten der Schnelltestzentren finden Sie hier<\/a>.<\/em><\/p>\n\n\n\n<h4 class=\"wp-block-heading\">PCR-Test (kann eine Terminvereinbarung \u00fcber coronaprover.dk erfordern):<\/h4>\n\n\n\n<p><strong>Roskilde Kongrescenter <\/strong>&#8211; M\u00f8llehusvej 13, 4000 Roskilde<em>(T\u00e4glich zwischen 9:00 und 17:30<\/em>).<br>Sie k\u00f6nnen an den \u00d6ffnungstagen zwischen 15:00 und 17:00 Uhr ohne Termin zur PCR-Untersuchung erscheinen (Walk-in). Rechnen Sie damit, dass es eine Warteschlange geben kann.<\/p>\n\n\n\n<p><strong>Hedehusene<\/strong> Bahnhofsgeb\u00e4ude &#8211; Hovedgaden 437A, 2640 Hedehusene<em>(Freitag 15.00-21.00 Uhr; Samstag und Sonntag 08.00-14.00 Uhr<\/em>)<br>Keine Terminvereinbarung m\u00f6glich, nur Walk-in-Termine. F\u00fcr Kinder zwischen 2-12 Jahren sind jedoch Termine m\u00f6glich.<\/p>\n\n\n\n<p><strong>Flughafen Roskilde <\/strong>&#8211; K\u00f8gevej 167, 4621 Gadstrup<em>(Montag-Freitag 8.00-20.00 Uhr; Samstag und Sonntag 8.00-16.00 Uhr<\/em>)<br>Rechnen Sie damit, dass es zu einer Warteschlange kommen kann. Kinder unter 15 Jahren, die nicht von einem Elternteil oder Erziehungsberechtigten begleitet werden, m\u00fcssen einen Termin vereinbaren. Kinder von 0-2 Jahren k\u00f6nnen mit einer \u00dcberweisung ihres Arztes nur nach Terminvereinbarung getestet werden. Die \u00d6ffnungszeiten sind werktags von 15:00-17:00 Uhr und am Wochenende von 15:00-16:00 Uhr. Schnelltests sind werktags von 15:00-17:00 Uhr und am Wochenende von 15:00-16:00 Uhr m\u00f6glich.<\/p>\n\n\n\n<p><em><a href=\"https:\/\/www.roskilde.dk\/da-dk\/om-kommunen\/corona-situationen-i-roskilde-kommune\/her-kan-du-blive-testet-for-covid-19\/\">Ein Testzentrum in Ihrer N\u00e4he finden Sie hier<\/a>.<\/em><\/p>\n\n<\/div>\r\n\t<\/div>\r\n\r\n\r\n\r\n\t\t<\/div>\r\n<\/section>\n<\/div>\r\n\t<\/div>\r\n\r\n\r\n\r\n\t\t<\/div>\r\n<\/section>\n\n\r\n\r\n<section class=\"standout-section standout-block standout-basic alignwide\">\r\n\r\n\t<div class=\"standout-max-container\">\t\r\n\r\n<div class=\"standout-block-inner\">\r\n\t\r\n\t\t\t\t\t\t<div class=\"acf-innerblocks-container\">\n\n<p>Was sollten Sie tun, wenn Sie uns w\u00e4hrend der COVID-19 besuchen m\u00f6chten?<\/p>\n\n\n\n<div class=\"wp-block-cover\"><span aria-hidden=\"true\" class=\"wp-block-cover__background has-background-dim\" style=\"background-color:#6d716c\"><\/span><img decoding=\"async\" class=\"wp-block-cover__image-background wp-image-2256\" alt=\"\" src=\"https:\/\/sagnlandet.dk\/wp-content\/uploads\/2025\/02\/fotogen-jernalderlandsby-e1578905601728-scaled-1.jpg\" data-object-fit=\"cover\"\/><div class=\"wp-block-cover__inner-container is-layout-constrained wp-block-cover-is-layout-constrained\">\n<h2 class=\"wp-block-heading has-text-align-center has-color-bg-color has-text-color has-link-color has-large-font-size wp-elements-3c1c25b76d89a78f41e3f2b0101b82d0\">FAQ und h\u00e4ufig gestellte Fragen zu unseren COVID-19-Initiativen<\/h2>\n<\/div><\/div>\n\n<\/div>\r\n\t\t\t\r\n\t<\/div>\r\n\r\n\r\n\r\n\t\t<\/div>\r\n<\/section>\n\n\r\n\r\n<section class=\"standout-section standout-block standout-columns alignwide\" style=\"--columns: 1; --column-span: 1; --element-alignment: flex-start;\" data-columns=\"1\">\r\n\r\n\t<div class=\"standout-max-container\">\t\r\n\r\n<div class=\"standout-block-inner\">\r\n\t\t\t<div class=\"acf-innerblocks-container\">\n\r\n\r\n<section class=\"standout-block standout-column-element\">\r\n\r\n\t<div class=\"standout-max-container\">\t\r\n\r\n<div class=\"standout-block-inner\">\r\n\t\t\r\n\t\t\t<div class=\"acf-innerblocks-container\">\n\r\n\r\n<section class=\"standout-section standout-block standout-basic alignwide\">\r\n\r\n\t<div class=\"standout-max-container\">\t\r\n\r\n<div class=\"standout-block-inner\">\r\n\t\r\n\t\t\t\t\t\t<div class=\"acf-innerblocks-container\">\n\n<h6 class=\"wp-block-heading\">Wenn Sie noch keine Antwort auf Ihre Frage zu COVID-19 gefunden haben, helfen Ihnen diese h\u00e4ufig gestellten Fragen vielleicht weiter.<\/h6>\n\n\n\n<details class=\"wp-block-details has-color-bg-color has-color-jernalder-background-color has-text-color has-background has-link-color wp-elements-d3c682da581603fb17b482a18a9781dd is-layout-flow wp-block-details-is-layout-flow\"><summary>Muss ich einen negativen COVID-19-Test vorlegen, um ins Lejre Land of Legends zu kommen?<\/summary>\n<p>Ja, das m\u00fcssen Sie. Als wissensp\u00e4dagogisches Aktivit\u00e4tszentrum (VPAC) verlangt das Sagnlandet Lejre von den Beh\u00f6rden, dass G\u00e4ste ab 15 Jahren einen Nachweis \u00fcber einen Corona-Pass vorlegen, z. B. einen negativen COVID-19-Test, der h\u00f6chstens 72 Stunden alt ist. 72 Stunden alt, fr\u00fchere Krankheiten oder Impfungen. Der COVID-19-Test kann entweder ein Antigentest (Schnelltest) oder ein PCR-Test (im Rachen) sein. Bei Ihrer Ankunft in Lejre Land of Legends m\u00fcssen Sie einen Corona-Pass vorlegen, auf dem Ihr Name, der Testzeitpunkt und das Ergebnis vermerkt sind, sowie einen Ausweis in Form eines F\u00fchrerscheins, einer Gesundheitskarte, eines Reisepasses oder eines anderen amtlichen Ausweises. Auch f\u00fcr Ihre Kinder \u00fcber 15 Jahren.<\/p>\n\n\n\n<p>Kinder bis zum Alter von 14 Jahren m\u00fcssen keinen negativen Test vorlegen.<\/p>\n\n\n\n<p>Wenn Sie vollst\u00e4ndig oder teilweise geimpft sind (d. h. Ihre erste Impfung gegen das Coronavirus liegt mehr als 14 Tage zur\u00fcck), k\u00f6nnen Sie Lejre Land of Legends auch ohne negativen COVID-19-Test besuchen. Allerdings m\u00fcssen Sie dazu Ihren Corona-Pass mitbringen. Diesen finden Sie auf sundhed.dk unter Corona \u00e0 Coronapas &#8211; COVID-19-Impfung.<\/p>\n<\/details>\n\n\n\n<hr class=\"wp-block-separator has-alpha-channel-opacity\"\/>\n\n\n\n<details class=\"wp-block-details has-color-bg-color has-color-2-background-color has-text-color has-background has-link-color wp-elements-0c0fb1712d6f7296e3ea127bf967a657 is-layout-flow wp-block-details-is-layout-flow\"><summary>Ich bin im Ausland geimpft worden &#8211; oder bringe G\u00e4ste aus dem Ausland mit. Was gilt als Coronapas?<\/summary>\n<p>Wenn Sie im Ausland geimpft worden sind oder G\u00e4ste mitbringen, die im Ausland geimpft worden sind, m\u00fcssen diese einen Nachweis vorlegen k\u00f6nnen, dass sie mindestens eine Impfung erhalten haben. Au\u00dferdem m\u00fcssen seit der ersten Impfung mindestens 14 Tage vergangen sein, bevor der Impfpass als g\u00fcltiges Dokument in Lejre Land of Legends verwendet werden kann.<\/p>\n\n\n\n<p>Das Datum der Impfung und der Name m\u00fcssen auf dem Dokument stehen, und Sie oder Ihr Gast m\u00fcssen zusammen mit dem Impfpass einen g\u00fcltigen Lichtbildausweis vorlegen.<\/p>\n<\/details>\n\n\n\n<hr class=\"wp-block-separator has-alpha-channel-opacity\"\/>\n\n\n\n<details class=\"wp-block-details has-color-bg-color has-color-jernalder-background-color has-text-color has-background has-link-color wp-elements-013f111d3c2dbf323b8f5dd1afe7567a is-layout-flow wp-block-details-is-layout-flow\"><summary>Ab wann gelten die 72 Stunden?<\/summary>\n<p>Sie gelten ab der Sekunde, in der Sie entweder in der Nase oder im Rachen geimpft werden. Wenn Sie also am Freitag um 9.00 Uhr getestet werden, ist der Test bis Montag um 9.00 Uhr g\u00fcltig, d. h. 72 Stunden (3 Tage).<\/p>\n<\/details>\n\n\n\n<hr class=\"wp-block-separator has-alpha-channel-opacity\"\/>\n\n\n\n<details class=\"wp-block-details has-color-bg-color has-color-2-background-color has-text-color has-background has-link-color wp-elements-abdfa161c80375e7896ba6550e2f0960 is-layout-flow wp-block-details-is-layout-flow\"><summary>Muss ich einen negativen COVID-19-Test vorlegen, wenn ich geimpft bin?<\/summary>\n<p>Wenn Sie vollst\u00e4ndig oder teilweise geimpft sind (d. h. Sie haben Ihre erste Impfung gegen das Coronavirus vor mindestens 14 Tagen erhalten), k\u00f6nnen Sie Lejre Land of Legends auch ohne einen negativen COVID-19-Test besuchen. Sie m\u00fcssen jedoch Ihren Corona-Pass zur Impfung mitbringen. Diesen finden Sie auf sundhed.dk unter Corona \u2192 Coronapas &#8211; COVID-19-Impfung.<\/p>\n<\/details>\n\n\n\n<hr class=\"wp-block-separator has-alpha-channel-opacity\"\/>\n\n\n\n<details class=\"wp-block-details has-color-bg-color has-color-jernalder-background-color has-text-color has-background has-link-color wp-elements-ed0687e31384ee1784d9de06adf53993 is-layout-flow wp-block-details-is-layout-flow\"><summary>M\u00fcssen Kinder einen negativen COVID-19-Test vorweisen?<\/summary>\n<p>Nein, Kinder und Jugendliche bis zum Alter von 14 Jahren m\u00fcssen keinen negativen Test vorweisen. Denken Sie daran, einen Ausweis mitzubringen, damit wir das Alter der Kinder feststellen k\u00f6nnen.<\/p>\n\n\n\n<p>Kinder bis einschlie\u00dflich 3 Jahre haben freien Eintritt ins Lejre Land of Legends.<\/p>\n\n\n\n<p>Kinder von 3 bis einschlie\u00dflich 11 Jahren zahlen 115,- DKK (110,- DKK, wenn Sie die Eintrittskarte online kaufen). HINWEIS: An Weihnachten kostet der Eintritt f\u00fcr Kinder DKK 45,-.<\/p>\n<\/details>\n\n\n\n<hr class=\"wp-block-separator has-alpha-channel-opacity\"\/>\n\n\n\n<details class=\"wp-block-details has-color-bg-color has-color-2-background-color has-text-color has-background has-link-color wp-elements-7b4f1bc04544eb13833ea8d4fb6f18eb is-layout-flow wp-block-details-is-layout-flow\"><summary>Muss ich jedes Mal, wenn ich ein Geb\u00e4ude betrete, einen negativen COVID-19-Test vorweisen?<\/summary>\n<p>Nein, wenn Sie Ihren negativen COVID-19-Test einmal am Eingang vorgelegt haben, m\u00fcssen Sie ihn nicht mehr \u00fcberall vorzeigen, wo Sie uns in der Landschaft begegnen. Allerdings m\u00fcssen Sie bei Bedarf eine Gesichtsmaske tragen.<\/p>\n\n\n\n<p>HINWEIS: Ab dem 14. Juni 2021 ist das Tragen einer Gesichtsmaske in Innenr\u00e4umen im Lejre Land of Legends nicht mehr erforderlich.<\/p>\n<\/details>\n\n\n\n<hr class=\"wp-block-separator has-alpha-channel-opacity\"\/>\n\n\n\n<details class=\"wp-block-details has-color-bg-color has-color-jernalder-background-color has-text-color has-background has-link-color wp-elements-cdde1b7db8518e8ff1d57f1c5a87354e is-layout-flow wp-block-details-is-layout-flow\"><summary>Wo muss ich eine Gesichtsmaske tragen?<\/summary>\n<p>HINWEIS: Ab dem 14. Juni 2021 ist das Tragen eines Mundschutzes in den Innenbereichen von Lejre Land of Legends nicht mehr erforderlich.<\/p>\n\n\n\n<p>Wenn Sie sich mit einer Gesichtsmaske sicherer f\u00fchlen, k\u00f6nnen Sie diese nat\u00fcrlich gerne tragen.<\/p>\n<\/details>\n\n\n\n<hr class=\"wp-block-separator has-alpha-channel-opacity\"\/>\n\n\n\n<details class=\"wp-block-details has-color-bg-color has-color-2-background-color has-text-color has-background has-link-color wp-elements-ff937c02f2a48260fbed3334942b8806 is-layout-flow wp-block-details-is-layout-flow\"><summary><br>Ich bin von den Tests befreit und wurde nicht geimpft. Was macht das f\u00fcr einen Unterschied?<\/summary>\n<p>Die Corona-Passpflicht <em>gilt nicht f\u00fcr folgende Personen<\/em>:<\/p>\n\n\n\n<ol class=\"wp-block-list\">\n<li>Kinder unter 15 Jahren.<\/li>\n\n\n\n<li>Personen, die sich aus medizinischen Gr\u00fcnden nicht einem COVID-19-Test unterziehen sollten.<\/li>\n\n\n\n<li>Personen, die aufgrund einer k\u00f6rperlichen oder geistigen Behinderung nicht auf COVID-19 getestet werden sollten.<\/li>\n<\/ol>\n\n\n\n<p>Sie m\u00fcssen eine Bescheinigung vorlegen k\u00f6nnen, dass Sie vom Test befreit sind. Diese Unterlagen erhalten Sie beim B\u00fcrgerservice. <a href=\"https:\/\/sum.dk\/nyheder\/2021\/juni\/ny-ordning-for-dokumentation-hvis-du-er-undtaget-for-test-og-coronapas\">Weitere Informationen zu dieser Regelung finden Sie hier<\/a>.<\/p>\n<\/details>\n\n\n\n<hr class=\"wp-block-separator has-alpha-channel-opacity\"\/>\n\n\n\n<details class=\"wp-block-details has-color-bg-color has-color-jernalder-background-color has-text-color has-background has-link-color wp-elements-2677f2834507869b39dbd9d63a4187fd is-layout-flow wp-block-details-is-layout-flow\"><summary>Ich bin von Gesichtsmasken befreit. Wie geht es weiter?<\/summary>\n<p>HINWEIS: Ab dem 14. Juni 2021 ist das Tragen eines Mundschutzes in Innenr\u00e4umen im Lejre Land of Legends nicht mehr erforderlich.<\/p>\n<\/details>\n\n\n\n<hr class=\"wp-block-separator has-alpha-channel-opacity\"\/>\n\n\n\n<details class=\"wp-block-details has-color-bg-color has-color-2-background-color has-text-color has-background has-link-color wp-elements-fe7615053d6e7526f264b898c639296d is-layout-flow wp-block-details-is-layout-flow\"><summary>Kann ich in Lejre Land of Legends essen?<\/summary>\n<p>Ja, das k\u00f6nnen Sie. Unser Caf\u00e9 Hvides\u00f8hus hat viel zu bieten, sowohl zum Mittagessen als auch f\u00fcr den s\u00fc\u00dfen Zahn. Sie k\u00f6nnen aber auch drau\u00dfen im Caf\u00e9 Hvides\u00f8hus sitzen, wo es St\u00fchle und Tische sowie gro\u00dfe feststehende Sonnenschirme gibt. Die Sonnenschirme haben eine eingebaute Heizung, die Sie an k\u00fchlen Tagen selbst einschalten k\u00f6nnen. Wenn Sie im Freien an den Tischen und unter den Sonnenschirmen sitzen, k\u00f6nnen Sie und Ihre Familie ohne Voranmeldung Platz nehmen. Wenn Sie Ihr Negativ COVID-19 am Eingang vorgelegt haben, m\u00fcssen Sie es im Caf\u00e9 nicht noch einmal vorzeigen.<\/p>\n\n\n\n<p><a href=\"https:\/\/sagnlandet.dk\/cafe\/\">Lesen Sie mehr \u00fcber das Caf\u00e9 Hvides\u00f8hus auf dieser Seite<\/a>, wo Sie auch die Speisekarte ab dem 30. April finden k\u00f6nnen.<\/p>\n\n\n\n<p>Sie k\u00f6nnen auch gerne Ihr eigenes Lunchpaket mitbringen und es an Ihrem Lieblingsplatz im Lejre Land of Legends genie\u00dfen.<\/p>\n<\/details>\n\n\n\n<hr class=\"wp-block-separator has-alpha-channel-opacity\"\/>\n\n\n\n<details class=\"wp-block-details has-color-bg-color has-color-jernalder-background-color has-text-color has-background has-link-color wp-elements-a69f506aac283ec7b79ab568a0429d74 is-layout-flow wp-block-details-is-layout-flow\"><summary>Muss ich reservieren, um im Caf\u00e9 Hvides\u00f8hus zu sitzen?<\/summary>\n<p>Nein, Sie m\u00fcssen nicht reservieren, um im Caf\u00e9 Hvides\u00f8hus zu sitzen. Der Au\u00dfenbereich vor dem Hvides\u00f8hus bietet viel Platz mit vielen Tischen und einer \u00dcberdachung mit eingebauter Heizung.<\/p>\n\n\n\n<p>Es ist auch m\u00f6glich, drinnen zu sitzen, allerdings ist die Anzahl der Sitzpl\u00e4tze im Innenbereich aufgrund der au\u00dferordentlichen Abstandsauflagen im Zusammenhang mit den COVID-19-Vorkehrungen derzeit begrenzt.<\/p>\n\n\n\n<p>Es ist nicht m\u00f6glich, im Voraus einen Tisch zu reservieren.<\/p>\n<\/details>\n\n\n\n<hr class=\"wp-block-separator has-alpha-channel-opacity\"\/>\n\n\n\n<details class=\"wp-block-details has-color-bg-color has-color-2-background-color has-text-color has-background has-link-color wp-elements-d0b82c116f468259bc14659997f0dbba is-layout-flow wp-block-details-is-layout-flow\"><summary>Sind die Kongehallen, die Jernalderhusene und die Landbohusene f\u00fcr die \u00d6ffentlichkeit zug\u00e4nglich?<\/summary>\n<p>Die<strong>Kongehallen<\/strong> sind f\u00fcr die \u00d6ffentlichkeit zug\u00e4nglich.<\/p>\n\n\n\n<p>Auch die<strong>Landbohusene<\/strong> ist f\u00fcr die \u00d6ffentlichkeit zug\u00e4nglich.<\/p>\n\n\n\n<p>Die H\u00e4user aus der Eisenzeit sind \u00fcber den Winter geschlossen und k\u00f6nnen daher nicht betreten werden.<\/p>\n\n\n\n<p><strong>HINWEIS: Sollten sich die Vorschriften und Richtlinien der Beh\u00f6rden in Bezug auf Gesichtsmasken und Koronapas \u00e4ndern, werden wir die Informationen auf dieser Seite so schnell wie m\u00f6glich aktualisieren. Sie k\u00f6nnen oben auf der Seite immer sehen, wann die Informationen zuletzt aktualisiert wurden. Die Informationen, die Sie an einem bestimmten Tag auf dieser Seite lesen k\u00f6nnen, sind immer die Informationen, die f\u00fcr Ihren Besuch im Lejre Land of Legends gelten.<\/strong><\/p>\n<\/details>\n\n\n\n<hr class=\"wp-block-separator has-alpha-channel-opacity\"\/>\n\n\n\n<details class=\"wp-block-details has-color-bg-color has-color-jernalder-background-color has-text-color has-background has-link-color wp-elements-b35c6423b90b47067356396bcfb6085a is-layout-flow wp-block-details-is-layout-flow\"><summary>Welche Aktivit\u00e4ten gibt es?<\/summary>\n<p>Lejre Land of Legends bietet ein breites Spektrum an Aktivit\u00e4ten in allen Bereichen. <a href=\"https:\/\/sagnlandet.dk\/en\/dagsprogram\/\">Die \u00dcbersicht \u00fcber die Aktivit\u00e4ten im Tagesprogramm finden Sie hier<\/a>.<\/p>\n<\/details>\n\n\n\n<hr class=\"wp-block-separator has-alpha-channel-opacity\"\/>\n\n\n\n<details class=\"wp-block-details has-color-bg-color has-color-2-background-color has-text-color has-background has-link-color wp-elements-42ea7de829274289d9cddb29ef6d5eb3 is-layout-flow wp-block-details-is-layout-flow\"><summary>Ich habe noch keine Antworten auf meine Fragen gefunden. <\/summary>\n<p><a href=\"https:\/\/sagnlandet.dk\/de\/faq\/\">Weitere<\/a> h\u00e4ufig gestellte Fragen<a href=\"https:\/\/sagnlandet.dk\/de\/faq\/\">finden Sie<\/a> hier. Andernfalls k\u00f6nnen Sie uns gerne eine E-Mail an <strong><a href=\"mailto:kontakt@sagnlandet.dk\">kontakt@sagnlandet.dk<\/a><\/strong> schreiben oder uns unter der Nummer +45 46 48 48 08 78 anrufen. Wenn Sie sich mit einem bestimmten Mitarbeiter in Verbindung setzen m\u00f6chten, k\u00f6nnen Sie versuchen, ihn <a href=\"https:\/\/sagnlandet.dk\/en\/kontakt\/\">auf unserer Kontaktseite<\/a> zu finden.<\/p>\n<\/details>\n\n\n\n<hr class=\"wp-block-separator has-alpha-channel-opacity\"\/>\n\n<\/div>\r\n\t\t\t\r\n\t<\/div>\r\n\r\n\r\n\r\n\t\t<\/div>\r\n<\/section>\n<\/div>\r\n\t<\/div>\r\n\r\n\r\n\r\n\t\t<\/div>\r\n<\/section>\n<\/div>\r\n\t<\/div>\r\n\r\n\r\n\r\n\t\t<\/div>\r\n<\/section>\n\n\r\n\r\n<section class=\"standout-section standout-block standout-columns alignwide column-gap-s\" style=\"--columns: 1; --column-span: 1; --element-alignment: flex-start;\" data-columns=\"1\">\r\n\r\n\t<div class=\"standout-max-container\">\t\r\n\r\n<div class=\"standout-block-inner\">\r\n\t\t\t<div class=\"acf-innerblocks-container\">\n\r\n\r\n<section class=\"standout-block standout-column-element rounded-bg wp-elements-474f0f2ba03212661d89b15cc47022ab has-bg has-bg-color has-text-color\" style=\"background-color: var(--wp--preset--color--color-text); color: #ffffff;\">\r\n\r\n\t<div class=\"standout-max-container\">\t\r\n\r\n<div class=\"standout-block-inner\">\r\n\t\t\r\n\t\t\t<div class=\"acf-innerblocks-container\">\n\n<h4 class=\"wp-block-heading has-color-gul-color has-text-color has-link-color wp-elements-b9efd7d1e91018798697ce95718f9689\"><strong>HABEN SIE WEITERE FRAGEN?<\/strong><\/h4>\n\n\n\n<p>Wir wissen, dass sowohl die aktuelle Situation als auch unsere Arbeit mit den vielen Pr\u00e4ventionsinitiativen viele Fragen zu Eintrittskarten, Bildungsprogrammen, Schulcamps und Familienurlauben im Lejre Land of Legends aufwerfen.<\/p>\n\n\n\n<p>Wir m\u00f6chten, dass Sie wissen, dass wir alles tun, um so schnell wie m\u00f6glich Antworten f\u00fcr alle zu finden.<\/p>\n\n\n\n<p>Wenn Sie Fragen haben, auf die Sie noch keine Antworten erhalten haben, k\u00f6nnen Sie uns gerne eine E-Mail an <a href=\"mailto:kontakt@sagnlandet.dk\"><strong>kontakt@sagnlandet.dk<\/strong><\/a> schicken<\/p>\n\n\n\n<p>Wir hoffen auf Ihr Verst\u00e4ndnis und Ihre Geduld.<\/p>\n\n\n\n<p>Passt gut auf euch und die anderen auf &#8211; und vielen Dank f\u00fcr die gro\u00dfe Unterst\u00fctzung, die ihr alle Lejre Land of Legends entgegengebracht habt (und entgegenbringt).<\/p>\n\n\n\n<p>Mit Liebe und guten W\u00fcnschen<\/p>\n\n\n\n<p><em>Wir alle von Lejre Land of Legends<\/em><\/p>\n\n<\/div>\r\n\t<\/div>\r\n\r\n\r\n\r\n\t\t<\/div>\r\n<\/section>\n<\/div>\r\n\t<\/div>\r\n\r\n\r\n\r\n\t\t<\/div>\r\n<\/section>","protected":false},"excerpt":{"rendered":"","protected":false},"author":3,"featured_media":71055,"parent":0,"menu_order":0,"comment_status":"open","ping_status":"open","template":"","meta":{"_acf_changed":false,"footnotes":""},"class_list":["post-70208","page","type-page","status-publish","has-post-thumbnail","hentry"],"acf":[],"yoast_head":"<!-- This site is optimized with the Yoast SEO plugin v23.5 - https:\/\/yoast.com\/wordpress\/plugins\/seo\/ -->\n<title>Informationen \u00fcber COVID-19 - Sagnlandet Lejre<\/title>\n<meta name=\"robots\" content=\"index, follow, max-snippet:-1, max-image-preview:large, max-video-preview:-1\" \/>\n<link rel=\"canonical\" href=\"https:\/\/sagnlandet.dk\/de\/information-about-covid-19\/\" \/>\n<meta property=\"og:locale\" content=\"de_DE\" \/>\n<meta property=\"og:type\" content=\"article\" \/>\n<meta property=\"og:title\" content=\"Informationen \u00fcber COVID-19 - Sagnlandet Lejre\" \/>\n<meta property=\"og:url\" content=\"https:\/\/sagnlandet.dk\/de\/information-about-covid-19\/\" \/>\n<meta property=\"og:site_name\" content=\"Sagnlandet Lejre\" \/>\n<meta property=\"article:modified_time\" content=\"2025-02-24T06:10:39+00:00\" \/>\n<meta property=\"og:image\" content=\"https:\/\/sagnlandet.dk\/de\/wp-content\/uploads\/sites\/13\/2025\/02\/robaad-og-baaldal-27-juni-2019-44-copy-1320x550-1-1.jpg\" \/>\n\t<meta property=\"og:image:width\" content=\"1320\" \/>\n\t<meta property=\"og:image:height\" content=\"550\" \/>\n\t<meta property=\"og:image:type\" content=\"image\/jpeg\" \/>\n<meta name=\"twitter:card\" content=\"summary_large_image\" \/>\n<meta name=\"twitter:label1\" content=\"Gesch\u00e4tzte Lesezeit\" \/>\n\t<meta name=\"twitter:data1\" content=\"12\u00a0Minuten\" \/>\n<!-- \/ Yoast SEO plugin. -->","yoast_head_json":{"title":"Informationen \u00fcber COVID-19 - Sagnlandet Lejre","robots":{"index":"index","follow":"follow","max-snippet":"max-snippet:-1","max-image-preview":"max-image-preview:large","max-video-preview":"max-video-preview:-1"},"canonical":"https:\/\/sagnlandet.dk\/de\/information-about-covid-19\/","og_locale":"de_DE","og_type":"article","og_title":"Informationen \u00fcber COVID-19 - Sagnlandet Lejre","og_url":"https:\/\/sagnlandet.dk\/de\/information-about-covid-19\/","og_site_name":"Sagnlandet Lejre","article_modified_time":"2025-02-24T06:10:39+00:00","og_image":[{"width":1320,"height":550,"url":"https:\/\/sagnlandet.dk\/de\/wp-content\/uploads\/sites\/13\/2025\/02\/robaad-og-baaldal-27-juni-2019-44-copy-1320x550-1-1.jpg","type":"image\/jpeg"}],"twitter_card":"summary_large_image","twitter_misc":{"Gesch\u00e4tzte Lesezeit":"12\u00a0Minuten"},"schema":{"@context":"https:\/\/schema.org","@graph":[{"@type":"WebPage","@id":"https:\/\/sagnlandet.dk\/de\/information-about-covid-19\/","url":"https:\/\/sagnlandet.dk\/de\/information-about-covid-19\/","name":"Informationen \u00fcber COVID-19 - Sagnlandet Lejre","isPartOf":{"@id":"https:\/\/sagnlandet.dk\/de\/#website"},"primaryImageOfPage":{"@id":"https:\/\/sagnlandet.dk\/de\/information-about-covid-19\/#primaryimage"},"image":{"@id":"https:\/\/sagnlandet.dk\/de\/information-about-covid-19\/#primaryimage"},"thumbnailUrl":"https:\/\/sagnlandet.dk\/de\/wp-content\/uploads\/sites\/13\/2025\/02\/robaad-og-baaldal-27-juni-2019-44-copy-1320x550-1-1-1.jpg","datePublished":"2024-11-18T13:35:03+00:00","dateModified":"2025-02-24T06:10:39+00:00","breadcrumb":{"@id":"https:\/\/sagnlandet.dk\/de\/information-about-covid-19\/#breadcrumb"},"inLanguage":"de","potentialAction":[{"@type":"ReadAction","target":["https:\/\/sagnlandet.dk\/de\/information-about-covid-19\/"]}]},{"@type":"ImageObject","inLanguage":"de","@id":"https:\/\/sagnlandet.dk\/de\/information-about-covid-19\/#primaryimage","url":"https:\/\/sagnlandet.dk\/de\/wp-content\/uploads\/sites\/13\/2025\/02\/robaad-og-baaldal-27-juni-2019-44-copy-1320x550-1-1-1.jpg","contentUrl":"https:\/\/sagnlandet.dk\/de\/wp-content\/uploads\/sites\/13\/2025\/02\/robaad-og-baaldal-27-juni-2019-44-copy-1320x550-1-1-1.jpg","width":1320,"height":550},{"@type":"BreadcrumbList","@id":"https:\/\/sagnlandet.dk\/de\/information-about-covid-19\/#breadcrumb","itemListElement":[{"@type":"ListItem","position":1,"name":"Hjem","item":"https:\/\/sagnlandet.dk\/de\/"},{"@type":"ListItem","position":2,"name":"Information about COVID-19"}]},{"@type":"WebSite","@id":"https:\/\/sagnlandet.dk\/de\/#website","url":"https:\/\/sagnlandet.dk\/de\/","name":"Sagnlandet Lejre","description":"","publisher":{"@id":"https:\/\/sagnlandet.dk\/de\/#organization"},"potentialAction":[{"@type":"SearchAction","target":{"@type":"EntryPoint","urlTemplate":"https:\/\/sagnlandet.dk\/de\/?s={search_term_string}"},"query-input":{"@type":"PropertyValueSpecification","valueRequired":true,"valueName":"search_term_string"}}],"inLanguage":"de"},{"@type":"Organization","@id":"https:\/\/sagnlandet.dk\/de\/#organization","name":"Sagnlandet Lejre","url":"https:\/\/sagnlandet.dk\/de\/","logo":{"@type":"ImageObject","inLanguage":"de","@id":"https:\/\/sagnlandet.dk\/de\/#\/schema\/logo\/image\/","url":"https:\/\/sagnlandet.dk\/de\/wp-content\/uploads\/sites\/13\/1738\/65\/logo.png","contentUrl":"https:\/\/sagnlandet.dk\/de\/wp-content\/uploads\/sites\/13\/1738\/65\/logo.png","width":398,"height":143,"caption":"Sagnlandet Lejre"},"image":{"@id":"https:\/\/sagnlandet.dk\/de\/#\/schema\/logo\/image\/"}}]}},"_links":{"self":[{"href":"https:\/\/sagnlandet.dk\/de\/wp-json\/wp\/v2\/pages\/70208"}],"collection":[{"href":"https:\/\/sagnlandet.dk\/de\/wp-json\/wp\/v2\/pages"}],"about":[{"href":"https:\/\/sagnlandet.dk\/de\/wp-json\/wp\/v2\/types\/page"}],"author":[{"embeddable":true,"href":"https:\/\/sagnlandet.dk\/de\/wp-json\/wp\/v2\/users\/3"}],"replies":[{"embeddable":true,"href":"https:\/\/sagnlandet.dk\/de\/wp-json\/wp\/v2\/comments?post=70208"}],"version-history":[{"count":2,"href":"https:\/\/sagnlandet.dk\/de\/wp-json\/wp\/v2\/pages\/70208\/revisions"}],"predecessor-version":[{"id":70482,"href":"https:\/\/sagnlandet.dk\/de\/wp-json\/wp\/v2\/pages\/70208\/revisions\/70482"}],"wp:featuredmedia":[{"embeddable":true,"href":"https:\/\/sagnlandet.dk\/de\/wp-json\/wp\/v2\/media\/71055"}],"wp:attachment":[{"href":"https:\/\/sagnlandet.dk\/de\/wp-json\/wp\/v2\/media?parent=70208"}],"curies":[{"name":"wp","href":"https:\/\/api.w.org\/{rel}","templated":true}]}}