{"id":70120,"date":"2024-10-15T09:33:30","date_gmt":"2024-10-15T07:33:30","guid":{"rendered":"https:\/\/sagnlandet.dk\/vikingetiden\/"},"modified":"2025-02-24T07:11:08","modified_gmt":"2025-02-24T06:11:08","slug":"die-wikingerzeit","status":"publish","type":"page","link":"https:\/\/sagnlandet.dk\/de\/die-wikingerzeit\/","title":{"rendered":"Die Wikingerzeit"},"content":{"rendered":"\r\n\r\n<section class=\"standout-section standout-block standout-basic alignfull rounded-bg wp-elements-7d9f3fcd8d5c7653c15f43b23e897550 hero-section side-spacing has-bg has-bg-img bg-size-cover bg-align-horizontal-center bg-align-vertical-center has-text-color\" style=\"color: #ffffff;\">\r\n\r\n\t<div class=\"standout-max-container\">\t\r\n\r\n<div class=\"standout-block-inner\">\r\n\t\t\t\r\n\t<div class=\"standout-block-background-deco\" style=\"--bg-align-vertical: center; --bg-align-horizontal: center; --bg-object-position: center center\">\r\n\t\t<img loading=\"lazy\" decoding=\"async\" width=\"1920\" height=\"861\" src=\"https:\/\/sagnlandet.dk\/de\/wp-content\/uploads\/sites\/13\/2020\/02\/vikingeofring-i-skibsaetningen.jpg\" class=\"standout-block-background-deco-element\" alt=\"\" srcset=\"https:\/\/sagnlandet.dk\/de\/wp-content\/uploads\/sites\/13\/2020\/02\/vikingeofring-i-skibsaetningen.jpg 2700w, https:\/\/sagnlandet.dk\/de\/wp-content\/uploads\/sites\/13\/2020\/02\/vikingeofring-i-skibsaetningen-300x135.jpg 300w, https:\/\/sagnlandet.dk\/de\/wp-content\/uploads\/sites\/13\/2020\/02\/vikingeofring-i-skibsaetningen-1920x861.jpg 1920w, https:\/\/sagnlandet.dk\/de\/wp-content\/uploads\/sites\/13\/2020\/02\/vikingeofring-i-skibsaetningen-1320x592.jpg 1320w, https:\/\/sagnlandet.dk\/de\/wp-content\/uploads\/sites\/13\/2020\/02\/vikingeofring-i-skibsaetningen-600x269.jpg 600w\" sizes=\"(max-width: 1920px) 100vw, 1920px\" \/>\t<\/div>\r\n\r\n\t\t\r\n\t\t\t\t\t\t<div class=\"acf-innerblocks-container\">\n\n<h1 class=\"wp-block-heading\">Treffen Sie die wilden Wikinger von Lejre Land of Legends<\/h1>\n\n\n\n<p class=\"has-h-6-font-size\">Treffen Sie die Wikinger auf Fredsbjerg in Lejre Land of Legends.<\/p>\n\n<\/div>\r\n\t\t\t\r\n\t\t\t<div class=\"standout-hero-information\"><div class=\"standout-hero-information-inner\">Das Programm des Tages finden Sie <a href=\"https:\/\/sagnlandet.dk\/de\/tagesprogramm\/\">hier <span height=\"1em\" class=\"standout-custom-svg custom-svg\"><?xml version=\"1.0\" encoding=\"UTF-8\"?><svg height=\"1em\" id=\"a\" xmlns=\"http:\/\/www.w3.org\/2000\/svg\" viewBox=\"0 0 16.28 22.02\"><path d=\"M5.4,18.67h-.24c-.77.76-1.5,1.5-2.28,2.28v.35h-.36c-.24.26-.45.47-.68.71H.74c0-.15-.01-.28-.02-.37-.24-.23-.45-.43-.7-.66v-.34c.08-.05.15-.1.23-.15-.06-.05-.14-.09-.19-.15-.03-.04-.06-.13-.04-.15.13-.13.28-.24.46-.39,0-.08,0-.22.01-.29.52-.52,1.01-1,1.49-1.49-.01-.02-.02-.03-.04-.05.14,0,.27-.01.35-.02.32-.33.61-.62.94-.95h.35c0-.15.02-.3.02-.37.2-.2.37-.37.58-.58h.26c.48-.49.93-.94,1.42-1.44h.35v-.38c.13-.11.22-.2.31-.28,0-.02-.02-.04-.03-.06h.34c.41-.42.77-.79,1.18-1.2h.25c.57-.57,1.1-1.11,1.66-1.68h.25c.2-.19.37-.33.52-.49.04-.04.09-.16.07-.18-.12-.11-.26-.19-.38-.3-.12-.11-.22-.23-.33-.35-.11-.12-.21-.24-.32-.36-.07-.07-.15-.13-.29-.24h-.25c-.31-.33-.6-.62-.92-.96h-.3c-.15-.17-.26-.3-.41-.48h-.31c-.15-.17-.26-.3-.41-.48h-.28c-.41-.42-.77-.79-1.18-1.2h-.27c-.31-.33-.6-.62-.92-.96h-.29c-.23-.25-.44-.47-.68-.72h-.29c-.14-.17-.26-.31-.4-.48h-.31c-.14-.17-.26-.31-.41-.48h-.28c-.29-.29-.53-.54-.83-.84v-.26c-.26-.24-.47-.44-.71-.67.1-.18-.21-.52.23-.68v-.31c.22-.22.38-.38.59-.59h1.02c.14.16.25.29.4.47h.36c.02.09.04.16.06.24h.35c.23.25.44.46.68.72h.29c.15.17.26.3.42.48h.27c.33.33.61.62.94.96.06,0,.19,0,.3.02.14.16.26.3.4.47h.29c.32.33.61.62.94.96h.28c.14.17.26.31.4.48h.37c0,.36.29.21.41.24.24.26.44.47.68.72h.34c.07.11,0,.36.28.23v.48c.15,0,.29.01.38.02.31.32.59.62.91.95h.28c.23.25.44.47.68.72h.3c.14-.16.26-.3.4-.47h1.33c0-.37.27-.21.47-.25.02-.06.05-.14.07-.22h.58c.19.2.36.37.57.58v.58c-.07.01-.14.03-.2.04-.1.17.13.48-.26.48v.33c-.2.21-.34.36-.49.51-.1.11-.2.23-.31.33-.12.1-.26.18-.39.29-.03.02-.03.12-.01.14.14.12.29.24.46.38v.36c.08.03.16.06.25.08v.65c.08.02.15.04.23.06v.42c-.07.02-.14.05-.23.07v.43h-.38c-.11.12-.17.18-.23.25-.05-.07-.11-.13-.19-.23h-.55c-.15-.17-.26-.3-.41-.48h-.32c-.26-.48-.68-.1-.93-.25-.24.25-.44.46-.68.72-.07,0-.2,0-.37.02v.37c-.13.11-.22.19-.31.27,0,.02.02.04.03.06h-.33c-.66.66-1.26,1.27-1.91,1.92h-.25c-.81.81-1.57,1.58-2.39,2.4h-.35c0,.15-.02.29-.02.39-.11.11-.2.19-.35.33Z\"\/><\/svg><\/span><\/a><\/div><div class=\"standout-hero-rowing-animation\"><img decoding=\"async\" class=\"animation\" src=\"https:\/\/sagnlandet.dk\/de\/wp-content\/themes\/s-child\/images\/rowing.png\"><\/div><\/div>\t<\/div>\r\n\r\n\r\n\r\n\t\t<\/div>\r\n<\/section>\n\n\n<h4 class=\"wp-block-heading\">seid gegr\u00fc\u00dft, Fremde, an diesem Tag des Odin<\/h4>\n\n\n\n<p>In der K\u00f6nigshalle werden Sie von den Wikingern im Sagenland Lejre freundlich begr\u00fc\u00dft und k\u00f6nnen einen Blick auf das Leben in und um die Halle werfen, wie es vor mehr als 1000 Jahren ausgesehen haben k\u00f6nnte.<\/p>\n\n\n\n<p>Begegnen Sie dem Schmied an der Feuerstelle, werfen Sie einen Blick in Zelte und Truhen oder riechen Sie den Eintopf, der \u00fcber dem Feuer k\u00f6chelt &#8211; wenn Sie Gl\u00fcck haben, bekommen Sie sogar eine Kostprobe.<\/p>\n\n\n\n<p>Der Campingplatz wird <strong>wochentags<\/strong> f\u00fcr den <strong>Unterricht<\/strong> genutzt, und Sie sind herzlich eingeladen, die Kinder zu besuchen, die auf dem Gel\u00e4nde arbeiten. Sie werden Ihnen gerne von ihrem Aufenthalt und ihren Aktivit\u00e4ten erz\u00e4hlen.<\/p>\n\n\n\n<p>In den Sommer- und Herbstferien k\u00f6nnen die Besucher selbst bei den Wikingern mitmachen und beim Kr\u00e4uterhacken, Brotbacken, Buttern, Brennholzhacken, Blasebalgziehen und vielem mehr helfen.<\/p>\n\n\n\n<figure class=\"wp-block-image size-full\"><img decoding=\"async\" src=\"https:\/\/sagnlandet.dk\/wp-content\/uploads\/2025\/02\/ironman-03-1920x1567-1.jpg\" alt=\"\" class=\"wp-image-2002\"\/><\/figure>\n\n\n\n<figure class=\"wp-block-embed is-type-video is-provider-youtube wp-block-embed-youtube wp-embed-aspect-16-9 wp-has-aspect-ratio\"><div class=\"wp-block-embed__wrapper\">\nhttps:\/\/www.youtube.com\/watch?v=SJdnPNCfeksu0026list=PLMOLiYsryN42lDnjt6GcERGPv695djvxEu0026pp=iAQB\n<\/div><\/figure>\n\n\n\n<h5 class=\"wp-block-heading\">Letzte Beitr\u00e4ge<\/h5>\n\n\n\n<div class=\"wp-block-query is-layout-flow wp-block-query-is-layout-flow\"><ul class=\"wp-block-post-template is-layout-flow wp-container-core-post-template-is-layout-1 wp-block-post-template-is-layout-flow\"><li class=\"wp-block-post post-70305 post type-post status-publish format-standard has-post-thumbnail hentry category-nachrichten-und-ereignisse category-wikinger tag-covid tag-wikingerzeit\">\n<figure style=\"aspect-ratio:16\/9;\" class=\"wp-block-post-featured-image\"><a href=\"https:\/\/sagnlandet.dk\/de\/blog\/2021\/09\/23\/wikingermarkt-und-sagenkoenigfest\/\" target=\"_self\"  ><img loading=\"lazy\" decoding=\"async\" width=\"2560\" height=\"1487\" src=\"https:\/\/sagnlandet.dk\/de\/wp-content\/uploads\/sites\/13\/2025\/02\/kongehal-13-juli-2021-02-scaled-1-1-1-1.jpg\" class=\"attachment-post-thumbnail size-post-thumbnail wp-post-image\" alt=\"Wikingermarkt und Sagenk\u00f6nigfest\" style=\"width:100%;height:100%;object-fit:cover;\" srcset=\"https:\/\/sagnlandet.dk\/de\/wp-content\/uploads\/sites\/13\/2025\/02\/kongehal-13-juli-2021-02-scaled-1-1-1-1.jpg 2560w, https:\/\/sagnlandet.dk\/de\/wp-content\/uploads\/sites\/13\/2025\/02\/kongehal-13-juli-2021-02-scaled-1-1-1-1-600x349.jpg 600w, https:\/\/sagnlandet.dk\/de\/wp-content\/uploads\/sites\/13\/2025\/02\/kongehal-13-juli-2021-02-scaled-1-1-1-1-1920x1115.jpg 1920w, https:\/\/sagnlandet.dk\/de\/wp-content\/uploads\/sites\/13\/2025\/02\/kongehal-13-juli-2021-02-scaled-1-1-1-1-1536x892.jpg 1536w, https:\/\/sagnlandet.dk\/de\/wp-content\/uploads\/sites\/13\/2025\/02\/kongehal-13-juli-2021-02-scaled-1-1-1-1-2048x1190.jpg 2048w, https:\/\/sagnlandet.dk\/de\/wp-content\/uploads\/sites\/13\/2025\/02\/kongehal-13-juli-2021-02-scaled-1-1-1-1-172x100.jpg 172w, https:\/\/sagnlandet.dk\/de\/wp-content\/uploads\/sites\/13\/2025\/02\/kongehal-13-juli-2021-02-scaled-1-1-1-1-1200x697.jpg 1200w, https:\/\/sagnlandet.dk\/de\/wp-content\/uploads\/sites\/13\/2025\/02\/kongehal-13-juli-2021-02-scaled-1-1-1-1-1320x767.jpg 1320w\" sizes=\"(max-width: 2560px) 100vw, 2560px\" \/><\/a><\/figure>\n\n\n<div class=\"wp-block-columns has-color-istid-background-color has-background is-layout-flex wp-container-core-columns-is-layout-1 wp-block-columns-is-layout-flex\">\n<div class=\"wp-block-column is-layout-flow wp-block-column-is-layout-flow\"><div class=\"wp-block-post-date\"><time datetime=\"2021-09-23T09:36:00+02:00\">23. September 2021<\/time><\/div><\/div>\n\n\n\n<div class=\"wp-block-column is-layout-flow wp-block-column-is-layout-flow\">\n<div class=\"wp-block-group is-layout-constrained wp-block-group-is-layout-constrained\"><div class=\"taxonomy-category wp-block-post-terms\"><span class=\"wp-block-post-terms__prefix\">Kategorier: <\/span><a href=\"https:\/\/sagnlandet.dk\/de\/blog\/category\/nachrichten-und-ereignisse\/\" rel=\"tag\">Nachrichten und Ereignisse<\/a><span class=\"wp-block-post-terms__separator\">, <\/span><a href=\"https:\/\/sagnlandet.dk\/de\/blog\/category\/wikinger\/\" rel=\"tag\">Wikinger<\/a><\/div><\/div>\n<\/div>\n<\/div>\n\n\n<h5 class=\"wp-block-post-title\"><a href=\"https:\/\/sagnlandet.dk\/de\/blog\/2021\/09\/23\/wikingermarkt-und-sagenkoenigfest\/\" target=\"_blank\" >Wikingermarkt und Sagenk\u00f6nigfest<\/a><\/h5>\n\n<div class=\"wp-block-post-excerpt\"><p class=\"wp-block-post-excerpt__excerpt\">Jeden Tag w\u00e4hrend der Herbstferien! Begegnen Sie H\u00e4ndlern, Kriegern und Handwerkern, wenn Lejre Land of Legends Sie zum Wikinger-Markt und zum Fest der legend\u00e4ren K\u00f6nige in Kongehallen einl\u00e4dt. Lasst euch den Wind um die Nase wehen, den Duft von Lagerfeuern in die Nase steigen und erkundet die Welt der Wikinger und eisenzeitlichen Krieger, wenn Lejre&hellip; <\/p><\/div>\n\n<a class=\"wp-block-read-more\" href=\"https:\/\/sagnlandet.dk\/de\/blog\/2021\/09\/23\/wikingermarkt-und-sagenkoenigfest\/\" target=\"_self\">Weiterlesen<span class=\"screen-reader-text\">: Wikingermarkt und Sagenk\u00f6nigfest<\/span><\/a>\n\n\n<hr class=\"wp-block-separator has-alpha-channel-opacity is-style-wide\"\/>\n\n<\/li><li class=\"wp-block-post post-70301 post type-post status-publish format-standard has-post-thumbnail hentry category-nachrichten-und-ereignisse category-wikinger tag-wikingerzeit\">\n<figure style=\"aspect-ratio:16\/9;\" class=\"wp-block-post-featured-image\"><a href=\"https:\/\/sagnlandet.dk\/de\/blog\/2021\/07\/06\/wikingermarkt-in-sagnlandet-lejre\/\" target=\"_self\"  ><img loading=\"lazy\" decoding=\"async\" width=\"2560\" height=\"1605\" src=\"https:\/\/sagnlandet.dk\/de\/wp-content\/uploads\/sites\/13\/2025\/02\/vikingetraef-13-juli-2017-35-scaled-1-1-1-1.jpg\" class=\"attachment-post-thumbnail size-post-thumbnail wp-post-image\" alt=\"Wikingermarkt in Sagnlandet Lejre\" style=\"width:100%;height:100%;object-fit:cover;\" srcset=\"https:\/\/sagnlandet.dk\/de\/wp-content\/uploads\/sites\/13\/2025\/02\/vikingetraef-13-juli-2017-35-scaled-1-1-1-1.jpg 2560w, https:\/\/sagnlandet.dk\/de\/wp-content\/uploads\/sites\/13\/2025\/02\/vikingetraef-13-juli-2017-35-scaled-1-1-1-1-600x376.jpg 600w, https:\/\/sagnlandet.dk\/de\/wp-content\/uploads\/sites\/13\/2025\/02\/vikingetraef-13-juli-2017-35-scaled-1-1-1-1-1920x1204.jpg 1920w, https:\/\/sagnlandet.dk\/de\/wp-content\/uploads\/sites\/13\/2025\/02\/vikingetraef-13-juli-2017-35-scaled-1-1-1-1-1536x963.jpg 1536w, https:\/\/sagnlandet.dk\/de\/wp-content\/uploads\/sites\/13\/2025\/02\/vikingetraef-13-juli-2017-35-scaled-1-1-1-1-2048x1284.jpg 2048w, https:\/\/sagnlandet.dk\/de\/wp-content\/uploads\/sites\/13\/2025\/02\/vikingetraef-13-juli-2017-35-scaled-1-1-1-1-160x100.jpg 160w, https:\/\/sagnlandet.dk\/de\/wp-content\/uploads\/sites\/13\/2025\/02\/vikingetraef-13-juli-2017-35-scaled-1-1-1-1-1200x752.jpg 1200w, https:\/\/sagnlandet.dk\/de\/wp-content\/uploads\/sites\/13\/2025\/02\/vikingetraef-13-juli-2017-35-scaled-1-1-1-1-1320x828.jpg 1320w\" sizes=\"(max-width: 2560px) 100vw, 2560px\" \/><\/a><\/figure>\n\n\n<div class=\"wp-block-columns has-color-istid-background-color has-background is-layout-flex wp-container-core-columns-is-layout-2 wp-block-columns-is-layout-flex\">\n<div class=\"wp-block-column is-layout-flow wp-block-column-is-layout-flow\"><div class=\"wp-block-post-date\"><time datetime=\"2021-07-06T09:17:00+02:00\">6. Juli 2021<\/time><\/div><\/div>\n\n\n\n<div class=\"wp-block-column is-layout-flow wp-block-column-is-layout-flow\">\n<div class=\"wp-block-group is-layout-constrained wp-block-group-is-layout-constrained\"><div class=\"taxonomy-category wp-block-post-terms\"><span class=\"wp-block-post-terms__prefix\">Kategorier: <\/span><a href=\"https:\/\/sagnlandet.dk\/de\/blog\/category\/nachrichten-und-ereignisse\/\" rel=\"tag\">Nachrichten und Ereignisse<\/a><span class=\"wp-block-post-terms__separator\">, <\/span><a href=\"https:\/\/sagnlandet.dk\/de\/blog\/category\/wikinger\/\" rel=\"tag\">Wikinger<\/a><\/div><\/div>\n<\/div>\n<\/div>\n\n\n<h5 class=\"wp-block-post-title\"><a href=\"https:\/\/sagnlandet.dk\/de\/blog\/2021\/07\/06\/wikingermarkt-in-sagnlandet-lejre\/\" target=\"_blank\" >Wikingermarkt in Sagnlandet Lejre<\/a><\/h5>\n\n<div class=\"wp-block-post-excerpt\"><p class=\"wp-block-post-excerpt__excerpt\">Der Wikingermarkt in Sagnlandet Lejre findet von Montag, 12. Juli, bis Freitag, 16. Juli 2021, statt. Lesen Sie mehr im Archiv f\u00fcr Inhalte und Neuigkeiten: <\/p><\/div>\n\n<a class=\"wp-block-read-more\" href=\"https:\/\/sagnlandet.dk\/de\/blog\/2021\/07\/06\/wikingermarkt-in-sagnlandet-lejre\/\" target=\"_self\">Weiterlesen<span class=\"screen-reader-text\">: Wikingermarkt in Sagnlandet Lejre<\/span><\/a>\n\n\n<hr class=\"wp-block-separator has-alpha-channel-opacity is-style-wide\"\/>\n\n<\/li><li class=\"wp-block-post post-70271 post type-post status-publish format-standard has-post-thumbnail hentry category-koenigssaal category-wikinger tag-der-amalienborg-preis tag-die-koenigin tag-koenigssaal tag-presseerklaerung\">\n<figure style=\"aspect-ratio:16\/9;\" class=\"wp-block-post-featured-image\"><a href=\"https:\/\/sagnlandet.dk\/de\/blog\/2020\/09\/01\/lejre-land-of-legends-mit-dem-amalienborg-preis-und-300-000-dkk-ausgezeichnet\/\" target=\"_self\"  ><img loading=\"lazy\" decoding=\"async\" width=\"2560\" height=\"1834\" src=\"https:\/\/sagnlandet.dk\/de\/wp-content\/uploads\/sites\/13\/2025\/02\/dronningebesoeg-i-kongehallen-30-april-2019-09-scaled-1-1-1-1.jpg\" class=\"attachment-post-thumbnail size-post-thumbnail wp-post-image\" alt=\"Lejre Land of Legends mit dem Amalienborg-Preis und 300 000 DKK ausgezeichnet\" style=\"width:100%;height:100%;object-fit:cover;\" srcset=\"https:\/\/sagnlandet.dk\/de\/wp-content\/uploads\/sites\/13\/2025\/02\/dronningebesoeg-i-kongehallen-30-april-2019-09-scaled-1-1-1-1.jpg 2560w, https:\/\/sagnlandet.dk\/de\/wp-content\/uploads\/sites\/13\/2025\/02\/dronningebesoeg-i-kongehallen-30-april-2019-09-scaled-1-1-1-1-600x430.jpg 600w, https:\/\/sagnlandet.dk\/de\/wp-content\/uploads\/sites\/13\/2025\/02\/dronningebesoeg-i-kongehallen-30-april-2019-09-scaled-1-1-1-1-1920x1376.jpg 1920w, https:\/\/sagnlandet.dk\/de\/wp-content\/uploads\/sites\/13\/2025\/02\/dronningebesoeg-i-kongehallen-30-april-2019-09-scaled-1-1-1-1-1536x1100.jpg 1536w, https:\/\/sagnlandet.dk\/de\/wp-content\/uploads\/sites\/13\/2025\/02\/dronningebesoeg-i-kongehallen-30-april-2019-09-scaled-1-1-1-1-2048x1467.jpg 2048w, https:\/\/sagnlandet.dk\/de\/wp-content\/uploads\/sites\/13\/2025\/02\/dronningebesoeg-i-kongehallen-30-april-2019-09-scaled-1-1-1-1-140x100.jpg 140w, https:\/\/sagnlandet.dk\/de\/wp-content\/uploads\/sites\/13\/2025\/02\/dronningebesoeg-i-kongehallen-30-april-2019-09-scaled-1-1-1-1-1200x860.jpg 1200w, https:\/\/sagnlandet.dk\/de\/wp-content\/uploads\/sites\/13\/2025\/02\/dronningebesoeg-i-kongehallen-30-april-2019-09-scaled-1-1-1-1-1320x946.jpg 1320w\" sizes=\"(max-width: 2560px) 100vw, 2560px\" \/><\/a><\/figure>\n\n\n<div class=\"wp-block-columns has-color-istid-background-color has-background is-layout-flex wp-container-core-columns-is-layout-3 wp-block-columns-is-layout-flex\">\n<div class=\"wp-block-column is-layout-flow wp-block-column-is-layout-flow\"><div class=\"wp-block-post-date\"><time datetime=\"2020-09-01T11:21:00+02:00\">1. September 2020<\/time><\/div><\/div>\n\n\n\n<div class=\"wp-block-column is-layout-flow wp-block-column-is-layout-flow\">\n<div class=\"wp-block-group is-layout-constrained wp-block-group-is-layout-constrained\"><div class=\"taxonomy-category wp-block-post-terms\"><span class=\"wp-block-post-terms__prefix\">Kategorier: <\/span><a href=\"https:\/\/sagnlandet.dk\/de\/blog\/category\/wikinger\/koenigssaal\/\" rel=\"tag\">K\u00f6nigssaal<\/a><span class=\"wp-block-post-terms__separator\">, <\/span><a href=\"https:\/\/sagnlandet.dk\/de\/blog\/category\/wikinger\/\" rel=\"tag\">Wikinger<\/a><\/div><\/div>\n<\/div>\n<\/div>\n\n\n<h5 class=\"wp-block-post-title\"><a href=\"https:\/\/sagnlandet.dk\/de\/blog\/2020\/09\/01\/lejre-land-of-legends-mit-dem-amalienborg-preis-und-300-000-dkk-ausgezeichnet\/\" target=\"_blank\" >Lejre Land of Legends mit dem Amalienborg-Preis und 300 000 DKK ausgezeichnet<\/a><\/h5>\n\n<div class=\"wp-block-post-excerpt\"><p class=\"wp-block-post-excerpt__excerpt\">Der Amalienborg-Preis, gestiftet von K\u00f6nigin Margrethe und Prinz Henriks Stiftung, wurde an die Kongehallen in Sagnlandet Lejre verliehen. <\/p><\/div>\n\n<a class=\"wp-block-read-more\" href=\"https:\/\/sagnlandet.dk\/de\/blog\/2020\/09\/01\/lejre-land-of-legends-mit-dem-amalienborg-preis-und-300-000-dkk-ausgezeichnet\/\" target=\"_self\">Weiterlesen<span class=\"screen-reader-text\">: Lejre Land of Legends mit dem Amalienborg-Preis und 300 000 DKK ausgezeichnet<\/span><\/a>\n\n\n<hr class=\"wp-block-separator has-alpha-channel-opacity is-style-wide\"\/>\n\n<\/li><\/ul>\n\n<nav class=\"wp-block-query-pagination is-content-justification-center is-layout-flex wp-container-core-query-pagination-is-layout-1 wp-block-query-pagination-is-layout-flex\" aria-label=\"Seitennummerierung\">\n\n\n<div class=\"wp-block-query-pagination-numbers\"><span aria-current=\"page\" class=\"page-numbers current\">1<\/span>\n<a class=\"page-numbers\" href=\"?query-96-page=2\">2<\/a>\n<a class=\"page-numbers\" href=\"?query-96-page=3\">3<\/a>\n<a class=\"page-numbers\" href=\"?query-96-page=4\">4<\/a><\/div>\n\n<a href=\"\/de\/wp-json\/wp\/v2\/pages\/70120?query-96-page=2\" class=\"wp-block-query-pagination-next\">N\u00e4chste Seite<span class='wp-block-query-pagination-next-arrow is-arrow-arrow' aria-hidden='true'>\u2192<\/span><\/a>\n<\/nav><\/div>\n\n\n\n<hr class=\"wp-block-separator has-alpha-channel-opacity\"\/>\n\n\n\n<h5 class=\"wp-block-heading\">Mehr Wikingerzeit in Lejre &#8211; Land der Legenden:<\/h5>\n\n\n\r\n\r\n<section class=\"standout-section standout-block standout-columns alignwide is-slick slick-overflow\" style=\"--columns: 3; --column-span: 1; --element-alignment: flex-start;\" data-columns=\"3\">\r\n\r\n\t<div class=\"standout-max-container\">\t\r\n\r\n<div class=\"standout-block-inner\">\r\n\t\t\t<div class=\"acf-innerblocks-container\">\n\r\n\r\n<section class=\"standout-block standout-column-element\">\r\n\r\n\t<div class=\"standout-max-container\">\t\r\n\r\n<div class=\"standout-block-inner\">\r\n\t\t\r\n\t\t\t<div class=\"acf-innerblocks-container\">\n\r\n\r\n<section class=\"standout-section standout-block standout-posts alignwide rounded-bg\">\r\n\r\n\t<div class=\"standout-max-container\">\t\r\n\r\n<div class=\"standout-block-inner\">\r\n\t<div class=\"acf-innerblocks-container\">\r\n\t\t\r\n\r\n<section class=\"standout-section standout-block standout-columns alignwide\" style=\"--columns: 1; --column-span: 1;\" data-columns=\"1\">\r\n\r\n\t<div class=\"standout-max-container\">\t\r\n\r\n<div class=\"standout-block-inner\">\r\n\t\t\t<div class=\"acf-innerblocks-container\">\r\n\t\t\t\r\n\r\n<section class=\"standout-block standout-column-element\">\r\n\r\n\t<div class=\"standout-max-container\">\t\r\n\r\n<div class=\"standout-block-inner\">\r\n\t\t\r\n\t\t\t<div class=\"acf-innerblocks-container\">\r\n\t\t\t\r\n<div class=\"post post-loop post-loop-type-page\">\r\n\t<a class=\"post-loop-link\" href=\"https:\/\/sagnlandet.dk\/de\/unterricht-in-der-wikingerregion\/\"><\/a>\r\n\r\n\t\t\t<div class=\"post-thumbnail-wrap\">\r\n\t\t\t<img loading=\"lazy\" decoding=\"async\" width=\"2560\" height=\"978\" src=\"https:\/\/sagnlandet.dk\/de\/wp-content\/uploads\/sites\/13\/2025\/02\/tinget-paa-ravnebjerg-2014-36-e1579184402645-scaled-1-1-1.jpg\" class=\"attachment-post-thumbnail size-post-thumbnail wp-post-image\" alt=\"\" srcset=\"https:\/\/sagnlandet.dk\/de\/wp-content\/uploads\/sites\/13\/2025\/02\/tinget-paa-ravnebjerg-2014-36-e1579184402645-scaled-1-1-1.jpg 2560w, https:\/\/sagnlandet.dk\/de\/wp-content\/uploads\/sites\/13\/2025\/02\/tinget-paa-ravnebjerg-2014-36-e1579184402645-scaled-1-1-1-600x229.jpg 600w, https:\/\/sagnlandet.dk\/de\/wp-content\/uploads\/sites\/13\/2025\/02\/tinget-paa-ravnebjerg-2014-36-e1579184402645-scaled-1-1-1-1920x734.jpg 1920w, https:\/\/sagnlandet.dk\/de\/wp-content\/uploads\/sites\/13\/2025\/02\/tinget-paa-ravnebjerg-2014-36-e1579184402645-scaled-1-1-1-1536x587.jpg 1536w, https:\/\/sagnlandet.dk\/de\/wp-content\/uploads\/sites\/13\/2025\/02\/tinget-paa-ravnebjerg-2014-36-e1579184402645-scaled-1-1-1-2048x782.jpg 2048w, https:\/\/sagnlandet.dk\/de\/wp-content\/uploads\/sites\/13\/2025\/02\/tinget-paa-ravnebjerg-2014-36-e1579184402645-scaled-1-1-1-262x100.jpg 262w, https:\/\/sagnlandet.dk\/de\/wp-content\/uploads\/sites\/13\/2025\/02\/tinget-paa-ravnebjerg-2014-36-e1579184402645-scaled-1-1-1-1200x458.jpg 1200w, https:\/\/sagnlandet.dk\/de\/wp-content\/uploads\/sites\/13\/2025\/02\/tinget-paa-ravnebjerg-2014-36-e1579184402645-scaled-1-1-1-1320x504.jpg 1320w\" sizes=\"(max-width: 2560px) 100vw, 2560px\" \/>\t\t<\/div>\r\n\t\r\n\t<div class=\"post-title-wrap\">\r\n\t\t<span class=\"post-title\">Unterricht in der Wikingerregion<\/span>\r\n\t<\/div>\r\n\r\n\t\t\t<div class=\"post-excerpt-wrap\">\r\n\t\t\t<span class=\"post-excerpt\"><\/span>\r\n\t\t<\/div>\r\n\t<\/div>\r\n\t\t<\/div>\r\n\t<\/div>\r\n\r\n\r\n\r\n\t\t<\/div>\r\n<\/section>\t\t<\/div>\r\n\t<\/div>\r\n\r\n\r\n\r\n\t\t<\/div>\r\n<\/section>\t<\/div>\r\n<\/div>\r\n\r\n\r\n\r\n\t\t<\/div>\r\n<\/section>\n<\/div>\r\n\t<\/div>\r\n\r\n\r\n\r\n\t\t<\/div>\r\n<\/section>\n\n\r\n\r\n<section class=\"standout-block standout-column-element\">\r\n\r\n\t<div class=\"standout-max-container\">\t\r\n\r\n<div class=\"standout-block-inner\">\r\n\t\t\r\n\t\t\t<div class=\"acf-innerblocks-container\">\n\r\n\r\n<section class=\"standout-section standout-block standout-posts alignwide rounded-bg\">\r\n\r\n\t<div class=\"standout-max-container\">\t\r\n\r\n<div class=\"standout-block-inner\">\r\n\t<div class=\"acf-innerblocks-container\">\r\n\t\t\r\n\r\n<section class=\"standout-section standout-block standout-columns alignwide\" style=\"--columns: 1; --column-span: 1;\" data-columns=\"1\">\r\n\r\n\t<div class=\"standout-max-container\">\t\r\n\r\n<div class=\"standout-block-inner\">\r\n\t\t\t<div class=\"acf-innerblocks-container\">\r\n\t\t\t\r\n\r\n<section class=\"standout-block standout-column-element\">\r\n\r\n\t<div class=\"standout-max-container\">\t\r\n\r\n<div class=\"standout-block-inner\">\r\n\t\t\r\n\t\t\t<div class=\"acf-innerblocks-container\">\r\n\t\t\t\r\n<div class=\"post post-loop post-loop-type-page\">\r\n\t<a class=\"post-loop-link\" href=\"https:\/\/sagnlandet.dk\/de\/machen-sie-urlaub-in-der-wikingerzeit\/\"><\/a>\r\n\r\n\t\t\t<div class=\"post-thumbnail-wrap\">\r\n\t\t\t<img loading=\"lazy\" decoding=\"async\" width=\"2560\" height=\"1816\" src=\"https:\/\/sagnlandet.dk\/de\/wp-content\/uploads\/sites\/13\/2025\/02\/vikingeunger.jpg-1.webp\" class=\"attachment-post-thumbnail size-post-thumbnail wp-post-image\" alt=\"\" srcset=\"https:\/\/sagnlandet.dk\/de\/wp-content\/uploads\/sites\/13\/2025\/02\/vikingeunger.jpg-1.webp 2560w, https:\/\/sagnlandet.dk\/de\/wp-content\/uploads\/sites\/13\/2025\/02\/vikingeunger.jpg-1-600x426.webp 600w, https:\/\/sagnlandet.dk\/de\/wp-content\/uploads\/sites\/13\/2025\/02\/vikingeunger.jpg-1-1920x1362.webp 1920w, https:\/\/sagnlandet.dk\/de\/wp-content\/uploads\/sites\/13\/2025\/02\/vikingeunger.jpg-1-1536x1090.webp 1536w, https:\/\/sagnlandet.dk\/de\/wp-content\/uploads\/sites\/13\/2025\/02\/vikingeunger.jpg-1-2048x1453.webp 2048w, https:\/\/sagnlandet.dk\/de\/wp-content\/uploads\/sites\/13\/2025\/02\/vikingeunger.jpg-1-141x100.webp 141w, https:\/\/sagnlandet.dk\/de\/wp-content\/uploads\/sites\/13\/2025\/02\/vikingeunger.jpg-1-1200x851.webp 1200w, https:\/\/sagnlandet.dk\/de\/wp-content\/uploads\/sites\/13\/2025\/02\/vikingeunger.jpg-1-1320x936.webp 1320w\" sizes=\"(max-width: 2560px) 100vw, 2560px\" \/>\t\t<\/div>\r\n\t\r\n\t<div class=\"post-title-wrap\">\r\n\t\t<span class=\"post-title\">Machen Sie Urlaub in der Wikingerzeit<\/span>\r\n\t<\/div>\r\n\r\n\t\t\t<div class=\"post-excerpt-wrap\">\r\n\t\t\t<span class=\"post-excerpt\"><\/span>\r\n\t\t<\/div>\r\n\t<\/div>\r\n\t\t<\/div>\r\n\t<\/div>\r\n\r\n\r\n\r\n\t\t<\/div>\r\n<\/section>\t\t<\/div>\r\n\t<\/div>\r\n\r\n\r\n\r\n\t\t<\/div>\r\n<\/section>\t<\/div>\r\n<\/div>\r\n\r\n\r\n\r\n\t\t<\/div>\r\n<\/section>\n<\/div>\r\n\t<\/div>\r\n\r\n\r\n\r\n\t\t<\/div>\r\n<\/section>\n<\/div>\r\n\t<\/div>\r\n\r\n\r\n\r\n\t\t<\/div>\r\n<\/section>","protected":false},"excerpt":{"rendered":"<p>seid gegr\u00fc\u00dft, Fremde, an diesem Tag des Odin In der K\u00f6nigshalle werden Sie von den Wikingern im Sagenland Lejre freundlich begr\u00fc\u00dft und k\u00f6nnen einen Blick auf das Leben in und um die Halle werfen, wie es vor mehr als 1000 Jahren ausgesehen haben k\u00f6nnte. Begegnen Sie dem Schmied an der Feuerstelle, werfen Sie einen Blick [&hellip;]<\/p>\n","protected":false},"author":3,"featured_media":71070,"parent":0,"menu_order":0,"comment_status":"open","ping_status":"open","template":"","meta":{"_acf_changed":false,"footnotes":""},"class_list":["post-70120","page","type-page","status-publish","has-post-thumbnail","hentry"],"acf":[],"yoast_head":"<!-- This site is optimized with the Yoast SEO plugin v23.5 - https:\/\/yoast.com\/wordpress\/plugins\/seo\/ -->\n<title>Die Wikingerzeit - Sagnlandet Lejre<\/title>\n<meta name=\"robots\" content=\"index, follow, max-snippet:-1, max-image-preview:large, max-video-preview:-1\" \/>\n<link rel=\"canonical\" href=\"https:\/\/sagnlandet.dk\/de\/the-viking-age\/\" \/>\n<link rel=\"next\" href=\"https:\/\/sagnlandet.dk\/de\/the-viking-age\/de\/wp-json\/wp\/v2\/pages\/70120?query-96-page=2\" \/>\n<meta property=\"og:locale\" content=\"de_DE\" \/>\n<meta property=\"og:type\" content=\"article\" \/>\n<meta property=\"og:title\" content=\"Die Wikingerzeit - Sagnlandet Lejre\" \/>\n<meta property=\"og:description\" content=\"seid gegr\u00fc\u00dft, Fremde, an diesem Tag des Odin In der K\u00f6nigshalle werden Sie von den Wikingern im Sagenland Lejre freundlich begr\u00fc\u00dft und k\u00f6nnen einen Blick auf das Leben in und um die Halle werfen, wie es vor mehr als 1000 Jahren ausgesehen haben k\u00f6nnte. Begegnen Sie dem Schmied an der Feuerstelle, werfen Sie einen Blick [&hellip;]\" \/>\n<meta property=\"og:url\" content=\"https:\/\/sagnlandet.dk\/de\/the-viking-age\/\" \/>\n<meta property=\"og:site_name\" content=\"Sagnlandet Lejre\" \/>\n<meta property=\"article:modified_time\" content=\"2025-02-24T06:11:08+00:00\" \/>\n<meta property=\"og:image\" content=\"https:\/\/sagnlandet.dk\/de\/wp-content\/uploads\/sites\/13\/2025\/02\/vikingeofring-i-skibsaetningen-scaled-1-1.jpg\" \/>\n\t<meta property=\"og:image:width\" content=\"2560\" \/>\n\t<meta property=\"og:image:height\" content=\"1148\" \/>\n\t<meta property=\"og:image:type\" content=\"image\/jpeg\" \/>\n<meta name=\"twitter:card\" content=\"summary_large_image\" \/>\n<meta name=\"twitter:label1\" content=\"Gesch\u00e4tzte Lesezeit\" \/>\n\t<meta name=\"twitter:data1\" content=\"2\u00a0Minuten\" \/>\n<!-- \/ Yoast SEO plugin. -->","yoast_head_json":{"title":"Die Wikingerzeit - Sagnlandet Lejre","robots":{"index":"index","follow":"follow","max-snippet":"max-snippet:-1","max-image-preview":"max-image-preview:large","max-video-preview":"max-video-preview:-1"},"canonical":"https:\/\/sagnlandet.dk\/de\/the-viking-age\/","next":"https:\/\/sagnlandet.dk\/de\/the-viking-age\/de\/wp-json\/wp\/v2\/pages\/70120?query-96-page=2","og_locale":"de_DE","og_type":"article","og_title":"Die Wikingerzeit - Sagnlandet Lejre","og_description":"seid gegr\u00fc\u00dft, Fremde, an diesem Tag des Odin In der K\u00f6nigshalle werden Sie von den Wikingern im Sagenland Lejre freundlich begr\u00fc\u00dft und k\u00f6nnen einen Blick auf das Leben in und um die Halle werfen, wie es vor mehr als 1000 Jahren ausgesehen haben k\u00f6nnte. Begegnen Sie dem Schmied an der Feuerstelle, werfen Sie einen Blick [&hellip;]","og_url":"https:\/\/sagnlandet.dk\/de\/the-viking-age\/","og_site_name":"Sagnlandet Lejre","article_modified_time":"2025-02-24T06:11:08+00:00","og_image":[{"width":2560,"height":1148,"url":"https:\/\/sagnlandet.dk\/de\/wp-content\/uploads\/sites\/13\/2025\/02\/vikingeofring-i-skibsaetningen-scaled-1-1.jpg","type":"image\/jpeg"}],"twitter_card":"summary_large_image","twitter_misc":{"Gesch\u00e4tzte Lesezeit":"2\u00a0Minuten"},"schema":{"@context":"https:\/\/schema.org","@graph":[{"@type":"WebPage","@id":"https:\/\/sagnlandet.dk\/de\/the-viking-age\/","url":"https:\/\/sagnlandet.dk\/de\/the-viking-age\/","name":"Die Wikingerzeit - Sagnlandet Lejre","isPartOf":{"@id":"https:\/\/sagnlandet.dk\/de\/#website"},"primaryImageOfPage":{"@id":"https:\/\/sagnlandet.dk\/de\/the-viking-age\/#primaryimage"},"image":{"@id":"https:\/\/sagnlandet.dk\/de\/the-viking-age\/#primaryimage"},"thumbnailUrl":"https:\/\/sagnlandet.dk\/de\/wp-content\/uploads\/sites\/13\/2025\/02\/vikingeofring-i-skibsaetningen-scaled-1-1-1.jpg","datePublished":"2024-10-15T07:33:30+00:00","dateModified":"2025-02-24T06:11:08+00:00","breadcrumb":{"@id":"https:\/\/sagnlandet.dk\/de\/the-viking-age\/#breadcrumb"},"inLanguage":"de","potentialAction":[{"@type":"ReadAction","target":["https:\/\/sagnlandet.dk\/de\/the-viking-age\/"]}]},{"@type":"ImageObject","inLanguage":"de","@id":"https:\/\/sagnlandet.dk\/de\/the-viking-age\/#primaryimage","url":"https:\/\/sagnlandet.dk\/de\/wp-content\/uploads\/sites\/13\/2025\/02\/vikingeofring-i-skibsaetningen-scaled-1-1-1.jpg","contentUrl":"https:\/\/sagnlandet.dk\/de\/wp-content\/uploads\/sites\/13\/2025\/02\/vikingeofring-i-skibsaetningen-scaled-1-1-1.jpg","width":2560,"height":1148},{"@type":"BreadcrumbList","@id":"https:\/\/sagnlandet.dk\/de\/the-viking-age\/#breadcrumb","itemListElement":[{"@type":"ListItem","position":1,"name":"Hjem","item":"https:\/\/sagnlandet.dk\/de\/"},{"@type":"ListItem","position":2,"name":"The Viking Age"}]},{"@type":"WebSite","@id":"https:\/\/sagnlandet.dk\/de\/#website","url":"https:\/\/sagnlandet.dk\/de\/","name":"Sagnlandet Lejre","description":"","publisher":{"@id":"https:\/\/sagnlandet.dk\/de\/#organization"},"potentialAction":[{"@type":"SearchAction","target":{"@type":"EntryPoint","urlTemplate":"https:\/\/sagnlandet.dk\/de\/?s={search_term_string}"},"query-input":{"@type":"PropertyValueSpecification","valueRequired":true,"valueName":"search_term_string"}}],"inLanguage":"de"},{"@type":"Organization","@id":"https:\/\/sagnlandet.dk\/de\/#organization","name":"Sagnlandet Lejre","url":"https:\/\/sagnlandet.dk\/de\/","logo":{"@type":"ImageObject","inLanguage":"de","@id":"https:\/\/sagnlandet.dk\/de\/#\/schema\/logo\/image\/","url":"https:\/\/sagnlandet.dk\/de\/wp-content\/uploads\/sites\/13\/1738\/65\/logo.png","contentUrl":"https:\/\/sagnlandet.dk\/de\/wp-content\/uploads\/sites\/13\/1738\/65\/logo.png","width":398,"height":143,"caption":"Sagnlandet Lejre"},"image":{"@id":"https:\/\/sagnlandet.dk\/de\/#\/schema\/logo\/image\/"}}]}},"_links":{"self":[{"href":"https:\/\/sagnlandet.dk\/de\/wp-json\/wp\/v2\/pages\/70120"}],"collection":[{"href":"https:\/\/sagnlandet.dk\/de\/wp-json\/wp\/v2\/pages"}],"about":[{"href":"https:\/\/sagnlandet.dk\/de\/wp-json\/wp\/v2\/types\/page"}],"author":[{"embeddable":true,"href":"https:\/\/sagnlandet.dk\/de\/wp-json\/wp\/v2\/users\/3"}],"replies":[{"embeddable":true,"href":"https:\/\/sagnlandet.dk\/de\/wp-json\/wp\/v2\/comments?post=70120"}],"version-history":[{"count":3,"href":"https:\/\/sagnlandet.dk\/de\/wp-json\/wp\/v2\/pages\/70120\/revisions"}],"predecessor-version":[{"id":71113,"href":"https:\/\/sagnlandet.dk\/de\/wp-json\/wp\/v2\/pages\/70120\/revisions\/71113"}],"wp:featuredmedia":[{"embeddable":true,"href":"https:\/\/sagnlandet.dk\/de\/wp-json\/wp\/v2\/media\/71070"}],"wp:attachment":[{"href":"https:\/\/sagnlandet.dk\/de\/wp-json\/wp\/v2\/media?parent=70120"}],"curies":[{"name":"wp","href":"https:\/\/api.w.org\/{rel}","templated":true}]}}