{"id":70098,"date":"2024-10-07T10:13:39","date_gmt":"2024-10-07T08:13:39","guid":{"rendered":"https:\/\/sagnlandet.dk\/cafe-hvidesoehus-2\/"},"modified":"2026-03-31T11:49:58","modified_gmt":"2026-03-31T09:49:58","slug":"cafe-hvidesohus","status":"publish","type":"page","link":"https:\/\/sagnlandet.dk\/de\/cafe-hvidesohus\/","title":{"rendered":"Caf\u00e9 Hvides\u00f8hus"},"content":{"rendered":"\n<div class=\"wp-block-cover is-light\"><span aria-hidden=\"true\" class=\"wp-block-cover__background has-background-dim\" style=\"background-color:#868d6d\"><\/span><img decoding=\"async\" class=\"wp-block-cover__image-background wp-image-1894\" alt=\"\" src=\"https:\/\/sagnlandet.dk\/wp-content\/uploads\/2025\/02\/sankt-hans-2019-15-scaled-1.jpg\" data-object-fit=\"cover\"\/><div class=\"wp-block-cover__inner-container is-layout-constrained wp-block-cover-is-layout-constrained\">\n<h1 class=\"wp-block-heading has-text-align-center has-color-bg-color has-text-color has-link-color has-large-font-size wp-elements-a2ef3e2d48bc168c4d25ea81d3544f31\">Caf\u00e9 Hvides\u00f8hus<\/h1>\n<\/div><\/div>\n\n\n\n<h3 class=\"wp-block-heading\"><strong>Willkommen im Caf\u00e9 Hvides\u00f8hus<\/strong><\/h3>\n\n\n\n<p>Das sch\u00f6ne, 2019 neu restaurierte Fachwerkhaus liegt direkt im Butterloch mit Blick auf B\u00e5ldalen, Kongehallen und das eisenzeitliche Dorf und ist der perfekte Ort f\u00fcr Ihre Pause.<\/p>\n\n\n\n<p>Das Hvides\u00f8hus wurde 1763 erbaut und diente der Landbev\u00f6lkerung der Gegend als Schnapsladen. Heute ist es der Schauplatz des Caf\u00e9s von Lejre Land of Legends.<\/p>\n\n\n\n<p>Wie in den guten alten Zeiten stellen wir das meiste, was Sie auf der Speisekarte und in unseren Kuchenvitrinen sehen, selbst her. Und wir versuchen, so viel wie m\u00f6glich saisonale Zutaten in unserer K\u00fcche zu verwenden. Es ist sinnvoll und schmeckt nicht zuletzt auch gut, wenn man die Zutaten dann verwendet, wenn sie gerade Saison haben.<\/p>\n\n\n\n<p>Wir k\u00fcmmern uns um \u00d6kologie, Nachhaltigkeit und Lebensmittelverschwendung, weil es vern\u00fcnftig ist und gut f\u00fcr Sie und unseren Planeten.<\/p>\n\n\n\n<div class=\"wp-block-buttons is-layout-flex wp-block-buttons-is-layout-flex\">\n<div class=\"wp-block-button\"><a class=\"wp-block-button__link wp-element-button\" href=\"https:\/\/sagnlandet.dk\/wp-content\/uploads\/2026\/03\/Menukort_Cafe_2026_Foraar_Engelsk.pdf\">Unsere Speisekarte finden Sie hier! (Englisch)<\/a><\/div>\n<\/div>\n\n\n\n<blockquote class=\"wp-block-quote is-layout-flow wp-block-quote-is-layout-flow\">\n<p><em>Lieber Gast &#8211; wir danken Ihnen f\u00fcr den Kauf von Speisen<\/em> <em>und Getr\u00e4nken in unserem historischen Caf\u00e9<\/em> <em>Hvides\u00f8hus. Damit tragen Sie dazu bei<\/em> <em>, dass Lejre Land of Legends seinen<\/em> <em>gemeinn\u00fctzigen Zweck und seine Arbeit<\/em> <em>aufrechterhalten<\/em> <em>kann:<\/em> <em>Geschichte f\u00fcr Jung und Alt<\/em> <em>durch Forschung, Bildung<\/em> <em> und Vermittlung<\/em> <em>lebendig<\/em> <em>werden zu lassen<\/em> <em>. <strong>Sie sind herzlich willkommen.<\/strong><\/em><\/p>\n<\/blockquote>\n\n\n\r\n\r\n<section class=\"standout-section standout-block standout-basic alignwide border-bg rounded-bg\">\r\n\r\n\t<div class=\"standout-max-container\">\t\r\n\r\n<div class=\"standout-block-inner\">\r\n\t\r\n\t\t\t\t\t\t<div class=\"acf-innerblocks-container\">\n\n<h2 class=\"wp-block-heading has-text-align-center has-h-4-font-size\">ESSEN &amp; TRINKEN<\/h2>\n\n<\/div>\r\n\t\t\t\r\n\t<\/div>\r\n\r\n\r\n\r\n\t\t<\/div>\r\n<\/section>\n\n\r\n\r\n<section class=\"standout-section standout-block standout-basic alignwide\">\r\n\r\n\t<div class=\"standout-max-container\">\t\r\n\r\n<div class=\"standout-block-inner\">\r\n\t\r\n\t\t\t\t\t\t<div class=\"acf-innerblocks-container\">\n\r\n\r\n<section class=\"standout-section standout-block standout-columns alignwide column-gap-s\" style=\"--columns: 2; --column-span: 1; --element-alignment: flex-start;\" data-columns=\"2\">\r\n\r\n\t<div class=\"standout-max-container\">\t\r\n\r\n<div class=\"standout-block-inner\">\r\n\t\t\t<div class=\"acf-innerblocks-container\">\n\r\n\r\n<section class=\"standout-block standout-column-element rounded-bg wp-elements-942b4ebb8812c1d81a5bb7c37db77cb3 has-bg has-bg-color has-text-color\" style=\"background-color: var(--wp--preset--color--color-gul); color: #ffffff;\">\r\n\r\n\t<div class=\"standout-max-container\">\t\r\n\r\n<div class=\"standout-block-inner\">\r\n\t\t\r\n\t\t\t<div class=\"acf-innerblocks-container\">\n\n<p>Das Caf\u00e9 Hvides\u00f8hus bietet eine Auswahl an hausgemachten kalten und warmen Mittagsgerichten an, die auf historischen Gerichten aus der Zeit um 1900 basieren, Oma-Essen mit einem Touch des 21.<\/p>\n\n\n\n<p>Wir bieten auch leckere Sandwiches zum Mitnehmen an, die Sie unterwegs genie\u00dfen k\u00f6nnen.<\/p>\n\n\n\n<p>Sind Sie nur ein wenig hungrig oder durstig? Wir bieten auch eine feine Auswahl an hei\u00dfen und kalten Getr\u00e4nken f\u00fcr G\u00e4ste jeden Alters. Oder wie w\u00e4re es mit einem selbstgebackenen Kuchen, einer Tasse hei\u00dfem Bio-Kaffee oder vielleicht sogar Eis?<\/p>\n\n\n\n<p>Genie\u00dfen Sie das Essen mit einem Bier von Herslev Bryghus oder einem Glas Met von Mj\u00f8dg\u00e5rd.<\/p>\n\n\n\n<p>Das Caf\u00e9 Hvides\u00f8hus entwickelt sich st\u00e4ndig weiter, und wir sind bestrebt, jeden Gast gl\u00fccklich zu machen. Deshalb gibt es auch immer ein vegetarisches Gericht, Pflanzenmilch im K\u00fchlschrank und glutenfreien Kuchen auf der Speisekarte.<\/p>\n\n<\/div>\r\n\t<\/div>\r\n\r\n\r\n\r\n\t\t<\/div>\r\n<\/section>\n\n\r\n\r\n<section class=\"standout-block standout-column-element rounded-bg\">\r\n\r\n\t<div class=\"standout-max-container\">\t\r\n\r\n<div class=\"standout-block-inner\">\r\n\t\t\r\n\t\t\t<div class=\"acf-innerblocks-container\">\n\r\n\r\n<section class=\"standout-section standout-block standout-basic alignwide align-content-bottom has-bg has-bg-img bg-size-cover bg-align-horizontal-center bg-align-vertical-center\">\r\n\r\n\t<div class=\"standout-max-container\">\t\r\n\r\n<div class=\"standout-block-inner\">\r\n\t\t\t\r\n\t<div class=\"standout-block-background-deco\" style=\"--bg-align-vertical: center; --bg-align-horizontal: center; --bg-object-position: center center\">\r\n\t\t<img loading=\"lazy\" decoding=\"async\" width=\"1320\" height=\"777\" src=\"https:\/\/sagnlandet.dk\/de\/wp-content\/uploads\/sites\/13\/1738\/65\/sankt-hans-2019-13-1320x777-1.jpg\" class=\"standout-block-background-deco-element\" alt=\"\" srcset=\"https:\/\/sagnlandet.dk\/de\/wp-content\/uploads\/sites\/13\/1738\/65\/sankt-hans-2019-13-1320x777-1.jpg 1320w, https:\/\/sagnlandet.dk\/de\/wp-content\/uploads\/sites\/13\/1738\/65\/sankt-hans-2019-13-1320x777-1-300x177.jpg 300w, https:\/\/sagnlandet.dk\/de\/wp-content\/uploads\/sites\/13\/1738\/65\/sankt-hans-2019-13-1320x777-1-170x100.jpg 170w, https:\/\/sagnlandet.dk\/de\/wp-content\/uploads\/sites\/13\/1738\/65\/sankt-hans-2019-13-1320x777-1-1200x706.jpg 1200w, https:\/\/sagnlandet.dk\/de\/wp-content\/uploads\/sites\/13\/1738\/65\/sankt-hans-2019-13-1320x777-1-600x353.jpg 600w\" sizes=\"(max-width: 1320px) 100vw, 1320px\" \/>\t<\/div>\r\n\r\n\t\t\r\n\t\t\t\t\t\t<div class=\"acf-innerblocks-container\">\n\n<h6 class=\"wp-block-heading has-color-bg-color has-text-color has-link-color wp-elements-357a2c96e838652dddcc1e44efc3bf60\">Essen und Trinken in Lejre &#8211; Land der Sagen<\/h6>\n\n<\/div>\r\n\t\t\t\r\n\t<\/div>\r\n\r\n\r\n\r\n\t\t<\/div>\r\n<\/section>\n<\/div>\r\n\t<\/div>\r\n\r\n\r\n\r\n\t\t<\/div>\r\n<\/section>\n<\/div>\r\n\t<\/div>\r\n\r\n\r\n\r\n\t\t<\/div>\r\n<\/section>\n<\/div>\r\n\t\t\t\r\n\t<\/div>\r\n\r\n\r\n\r\n\t\t<\/div>\r\n<\/section>\n\n\r\n\r\n<section class=\"standout-section standout-block standout-basic alignwide\">\r\n\r\n\t<div class=\"standout-max-container\">\t\r\n\r\n<div class=\"standout-block-inner\">\r\n\t\r\n\t\t\t\t\t\t<div class=\"acf-innerblocks-container\">\n\r\n\r\n<section class=\"standout-section standout-block standout-columns alignwide column-gap-s\" style=\"--columns: 2; --column-span: 1; --element-alignment: flex-start;\" data-columns=\"2\">\r\n\r\n\t<div class=\"standout-max-container\">\t\r\n\r\n<div class=\"standout-block-inner\">\r\n\t\t\t<div class=\"acf-innerblocks-container\">\n\r\n\r\n<section class=\"standout-block standout-column-element rounded-bg wp-elements-915726f03d6a3d1d05b8d58ae644fc62 has-bg has-bg-color has-text-color\" style=\"background-color: var(--wp--preset--color--color-text); color: #ffffff;\">\r\n\r\n\t<div class=\"standout-max-container\">\t\r\n\r\n<div class=\"standout-block-inner\">\r\n\t\t\r\n\t\t\t<div class=\"acf-innerblocks-container\">\n\n<p>Haben Sie Ihr Lunchpaket vergessen oder haben Sie keine Lust, es selbst zu packen?<\/p>\n\n\n\n<p>Das Caf\u00e9 Hvides\u00f8hus kann das f\u00fcr Sie \u00fcbernehmen! Wir bereiten gerne eine Brottasche f\u00fcr Sie und Ihre Familie\/Freunde vor, wenn Sie einen Ausflug machen. So k\u00f6nnen Sie sich zur\u00fccklehnen und das Essen genie\u00dfen und m\u00fcssen sich nicht mehr um Eink\u00e4ufe und Lunchpakete von zu Hause k\u00fcmmern. Sie k\u00f6nnen eine T\u00fcte mit belegten Br\u00f6tchen, Obst, S\u00fc\u00dfigkeiten und einem Erfrischungsgetr\u00e4nk kaufen. Oder wie w\u00e4re es, wenn Sie sich Kaffee und Kuchen zu Ihrer Veranstaltung auf dem Lande liefern lassen?<\/p>\n\n\n\n<p>Bald wird es m\u00f6glich sein, online zu bestellen und zu bezahlen und direkt im Caf\u00e9 abzuholen. Bis dahin schicken Sie uns eine E-Mail an cafe@sagnlandet.dk<\/p>\n\n<\/div>\r\n\t<\/div>\r\n\r\n\r\n\r\n\t\t<\/div>\r\n<\/section>\n\n\r\n\r\n<section class=\"standout-block standout-column-element rounded-bg\">\r\n\r\n\t<div class=\"standout-max-container\">\t\r\n\r\n<div class=\"standout-block-inner\">\r\n\t\t\r\n\t\t\t<div class=\"acf-innerblocks-container\">\n\r\n\r\n<section class=\"standout-section standout-block standout-basic alignwide align-content-bottom has-bg has-bg-img bg-size-cover bg-align-horizontal-center bg-align-vertical-center\">\r\n\r\n\t<div class=\"standout-max-container\">\t\r\n\r\n<div class=\"standout-block-inner\">\r\n\t\t\t\r\n\t<div class=\"standout-block-background-deco\" style=\"--bg-align-vertical: center; --bg-align-horizontal: center; --bg-object-position: center center\">\r\n\t\t<img loading=\"lazy\" decoding=\"async\" width=\"1320\" height=\"777\" src=\"https:\/\/sagnlandet.dk\/de\/wp-content\/uploads\/sites\/13\/1738\/65\/sankt-hans-2019-13-1320x777-1.jpg\" class=\"standout-block-background-deco-element\" alt=\"\" srcset=\"https:\/\/sagnlandet.dk\/de\/wp-content\/uploads\/sites\/13\/1738\/65\/sankt-hans-2019-13-1320x777-1.jpg 1320w, https:\/\/sagnlandet.dk\/de\/wp-content\/uploads\/sites\/13\/1738\/65\/sankt-hans-2019-13-1320x777-1-300x177.jpg 300w, https:\/\/sagnlandet.dk\/de\/wp-content\/uploads\/sites\/13\/1738\/65\/sankt-hans-2019-13-1320x777-1-170x100.jpg 170w, https:\/\/sagnlandet.dk\/de\/wp-content\/uploads\/sites\/13\/1738\/65\/sankt-hans-2019-13-1320x777-1-1200x706.jpg 1200w, https:\/\/sagnlandet.dk\/de\/wp-content\/uploads\/sites\/13\/1738\/65\/sankt-hans-2019-13-1320x777-1-600x353.jpg 600w\" sizes=\"(max-width: 1320px) 100vw, 1320px\" \/>\t<\/div>\r\n\r\n\t\t\r\n\t\t\t\t\t\t<div class=\"acf-innerblocks-container\">\n\n<h6 class=\"wp-block-heading has-color-bg-color has-text-color has-link-color wp-elements-baa45e1a6604cc0dfc6499b31fb0f72d\">Essen und Trinken in Lejre Land of Legends<\/h6>\n\n<\/div>\r\n\t\t\t\r\n\t<\/div>\r\n\r\n\r\n\r\n\t\t<\/div>\r\n<\/section>\n<\/div>\r\n\t<\/div>\r\n\r\n\r\n\r\n\t\t<\/div>\r\n<\/section>\n<\/div>\r\n\t<\/div>\r\n\r\n\r\n\r\n\t\t<\/div>\r\n<\/section>\n<\/div>\r\n\t\t\t\r\n\t<\/div>\r\n\r\n\r\n\r\n\t\t<\/div>\r\n<\/section>\n\n\r\n\r\n<section class=\"standout-section standout-block standout-basic alignwide\">\r\n\r\n\t<div class=\"standout-max-container\">\t\r\n\r\n<div class=\"standout-block-inner\">\r\n\t\r\n\t\t\t\t\t\t<div class=\"acf-innerblocks-container\">\n\r\n\r\n<section class=\"standout-section standout-block standout-columns alignwide column-gap-s\" style=\"--columns: 2; --column-span: 1; --element-alignment: flex-start;\" data-columns=\"2\">\r\n\r\n\t<div class=\"standout-max-container\">\t\r\n\r\n<div class=\"standout-block-inner\">\r\n\t\t\t<div class=\"acf-innerblocks-container\">\n\r\n\r\n<section class=\"standout-block standout-column-element rounded-bg wp-elements-ac9c919c0070be222d2999e8593de5c3 has-bg has-bg-color has-text-color\" style=\"background-color: var(--wp--preset--color--color-gul); color: #ffffff;\">\r\n\r\n\t<div class=\"standout-max-container\">\t\r\n\r\n<div class=\"standout-block-inner\">\r\n\t\t\r\n\t\t\t<div class=\"acf-innerblocks-container\">\n\n<p>Das Caf\u00e9 bietet Platz f\u00fcr ca. 50 G\u00e4ste mit Sitzpl\u00e4tzen im Inneren. Drau\u00dfen haben wir einen sch\u00f6nen gro\u00dfen Innenhof mit Tischen und B\u00e4nken, wo Sie Ihr Essen genie\u00dfen k\u00f6nnen &#8211; sowohl bei Sonne als auch bei Regen. Wir haben riesige Sonnenschirme aufgestellt, die sowohl Licht als auch W\u00e4rme spenden, so dass auch nasses und kaltes Wetter Ihre Pause nicht tr\u00fcben kann.<\/p>\n\n<\/div>\r\n\t<\/div>\r\n\r\n\r\n\r\n\t\t<\/div>\r\n<\/section>\n\n\r\n\r\n<section class=\"standout-block standout-column-element rounded-bg\">\r\n\r\n\t<div class=\"standout-max-container\">\t\r\n\r\n<div class=\"standout-block-inner\">\r\n\t\t\r\n\t\t\t<div class=\"acf-innerblocks-container\">\n\r\n\r\n<section class=\"standout-section standout-block standout-basic alignwide align-content-bottom has-bg has-bg-img bg-size-cover bg-align-horizontal-center bg-align-vertical-center\">\r\n\r\n\t<div class=\"standout-max-container\">\t\r\n\r\n<div class=\"standout-block-inner\">\r\n\t\t\t\r\n\t<div class=\"standout-block-background-deco\" style=\"--bg-align-vertical: center; --bg-align-horizontal: center; --bg-object-position: center center\">\r\n\t\t<img loading=\"lazy\" decoding=\"async\" width=\"768\" height=\"408\" src=\"https:\/\/sagnlandet.dk\/de\/wp-content\/uploads\/sites\/13\/1738\/65\/videsoehus-indvielse-2-august-2019-01-1320x702-1-768x408-1.jpg\" class=\"standout-block-background-deco-element\" alt=\"\" srcset=\"https:\/\/sagnlandet.dk\/de\/wp-content\/uploads\/sites\/13\/1738\/65\/videsoehus-indvielse-2-august-2019-01-1320x702-1-768x408-1.jpg 768w, https:\/\/sagnlandet.dk\/de\/wp-content\/uploads\/sites\/13\/1738\/65\/videsoehus-indvielse-2-august-2019-01-1320x702-1-768x408-1-300x159.jpg 300w, https:\/\/sagnlandet.dk\/de\/wp-content\/uploads\/sites\/13\/1738\/65\/videsoehus-indvielse-2-august-2019-01-1320x702-1-768x408-1-188x100.jpg 188w, https:\/\/sagnlandet.dk\/de\/wp-content\/uploads\/sites\/13\/1738\/65\/videsoehus-indvielse-2-august-2019-01-1320x702-1-768x408-1-600x319.jpg 600w\" sizes=\"(max-width: 768px) 100vw, 768px\" \/>\t<\/div>\r\n\r\n\t\t\r\n\t\t\t\t\t\t<div class=\"acf-innerblocks-container\">\n\n<h6 class=\"wp-block-heading has-color-bg-color has-text-color has-link-color wp-elements-2f32a89f51aeff7a13112de1bbb6687e\">Sitzgelegenheiten<\/h6>\n\n<\/div>\r\n\t\t\t\r\n\t<\/div>\r\n\r\n\r\n\r\n\t\t<\/div>\r\n<\/section>\n<\/div>\r\n\t<\/div>\r\n\r\n\r\n\r\n\t\t<\/div>\r\n<\/section>\n<\/div>\r\n\t<\/div>\r\n\r\n\r\n\r\n\t\t<\/div>\r\n<\/section>\n<\/div>\r\n\t\t\t\r\n\t<\/div>\r\n\r\n\r\n\r\n\t\t<\/div>\r\n<\/section>\n\n\r\n\r\n<section class=\"standout-section standout-block standout-basic alignwide\">\r\n\r\n\t<div class=\"standout-max-container\">\t\r\n\r\n<div class=\"standout-block-inner\">\r\n\t\r\n\t\t\t\t\t\t<div class=\"acf-innerblocks-container\">\n\r\n\r\n<section class=\"standout-section standout-block standout-columns alignwide column-gap-s\" style=\"--columns: 2; --column-span: 1; --element-alignment: flex-start;\" data-columns=\"2\">\r\n\r\n\t<div class=\"standout-max-container\">\t\r\n\r\n<div class=\"standout-block-inner\">\r\n\t\t\t<div class=\"acf-innerblocks-container\">\n\r\n\r\n<section class=\"standout-block standout-column-element rounded-bg wp-elements-752d0a0a89d852f60bb42b75aa88ceee has-bg has-bg-color has-text-color\" style=\"background-color: var(--wp--preset--color--color-text); color: #ffffff;\">\r\n\r\n\t<div class=\"standout-max-container\">\t\r\n\r\n<div class=\"standout-block-inner\">\r\n\t\t\r\n\t\t\t<div class=\"acf-innerblocks-container\">\n\n<p>Wenn Ihr Unternehmen eine Verkaufstagung, ein Teambuilding oder etwas ganz anderes veranstaltet, setzen Sie sich mit uns in Verbindung, und wir arrangieren gerne Ihre Tagung einschlie\u00dflich Catering und Aktivit\u00e4ten. <a href=\"https:\/\/sagnlandet.dk\/en\/virksomheder\/\">Alle Informationen zur Buchung von Veranstaltungen finden Sie hier<\/a>.<\/p>\n\n\n\n<p>Bitte beachten Sie, dass es nicht m\u00f6glich ist, das Caf\u00e9 w\u00e4hrend unserer \u00d6ffnungszeiten zu mieten.<\/p>\n\n<\/div>\r\n\t<\/div>\r\n\r\n\r\n\r\n\t\t<\/div>\r\n<\/section>\n\n\r\n\r\n<section class=\"standout-block standout-column-element rounded-bg\">\r\n\r\n\t<div class=\"standout-max-container\">\t\r\n\r\n<div class=\"standout-block-inner\">\r\n\t\t\r\n\t\t\t<div class=\"acf-innerblocks-container\">\n\r\n\r\n<section class=\"standout-section standout-block standout-basic alignwide align-content-bottom has-bg has-bg-img bg-size-cover bg-align-horizontal-center bg-align-vertical-center\">\r\n\r\n\t<div class=\"standout-max-container\">\t\r\n\r\n<div class=\"standout-block-inner\">\r\n\t\t\t\r\n\t<div class=\"standout-block-background-deco\" style=\"--bg-align-vertical: center; --bg-align-horizontal: center; --bg-object-position: center center\">\r\n\t\t<img loading=\"lazy\" decoding=\"async\" width=\"1320\" height=\"1094\" src=\"https:\/\/sagnlandet.dk\/de\/wp-content\/uploads\/sites\/13\/2025\/02\/robaad-og-baaldal-27-juni-2019-34-1320x1094-1.jpg\" class=\"standout-block-background-deco-element\" alt=\"\" srcset=\"https:\/\/sagnlandet.dk\/de\/wp-content\/uploads\/sites\/13\/2025\/02\/robaad-og-baaldal-27-juni-2019-34-1320x1094-1.jpg 1320w, https:\/\/sagnlandet.dk\/de\/wp-content\/uploads\/sites\/13\/2025\/02\/robaad-og-baaldal-27-juni-2019-34-1320x1094-1-600x497.jpg 600w, https:\/\/sagnlandet.dk\/de\/wp-content\/uploads\/sites\/13\/2025\/02\/robaad-og-baaldal-27-juni-2019-34-1320x1094-1-121x100.jpg 121w, https:\/\/sagnlandet.dk\/de\/wp-content\/uploads\/sites\/13\/2025\/02\/robaad-og-baaldal-27-juni-2019-34-1320x1094-1-1200x995.jpg 1200w\" sizes=\"(max-width: 1320px) 100vw, 1320px\" \/>\t<\/div>\r\n\r\n\t\t\r\n\t\t\t\t\t\t<div class=\"acf-innerblocks-container\">\n\n<h6 class=\"wp-block-heading has-color-bg-color has-text-color has-link-color wp-elements-9e51e90eb61b732dedffa86f5358242a\">Firmenveranstaltungen<\/h6>\n\n<\/div>\r\n\t\t\t\r\n\t<\/div>\r\n\r\n\r\n\r\n\t\t<\/div>\r\n<\/section>\n<\/div>\r\n\t<\/div>\r\n\r\n\r\n\r\n\t\t<\/div>\r\n<\/section>\n<\/div>\r\n\t<\/div>\r\n\r\n\r\n\r\n\t\t<\/div>\r\n<\/section>\n<\/div>\r\n\t\t\t\r\n\t<\/div>\r\n\r\n\r\n\r\n\t\t<\/div>\r\n<\/section>\n\n\r\n\r\n<section class=\"standout-section standout-block standout-basic alignwide\">\r\n\r\n\t<div class=\"standout-max-container\">\t\r\n\r\n<div class=\"standout-block-inner\">\r\n\t\r\n\t\t\t\t\t\t<div class=\"acf-innerblocks-container\">\n\r\n\r\n<section class=\"standout-section standout-block standout-columns alignwide column-gap-s\" style=\"--columns: 2; --column-span: 1; --element-alignment: flex-start;\" data-columns=\"2\">\r\n\r\n\t<div class=\"standout-max-container\">\t\r\n\r\n<div class=\"standout-block-inner\">\r\n\t\t\t<div class=\"acf-innerblocks-container\">\n\r\n\r\n<section class=\"standout-block standout-column-element rounded-bg wp-elements-24b78eeafb3d31cdb60ba120c5e76b6c has-bg has-bg-color has-text-color\" style=\"background-color: var(--wp--preset--color--color-gul); color: #ffffff;\">\r\n\r\n\t<div class=\"standout-max-container\">\t\r\n\r\n<div class=\"standout-block-inner\">\r\n\t\t\r\n\t\t\t<div class=\"acf-innerblocks-container\">\n\n<p>Schenken Sie Ihren G\u00e4sten ein ganz besonderes Erlebnis im Lejre Land der Sagen. Wir bieten F\u00fchrungen, Geschichten und Spiele aus der Vergangenheit mit Verpflegung von morgens bis abends, geliefert vom Caf\u00e9 Hvides\u00f8hus.<\/p>\n\n<\/div>\r\n\t<\/div>\r\n\r\n\r\n\r\n\t\t<\/div>\r\n<\/section>\n\n\r\n\r\n<section class=\"standout-block standout-column-element rounded-bg\">\r\n\r\n\t<div class=\"standout-max-container\">\t\r\n\r\n<div class=\"standout-block-inner\">\r\n\t\t\r\n\t\t\t<div class=\"acf-innerblocks-container\">\n\r\n\r\n<section class=\"standout-section standout-block standout-basic alignwide align-content-bottom has-bg has-bg-img bg-size-cover bg-align-horizontal-center bg-align-vertical-center\">\r\n\r\n\t<div class=\"standout-max-container\">\t\r\n\r\n<div class=\"standout-block-inner\">\r\n\t\t\t\r\n\t<div class=\"standout-block-background-deco\" style=\"--bg-align-vertical: center; --bg-align-horizontal: center; --bg-object-position: center center\">\r\n\t\t<img loading=\"lazy\" decoding=\"async\" width=\"500\" height=\"342\" src=\"https:\/\/sagnlandet.dk\/de\/wp-content\/uploads\/sites\/13\/1738\/64\/jernalderpige-spiser-groed.jpg\" class=\"standout-block-background-deco-element\" alt=\"\" srcset=\"https:\/\/sagnlandet.dk\/de\/wp-content\/uploads\/sites\/13\/1738\/64\/jernalderpige-spiser-groed.jpg 500w, https:\/\/sagnlandet.dk\/de\/wp-content\/uploads\/sites\/13\/1738\/64\/jernalderpige-spiser-groed-300x205.jpg 300w, https:\/\/sagnlandet.dk\/de\/wp-content\/uploads\/sites\/13\/1738\/64\/jernalderpige-spiser-groed-146x100.jpg 146w\" sizes=\"(max-width: 500px) 100vw, 500px\" \/>\t<\/div>\r\n\r\n\t\t\r\n\t\t\t\t\t\t<div class=\"acf-innerblocks-container\">\n\n<h6 class=\"wp-block-heading has-color-bg-color has-text-color has-link-color wp-elements-c0d13465557972522c7f35bd67e515fb\">Private Veranstaltungen<\/h6>\n\n<\/div>\r\n\t\t\t\r\n\t<\/div>\r\n\r\n\r\n\r\n\t\t<\/div>\r\n<\/section>\n<\/div>\r\n\t<\/div>\r\n\r\n\r\n\r\n\t\t<\/div>\r\n<\/section>\n<\/div>\r\n\t<\/div>\r\n\r\n\r\n\r\n\t\t<\/div>\r\n<\/section>\n<\/div>\r\n\t\t\t\r\n\t<\/div>\r\n\r\n\r\n\r\n\t\t<\/div>\r\n<\/section>\n\n\r\n\r\n<section class=\"standout-section standout-block standout-basic alignwide border-bg rounded-bg\">\r\n\r\n\t<div class=\"standout-max-container\">\t\r\n\r\n<div class=\"standout-block-inner\">\r\n\t\r\n\t\t\t\t\t\t<div class=\"acf-innerblocks-container\">\n\n<h2 class=\"wp-block-heading has-text-align-center has-h-4-font-size\">Praktische Informationen<\/h2>\n\n<\/div>\r\n\t\t\t\r\n\t<\/div>\r\n\r\n\r\n\r\n\t\t<\/div>\r\n<\/section>\n\n\r\n\r\n<section class=\"standout-section standout-block standout-basic alignwide\">\r\n\r\n\t<div class=\"standout-max-container\">\t\r\n\r\n<div class=\"standout-block-inner\">\r\n\t\r\n\t\t\t\t\t\t<div class=\"acf-innerblocks-container\">\n\r\n\r\n<section class=\"standout-section standout-block standout-columns alignwide column-gap-s\" style=\"--columns: 2; --column-span: 1; --element-alignment: flex-start;\" data-columns=\"2\">\r\n\r\n\t<div class=\"standout-max-container\">\t\r\n\r\n<div class=\"standout-block-inner\">\r\n\t\t\t<div class=\"acf-innerblocks-container\">\n\r\n\r\n<section class=\"standout-block standout-column-element rounded-bg wp-elements-256f7b97b7bcda915d2472b7dca347f0 has-bg has-bg-color has-text-color\" style=\"background-color: var(--wp--preset--color--color-gul); color: #ffffff;\">\r\n\r\n\t<div class=\"standout-max-container\">\t\r\n\r\n<div class=\"standout-block-inner\">\r\n\t\t\r\n\t\t\t<div class=\"acf-innerblocks-container\">\n\n<p>In Lejre Land der Sagen k\u00f6nnen Sie gerne Ihr eigenes Essen mitbringen. Es gibt viele M\u00f6glichkeiten, an Tischen und B\u00e4nken im Freien zu sitzen und die Landschaft und das Essen zu genie\u00dfen.<\/p>\n\n<\/div>\r\n\t<\/div>\r\n\r\n\r\n\r\n\t\t<\/div>\r\n<\/section>\n\n\r\n\r\n<section class=\"standout-block standout-column-element rounded-bg\">\r\n\r\n\t<div class=\"standout-max-container\">\t\r\n\r\n<div class=\"standout-block-inner\">\r\n\t\t\r\n\t\t\t<div class=\"acf-innerblocks-container\">\n\r\n\r\n<section class=\"standout-section standout-block standout-basic alignwide align-content-bottom has-bg has-bg-img bg-size-cover bg-align-horizontal-center bg-align-vertical-center\">\r\n\r\n\t<div class=\"standout-max-container\">\t\r\n\r\n<div class=\"standout-block-inner\">\r\n\t\t\t\r\n\t<div class=\"standout-block-background-deco\" style=\"--bg-align-vertical: center; --bg-align-horizontal: center; --bg-object-position: center center\">\r\n\t\t<img loading=\"lazy\" decoding=\"async\" width=\"1320\" height=\"719\" src=\"https:\/\/sagnlandet.dk\/de\/wp-content\/uploads\/sites\/13\/1738\/64\/aarsfest-2019-24-1320x719-1.jpg\" class=\"standout-block-background-deco-element\" alt=\"\" srcset=\"https:\/\/sagnlandet.dk\/de\/wp-content\/uploads\/sites\/13\/1738\/64\/aarsfest-2019-24-1320x719-1.jpg 1320w, https:\/\/sagnlandet.dk\/de\/wp-content\/uploads\/sites\/13\/1738\/64\/aarsfest-2019-24-1320x719-1-300x163.jpg 300w, https:\/\/sagnlandet.dk\/de\/wp-content\/uploads\/sites\/13\/1738\/64\/aarsfest-2019-24-1320x719-1-184x100.jpg 184w, https:\/\/sagnlandet.dk\/de\/wp-content\/uploads\/sites\/13\/1738\/64\/aarsfest-2019-24-1320x719-1-1200x654.jpg 1200w, https:\/\/sagnlandet.dk\/de\/wp-content\/uploads\/sites\/13\/1738\/64\/aarsfest-2019-24-1320x719-1-600x327.jpg 600w\" sizes=\"(max-width: 1320px) 100vw, 1320px\" \/>\t<\/div>\r\n\r\n\t\t\r\n\t\t\t\t\t\t<div class=\"acf-innerblocks-container\">\n\n<h6 class=\"wp-block-heading has-color-bg-color has-text-color has-link-color wp-elements-5d1cc071e6e513b49a20ac9e8b7ddf8e\">Bringen Sie Ihr eigenes Essen mit<\/h6>\n\n<\/div>\r\n\t\t\t\r\n\t<\/div>\r\n\r\n\r\n\r\n\t\t<\/div>\r\n<\/section>\n<\/div>\r\n\t<\/div>\r\n\r\n\r\n\r\n\t\t<\/div>\r\n<\/section>\n<\/div>\r\n\t<\/div>\r\n\r\n\r\n\r\n\t\t<\/div>\r\n<\/section>\n<\/div>\r\n\t\t\t\r\n\t<\/div>\r\n\r\n\r\n\r\n\t\t<\/div>\r\n<\/section>\n\n\r\n\r\n<section class=\"standout-section standout-block standout-basic alignwide\">\r\n\r\n\t<div class=\"standout-max-container\">\t\r\n\r\n<div class=\"standout-block-inner\">\r\n\t\r\n\t\t\t\t\t\t<div class=\"acf-innerblocks-container\">\n\r\n\r\n<section class=\"standout-section standout-block standout-columns alignwide column-gap-s\" style=\"--columns: 2; --column-span: 1; --element-alignment: flex-start;\" data-columns=\"2\">\r\n\r\n\t<div class=\"standout-max-container\">\t\r\n\r\n<div class=\"standout-block-inner\">\r\n\t\t\t<div class=\"acf-innerblocks-container\">\n\r\n\r\n<section class=\"standout-block standout-column-element rounded-bg wp-elements-b2d1d160ef6e43a28a80b6c1fbeb70df has-bg has-bg-color has-text-color\" style=\"background-color: var(--wp--preset--color--color-text); color: #ffffff;\">\r\n\r\n\t<div class=\"standout-max-container\">\t\r\n\r\n<div class=\"standout-block-inner\">\r\n\t\t\r\n\t\t\t<div class=\"acf-innerblocks-container\">\n\n<p>In dem kleinen Geb\u00e4ude neben dem Caf\u00e9 und im Empfangszentrum finden Sie Toiletten, einschlie\u00dflich Wickelm\u00f6glichkeiten und Behindertentoiletten.<\/p>\n\n<\/div>\r\n\t<\/div>\r\n\r\n\r\n\r\n\t\t<\/div>\r\n<\/section>\n\n\r\n\r\n<section class=\"standout-block standout-column-element rounded-bg\">\r\n\r\n\t<div class=\"standout-max-container\">\t\r\n\r\n<div class=\"standout-block-inner\">\r\n\t\t\r\n\t\t\t<div class=\"acf-innerblocks-container\">\n\r\n\r\n<section class=\"standout-section standout-block standout-basic alignwide align-content-bottom has-bg has-bg-img bg-size-cover bg-align-horizontal-center bg-align-vertical-center\">\r\n\r\n\t<div class=\"standout-max-container\">\t\r\n\r\n<div class=\"standout-block-inner\">\r\n\t\t\t\r\n\t<div class=\"standout-block-background-deco\" style=\"--bg-align-vertical: center; --bg-align-horizontal: center; --bg-object-position: center center\">\r\n\t\t<img loading=\"lazy\" decoding=\"async\" width=\"1920\" height=\"800\" src=\"https:\/\/sagnlandet.dk\/de\/wp-content\/uploads\/sites\/13\/2025\/02\/robaad-og-baaldal-27-juni-2019-44-copy-1-scaled-1-1.jpg\" class=\"standout-block-background-deco-element\" alt=\"\" srcset=\"https:\/\/sagnlandet.dk\/de\/wp-content\/uploads\/sites\/13\/2025\/02\/robaad-og-baaldal-27-juni-2019-44-copy-1-scaled-1-1.jpg 2560w, https:\/\/sagnlandet.dk\/de\/wp-content\/uploads\/sites\/13\/2025\/02\/robaad-og-baaldal-27-juni-2019-44-copy-1-scaled-1-1-600x250.jpg 600w, https:\/\/sagnlandet.dk\/de\/wp-content\/uploads\/sites\/13\/2025\/02\/robaad-og-baaldal-27-juni-2019-44-copy-1-scaled-1-1-1920x800.jpg 1920w, https:\/\/sagnlandet.dk\/de\/wp-content\/uploads\/sites\/13\/2025\/02\/robaad-og-baaldal-27-juni-2019-44-copy-1-scaled-1-1-1536x640.jpg 1536w, https:\/\/sagnlandet.dk\/de\/wp-content\/uploads\/sites\/13\/2025\/02\/robaad-og-baaldal-27-juni-2019-44-copy-1-scaled-1-1-2048x853.jpg 2048w, https:\/\/sagnlandet.dk\/de\/wp-content\/uploads\/sites\/13\/2025\/02\/robaad-og-baaldal-27-juni-2019-44-copy-1-scaled-1-1-240x100.jpg 240w, https:\/\/sagnlandet.dk\/de\/wp-content\/uploads\/sites\/13\/2025\/02\/robaad-og-baaldal-27-juni-2019-44-copy-1-scaled-1-1-1200x500.jpg 1200w, https:\/\/sagnlandet.dk\/de\/wp-content\/uploads\/sites\/13\/2025\/02\/robaad-og-baaldal-27-juni-2019-44-copy-1-scaled-1-1-1320x550.jpg 1320w\" sizes=\"(max-width: 1920px) 100vw, 1920px\" \/>\t<\/div>\r\n\r\n\t\t\r\n\t\t\t\t\t\t<div class=\"acf-innerblocks-container\">\n\n<h6 class=\"wp-block-heading has-color-bg-color has-text-color has-link-color wp-elements-eaefab01c207073b9cae9f835056f4b1\">Toiletten<\/h6>\n\n<\/div>\r\n\t\t\t\r\n\t<\/div>\r\n\r\n\r\n\r\n\t\t<\/div>\r\n<\/section>\n<\/div>\r\n\t<\/div>\r\n\r\n\r\n\r\n\t\t<\/div>\r\n<\/section>\n<\/div>\r\n\t<\/div>\r\n\r\n\r\n\r\n\t\t<\/div>\r\n<\/section>\n<\/div>\r\n\t\t\t\r\n\t<\/div>\r\n\r\n\r\n\r\n\t\t<\/div>\r\n<\/section>\n\n\r\n\r\n<section class=\"standout-section standout-block standout-basic alignwide\">\r\n\r\n\t<div class=\"standout-max-container\">\t\r\n\r\n<div class=\"standout-block-inner\">\r\n\t\r\n\t\t\t\t\t\t<div class=\"acf-innerblocks-container\">\n\r\n\r\n<section class=\"standout-section standout-block standout-columns alignwide column-gap-s\" style=\"--columns: 2; --column-span: 1; --element-alignment: flex-start;\" data-columns=\"2\">\r\n\r\n\t<div class=\"standout-max-container\">\t\r\n\r\n<div class=\"standout-block-inner\">\r\n\t\t\t<div class=\"acf-innerblocks-container\">\n\r\n\r\n<section class=\"standout-block standout-column-element rounded-bg wp-elements-4388fa2f96f91b4f27ac7698e5b14a25 has-bg has-bg-color has-text-color\" style=\"background-color: var(--wp--preset--color--color-gul); color: #ffffff;\">\r\n\r\n\t<div class=\"standout-max-container\">\t\r\n\r\n<div class=\"standout-block-inner\">\r\n\t\t\r\n\t\t\t<div class=\"acf-innerblocks-container\">\n\n<p>Es ist m\u00f6glich, einen Tisch f\u00fcr Sie und Ihre kleine Gruppe (8-30 Personen) w\u00e4hrend der \u00d6ffnungszeiten von Lejre Land of Legends unter cafe@sagnlandet.dk zu reservieren &#8211; jedoch NICHT w\u00e4hrend der Schulsommerferien (Wochen 26-31).<\/p>\n\n\n\n<p>Teilen Sie uns mit, an welchem Tag und um welche Uhrzeit Sie kommen m\u00f6chten. Bitte teilen Sie uns auch mit, was Sie bei Ihrem Besuch essen und trinken m\u00f6chten.<\/p>\n\n\n\n<p>Sie k\u00f6nnen die Tische im Freien nicht reservieren.<\/p>\n\n<\/div>\r\n\t<\/div>\r\n\r\n\r\n\r\n\t\t<\/div>\r\n<\/section>\n\n\r\n\r\n<section class=\"standout-block standout-column-element rounded-bg\">\r\n\r\n\t<div class=\"standout-max-container\">\t\r\n\r\n<div class=\"standout-block-inner\">\r\n\t\t\r\n\t\t\t<div class=\"acf-innerblocks-container\">\n\r\n\r\n<section class=\"standout-section standout-block standout-basic alignwide align-content-bottom has-bg has-bg-img bg-size-cover bg-align-horizontal-center bg-align-vertical-center\">\r\n\r\n\t<div class=\"standout-max-container\">\t\r\n\r\n<div class=\"standout-block-inner\">\r\n\t\t\t\r\n\t<div class=\"standout-block-background-deco\" style=\"--bg-align-vertical: center; --bg-align-horizontal: center; --bg-object-position: center center\">\r\n\t\t<img loading=\"lazy\" decoding=\"async\" width=\"1320\" height=\"892\" src=\"https:\/\/sagnlandet.dk\/de\/wp-content\/uploads\/sites\/13\/1738\/65\/robaad-og-baaldal-27-juni-2019-28-1320x892-1.jpg\" class=\"standout-block-background-deco-element\" alt=\"\" srcset=\"https:\/\/sagnlandet.dk\/de\/wp-content\/uploads\/sites\/13\/1738\/65\/robaad-og-baaldal-27-juni-2019-28-1320x892-1.jpg 1320w, https:\/\/sagnlandet.dk\/de\/wp-content\/uploads\/sites\/13\/1738\/65\/robaad-og-baaldal-27-juni-2019-28-1320x892-1-300x203.jpg 300w, https:\/\/sagnlandet.dk\/de\/wp-content\/uploads\/sites\/13\/1738\/65\/robaad-og-baaldal-27-juni-2019-28-1320x892-1-148x100.jpg 148w, https:\/\/sagnlandet.dk\/de\/wp-content\/uploads\/sites\/13\/1738\/65\/robaad-og-baaldal-27-juni-2019-28-1320x892-1-1200x811.jpg 1200w, https:\/\/sagnlandet.dk\/de\/wp-content\/uploads\/sites\/13\/1738\/65\/robaad-og-baaldal-27-juni-2019-28-1320x892-1-600x405.jpg 600w\" sizes=\"(max-width: 1320px) 100vw, 1320px\" \/>\t<\/div>\r\n\r\n\t\t\r\n\t\t\t\t\t\t<div class=\"acf-innerblocks-container\">\n\n<h6 class=\"wp-block-heading has-color-bg-color has-text-color has-link-color wp-elements-4e9c87f67da5c57d7615440fa5918ebe\">Reservierung von Tischen<\/h6>\n\n<\/div>\r\n\t\t\t\r\n\t<\/div>\r\n\r\n\r\n\r\n\t\t<\/div>\r\n<\/section>\n<\/div>\r\n\t<\/div>\r\n\r\n\r\n\r\n\t\t<\/div>\r\n<\/section>\n<\/div>\r\n\t<\/div>\r\n\r\n\r\n\r\n\t\t<\/div>\r\n<\/section>\n<\/div>\r\n\t\t\t\r\n\t<\/div>\r\n\r\n\r\n\r\n\t\t<\/div>\r\n<\/section>\n\n\r\n\r\n<section class=\"standout-section standout-block standout-basic alignwide border-bg rounded-bg\">\r\n\r\n\t<div class=\"standout-max-container\">\t\r\n\r\n<div class=\"standout-block-inner\">\r\n\t\r\n\t\t\t\t\t\t<div class=\"acf-innerblocks-container\">\n\n<h2 class=\"wp-block-heading has-text-align-center has-h-4-font-size\"><strong>Die Geschichte des Hvides\u00f8hus<\/strong><\/h2>\n\n<\/div>\r\n\t\t\t\r\n\t<\/div>\r\n\r\n\r\n\r\n\t\t<\/div>\r\n<\/section>\n\n\n<figure class=\"wp-block-image size-full\"><img decoding=\"async\" src=\"https:\/\/sagnlandet.dk\/wp-content\/uploads\/2025\/02\/videsoehus-1320x923-1.jpg\" alt=\"\" class=\"wp-image-1896\"\/><\/figure>\n\n\n\n<h4 class=\"wp-block-heading\">Die Geschichte des Caf\u00e9 Hvides\u00f8hus<\/h4>\n\n\n\n<p>Das Hvids\u00f8hus wurde zwischen dem 1. Mai 1763 und dem 1. Mai 1764 erbaut. Das wissen wir, weil die Originalzeichnungen der Handwerker, die das Haus gebaut haben, im Archiv des Gutes Ledreborg gefunden wurden. Das Haus befindet sich auf dem Gel\u00e4nde von Ledreborg.<\/p>\n\n\n\n<p>Das Haus sollte als Forsthaus dienen, in dem der F\u00f6rster den Wald \u00fcberwachte und daf\u00fcr sorgte, dass kein illegaler Holzeinschlag stattfand. Au\u00dferdem sollte er ein Auge auf das Wild des Waldes haben, &#8220;dass keine Wilderer mit Hunden, Netzen oder Gewehren in den Wildgebieten der Grafschaft auftauchen&#8221;. Schlie\u00dflich sollte er dem Sch\u00fctzen bei der Pflege des Waldes behilflich sein, indem er Z\u00e4une ausbesserte, die Torfmoore beaufsichtigte und sich bei der Klapsjagd n\u00fctzlich machte.<\/p>\n\n\n\n<p>Einige Jahre sp\u00e4ter, im Jahr 1797, war das Haus kein Forsthaus mehr, sondern wurde zu einem gew\u00f6hnlichen Kleinbauernhof, als Jens Christiansen aus Bregentved einen Pachtvertrag f\u00fcr das Hvides\u00f8hus erhielt. Das Haus hatte 8 Morgen Land, auf dem Roggen, Hafer, Gerste und Erbsen geerntet wurden. Sie hatten Pferde, K\u00fche, Schafe, Schweine und H\u00fchner. Ehemann Jens Christiansen war dreimal verheiratet und hatte insgesamt 9 Kinder, von denen mehrere im S\u00e4uglingsalter starben.<\/p>\n\n\n\n<p>Jens Christiansen kam im November 1836 ungl\u00fccklich ums Leben, als in der Nacht des 7. Novembers in sein Haus eingebrochen wurde. Jens&#8217; Frau Maren Kirstine erz\u00e4hlt, dass sie abends aufwachte, als jemand an ihrem Sargdeckel griff. Sie rief nach ihrem Mann, der auf dem anderen Bett im Wohnzimmer lag. Er antwortete nicht, aber dann begann er pl\u00f6tzlich zu st\u00f6hnen und zu klagen. Als sie daraufhin fragte, ob er krank sei, kam jemand zu ihrem Bett und packte sie mit beiden H\u00e4nden am Hals, &#8220;so dass sie ihre Zunge v\u00f6llig verlor&#8221;.<br>Der Sohn des Paares, Niels, der im Zimmer neben dem Wohnzimmer schlief, war durch die Schreie seiner Eltern aufgewacht. Als er das Zimmer betrat, fl\u00fcchtete der Dieb. Jens Christiansen war von dem Einbrecher so schwer geschlagen worden, &#8220;dass er st\u00e4ndig Blut spuckte&#8221;, und vier Tage sp\u00e4ter erlag er seinen Verletzungen. Der Dieb, der S\u00f8ren S\u00f8rensen hie\u00df, wurde im folgenden Jahr wegen Raubes in Verbindung mit Einbruch und Diebstahl verurteilt.<\/p>\n\n\n\n<p>Von 1798 bis 1928 wurde das Haus von den Nachkommen von Jens und Maren bewohnt.<\/p>\n","protected":false},"excerpt":{"rendered":"<p>Willkommen im Caf\u00e9 Hvides\u00f8hus Das sch\u00f6ne, 2019 neu restaurierte Fachwerkhaus liegt direkt im Butterloch mit Blick auf B\u00e5ldalen, Kongehallen und das eisenzeitliche Dorf und ist der perfekte Ort f\u00fcr Ihre Pause. Das Hvides\u00f8hus wurde 1763 erbaut und diente der Landbev\u00f6lkerung der Gegend als Schnapsladen. Heute ist es der Schauplatz des Caf\u00e9s von Lejre Land of [&hellip;]<\/p>\n","protected":false},"author":3,"featured_media":71076,"parent":0,"menu_order":0,"comment_status":"open","ping_status":"open","template":"","meta":{"_acf_changed":false,"footnotes":""},"class_list":["post-70098","page","type-page","status-publish","has-post-thumbnail","hentry"],"acf":[],"yoast_head":"<!-- This site is optimized with the Yoast SEO plugin v23.5 - https:\/\/yoast.com\/wordpress\/plugins\/seo\/ -->\n<title>Caf\u00e9 Hvides\u00f8hus - Sagnlandet Lejre<\/title>\n<meta name=\"robots\" content=\"index, follow, max-snippet:-1, max-image-preview:large, max-video-preview:-1\" \/>\n<link rel=\"canonical\" href=\"https:\/\/sagnlandet.dk\/de\/cafe-hvidesohus\/\" \/>\n<meta property=\"og:locale\" content=\"de_DE\" \/>\n<meta property=\"og:type\" content=\"article\" \/>\n<meta property=\"og:title\" content=\"Caf\u00e9 Hvides\u00f8hus - Sagnlandet Lejre\" \/>\n<meta property=\"og:description\" content=\"Willkommen im Caf\u00e9 Hvides\u00f8hus Das sch\u00f6ne, 2019 neu restaurierte Fachwerkhaus liegt direkt im Butterloch mit Blick auf B\u00e5ldalen, Kongehallen und das eisenzeitliche Dorf und ist der perfekte Ort f\u00fcr Ihre Pause. Das Hvides\u00f8hus wurde 1763 erbaut und diente der Landbev\u00f6lkerung der Gegend als Schnapsladen. Heute ist es der Schauplatz des Caf\u00e9s von Lejre Land of [&hellip;]\" \/>\n<meta property=\"og:url\" content=\"https:\/\/sagnlandet.dk\/de\/cafe-hvidesohus\/\" \/>\n<meta property=\"og:site_name\" content=\"Sagnlandet Lejre\" \/>\n<meta property=\"article:modified_time\" content=\"2026-03-31T09:49:58+00:00\" \/>\n<meta property=\"og:image\" content=\"https:\/\/sagnlandet.dk\/de\/wp-content\/uploads\/sites\/13\/2025\/02\/sankt-hans-2019-15-scaled-1-1-1.jpg\" \/>\n\t<meta property=\"og:image:width\" content=\"2560\" \/>\n\t<meta property=\"og:image:height\" content=\"1502\" \/>\n\t<meta property=\"og:image:type\" content=\"image\/jpeg\" \/>\n<meta name=\"twitter:card\" content=\"summary_large_image\" \/>\n<meta name=\"twitter:label1\" content=\"Gesch\u00e4tzte Lesezeit\" \/>\n\t<meta name=\"twitter:data1\" content=\"7\u00a0Minuten\" \/>\n<!-- \/ Yoast SEO plugin. -->","yoast_head_json":{"title":"Caf\u00e9 Hvides\u00f8hus - Sagnlandet Lejre","robots":{"index":"index","follow":"follow","max-snippet":"max-snippet:-1","max-image-preview":"max-image-preview:large","max-video-preview":"max-video-preview:-1"},"canonical":"https:\/\/sagnlandet.dk\/de\/cafe-hvidesohus\/","og_locale":"de_DE","og_type":"article","og_title":"Caf\u00e9 Hvides\u00f8hus - Sagnlandet Lejre","og_description":"Willkommen im Caf\u00e9 Hvides\u00f8hus Das sch\u00f6ne, 2019 neu restaurierte Fachwerkhaus liegt direkt im Butterloch mit Blick auf B\u00e5ldalen, Kongehallen und das eisenzeitliche Dorf und ist der perfekte Ort f\u00fcr Ihre Pause. Das Hvides\u00f8hus wurde 1763 erbaut und diente der Landbev\u00f6lkerung der Gegend als Schnapsladen. Heute ist es der Schauplatz des Caf\u00e9s von Lejre Land of [&hellip;]","og_url":"https:\/\/sagnlandet.dk\/de\/cafe-hvidesohus\/","og_site_name":"Sagnlandet Lejre","article_modified_time":"2026-03-31T09:49:58+00:00","og_image":[{"width":2560,"height":1502,"url":"https:\/\/sagnlandet.dk\/de\/wp-content\/uploads\/sites\/13\/2025\/02\/sankt-hans-2019-15-scaled-1-1-1.jpg","type":"image\/jpeg"}],"twitter_card":"summary_large_image","twitter_misc":{"Gesch\u00e4tzte Lesezeit":"7\u00a0Minuten"},"schema":{"@context":"https:\/\/schema.org","@graph":[{"@type":"WebPage","@id":"https:\/\/sagnlandet.dk\/de\/cafe-hvidesohus\/","url":"https:\/\/sagnlandet.dk\/de\/cafe-hvidesohus\/","name":"Caf\u00e9 Hvides\u00f8hus - Sagnlandet Lejre","isPartOf":{"@id":"https:\/\/sagnlandet.dk\/de\/#website"},"primaryImageOfPage":{"@id":"https:\/\/sagnlandet.dk\/de\/cafe-hvidesohus\/#primaryimage"},"image":{"@id":"https:\/\/sagnlandet.dk\/de\/cafe-hvidesohus\/#primaryimage"},"thumbnailUrl":"https:\/\/sagnlandet.dk\/de\/wp-content\/uploads\/sites\/13\/2025\/02\/sankt-hans-2019-15-scaled-1-1-1.jpg","datePublished":"2024-10-07T08:13:39+00:00","dateModified":"2026-03-31T09:49:58+00:00","breadcrumb":{"@id":"https:\/\/sagnlandet.dk\/de\/cafe-hvidesohus\/#breadcrumb"},"inLanguage":"de","potentialAction":[{"@type":"ReadAction","target":["https:\/\/sagnlandet.dk\/de\/cafe-hvidesohus\/"]}]},{"@type":"ImageObject","inLanguage":"de","@id":"https:\/\/sagnlandet.dk\/de\/cafe-hvidesohus\/#primaryimage","url":"https:\/\/sagnlandet.dk\/de\/wp-content\/uploads\/sites\/13\/2025\/02\/sankt-hans-2019-15-scaled-1-1-1.jpg","contentUrl":"https:\/\/sagnlandet.dk\/de\/wp-content\/uploads\/sites\/13\/2025\/02\/sankt-hans-2019-15-scaled-1-1-1.jpg","width":2560,"height":1502},{"@type":"BreadcrumbList","@id":"https:\/\/sagnlandet.dk\/de\/cafe-hvidesohus\/#breadcrumb","itemListElement":[{"@type":"ListItem","position":1,"name":"Hjem","item":"https:\/\/sagnlandet.dk\/de\/"},{"@type":"ListItem","position":2,"name":"Caf\u00e9 Hvides\u00f8hus"}]},{"@type":"WebSite","@id":"https:\/\/sagnlandet.dk\/de\/#website","url":"https:\/\/sagnlandet.dk\/de\/","name":"Sagnlandet Lejre","description":"","publisher":{"@id":"https:\/\/sagnlandet.dk\/de\/#organization"},"potentialAction":[{"@type":"SearchAction","target":{"@type":"EntryPoint","urlTemplate":"https:\/\/sagnlandet.dk\/de\/?s={search_term_string}"},"query-input":{"@type":"PropertyValueSpecification","valueRequired":true,"valueName":"search_term_string"}}],"inLanguage":"de"},{"@type":"Organization","@id":"https:\/\/sagnlandet.dk\/de\/#organization","name":"Sagnlandet Lejre","url":"https:\/\/sagnlandet.dk\/de\/","logo":{"@type":"ImageObject","inLanguage":"de","@id":"https:\/\/sagnlandet.dk\/de\/#\/schema\/logo\/image\/","url":"https:\/\/sagnlandet.dk\/de\/wp-content\/uploads\/sites\/13\/1738\/65\/logo.png","contentUrl":"https:\/\/sagnlandet.dk\/de\/wp-content\/uploads\/sites\/13\/1738\/65\/logo.png","width":398,"height":143,"caption":"Sagnlandet Lejre"},"image":{"@id":"https:\/\/sagnlandet.dk\/de\/#\/schema\/logo\/image\/"}}]}},"_links":{"self":[{"href":"https:\/\/sagnlandet.dk\/de\/wp-json\/wp\/v2\/pages\/70098"}],"collection":[{"href":"https:\/\/sagnlandet.dk\/de\/wp-json\/wp\/v2\/pages"}],"about":[{"href":"https:\/\/sagnlandet.dk\/de\/wp-json\/wp\/v2\/types\/page"}],"author":[{"embeddable":true,"href":"https:\/\/sagnlandet.dk\/de\/wp-json\/wp\/v2\/users\/3"}],"replies":[{"embeddable":true,"href":"https:\/\/sagnlandet.dk\/de\/wp-json\/wp\/v2\/comments?post=70098"}],"version-history":[{"count":6,"href":"https:\/\/sagnlandet.dk\/de\/wp-json\/wp\/v2\/pages\/70098\/revisions"}],"predecessor-version":[{"id":71603,"href":"https:\/\/sagnlandet.dk\/de\/wp-json\/wp\/v2\/pages\/70098\/revisions\/71603"}],"wp:featuredmedia":[{"embeddable":true,"href":"https:\/\/sagnlandet.dk\/de\/wp-json\/wp\/v2\/media\/71076"}],"wp:attachment":[{"href":"https:\/\/sagnlandet.dk\/de\/wp-json\/wp\/v2\/media?parent=70098"}],"curies":[{"name":"wp","href":"https:\/\/api.w.org\/{rel}","templated":true}]}}