{"id":70072,"date":"2024-10-02T09:20:11","date_gmt":"2024-10-02T07:20:11","guid":{"rendered":"https:\/\/sagnlandet.dk\/undervisningsforloeb\/"},"modified":"2025-02-24T07:11:44","modified_gmt":"2025-02-24T06:11:44","slug":"ausbildungskurse","status":"publish","type":"page","link":"https:\/\/sagnlandet.dk\/de\/ausbildungskurse\/","title":{"rendered":"Ausbildungskurse"},"content":{"rendered":"\r\n\r\n<section class=\"standout-section standout-block standout-basic alignfull rounded-bg wp-elements-d468e57e1bcfef7be8bace6e4728b2e7 hero-section side-spacing has-bg has-bg-img bg-size-cover bg-align-horizontal-center bg-align-vertical-center has-text-color\" style=\"color: #ffffff;\">\r\n\r\n\t<div class=\"standout-max-container\">\t\r\n\r\n<div class=\"standout-block-inner\">\r\n\t\t\t\r\n\t<div class=\"standout-block-background-deco\" style=\"--bg-align-vertical: center; --bg-align-horizontal: center; --bg-object-position: center center\">\r\n\t\t<img loading=\"lazy\" decoding=\"async\" width=\"1920\" height=\"783\" src=\"https:\/\/sagnlandet.dk\/de\/wp-content\/uploads\/sites\/13\/2025\/02\/ravnebjerg-juni-2017-abelone-bregninge-29-aspect-ratio-2321-946.jpg\" class=\"standout-block-background-deco-element\" alt=\"\" srcset=\"https:\/\/sagnlandet.dk\/de\/wp-content\/uploads\/sites\/13\/2025\/02\/ravnebjerg-juni-2017-abelone-bregninge-29-aspect-ratio-2321-946.jpg 2321w, https:\/\/sagnlandet.dk\/de\/wp-content\/uploads\/sites\/13\/2025\/02\/ravnebjerg-juni-2017-abelone-bregninge-29-aspect-ratio-2321-946-600x245.jpg 600w, https:\/\/sagnlandet.dk\/de\/wp-content\/uploads\/sites\/13\/2025\/02\/ravnebjerg-juni-2017-abelone-bregninge-29-aspect-ratio-2321-946-1920x783.jpg 1920w, https:\/\/sagnlandet.dk\/de\/wp-content\/uploads\/sites\/13\/2025\/02\/ravnebjerg-juni-2017-abelone-bregninge-29-aspect-ratio-2321-946-1536x626.jpg 1536w, https:\/\/sagnlandet.dk\/de\/wp-content\/uploads\/sites\/13\/2025\/02\/ravnebjerg-juni-2017-abelone-bregninge-29-aspect-ratio-2321-946-2048x835.jpg 2048w, https:\/\/sagnlandet.dk\/de\/wp-content\/uploads\/sites\/13\/2025\/02\/ravnebjerg-juni-2017-abelone-bregninge-29-aspect-ratio-2321-946-245x100.jpg 245w, https:\/\/sagnlandet.dk\/de\/wp-content\/uploads\/sites\/13\/2025\/02\/ravnebjerg-juni-2017-abelone-bregninge-29-aspect-ratio-2321-946-1200x489.jpg 1200w, https:\/\/sagnlandet.dk\/de\/wp-content\/uploads\/sites\/13\/2025\/02\/ravnebjerg-juni-2017-abelone-bregninge-29-aspect-ratio-2321-946-1320x538.jpg 1320w\" sizes=\"(max-width: 1920px) 100vw, 1920px\" \/>\t<\/div>\r\n\r\n\t\t\r\n\t\t\t\t\t\t<div class=\"acf-innerblocks-container\">\n\n<h1 class=\"wp-block-heading\">Bildungsprogramme<\/h1>\n\n\n\n<p class=\"has-h-6-font-size\">Verschaffen Sie sich einen \u00dcberblick \u00fcber die verschiedenen Bildungsprogramme, die in Lejre Land of Legends angeboten werden. <\/p>\n\n<\/div>\r\n\t\t\t\r\n\t\t\t<div class=\"standout-hero-information\"><div class=\"standout-hero-information-inner\">Das Programm des Tages finden Sie <a href=\"https:\/\/sagnlandet.dk\/de\/tagesprogramm\/\">hier <span height=\"1em\" class=\"standout-custom-svg custom-svg\"><?xml version=\"1.0\" encoding=\"UTF-8\"?><svg height=\"1em\" id=\"a\" xmlns=\"http:\/\/www.w3.org\/2000\/svg\" viewBox=\"0 0 16.28 22.02\"><path d=\"M5.4,18.67h-.24c-.77.76-1.5,1.5-2.28,2.28v.35h-.36c-.24.26-.45.47-.68.71H.74c0-.15-.01-.28-.02-.37-.24-.23-.45-.43-.7-.66v-.34c.08-.05.15-.1.23-.15-.06-.05-.14-.09-.19-.15-.03-.04-.06-.13-.04-.15.13-.13.28-.24.46-.39,0-.08,0-.22.01-.29.52-.52,1.01-1,1.49-1.49-.01-.02-.02-.03-.04-.05.14,0,.27-.01.35-.02.32-.33.61-.62.94-.95h.35c0-.15.02-.3.02-.37.2-.2.37-.37.58-.58h.26c.48-.49.93-.94,1.42-1.44h.35v-.38c.13-.11.22-.2.31-.28,0-.02-.02-.04-.03-.06h.34c.41-.42.77-.79,1.18-1.2h.25c.57-.57,1.1-1.11,1.66-1.68h.25c.2-.19.37-.33.52-.49.04-.04.09-.16.07-.18-.12-.11-.26-.19-.38-.3-.12-.11-.22-.23-.33-.35-.11-.12-.21-.24-.32-.36-.07-.07-.15-.13-.29-.24h-.25c-.31-.33-.6-.62-.92-.96h-.3c-.15-.17-.26-.3-.41-.48h-.31c-.15-.17-.26-.3-.41-.48h-.28c-.41-.42-.77-.79-1.18-1.2h-.27c-.31-.33-.6-.62-.92-.96h-.29c-.23-.25-.44-.47-.68-.72h-.29c-.14-.17-.26-.31-.4-.48h-.31c-.14-.17-.26-.31-.41-.48h-.28c-.29-.29-.53-.54-.83-.84v-.26c-.26-.24-.47-.44-.71-.67.1-.18-.21-.52.23-.68v-.31c.22-.22.38-.38.59-.59h1.02c.14.16.25.29.4.47h.36c.02.09.04.16.06.24h.35c.23.25.44.46.68.72h.29c.15.17.26.3.42.48h.27c.33.33.61.62.94.96.06,0,.19,0,.3.02.14.16.26.3.4.47h.29c.32.33.61.62.94.96h.28c.14.17.26.31.4.48h.37c0,.36.29.21.41.24.24.26.44.47.68.72h.34c.07.11,0,.36.28.23v.48c.15,0,.29.01.38.02.31.32.59.62.91.95h.28c.23.25.44.47.68.72h.3c.14-.16.26-.3.4-.47h1.33c0-.37.27-.21.47-.25.02-.06.05-.14.07-.22h.58c.19.2.36.37.57.58v.58c-.07.01-.14.03-.2.04-.1.17.13.48-.26.48v.33c-.2.21-.34.36-.49.51-.1.11-.2.23-.31.33-.12.1-.26.18-.39.29-.03.02-.03.12-.01.14.14.12.29.24.46.38v.36c.08.03.16.06.25.08v.65c.08.02.15.04.23.06v.42c-.07.02-.14.05-.23.07v.43h-.38c-.11.12-.17.18-.23.25-.05-.07-.11-.13-.19-.23h-.55c-.15-.17-.26-.3-.41-.48h-.32c-.26-.48-.68-.1-.93-.25-.24.25-.44.46-.68.72-.07,0-.2,0-.37.02v.37c-.13.11-.22.19-.31.27,0,.02.02.04.03.06h-.33c-.66.66-1.26,1.27-1.91,1.92h-.25c-.81.81-1.57,1.58-2.39,2.4h-.35c0,.15-.02.29-.02.39-.11.11-.2.19-.35.33Z\"\/><\/svg><\/span><\/a><\/div><div class=\"standout-hero-rowing-animation\"><img decoding=\"async\" class=\"animation\" src=\"https:\/\/sagnlandet.dk\/de\/wp-content\/themes\/s-child\/images\/rowing.png\"><\/div><\/div>\t<\/div>\r\n\r\n\r\n\r\n\t\t<\/div>\r\n<\/section>\n\n\r\n\r\n<section class=\"standout-section standout-block standout-basic alignwide border-bg rounded-bg\">\r\n\r\n\t<div class=\"standout-max-container\">\t\r\n\r\n<div class=\"standout-block-inner\">\r\n\t\r\n\t\t\t\t\t\t<div class=\"acf-innerblocks-container\">\n\n<h2 class=\"wp-block-heading has-text-align-center has-h-4-font-size\">Nehmen Sie die Klasse mit auf eine Reise durch die Zeit<\/h2>\n\n<\/div>\r\n\t\t\t\r\n\t<\/div>\r\n\r\n\r\n\r\n\t\t<\/div>\r\n<\/section>\n\n\n<div class=\"wp-block-buttons btn-gap-10 is-content-justification-center is-layout-flex wp-container-core-buttons-is-layout-1 wp-block-buttons-is-layout-flex\">\n<div class=\"wp-block-button has-custom-font-size\" style=\"font-size:14px\"><a class=\"wp-block-button__link has-color-maglemose-background-color has-background wp-element-button\" href=\"https:\/\/sagnlandet.dk\/de\/die-steinzeit-lehren\/\">Unterricht in der Steinzeit<\/a><\/div>\n\n\n\n<div class=\"wp-block-button has-custom-font-size\" style=\"font-size:14px\"><a class=\"wp-block-button__link has-color-jernalder-background-color has-background wp-element-button\" href=\"https:\/\/sagnlandet.dk\/de\/die-eisenzeit-im-unterricht\/\">Unterricht in der Eisenzeit<\/a><\/div>\n\n\n\n<div class=\"wp-block-button has-custom-font-size\" style=\"font-size:14px\"><a class=\"wp-block-button__link has-color-2-background-color has-background wp-element-button\" href=\"https:\/\/sagnlandet.dk\/de\/unterricht-in-der-wikingerregion\/\">Unterricht in der Wikingerzeit<\/a><\/div>\n\n\n\n<div class=\"wp-block-button has-custom-font-size\" style=\"font-size:14px\"><a class=\"wp-block-button__link has-color-landbo-background-color has-background wp-element-button\" href=\"https:\/\/sagnlandet.dk\/de\/der-unterricht-in-den-1850er-jahren\/\">Unterricht in den 1850er Jahren<\/a><\/div>\n\n\n\n<div class=\"wp-block-button has-custom-font-size\" style=\"font-size:14px\"><a class=\"wp-block-button__link has-color-text-background-color has-background wp-element-button\" href=\"https:\/\/sagnlandet.dk\/de\/unterricht-in-baldalen\/\">Unterricht im Tal des Feuers<\/a><\/div>\n<\/div>\n\n\n\r\n\r\n<section class=\"standout-section standout-block standout-basic alignwide\">\r\n\r\n\t<div class=\"standout-max-container\">\t\r\n\r\n<div class=\"standout-block-inner\">\r\n\t\r\n\t\t\t\t\t\t<div class=\"acf-innerblocks-container\">\n\n<div class=\"wp-block-columns alignfull standout-content-with-sidebar column-gap-s is-layout-flex wp-container-core-columns-is-layout-1 wp-block-columns-is-layout-flex\">\n<div class=\"wp-block-column standout-secondary-content is-layout-flow wp-block-column-is-layout-flow\">\r\n\r\n<section class=\"standout-section standout-block standout-basic alignwide rounded-bg wp-elements-195dd5328929e22f2952f09fcd654917 has-bg has-bg-color has-text-color\" style=\"background-color: var(--wp--preset--color--color-text); color: #ffffff;\">\r\n\r\n\t<div class=\"standout-max-container\">\t\r\n\r\n<div class=\"standout-block-inner\">\r\n\t\r\n\t\t\t\t\t\t<div class=\"acf-innerblocks-container\">\n\n<h4 class=\"wp-block-heading has-color-gul-color has-text-color has-link-color wp-elements-c108ffa59956cba5084362d7236edebe\">Lernziele<\/h4>\n\n\n\n<p>Jedes Bildungsprogramm von Lejre Land of Legends unterst\u00fctzt eine Reihe von Lernzielen, die die Vergangenheit ins rechte Licht r\u00fccken.<\/p>\n\n\n\n<p>Einige Lernziele gelten f\u00fcr alle Kurse von Lejre Land of Legends &#8211; andere sind spezielle Schwerpunkte, die f\u00fcr jeden Kurs ausgew\u00e4hlt und angepasst werden.<\/p>\n\n\n\n<p>Informationen zu den speziellen Schwerpunkten und Lernzielen finden Sie in dem grauen Kasten rechts neben der Beschreibung des jeweiligen Kurses.<\/p>\n\n\n\n<h6 class=\"wp-block-heading\">Allgemeine Lernziele<\/h6>\n\n\n\n<p>Alle Bildungsprogramme in Lejre Land of Legends sind gemeinschaftsbildend und f\u00f6rdern die F\u00e4higkeit der Sch\u00fcler, sich in andere hineinzuversetzen und ihre F\u00e4higkeit, sich zu wundern und Fragen zu stellen, zu erkennen und zu unterst\u00fctzen.<\/p>\n\n\n\n<p>Wenn Sie sich f\u00fcr einen Kurs in einem der Geschichtsbereiche von Lejre Land der Legenden entscheiden, erhalten Sie einen Kurs, der unterschiedliches Quellenmaterial &#8211; wie Rekonstruktionen, Geschichten und fesselnde Augenzeugenberichte aus der Person des Kursleiters &#8211; ins Spiel bringt, die quellenkritische Analyse unterst\u00fctzt und Raum f\u00fcr eigene Interpretationen und die Reflexion der Interaktion der Sch\u00fcler mit ihrer eigenen Lebenswelt l\u00e4sst.<\/p>\n\n<\/div>\r\n\t\t\t\r\n\t<\/div>\r\n\r\n\r\n\r\n\t\t<\/div>\r\n<\/section><\/div>\n\n\n\n<div class=\"wp-block-column standout-primary-content is-layout-flow wp-block-column-is-layout-flow\">\r\n\r\n<section class=\"standout-section standout-block standout-basic alignwide border-bg rounded-bg\">\r\n\r\n\t<div class=\"standout-max-container\">\t\r\n\r\n<div class=\"standout-block-inner\">\r\n\t\r\n\t\t\t\t\t\t<div class=\"acf-innerblocks-container\">\n\n<h6 class=\"wp-block-heading\">Wissen durch Erfahrung<\/h6>\n\n\n\n<p>Lejre Land of Legends bietet eine Lernlandschaft mit hohen Anspr\u00fcchen. Hier k\u00f6nnen Sie und Ihre Sch\u00fcler\/Kinder die Vergangenheit unter die Haut gehen lassen.<\/p>\n\n\n\n<p>Als p\u00e4dagogisches Aktivit\u00e4tszentrum macht Lejre Land of Legends abstraktes Wissen konkret, inspiriert von einem alten chinesischen Sprichwort:<\/p>\n\n\n\n<p><strong><em>Ich h\u00f6re und ich vergesse. <\/em><\/strong><strong><em>Ich sehe und ich erinnere mich. <\/em><\/strong><strong><em>Ich probiere und ich verstehe.<\/em><\/strong><\/p>\n\n\n\n<h6 class=\"wp-block-heading\">Lernen mit allen Sinnen<\/h6>\n\n\n\n<p>Learning by doing ist der Grundgedanke, wenn Sch\u00fcler in Praxisgemeinschaften arbeiten. &#8220;Lernen ist Tun und Tun ist Lernen&#8221; wird durch Methoden wie historische Werkstattarbeit, Lehre, die Schauspielmethode &#8220;Lernen in der Rolle&#8221;, verk\u00f6rpertes Lernen und dialogischen Unterricht unterst\u00fctzt.<\/p>\n\n\n\n<p>Dies sind die Grundelemente unserer p\u00e4dagogischen, gemeinschaftsst\u00e4rkenden Arbeit, bei der mit den H\u00e4nden erkundet wird, worum es geht. Alle Unterrichtsstunden f\u00f6rdern Wissen, Verst\u00e4ndnis und Anwendung, und es sind verschiedene Formen von Wissen im Spiel. Die Aktivit\u00e4ten sind sinnvoll, nachvollziehbar und \u00fcberschaubar.<\/p>\n\n\n\n<h6 class=\"wp-block-heading\">Unterst\u00fctzt gemeinsame Ziele<\/h6>\n\n\n\n<p>Die Lernprogramme von Lejre Land of Legends f\u00f6rdern einzelne F\u00e4cher und f\u00e4cher\u00fcbergreifendes Arbeiten in der Schule in den F\u00e4chern Geschichte, D\u00e4nisch, Kulinarik, Natur\/Technik, Sozialkunde, Bildende Kunst, Handwerk und Gestaltung, Biologie, Geografie und Christliche Studien.<\/p>\n\n\n\n<p>Die Angebote unterst\u00fctzen die Gemeinsamen Ziele und die Fachziele der F\u00e4cher gem\u00e4\u00df dem Nationalen Bildungsgesetz und tragen dazu bei, die Kompetenzen und F\u00e4higkeiten der Sch\u00fcler in den verschiedenen F\u00e4chern zu entwickeln.<\/p>\n\n<\/div>\r\n\t\t\t\r\n\t<\/div>\r\n\r\n\r\n\r\n\t\t<\/div>\r\n<\/section><\/div>\n<\/div>\n\n<\/div>\r\n\t\t\t\r\n\t<\/div>\r\n\r\n\r\n\r\n\t\t<\/div>\r\n<\/section>\n\n\r\n\r\n<section class=\"standout-section standout-block standout-basic alignwide\">\r\n\r\n\t<div class=\"standout-max-container\">\t\r\n\r\n<div class=\"standout-block-inner\">\r\n\t\r\n\t\t\t\t\t\t<div class=\"acf-innerblocks-container\">\n\n<div class=\"wp-block-columns alignfull standout-content-with-sidebar column-gap-s is-layout-flex wp-container-core-columns-is-layout-2 wp-block-columns-is-layout-flex\">\n<div class=\"wp-block-column standout-primary-content is-layout-flow wp-block-column-is-layout-flow\">\r\n\r\n<section class=\"standout-section standout-block standout-basic alignwide border-bg rounded-bg\">\r\n\r\n\t<div class=\"standout-max-container\">\t\r\n\r\n<div class=\"standout-block-inner\">\r\n\t\r\n\t\t\t\t\t\t<div class=\"acf-innerblocks-container\">\n\n<h6 class=\"wp-block-heading\">Primarschule<\/h6>\n\n\n\n<p>Das historische Bewusstsein der Sch\u00fclerinnen und Sch\u00fcler f\u00fcr die Beziehung zwischen Vergangenheit und Gegenwart, f\u00fcr die Interpretation und Kommunikation von Zeit und Raum wird betont.<\/p>\n\n\n\n<p>Dadurch werden die Sch\u00fcler mit der d\u00e4nischen Geschichte und Kultur vertraut gemacht und k\u00f6nnen ihr eigenes Leben und ihre Lebensbedingungen in den Blick nehmen. Sie k\u00f6nnen sich kritisch mit Quellenmaterial auseinandersetzen, sei es in Form von Rekonstruktionen, historischen Berichten oder im Dialog mit einem historischen Zeitzeugen, der in einer Rolle arbeitet.<\/p>\n\n\n\n<p>In Lejre Land of Legends begeben sich die Sch\u00fclerinnen und Sch\u00fcler auf eine Reise durch die Zeit und begegnen dabei historischen Szenarien, die ihnen helfen, einen Einblick in das Leben und die Lebensbedingungen der Menschen im Laufe der Zeit zu gewinnen. Dies f\u00f6rdert die Kompetenz der Sch\u00fcler im Umgang mit der Geschichte und entwickelt ihr Wissen und ihre Handlungskompetenz.<\/p>\n\n\n\n<p>Ein Kurs in Lejre Land of Legends ist eine Bildungsreise, die das Verst\u00e4ndnis f\u00fcr die Chronologie f\u00f6rdert und es den Sch\u00fclern erm\u00f6glicht, F\u00e4higkeiten und Kenntnisse zu erwerben.<\/p>\n\n\n\n<p>Die Geschichtskanonpunkte der Erteb\u00f8lle-Kultur, Kaiser Augustus und die Jelling-Denkm\u00e4ler werden in unseren historischen Umgebungen aus der Steinzeit, Eisenzeit und Wikingerzeit unterst\u00fctzt. Wortschatz und Fachsprache kommen ins Spiel und die Sch\u00fcler k\u00f6nnen sich selbst und andere mit neuen Augen sehen. Es erfordert Teamarbeit und Kooperation und tr\u00e4gt nicht zuletzt zur Gemeinschaft und zur Entwicklung sozialer Kompetenzen und Identit\u00e4tsbildung bei.<\/p>\n\n\n\n<div class=\"wp-block-buttons btn-gap-10 is-content-justification-center is-layout-flex wp-container-core-buttons-is-layout-2 wp-block-buttons-is-layout-flex\">\n<div class=\"wp-block-button has-custom-font-size is-style-fill\" style=\"font-size:14px\"><a class=\"wp-block-button__link has-color-text-background-color has-background wp-element-button\" href=\"https:\/\/sagnlandet.dk\/wp-content\/uploads\/2025\/01\/Levende-Fortid-2025-compressed.pdf\">Siehe den Ordner mit unseren Kursen<\/a><\/div>\n<\/div>\n\n\n\n<h6 class=\"wp-block-heading\">F\u00fcr die Kleinen<\/h6>\n\n\n\n<p>F\u00fcr die &#8220;kleinen Leute&#8221; aus den Kindertagesst\u00e4tten gibt es viele M\u00f6glichkeiten zum Staunen, Lernen und zur Entwicklung von F\u00e4higkeiten gem\u00e4\u00df dem p\u00e4dagogischen Lehrplan.<\/p>\n\n\n\n<p>Die Kinder k\u00f6nnen die Landschaft und die Natur erkunden und soziale Kompetenzen entwickeln, indem sie sich um das gemeinsame Drittel versammeln. Indem sie einander Aufmerksamkeit schenken, erweitern sie ihre Begriffswelt mit sprachlichem Bewusstsein f\u00fcr alles, was das Auge sieht und der K\u00f6rper f\u00fchlt. Sie fordern ihren K\u00f6rper mit verschiedenen k\u00f6rperlichen Aktivit\u00e4ten heraus, wie z. B. dem Gehen auf verschiedenen Untergr\u00fcnden, Kopfsteinpflaster, Schotter und Gras, sowie dem Kennenlernen einer anderen alten Kultur und dem Bewegen in einer fremden Welt.<\/p>\n\n\n\n<p>Wenn Sie W\u00fcnsche f\u00fcr spezielle Bildungsprogramme haben oder wenn es Themen gibt, die Sie gerne hervorgehoben haben m\u00f6chten, freut sich der Schulservice in Lejre Land of Legends \u00fcber Ihre Nachricht.<\/p>\n\n\n\n<h6 class=\"wp-block-heading\">Nutzen Sie uns f\u00fcr Ihr Vorhaben<\/h6>\n\n\n\n<p>Wenn Sie Lejre Land of Legends als &#8220;zus\u00e4tzliches Klassenzimmer&#8221; in Verbindung mit der Offenen Schule nutzen m\u00f6chten, k\u00f6nnen Sie ein <strong>Abonnement<\/strong> einrichten.<\/p>\n\n\n\n<div class=\"wp-block-buttons btn-gap-10 is-content-justification-center is-layout-flex wp-container-core-buttons-is-layout-3 wp-block-buttons-is-layout-flex\">\n<div class=\"wp-block-button has-custom-font-size is-style-fill\" style=\"font-size:14px\"><a class=\"wp-block-button__link has-color-text-background-color has-background wp-element-button\" href=\"https:\/\/sagnlandet.dk\/wp-content\/uploads\/2024\/10\/skoleabonnement-2024-25.pdf\">Abonnementmodell f\u00fcr Schulen<\/a><\/div>\n\n\n\n<div class=\"wp-block-button has-custom-font-size is-style-fill\" style=\"font-size:14px\"><a class=\"wp-block-button__link has-color-text-background-color has-background wp-element-button\" href=\"https:\/\/sagnlandet.dk\/wp-content\/uploads\/2024\/10\/daginstitutionsabonnement-2024.pdf\">Abonnement f\u00fcr Kindertagesst\u00e4tten<\/a><\/div>\n<\/div>\n\n\n\n<p>Wenn Sie W\u00fcnsche f\u00fcr spezielle Bildungsprogramme haben oder wenn es Themen gibt, die Sie gerne mit uns besprechen m\u00f6chten, w\u00fcrden wir uns freuen, von Ihnen zu h\u00f6ren.<\/p>\n\n<\/div>\r\n\t\t\t\r\n\t<\/div>\r\n\r\n\r\n\r\n\t\t<\/div>\r\n<\/section><\/div>\n\n\n\n<div class=\"wp-block-column standout-secondary-content is-layout-flow wp-block-column-is-layout-flow\">\r\n\r\n<section class=\"standout-section standout-block standout-basic alignwide\">\r\n\r\n\t<div class=\"standout-max-container\">\t\r\n\r\n<div class=\"standout-block-inner\">\r\n\t\r\n\t\t\t\t\t\t<div class=\"acf-innerblocks-container\">\n\n<figure class=\"wp-block-image size-full is-resized is-style-rounded\"><img decoding=\"async\" src=\"https:\/\/sagnlandet.dk\/wp-content\/uploads\/2025\/02\/beowulf-forloeb-1-6-2016-13-scaled-e1614091081283.jpg\" alt=\"\" class=\"wp-image-1610\" style=\"object-fit:cover;width:400px;height:300px\"\/><\/figure>\n\n\n\n<figure class=\"wp-block-image size-full is-resized is-style-rounded\"><img decoding=\"async\" src=\"https:\/\/sagnlandet.dk\/wp-content\/uploads\/2025\/02\/landbohusene-11-copy.jpg\" alt=\"\" class=\"wp-image-1614\" style=\"object-fit:cover;width:400px;height:300px\"\/><\/figure>\n\n\n\r\n\r\n<section class=\"standout-section standout-block standout-basic alignwide rounded-bg wp-elements-ae9d36c1005830e95d46df3cb6e09801 has-bg has-bg-color has-text-color\" style=\"background-color: var(--wp--preset--color--color-text); color: #ffffff;\">\r\n\r\n\t<div class=\"standout-max-container\">\t\r\n\r\n<div class=\"standout-block-inner\">\r\n\t\r\n\t\t\t\t\t\t<div class=\"acf-innerblocks-container\">\n\n<h5 class=\"wp-block-heading has-text-align-center has-color-gul-color has-text-color has-link-color wp-elements-11ddd760877d6c44ef5c72aefb03a6e8\">Kontaktieren Sie uns, um zu buchen<\/h5>\n\n\n\n<h6 class=\"wp-block-heading has-text-align-center\"><a href=\"mailto:kontakt@sagnlandet.dk\">kontakt@sagnlandet.dk<\/a><\/h6>\n\n\n\n<h6 class=\"wp-block-heading has-text-align-center\"><a href=\"tel:+45 46 48 08 78\">+45 46 48 08 78<\/a><\/h6>\n\n\n\n<p class=\"aligncenter has-text-align-center\">Lejre Land der Legenden<br>Slangealleen 2<br>4320 Lejre, D\u00e4nemark<br><strong>CVR:<\/strong> 33247257<\/p>\n\n<\/div>\r\n\t\t\t\r\n\t<\/div>\r\n\r\n\r\n\r\n\t\t<\/div>\r\n<\/section>\n<\/div>\r\n\t\t\t\r\n\t<\/div>\r\n\r\n\r\n\r\n\t\t<\/div>\r\n<\/section><\/div>\n<\/div>\n\n<\/div>\r\n\t\t\t\r\n\t<\/div>\r\n\r\n\r\n\r\n\t\t<\/div>\r\n<\/section>\n\n\n<div class=\"wp-block-buttons btn-gap-10 is-content-justification-center is-layout-flex wp-container-core-buttons-is-layout-4 wp-block-buttons-is-layout-flex\">\n<div class=\"wp-block-button has-custom-font-size\" style=\"font-size:14px\"><a class=\"wp-block-button__link has-color-maglemose-background-color has-background wp-element-button\" href=\"https:\/\/sagnlandet.dk\/de\/die-steinzeit-lehren\/\">Unterricht in der Steinzeit<\/a><\/div>\n\n\n\n<div class=\"wp-block-button has-custom-font-size\" style=\"font-size:14px\"><a class=\"wp-block-button__link has-color-jernalder-background-color has-background wp-element-button\" href=\"https:\/\/sagnlandet.dk\/de\/die-eisenzeit-im-unterricht\/\">Unterricht in der Eisenzeit<\/a><\/div>\n\n\n\n<div class=\"wp-block-button has-custom-font-size\" style=\"font-size:14px\"><a class=\"wp-block-button__link has-color-2-background-color has-background wp-element-button\" href=\"https:\/\/sagnlandet.dk\/de\/unterricht-in-der-wikingerregion\/\">Unterricht in der Wikingerzeit<\/a><\/div>\n\n\n\n<div class=\"wp-block-button has-custom-font-size\" style=\"font-size:14px\"><a class=\"wp-block-button__link has-color-landbo-background-color has-background wp-element-button\" href=\"https:\/\/sagnlandet.dk\/de\/der-unterricht-in-den-1850er-jahren\/\">Unterricht in den 1850er Jahren<\/a><\/div>\n\n\n\n<div class=\"wp-block-button has-custom-font-size\" style=\"font-size:14px\"><a class=\"wp-block-button__link has-color-text-background-color has-background wp-element-button\" href=\"https:\/\/sagnlandet.dk\/de\/unterricht-in-baldalen\/\">Unterricht im Tal des Feuers<\/a><\/div>\n<\/div>\n\n\n\r\n\r\n<section class=\"standout-section standout-block standout-basic alignwide border-bg rounded-bg\">\r\n\r\n\t<div class=\"standout-max-container\">\t\r\n\r\n<div class=\"standout-block-inner\">\r\n\t\r\n\t\t\t\t\t\t<div class=\"acf-innerblocks-container\">\n\n<h2 class=\"wp-block-heading has-text-align-center has-h-4-font-size\">Unterrichtskurse &amp; Lernziele<\/h2>\n\n<\/div>\r\n\t\t\t\r\n\t<\/div>\r\n\r\n\r\n\r\n\t\t<\/div>\r\n<\/section>\n\n\n<p class=\"alignwide has-text-align-wide\">Hier sehen Sie eine \u00dcbersicht \u00fcber die verschiedenen Programme, die Lejre Land of Legends anbietet. Klicken Sie auf den Titel, um weitere Informationen zu den einzelnen Bereichen zu erhalten.<\/p>\n\n\n\r\n\r\n<section class=\"standout-section standout-block standout-basic alignwide\">\r\n\r\n\t<div class=\"standout-max-container\">\t\r\n\r\n<div class=\"standout-block-inner\">\r\n\t\r\n\t\t\t\t\t\t<div class=\"acf-innerblocks-container\">\n\n<div class=\"wp-block-columns alignfull standout-content-with-sidebar column-gap-s is-layout-flex wp-container-core-columns-is-layout-3 wp-block-columns-is-layout-flex\">\n<div class=\"wp-block-column standout-primary-content is-layout-flow wp-block-column-is-layout-flow\">\r\n\r\n<section class=\"standout-section standout-block standout-basic alignwide border-bg rounded-bg\">\r\n\r\n\t<div class=\"standout-max-container\">\t\r\n\r\n<div class=\"standout-block-inner\">\r\n\t\r\n\t\t\t\t\t\t<div class=\"acf-innerblocks-container\">\n\n<h6 class=\"wp-block-heading\">Steinzeit<\/h6>\n\n\n\n<h6 class=\"wp-block-heading\">Allgemeine Lernziele<\/h6>\n\n\n\n<p>Die Sch\u00fcler lernen das Leben in der Steinzeit kennen und setzen sich mit den kulturgeografischen Prozessen auseinander, die die Grundlage der menschlichen Lebensbedingungen bilden. Die Sch\u00fclerinnen und Sch\u00fcler k\u00f6nnen recherchieren, ihre eigene Lebenswelt einordnen und ihre Erfahrungen aus erster Hand in Worte fassen.<\/p>\n\n\n\n<p>Die Sch\u00fclerinnen und Sch\u00fcler \u00fcben sich im Umgang mit Geschichte, verstehen Chronologie und bekommen ein Gesp\u00fcr f\u00fcr immaterielle Quellen pr\u00e4historischer Lebensweisen. Sie k\u00f6nnen Parallelen zu anderen heutigen Lebensformen ziehen und selbst pr\u00e4historische Szenarien mitgestalten.<\/p>\n\n\n\n<p>Sie k\u00f6nnen die folgenden Kurse buchen:<\/p>\n\n\n\n<ul class=\"wp-block-list\">\n<li><strong>&#8220;Die ersten J\u00e4ger und Fischer in D\u00e4nemark<\/strong>&#8220;: Der Kurs bietet die M\u00f6glichkeit, Werte, Kultur und Lebensbedingungen in der Steinzeit zu interpretieren und zu verstehen. Die Sch\u00fcler k\u00f6nnen Werkzeuge und Ger\u00e4te in Bezug auf die Form und Funktion des Produkts verwenden. Die Sch\u00fcler k\u00f6nnen ihre F\u00e4higkeit zur Empathie und Identifikation st\u00e4rken. Sie lernen die eiszeitliche Kultur mit all ihrem transkontinentalen Vorwissen kennen.<\/li>\n\n\n\n<li><strong>&#8220;Vom Eiszeitj\u00e4ger zum F\u00f6rster<\/strong>&#8220;: Die Sch\u00fclerinnen und Sch\u00fcler k\u00f6nnen Ver\u00e4nderungen in der Lebens- und Produktionsweise in Bezug auf die Steinzeit beschreiben. Die Sch\u00fclerinnen und Sch\u00fcler k\u00f6nnen die wissenschaftliche und technische Entwicklung in einen historischen Zusammenhang stellen.<\/li>\n<\/ul>\n\n\n\n<hr class=\"wp-block-separator has-alpha-channel-opacity\"\/>\n\n\n\n<h6 class=\"wp-block-heading\">Die Steinzeit<\/h6>\n\n\n\n<p>Zwischen Ranaa und Athra sto\u00dfen die Sch\u00fcler auf verlassene H\u00fctten oder Notlager aus der Zeit zwischen den beiden Epochen: die Maglemose- (ca. 9.000-6.200 v. Chr.) und die Kongemose-Kultur (6.200-5.400 v. Chr.) und die dazugeh\u00f6rigen Gr\u00e4ber, Jagdgruben und Fischereiz\u00e4une.<\/p>\n\n\n\n<p>Das Gel\u00e4nde verf\u00fcgt \u00fcber einen zeitneutralen Spielplatz mit einem gro\u00dfen Lavazelt, in dem bei schlechtem Wetter eine ganze Klasse untergebracht werden kann und in dem Lunchpakete gegessen werden k\u00f6nnen.<\/p>\n\n\n\n<div class=\"wp-block-buttons btn-gap-10 is-content-justification-center is-layout-flex wp-container-core-buttons-is-layout-5 wp-block-buttons-is-layout-flex\">\n<div class=\"wp-block-button has-custom-font-size\" style=\"font-size:14px\"><a class=\"wp-block-button__link has-color-maglemose-background-color has-background wp-element-button\" href=\"https:\/\/sagnlandet.dk\/de\/die-steinzeit-lehren\/\">Unterricht in der Steinzeit<\/a><\/div>\n<\/div>\n\n<\/div>\r\n\t\t\t\r\n\t<\/div>\r\n\r\n\r\n\r\n\t\t<\/div>\r\n<\/section><\/div>\n\n\n\n<div class=\"wp-block-column standout-secondary-content is-layout-flow wp-block-column-is-layout-flow\">\r\n\r\n<section class=\"standout-section standout-block standout-basic alignwide\">\r\n\r\n\t<div class=\"standout-max-container\">\t\r\n\r\n<div class=\"standout-block-inner\">\r\n\t\r\n\t\t\t\t\t\t<div class=\"acf-innerblocks-container\">\n\n<figure class=\"wp-block-image size-full is-resized is-style-rounded\"><img decoding=\"async\" src=\"https:\/\/sagnlandet.dk\/wp-content\/uploads\/2025\/02\/istidsjaegerjytte-juni-2017-abelone-bregninge-2-scaled-1.jpg\" alt=\"\" class=\"wp-image-1612\" style=\"object-fit:cover;width:400px;height:600px\"\/><\/figure>\n\n\n\r\n\r\n<section class=\"standout-section standout-block standout-basic alignwide rounded-bg wp-elements-51cf9b870f7b6a4072151e420f263ffb has-bg has-bg-color has-text-color\" style=\"background-color: var(--wp--preset--color--color-text); color: #ffffff;\">\r\n\r\n\t<div class=\"standout-max-container\">\t\r\n\r\n<div class=\"standout-block-inner\">\r\n\t\r\n\t\t\t\t\t\t<div class=\"acf-innerblocks-container\">\n\n<h5 class=\"wp-block-heading has-text-align-center has-color-gul-color has-text-color has-link-color wp-elements-3763d12105e110d92e3831489664fcc6\">Kontaktieren Sie uns f\u00fcr eine Reservierung<\/h5>\n\n\n\n<h6 class=\"wp-block-heading has-text-align-center\"><a href=\"mailto:kontakt@sagnlandet.dk\">kontakt@sagnlandet.dk<\/a><\/h6>\n\n\n\n<h6 class=\"wp-block-heading has-text-align-center\"><a href=\"tel:+45 46 48 08 78\">+45 46 48 08 78<\/a><\/h6>\n\n\n\n<p class=\"aligncenter has-text-align-center\">Lejre Land der Sagen<br>Slangealleen 2<br>4320 Lejre<br><strong>CVR:<\/strong> 33247257<\/p>\n\n<\/div>\r\n\t\t\t\r\n\t<\/div>\r\n\r\n\r\n\r\n\t\t<\/div>\r\n<\/section>\n<\/div>\r\n\t\t\t\r\n\t<\/div>\r\n\r\n\r\n\r\n\t\t<\/div>\r\n<\/section><\/div>\n<\/div>\n\n<\/div>\r\n\t\t\t\r\n\t<\/div>\r\n\r\n\r\n\r\n\t\t<\/div>\r\n<\/section>\n\n\r\n\r\n<section class=\"standout-section standout-block standout-basic alignwide\">\r\n\r\n\t<div class=\"standout-max-container\">\t\r\n\r\n<div class=\"standout-block-inner\">\r\n\t\r\n\t\t\t\t\t\t<div class=\"acf-innerblocks-container\">\n\n<div class=\"wp-block-columns alignfull standout-content-with-sidebar column-gap-s is-layout-flex wp-container-core-columns-is-layout-4 wp-block-columns-is-layout-flex\">\n<div class=\"wp-block-column standout-primary-content is-layout-flow wp-block-column-is-layout-flow\">\r\n\r\n<section class=\"standout-section standout-block standout-basic alignwide border-bg rounded-bg\">\r\n\r\n\t<div class=\"standout-max-container\">\t\r\n\r\n<div class=\"standout-block-inner\">\r\n\t\r\n\t\t\t\t\t\t<div class=\"acf-innerblocks-container\">\n\n<h6 class=\"wp-block-heading\">Die Eisenzeit<\/h6>\n\n\n\n<h6 class=\"wp-block-heading\">Allgemeine Lernziele<\/h6>\n\n\n\n<p>Die Sch\u00fcler erwerben Kenntnisse \u00fcber das Leben in der Eisenzeit und \u00fcber nichtchristliche Religionen und Glaubensvorstellungen.<\/p>\n\n\n\n<p>Die Sch\u00fclerInnen k\u00f6nnen ihre eigene Lebenswelt erforschen, einordnen und ihre Erfahrungen aus erster Hand in Worte fassen.<\/p>\n\n\n\n<p>Die Sch\u00fcler \u00fcben den Umgang mit Geschichte und das Verst\u00e4ndnis f\u00fcr Chronologie, indem sie historische Szenarien mitgestalten.<\/p>\n\n\n\n<p>Sie k\u00f6nnen die folgenden Kurse buchen:<\/p>\n\n\n\n<ul class=\"wp-block-list\">\n<li><strong>&#8220;Ein Tag in Lethra<\/strong>&#8220;: Der Kurs f\u00f6rdert das Geschichtsbewusstsein und das Verst\u00e4ndnis f\u00fcr Chronologie, bringt unterschiedliches Quellenmaterial (Rekonstruktionen, Erz\u00e4hlungen und Augenzeugenberichte der Lehrpersonen) ins Spiel, unterst\u00fctzt die quellenkritische Analyse und l\u00e4sst Raum f\u00fcr eigene Interpretationen und Reflexionen \u00fcber die Wechselwirkung mit der eigenen Lebenswelt.<\/li>\n\n\n\n<li><strong>&#8220;Begegnung mit einer gallischen Migration<\/strong>&#8220;: Der Kurs unterst\u00fctzt das chronologische Verst\u00e4ndnis. Die Sch\u00fclerinnen und Sch\u00fcler k\u00f6nnen sich auf ethische Fragen des Lebens, wie z. B. die Fl\u00fcchtlingsproblematik, beziehen und ihre Erfahrungen mit ihrem eigenen Wissen und ihren Erfahrungen vergleichen. Der Kurs nutzt unterschiedliches Quellenmaterial (Rekonstruktionen, Erz\u00e4hlungen und Augenzeugenberichte aus der Feder des Lehrers) und unterst\u00fctzt die quellenkritische Analyse. Die Studierenden k\u00f6nnen quellenkritische Konzepte anwenden, um Interpretationen der Vergangenheit anhand einfacher Problemstellungen zu erkl\u00e4ren. Die Sch\u00fcler st\u00e4rken ihre F\u00e4higkeit zur Empathie und Identifikation. Die Sch\u00fcler st\u00e4rken ihre F\u00e4higkeit, sich zu wundern und Fragen zu stellen.<\/li>\n\n\n\n<li><em>&#8220;<strong>Die Gaben der G\u00f6tter<\/strong>&#8220;: Der Kurs befindet sich im Aufbau und wird daher in den Jahren 2025 und 2026 nicht angeboten.<\/em><\/li>\n<\/ul>\n\n\n\n<hr class=\"wp-block-separator has-alpha-channel-opacity\"\/>\n\n\n\n<h6 class=\"wp-block-heading\">Die Eisenzeit<\/h6>\n\n\n\n<p>Die Klasse wird auf dem Gel\u00e4nde der Bauerngemeinde mit Wohnh\u00e4usern, einem Weberhaus, einer Holzschmiede und einer Schmiede mit einer Eisengewinnungsst\u00e4tte und einem Zaunhaus empfangen. Zu Lethra geh\u00f6ren neben mehreren kleinen Geb\u00e4uden auch bewirtschaftete Felder, Feld- und Waldbewuchs, ein stimmungsvolles Opfermoor und ein Gr\u00e4berfeld. Einige der Dorfbewohner haben in ihrer Rolle die Kelten und R\u00f6mer kennengelernt, im Guten wie im Schlechten. Als Zeitzeugen k\u00f6nnen sie \u00fcber ihre Ausr\u00fcstung, Erfahrungen und Beziehungen berichten.<\/p>\n\n\n\n<div class=\"wp-block-buttons btn-gap-10 is-content-justification-center is-layout-flex wp-container-core-buttons-is-layout-6 wp-block-buttons-is-layout-flex\">\n<div class=\"wp-block-button has-custom-font-size\" style=\"font-size:14px\"><a class=\"wp-block-button__link has-color-jernalder-background-color has-background wp-element-button\" href=\"https:\/\/sagnlandet.dk\/de\/die-eisenzeit-im-unterricht\/\">Unterricht in der Eisenzeit<\/a><\/div>\n<\/div>\n\n<\/div>\r\n\t\t\t\r\n\t<\/div>\r\n\r\n\r\n\r\n\t\t<\/div>\r\n<\/section><\/div>\n\n\n\n<div class=\"wp-block-column standout-secondary-content is-layout-flow wp-block-column-is-layout-flow\">\r\n\r\n<section class=\"standout-section standout-block standout-basic alignwide\">\r\n\r\n\t<div class=\"standout-max-container\">\t\r\n\r\n<div class=\"standout-block-inner\">\r\n\t\r\n\t\t\t\t\t\t<div class=\"acf-innerblocks-container\">\n\n<figure class=\"wp-block-image size-full is-resized is-style-rounded\"><img decoding=\"async\" src=\"https:\/\/sagnlandet.dk\/wp-content\/uploads\/2025\/02\/offermose-beskaaret-fortaellere-2009-23.jpg\" alt=\"\" class=\"wp-image-1615\" style=\"object-fit:cover;width:400px;height:600px\"\/><\/figure>\n\n\n\r\n\r\n<section class=\"standout-section standout-block standout-basic alignwide rounded-bg wp-elements-ae9d36c1005830e95d46df3cb6e09801 has-bg has-bg-color has-text-color\" style=\"background-color: var(--wp--preset--color--color-text); color: #ffffff;\">\r\n\r\n\t<div class=\"standout-max-container\">\t\r\n\r\n<div class=\"standout-block-inner\">\r\n\t\r\n\t\t\t\t\t\t<div class=\"acf-innerblocks-container\">\n\n<h5 class=\"wp-block-heading has-text-align-center has-color-gul-color has-text-color has-link-color wp-elements-11ddd760877d6c44ef5c72aefb03a6e8\">Kontaktieren Sie uns, um zu buchen<\/h5>\n\n\n\n<h6 class=\"wp-block-heading has-text-align-center\"><a href=\"mailto:kontakt@sagnlandet.dk\">kontakt@sagnlandet.dk<\/a><\/h6>\n\n\n\n<h6 class=\"wp-block-heading has-text-align-center\"><a href=\"tel:+45 46 48 08 78\">+45 46 48 08 78<\/a><\/h6>\n\n\n\n<p class=\"aligncenter has-text-align-center\">Lejre Land der Legenden<br>Slangealleen 2<br>4320 Lejre, D\u00e4nemark<br><strong>CVR:<\/strong> 33247257<\/p>\n\n<\/div>\r\n\t\t\t\r\n\t<\/div>\r\n\r\n\r\n\r\n\t\t<\/div>\r\n<\/section>\n<\/div>\r\n\t\t\t\r\n\t<\/div>\r\n\r\n\r\n\r\n\t\t<\/div>\r\n<\/section><\/div>\n<\/div>\n\n<\/div>\r\n\t\t\t\r\n\t<\/div>\r\n\r\n\r\n\r\n\t\t<\/div>\r\n<\/section>\n\n\r\n\r\n<section class=\"standout-section standout-block standout-basic alignwide\">\r\n\r\n\t<div class=\"standout-max-container\">\t\r\n\r\n<div class=\"standout-block-inner\">\r\n\t\r\n\t\t\t\t\t\t<div class=\"acf-innerblocks-container\">\n\n<div class=\"wp-block-columns alignfull standout-content-with-sidebar column-gap-s is-layout-flex wp-container-core-columns-is-layout-5 wp-block-columns-is-layout-flex\">\n<div class=\"wp-block-column standout-primary-content is-layout-flow wp-block-column-is-layout-flow\">\r\n\r\n<section class=\"standout-section standout-block standout-basic alignwide border-bg rounded-bg\">\r\n\r\n\t<div class=\"standout-max-container\">\t\r\n\r\n<div class=\"standout-block-inner\">\r\n\t\r\n\t\t\t\t\t\t<div class=\"acf-innerblocks-container\">\n\n<h6 class=\"wp-block-heading\">Die Wikingerzeit<\/h6>\n\n\n\n<h6 class=\"wp-block-heading\">Allgemeine Lernziele<\/h6>\n\n\n\n<p>Die Sch\u00fclerinnen und Sch\u00fcler setzen sich mit kulturgeographischen Prozessen auseinander, die die Grundlage f\u00fcr menschliche Lebensbedingungen bilden. Sie k\u00f6nnen in Bezug auf soziale und kulturelle Kontexte und Themen denken und handeln. Sie recherchieren, relativieren und artikulieren ihre \u00dcberlegungen.<\/p>\n\n\n\n<p>Die Sch\u00fclerinnen und Sch\u00fcler st\u00e4rken ihre F\u00e4higkeit zur Empathie und Identifikation. Sie lernen ihre eigenen St\u00e4rken und F\u00e4higkeiten kennen, sehen sich und andere mit &#8220;neuen&#8221; Augen und sind Teil einer n\u00fctzlichen Gemeinschaft, in der Kooperation, Miteinander und Freundlichkeit erw\u00fcnscht und gefordert sind.<\/p>\n\n\n\n<p>Die folgenden Kurse k\u00f6nnen Sie buchen:<\/p>\n\n\n\n<ul class=\"wp-block-list\">\n<li><strong>&#8220;Ein Tag als Wikinger<\/strong>&#8220;: Der Kurs f\u00f6rdert K\u00f6rperbewusstsein, Bewegungsmuster und Handwerkskunst als Interpretationsrahmen f\u00fcr das Verst\u00e4ndnis der Werte, Kultur und Lebensbedingungen der Wikingerzeit. Die Studierenden k\u00f6nnen handwerkliche Techniken und k\u00f6rperliche Erfahrungen in der Praxis anwenden, reflektieren und in neue Praktiken in Handwerk, Sport und Spiel umsetzen. Die Sch\u00fclerinnen und Sch\u00fcler erwerben Kenntnisse \u00fcber nicht-christliche Religionen und Glaubensvorstellungen.<\/li>\n\n\n\n<li><strong>&#8220;Wikingersport<\/strong>&#8220;: Der Kurs unterst\u00fctzt eine vielseitige Sportpraxis und die Lust an der Bewegung. Die Sch\u00fclerinnen und Sch\u00fcler lernen die Sportkultur der Wikinger kennen und k\u00f6nnen sie auf ihre Lebenswelt beziehen. Sie nutzen ihren K\u00f6rper und trainieren F\u00e4higkeiten, um Teil einer engagierten Gemeinschaft zu sein und zusammenzuarbeiten.<\/li>\n\n\n\n<li><em>&#8220;<strong>Die Gaben der G\u00f6tter<\/strong>&#8220;: Der Kurs befindet sich im Aufbau und wird daher in den Jahren 2025 und 2026 nicht angeboten.<\/em><\/li>\n<\/ul>\n\n\n\n<hr class=\"wp-block-separator has-alpha-channel-opacity\"\/>\n\n\n\n<h6 class=\"wp-block-heading\">Die Wikingerzeit<\/h6>\n\n\n\n<p>Im Bereich der Wikingerzeit bieten wir Tageskurse von 1\u00bd oder 3 Stunden und Lagerschulaufenthalte von einer bis vier N\u00e4chten als fahrende Wikinger oder als Hirten an. In der Wikingerzeit wurden die Kinder oft von zu Hause weggeschickt, um auf einem anderen Hof aufzuwachsen. Bei ihren Pflegeeltern lernten sie neue Br\u00e4uche und wie man sich in der Welt verh\u00e4lt. Als Pfleges\u00f6hne und -t\u00f6chter der Wikinger von Lejre Land of Legends schl\u00fcpft ihr in die Rolle von Pfleges\u00f6hnen und -t\u00f6chtern und nehmt am Leben der Wikinger mit Aktivit\u00e4ten teil, die Zusammenarbeit und Gemeinschaft f\u00f6rdern. Ihr lernt, die Gemeinschaft, in der ihr lebt, zu st\u00e4rken und zu unterst\u00fctzen, und ihr lernt, ein guter Freund und Verwandter zu sein, Verantwortung f\u00fcr euer eigenes Leben zu \u00fcbernehmen und auf andere aufzupassen. Die Betreuer arbeiten in Kost\u00fcmen und in der Rolle von Wikingern.<\/p>\n\n\n\n<div class=\"wp-block-buttons btn-gap-10 is-content-justification-center is-layout-flex wp-container-core-buttons-is-layout-7 wp-block-buttons-is-layout-flex\">\n<div class=\"wp-block-button has-custom-font-size\" style=\"font-size:14px\"><a class=\"wp-block-button__link has-color-2-background-color has-background wp-element-button\" href=\"https:\/\/sagnlandet.dk\/de\/unterricht-in-der-wikingerregion\/\">Unterricht im Wikingergebiet<\/a><\/div>\n<\/div>\n\n<\/div>\r\n\t\t\t\r\n\t<\/div>\r\n\r\n\r\n\r\n\t\t<\/div>\r\n<\/section><\/div>\n\n\n\n<div class=\"wp-block-column standout-secondary-content is-layout-flow wp-block-column-is-layout-flow\">\r\n\r\n<section class=\"standout-section standout-block standout-basic alignwide\">\r\n\r\n\t<div class=\"standout-max-container\">\t\r\n\r\n<div class=\"standout-block-inner\">\r\n\t\r\n\t\t\t\t\t\t<div class=\"acf-innerblocks-container\">\n\n<figure class=\"wp-block-image size-full is-resized is-style-rounded\"><img decoding=\"async\" src=\"https:\/\/sagnlandet.dk\/wp-content\/uploads\/2025\/02\/ravnebjerg-juni-2017-abelone-bregninge-29.jpg\" alt=\"\" class=\"wp-image-1616\" style=\"object-fit:cover;width:400px;height:600px\"\/><\/figure>\n\n\n\r\n\r\n<section class=\"standout-section standout-block standout-basic alignwide rounded-bg wp-elements-ae9d36c1005830e95d46df3cb6e09801 has-bg has-bg-color has-text-color\" style=\"background-color: var(--wp--preset--color--color-text); color: #ffffff;\">\r\n\r\n\t<div class=\"standout-max-container\">\t\r\n\r\n<div class=\"standout-block-inner\">\r\n\t\r\n\t\t\t\t\t\t<div class=\"acf-innerblocks-container\">\n\n<h5 class=\"wp-block-heading has-text-align-center has-color-gul-color has-text-color has-link-color wp-elements-11ddd760877d6c44ef5c72aefb03a6e8\">Kontaktieren Sie uns, um zu buchen<\/h5>\n\n\n\n<h6 class=\"wp-block-heading has-text-align-center\"><a href=\"mailto:kontakt@sagnlandet.dk\">kontakt@sagnlandet.dk<\/a><\/h6>\n\n\n\n<h6 class=\"wp-block-heading has-text-align-center\"><a href=\"tel:+45 46 48 08 78\">+45 46 48 08 78<\/a><\/h6>\n\n\n\n<p class=\"aligncenter has-text-align-center\">Lejre Land der Legenden<br>Slangealleen 2<br>4320 Lejre, D\u00e4nemark<br><strong>CVR:<\/strong> 33247257<\/p>\n\n<\/div>\r\n\t\t\t\r\n\t<\/div>\r\n\r\n\r\n\r\n\t\t<\/div>\r\n<\/section>\n<\/div>\r\n\t\t\t\r\n\t<\/div>\r\n\r\n\r\n\r\n\t\t<\/div>\r\n<\/section><\/div>\n<\/div>\n\n<\/div>\r\n\t\t\t\r\n\t<\/div>\r\n\r\n\r\n\r\n\t\t<\/div>\r\n<\/section>\n\n\r\n\r\n<section class=\"standout-section standout-block standout-basic alignwide\">\r\n\r\n\t<div class=\"standout-max-container\">\t\r\n\r\n<div class=\"standout-block-inner\">\r\n\t\r\n\t\t\t\t\t\t<div class=\"acf-innerblocks-container\">\n\n<div class=\"wp-block-columns alignfull standout-content-with-sidebar column-gap-s is-layout-flex wp-container-core-columns-is-layout-6 wp-block-columns-is-layout-flex\">\n<div class=\"wp-block-column standout-primary-content is-layout-flow wp-block-column-is-layout-flow\">\r\n\r\n<section class=\"standout-section standout-block standout-basic alignwide border-bg rounded-bg\">\r\n\r\n\t<div class=\"standout-max-container\">\t\r\n\r\n<div class=\"standout-block-inner\">\r\n\t\r\n\t\t\t\t\t\t<div class=\"acf-innerblocks-container\">\n\n<h6 class=\"wp-block-heading\">die 1850er Jahre<\/h6>\n\n\n\n<h6 class=\"wp-block-heading\">Allgemeine Lernziele<\/h6>\n\n\n\n<p>Die Sch\u00fcler erhalten einen Einblick in das l\u00e4ndliche Leben um 1800.<\/p>\n\n\n\n<p>Die Sch\u00fclerInnen k\u00f6nnen ihre eigene Lebenswelt erforschen, einordnen und ihre Erfahrungen aus erster Hand in Worte fassen.<\/p>\n\n\n\n<p>Die Sch\u00fcler \u00fcben den Umgang mit Geschichte und das Verst\u00e4ndnis f\u00fcr Chronologie, indem sie bei der Erstellung historischer Szenarien mitwirken.<\/p>\n\n\n\n<p>Sie k\u00f6nnen die folgenden Kurse buchen:<\/p>\n\n\n\n<ul class=\"wp-block-list\">\n<li><strong>&#8220;Homesteaders in the 1850s<\/strong>&#8220;: Der Kurs f\u00f6rdert das Bewusstsein f\u00fcr Lebensmittel und Kochtechniken und bietet die M\u00f6glichkeit, Mahlzeiten mit einem Verst\u00e4ndnis f\u00fcr die Werte, die Kultur und die Lebensbedingungen des Landlebens zu interpretieren. Die Sch\u00fcler k\u00f6nnen Utensilien und Werkzeuge in Bezug auf die Form und Funktion des Produkts verwenden.<\/li>\n<\/ul>\n\n\n\n<hr class=\"wp-block-separator has-alpha-channel-opacity\"\/>\n\n\n\n<h6 class=\"wp-block-heading\">die 1850er Jahre<\/h6>\n\n\n\n<p>In Krikkebjerghuse k\u00f6nnen die Sch\u00fcler in das Leben der Kinder eines Landwirts um 1800 eintauchen. Sie werden von zwei Kleinbauern in l\u00e4ndlicher Kleidung begr\u00fc\u00dft und erfahren, dass Kinder schon fr\u00fch bei der t\u00e4glichen Arbeit helfen mussten.<\/p>\n\n\n\n<p>Die Kleinbauern von Sagnlandet helfen den Sch\u00fclern beim Holzhacken, F\u00fcttern der Tiere, Wasserholen, Buttern und lehren sie einige der wichtigsten Alltagshandwerke. Sie erz\u00e4hlen den j\u00fcngeren Sch\u00fclern auch gerne Geschichten \u00fcber das Leben um 1800 und bringen den \u00e4lteren Sch\u00fclern die Jugend, die Literatur und die politischen Ver\u00e4nderungen dieser Zeit n\u00e4her. Die r\u00e4umliche Umgebung, die praktischen Aktivit\u00e4ten und die historischen Geschichten tragen dazu bei, dass die Sch\u00fcler lernen und in das Leben des 19. Jahrhunderts eintauchen.<\/p>\n\n\n\n<div class=\"wp-block-buttons btn-gap-10 is-content-justification-center is-layout-flex wp-container-core-buttons-is-layout-8 wp-block-buttons-is-layout-flex\">\n<div class=\"wp-block-button has-custom-font-size\" style=\"font-size:14px\"><a class=\"wp-block-button__link has-color-landbo-background-color has-background wp-element-button\" href=\"https:\/\/sagnlandet.dk\/de\/der-unterricht-in-den-1850er-jahren\/\">Unterricht in den 1850er Jahren<\/a><\/div>\n<\/div>\n\n<\/div>\r\n\t\t\t\r\n\t<\/div>\r\n\r\n\r\n\r\n\t\t<\/div>\r\n<\/section><\/div>\n\n\n\n<div class=\"wp-block-column standout-secondary-content is-layout-flow wp-block-column-is-layout-flow\">\r\n\r\n<section class=\"standout-section standout-block standout-basic alignwide\">\r\n\r\n\t<div class=\"standout-max-container\">\t\r\n\r\n<div class=\"standout-block-inner\">\r\n\t\r\n\t\t\t\t\t\t<div class=\"acf-innerblocks-container\">\n\n<figure class=\"wp-block-image size-full is-resized is-style-rounded\"><img decoding=\"async\" src=\"https:\/\/sagnlandet.dk\/wp-content\/uploads\/2025\/02\/landbohusene-09-scaled-2.jpg\" alt=\"\" class=\"wp-image-1613\" style=\"object-fit:cover;width:400px;height:600px\"\/><\/figure>\n\n\n\r\n\r\n<section class=\"standout-section standout-block standout-basic alignwide rounded-bg wp-elements-ae9d36c1005830e95d46df3cb6e09801 has-bg has-bg-color has-text-color\" style=\"background-color: var(--wp--preset--color--color-text); color: #ffffff;\">\r\n\r\n\t<div class=\"standout-max-container\">\t\r\n\r\n<div class=\"standout-block-inner\">\r\n\t\r\n\t\t\t\t\t\t<div class=\"acf-innerblocks-container\">\n\n<h5 class=\"wp-block-heading has-text-align-center has-color-gul-color has-text-color has-link-color wp-elements-11ddd760877d6c44ef5c72aefb03a6e8\">Kontaktieren Sie uns, um zu buchen<\/h5>\n\n\n\n<h6 class=\"wp-block-heading has-text-align-center\"><a href=\"mailto:kontakt@sagnlandet.dk\">kontakt@sagnlandet.dk<\/a><\/h6>\n\n\n\n<h6 class=\"wp-block-heading has-text-align-center\"><a href=\"tel:+45 46 48 08 78\">+45 46 48 08 78<\/a><\/h6>\n\n\n\n<p class=\"aligncenter has-text-align-center\">Lejre Land der Legenden<br>Slangealleen 2<br>4320 Lejre, D\u00e4nemark<br><strong>CVR:<\/strong> 33247257<\/p>\n\n<\/div>\r\n\t\t\t\r\n\t<\/div>\r\n\r\n\r\n\r\n\t\t<\/div>\r\n<\/section>\n<\/div>\r\n\t\t\t\r\n\t<\/div>\r\n\r\n\r\n\r\n\t\t<\/div>\r\n<\/section><\/div>\n<\/div>\n\n<\/div>\r\n\t\t\t\r\n\t<\/div>\r\n\r\n\r\n\r\n\t\t<\/div>\r\n<\/section>\n\n\r\n\r\n<section class=\"standout-section standout-block standout-basic alignwide\">\r\n\r\n\t<div class=\"standout-max-container\">\t\r\n\r\n<div class=\"standout-block-inner\">\r\n\t\r\n\t\t\t\t\t\t<div class=\"acf-innerblocks-container\">\n\n<div class=\"wp-block-columns alignfull standout-content-with-sidebar column-gap-s is-layout-flex wp-container-core-columns-is-layout-7 wp-block-columns-is-layout-flex\">\n<div class=\"wp-block-column standout-primary-content is-layout-flow wp-block-column-is-layout-flow\">\r\n\r\n<section class=\"standout-section standout-block standout-basic alignwide border-bg rounded-bg\">\r\n\r\n\t<div class=\"standout-max-container\">\t\r\n\r\n<div class=\"standout-block-inner\">\r\n\t\r\n\t\t\t\t\t\t<div class=\"acf-innerblocks-container\">\n\n<h6 class=\"wp-block-heading\">Das Tal der Lagerfeuer<\/h6>\n\n\n\n<h6 class=\"wp-block-heading\">Allgemeine Lernziele des Bereichs<\/h6>\n\n\n\n<p>Die Sch\u00fcler setzen ihren K\u00f6rper ein und \u00fcben ihre F\u00e4higkeiten in Gemeinschaft und Zusammenarbeit. Die Sch\u00fcler k\u00f6nnen Werkzeuge und Hilfsmittel in Bezug auf die Form und Funktion des Produkts verwenden.<\/p>\n\n\n\n<p>Die Sch\u00fcler sammeln Erfahrungen mit alten Technologien.<\/p>\n\n\n\n<p>Der Kurs ist kostenlos, wenn der Eintritt bezahlt wird.<\/p>\n\n\n\n<hr class=\"wp-block-separator has-alpha-channel-opacity\"\/>\n\n\n\n<h6 class=\"wp-block-heading\">Das Tal der Lagerfeuer<\/h6>\n\n\n\n<p>Mitten im Sagenland von Lejre liegt das B\u00e5ldalen. Dies ist ein altes Experimentierzentrum, in dem man sich an alten Techniken und Technologien versuchen kann. Es handelt sich um einen Aktivit\u00e4tsbereich, in dem Kinder und Erwachsene von einem P\u00e4dagogen empfangen werden, der eine Einf\u00fchrung und Anleitung zu den verschiedenen Aktivit\u00e4ten im Zusammenhang mit dem technischen Verst\u00e4ndnis gibt.<\/p>\n\n\n\n<div class=\"wp-block-buttons btn-gap-10 is-content-justification-center is-layout-flex wp-container-core-buttons-is-layout-9 wp-block-buttons-is-layout-flex\">\n<div class=\"wp-block-button has-custom-font-size\" style=\"font-size:14px\"><a class=\"wp-block-button__link has-color-text-background-color has-background wp-element-button\" href=\"https:\/\/sagnlandet.dk\/de\/unterricht-in-baldalen\/\">Unterricht im Tal des Feuers<\/a><\/div>\n<\/div>\n\n<\/div>\r\n\t\t\t\r\n\t<\/div>\r\n\r\n\r\n\r\n\t\t<\/div>\r\n<\/section><\/div>\n\n\n\n<div class=\"wp-block-column standout-secondary-content is-layout-flow wp-block-column-is-layout-flow\">\r\n\r\n<section class=\"standout-section standout-block standout-basic alignwide\">\r\n\r\n\t<div class=\"standout-max-container\">\t\r\n\r\n<div class=\"standout-block-inner\">\r\n\t\r\n\t\t\t\t\t\t<div class=\"acf-innerblocks-container\">\n\n<figure class=\"wp-block-image size-full is-resized is-style-rounded\"><img decoding=\"async\" src=\"https:\/\/sagnlandet.dk\/wp-content\/uploads\/2025\/02\/baaldalen-02-scaled-1.jpg\" alt=\"\" class=\"wp-image-1611\" style=\"object-fit:cover;width:400px;height:600px\"\/><\/figure>\n\n\n\r\n\r\n<section class=\"standout-section standout-block standout-basic alignwide rounded-bg wp-elements-ad3433a43d6b8910593a6708a0f40ee2 has-bg has-bg-color has-text-color\" style=\"background-color: var(--wp--preset--color--color-text); color: #ffffff;\">\r\n\r\n\t<div class=\"standout-max-container\">\t\r\n\r\n<div class=\"standout-block-inner\">\r\n\t\r\n\t\t\t\t\t\t<div class=\"acf-innerblocks-container\">\n\n<h5 class=\"wp-block-heading has-text-align-center has-color-gul-color has-text-color has-link-color wp-elements-3763d12105e110d92e3831489664fcc6\">Kontaktieren Sie uns f\u00fcr eine Reservierung<\/h5>\n\n\n\n<h6 class=\"wp-block-heading has-text-align-center\"><a href=\"mailto:kontakt@sagnlandet.dk\">kontakt@sagnlandet.dk<\/a><\/h6>\n\n\n\n<h6 class=\"wp-block-heading has-text-align-center\"><a href=\"tel:+45 46 48 08 78\">+45 46 48 08 78<\/a><\/h6>\n\n\n\n<p class=\"aligncenter has-text-align-center\">Lejre Land der Legenden<br>Slangealleen 2<br>4320 Lejre<br><strong>CVR:<\/strong> 33247257<\/p>\n\n<\/div>\r\n\t\t\t\r\n\t<\/div>\r\n\r\n\r\n\r\n\t\t<\/div>\r\n<\/section>\n<\/div>\r\n\t\t\t\r\n\t<\/div>\r\n\r\n\r\n\r\n\t\t<\/div>\r\n<\/section><\/div>\n<\/div>\n\n<\/div>\r\n\t\t\t\r\n\t<\/div>\r\n\r\n\r\n\r\n\t\t<\/div>\r\n<\/section>\n\n\r\n\r\n<section class=\"standout-section standout-block standout-basic alignwide border-bg rounded-bg\">\r\n\r\n\t<div class=\"standout-max-container\">\t\r\n\r\n<div class=\"standout-block-inner\">\r\n\t\r\n\t\t\t\t\t\t<div class=\"acf-innerblocks-container\">\n\n<h2 class=\"wp-block-heading has-text-align-center has-h-4-font-size\">Unsere anderen Angebote<\/h2>\n\n<\/div>\r\n\t\t\t\r\n\t<\/div>\r\n\r\n\r\n\r\n\t\t<\/div>\r\n<\/section>\n\n\r\n\r\n<section class=\"standout-section standout-block standout-basic alignwide\">\r\n\r\n\t<div class=\"standout-max-container\">\t\r\n\r\n<div class=\"standout-block-inner\">\r\n\t\r\n\t\t\t\t\t\t<div class=\"acf-innerblocks-container\">\n\r\n\r\n<section class=\"standout-section standout-block standout-columns alignwide column-gap-s\" style=\"--columns: 2; --column-span: 1; --element-alignment: flex-start;\" data-columns=\"2\">\r\n\r\n\t<div class=\"standout-max-container\">\t\r\n\r\n<div class=\"standout-block-inner\">\r\n\t\t\t<div class=\"acf-innerblocks-container\">\n\r\n\r\n<section class=\"standout-block standout-column-element rounded-bg wp-elements-33d79d65a296680f4f18c28eebc0f58e has-bg has-bg-color has-text-color\" style=\"background-color: var(--wp--preset--color--color-istid); color: #ffffff;\">\r\n\r\n\t<div class=\"standout-max-container\">\t\r\n\r\n<div class=\"standout-block-inner\">\r\n\t\t\r\n\t\t\t<div class=\"acf-innerblocks-container\">\n\n<h4 class=\"wp-block-heading\"><a href=\"https:\/\/sagnlandet.dk\/de\/auf-eigene-faust\/\">Bildung auf eigene Faust<\/a><\/h4>\n\n\n\n<p>Erleben Sie Lejre Land of Legends auf eigene Faust: Besuchen Sie den mittelalterlichen Harpestreng&#8217;s Garden oder probieren Sie unsere speziell entwickelte Matheaufgabe zum K\u00f6nigssaal aus. Probieren Sie einige unserer anderen Kurse aus, um Lejre Land of Legends auf eigene Faust zu erkunden.<\/p>\n\n\n\n<div class=\"wp-block-buttons is-content-justification-center is-layout-flex wp-container-core-buttons-is-layout-10 wp-block-buttons-is-layout-flex\">\n<div class=\"wp-block-button\"><a class=\"wp-block-button__link has-color-text-background-color has-background wp-element-button\" href=\"https:\/\/sagnlandet.dk\/de\/auf-eigene-faust\/\">Lesen Sie mehr \u00fcber<\/a><\/div>\n<\/div>\n\n<\/div>\r\n\t<\/div>\r\n\r\n\r\n\r\n\t\t<\/div>\r\n<\/section>\n\n\r\n\r\n<section class=\"standout-block standout-column-element rounded-bg wp-elements-1a152fee4bdb9744af7d43588138b7aa has-bg has-bg-color has-text-color\" style=\"background-color: var(--wp--preset--color--color-2); color: #ffffff;\">\r\n\r\n\t<div class=\"standout-max-container\">\t\r\n\r\n<div class=\"standout-block-inner\">\r\n\t\t\r\n\t\t\t<div class=\"acf-innerblocks-container\">\n\n<h4 class=\"wp-block-heading\"><a href=\"https:\/\/sagnlandet.dk\/de\/camp-schulen\/\">Camp-Schulen in Lejre Land der Legenden<\/a><\/h4>\n\n\n\n<p class=\"aligncenter has-text-align-center\">Tauchen Sie bei einem mehrt\u00e4gigen Aufenthalt im Lejre Land der Legenden in die Wikingerzeit ein. Ihr Aufenthalt dauert zwischen 1 Tag und 4 Tagen. Bitte beachten Sie: Der Wikingerbereich ist auch dann f\u00fcr Aufenthalte ge\u00f6ffnet, wenn der Rest von Lejre Land der Legenden geschlossen ist. Es ist m\u00f6glich, sich f\u00fcr zwei Jahre im Voraus anzumelden.<\/p>\n\n\n\n<div class=\"wp-block-buttons is-content-justification-center is-layout-flex wp-container-core-buttons-is-layout-11 wp-block-buttons-is-layout-flex\">\n<div class=\"wp-block-button\"><a class=\"wp-block-button__link has-color-text-background-color has-background wp-element-button\" href=\"https:\/\/sagnlandet.dk\/de\/camp-schulen\/\">Lesen Sie mehr dar\u00fcber<\/a><\/div>\n<\/div>\n\n<\/div>\r\n\t<\/div>\r\n\r\n\r\n\r\n\t\t<\/div>\r\n<\/section>\n<\/div>\r\n\t<\/div>\r\n\r\n\r\n\r\n\t\t<\/div>\r\n<\/section>\n<\/div>\r\n\t\t\t\r\n\t<\/div>\r\n\r\n\r\n\r\n\t\t<\/div>\r\n<\/section>\n\n\r\n\r\n<section class=\"standout-section standout-block standout-basic alignwide border-bg rounded-bg\">\r\n\r\n\t<div class=\"standout-max-container\">\t\r\n\r\n<div class=\"standout-block-inner\">\r\n\t\r\n\t\t\t\t\t\t<div class=\"acf-innerblocks-container\">\n\n<h2 class=\"wp-block-heading has-text-align-center has-h-4-font-size\">Preise &amp; \u00dcbersicht<\/h2>\n\n<\/div>\r\n\t\t\t\r\n\t<\/div>\r\n\r\n\r\n\r\n\t\t<\/div>\r\n<\/section>\n\n\r\n\r\n<section class=\"standout-section standout-block standout-basic alignwide\">\r\n\r\n\t<div class=\"standout-max-container\">\t\r\n\r\n<div class=\"standout-block-inner\">\r\n\t\r\n\t\t\t\t\t\t<div class=\"acf-innerblocks-container\">\n\n<p><a href=\"https:\/\/sagnlandet.dk\/en\/skoler\/\">Hier sehen Sie eine \u00dcbersicht \u00fcber die verschiedenen Angebote im Lejre Land of Legends. Klicken Sie auf den Titel, um mehr Informationen zu den einzelnen Bereichen zu erhalten.<\/a><\/p>\n\n\n\n<p>F\u00fcr Reservierungen rufen Sie bitte +45 4648 0878 an.<\/p>\n\n<\/div>\r\n\t\t\t\r\n\t<\/div>\r\n\r\n\r\n\r\n\t\t<\/div>\r\n<\/section>","protected":false},"excerpt":{"rendered":"<p>Hier sehen Sie eine \u00dcbersicht \u00fcber die verschiedenen Programme, die Lejre Land of Legends anbietet. Klicken Sie auf den Titel, um weitere Informationen zu den einzelnen Bereichen zu erhalten.<\/p>\n","protected":false},"author":3,"featured_media":71084,"parent":0,"menu_order":0,"comment_status":"open","ping_status":"open","template":"","meta":{"_acf_changed":false,"footnotes":""},"class_list":["post-70072","page","type-page","status-publish","has-post-thumbnail","hentry"],"acf":[],"yoast_head":"<!-- This site is optimized with the Yoast SEO plugin v23.5 - https:\/\/yoast.com\/wordpress\/plugins\/seo\/ -->\n<title>Ausbildungskurse - Sagnlandet Lejre<\/title>\n<meta name=\"robots\" content=\"index, follow, max-snippet:-1, max-image-preview:large, max-video-preview:-1\" \/>\n<link rel=\"canonical\" href=\"https:\/\/sagnlandet.dk\/de\/training-courses\/\" \/>\n<meta property=\"og:locale\" content=\"de_DE\" \/>\n<meta property=\"og:type\" content=\"article\" \/>\n<meta property=\"og:title\" content=\"Ausbildungskurse - Sagnlandet Lejre\" \/>\n<meta property=\"og:description\" content=\"Hier sehen Sie eine \u00dcbersicht \u00fcber die verschiedenen Programme, die Lejre Land of Legends anbietet. Klicken Sie auf den Titel, um weitere Informationen zu den einzelnen Bereichen zu erhalten.\" \/>\n<meta property=\"og:url\" content=\"https:\/\/sagnlandet.dk\/de\/training-courses\/\" \/>\n<meta property=\"og:site_name\" content=\"Sagnlandet Lejre\" \/>\n<meta property=\"article:modified_time\" content=\"2025-02-24T06:11:44+00:00\" \/>\n<meta property=\"og:image\" content=\"https:\/\/sagnlandet.dk\/de\/wp-content\/uploads\/sites\/13\/2025\/02\/ravnebjerg-juni-2017-abelone-bregninge-29-1.jpg\" \/>\n\t<meta property=\"og:image:width\" content=\"2321\" \/>\n\t<meta property=\"og:image:height\" content=\"1309\" \/>\n\t<meta property=\"og:image:type\" content=\"image\/jpeg\" \/>\n<meta name=\"twitter:card\" content=\"summary_large_image\" \/>\n<meta name=\"twitter:label1\" content=\"Gesch\u00e4tzte Lesezeit\" \/>\n\t<meta name=\"twitter:data1\" content=\"14\u00a0Minuten\" \/>\n<!-- \/ Yoast SEO plugin. -->","yoast_head_json":{"title":"Ausbildungskurse - Sagnlandet Lejre","robots":{"index":"index","follow":"follow","max-snippet":"max-snippet:-1","max-image-preview":"max-image-preview:large","max-video-preview":"max-video-preview:-1"},"canonical":"https:\/\/sagnlandet.dk\/de\/training-courses\/","og_locale":"de_DE","og_type":"article","og_title":"Ausbildungskurse - Sagnlandet Lejre","og_description":"Hier sehen Sie eine \u00dcbersicht \u00fcber die verschiedenen Programme, die Lejre Land of Legends anbietet. Klicken Sie auf den Titel, um weitere Informationen zu den einzelnen Bereichen zu erhalten.","og_url":"https:\/\/sagnlandet.dk\/de\/training-courses\/","og_site_name":"Sagnlandet Lejre","article_modified_time":"2025-02-24T06:11:44+00:00","og_image":[{"width":2321,"height":1309,"url":"https:\/\/sagnlandet.dk\/de\/wp-content\/uploads\/sites\/13\/2025\/02\/ravnebjerg-juni-2017-abelone-bregninge-29-1.jpg","type":"image\/jpeg"}],"twitter_card":"summary_large_image","twitter_misc":{"Gesch\u00e4tzte Lesezeit":"14\u00a0Minuten"},"schema":{"@context":"https:\/\/schema.org","@graph":[{"@type":"WebPage","@id":"https:\/\/sagnlandet.dk\/de\/training-courses\/","url":"https:\/\/sagnlandet.dk\/de\/training-courses\/","name":"Ausbildungskurse - Sagnlandet Lejre","isPartOf":{"@id":"https:\/\/sagnlandet.dk\/de\/#website"},"primaryImageOfPage":{"@id":"https:\/\/sagnlandet.dk\/de\/training-courses\/#primaryimage"},"image":{"@id":"https:\/\/sagnlandet.dk\/de\/training-courses\/#primaryimage"},"thumbnailUrl":"https:\/\/sagnlandet.dk\/de\/wp-content\/uploads\/sites\/13\/2025\/02\/ravnebjerg-juni-2017-abelone-bregninge-29-1-1.jpg","datePublished":"2024-10-02T07:20:11+00:00","dateModified":"2025-02-24T06:11:44+00:00","breadcrumb":{"@id":"https:\/\/sagnlandet.dk\/de\/training-courses\/#breadcrumb"},"inLanguage":"de","potentialAction":[{"@type":"ReadAction","target":["https:\/\/sagnlandet.dk\/de\/training-courses\/"]}]},{"@type":"ImageObject","inLanguage":"de","@id":"https:\/\/sagnlandet.dk\/de\/training-courses\/#primaryimage","url":"https:\/\/sagnlandet.dk\/de\/wp-content\/uploads\/sites\/13\/2025\/02\/ravnebjerg-juni-2017-abelone-bregninge-29-1-1.jpg","contentUrl":"https:\/\/sagnlandet.dk\/de\/wp-content\/uploads\/sites\/13\/2025\/02\/ravnebjerg-juni-2017-abelone-bregninge-29-1-1.jpg","width":2321,"height":1309},{"@type":"BreadcrumbList","@id":"https:\/\/sagnlandet.dk\/de\/training-courses\/#breadcrumb","itemListElement":[{"@type":"ListItem","position":1,"name":"Hjem","item":"https:\/\/sagnlandet.dk\/de\/"},{"@type":"ListItem","position":2,"name":"Training courses"}]},{"@type":"WebSite","@id":"https:\/\/sagnlandet.dk\/de\/#website","url":"https:\/\/sagnlandet.dk\/de\/","name":"Sagnlandet Lejre","description":"","publisher":{"@id":"https:\/\/sagnlandet.dk\/de\/#organization"},"potentialAction":[{"@type":"SearchAction","target":{"@type":"EntryPoint","urlTemplate":"https:\/\/sagnlandet.dk\/de\/?s={search_term_string}"},"query-input":{"@type":"PropertyValueSpecification","valueRequired":true,"valueName":"search_term_string"}}],"inLanguage":"de"},{"@type":"Organization","@id":"https:\/\/sagnlandet.dk\/de\/#organization","name":"Sagnlandet Lejre","url":"https:\/\/sagnlandet.dk\/de\/","logo":{"@type":"ImageObject","inLanguage":"de","@id":"https:\/\/sagnlandet.dk\/de\/#\/schema\/logo\/image\/","url":"https:\/\/sagnlandet.dk\/de\/wp-content\/uploads\/sites\/13\/1738\/65\/logo.png","contentUrl":"https:\/\/sagnlandet.dk\/de\/wp-content\/uploads\/sites\/13\/1738\/65\/logo.png","width":398,"height":143,"caption":"Sagnlandet Lejre"},"image":{"@id":"https:\/\/sagnlandet.dk\/de\/#\/schema\/logo\/image\/"}}]}},"_links":{"self":[{"href":"https:\/\/sagnlandet.dk\/de\/wp-json\/wp\/v2\/pages\/70072"}],"collection":[{"href":"https:\/\/sagnlandet.dk\/de\/wp-json\/wp\/v2\/pages"}],"about":[{"href":"https:\/\/sagnlandet.dk\/de\/wp-json\/wp\/v2\/types\/page"}],"author":[{"embeddable":true,"href":"https:\/\/sagnlandet.dk\/de\/wp-json\/wp\/v2\/users\/3"}],"replies":[{"embeddable":true,"href":"https:\/\/sagnlandet.dk\/de\/wp-json\/wp\/v2\/comments?post=70072"}],"version-history":[{"count":8,"href":"https:\/\/sagnlandet.dk\/de\/wp-json\/wp\/v2\/pages\/70072\/revisions"}],"predecessor-version":[{"id":71543,"href":"https:\/\/sagnlandet.dk\/de\/wp-json\/wp\/v2\/pages\/70072\/revisions\/71543"}],"wp:featuredmedia":[{"embeddable":true,"href":"https:\/\/sagnlandet.dk\/de\/wp-json\/wp\/v2\/media\/71084"}],"wp:attachment":[{"href":"https:\/\/sagnlandet.dk\/de\/wp-json\/wp\/v2\/media?parent=70072"}],"curies":[{"name":"wp","href":"https:\/\/api.w.org\/{rel}","templated":true}]}}