{"id":70047,"date":"2024-10-07T08:11:36","date_gmt":"2024-10-07T06:11:36","guid":{"rendered":"https:\/\/sagnlandet.dk\/paa-egen-haand\/"},"modified":"2025-02-24T07:11:34","modified_gmt":"2025-02-24T06:11:34","slug":"auf-eigene-faust","status":"publish","type":"page","link":"https:\/\/sagnlandet.dk\/de\/auf-eigene-faust\/","title":{"rendered":"Auf eigene Faust"},"content":{"rendered":"\r\n\r\n<section class=\"standout-section standout-block standout-basic alignfull rounded-bg wp-elements-d65a4897bfa4ef0b2be1407a8ca726a9 hero-section side-spacing has-bg has-bg-img bg-size-cover bg-align-horizontal-center bg-align-vertical-center has-text-color\" style=\"color: #ffffff;\">\r\n\r\n\t<div class=\"standout-max-container\">\t\r\n\r\n<div class=\"standout-block-inner\">\r\n\t\t\t\r\n\t<div class=\"standout-block-background-deco\" style=\"--bg-align-vertical: center; --bg-align-horizontal: center; --bg-object-position: center center\">\r\n\t\t<img loading=\"lazy\" decoding=\"async\" width=\"1920\" height=\"790\" src=\"https:\/\/sagnlandet.dk\/de\/wp-content\/uploads\/sites\/13\/2025\/02\/landbohusene-34-aspect-ratio-2700-1111-scaled.jpg\" class=\"standout-block-background-deco-element\" alt=\"\" srcset=\"https:\/\/sagnlandet.dk\/de\/wp-content\/uploads\/sites\/13\/2025\/02\/landbohusene-34-aspect-ratio-2700-1111-scaled.jpg 2560w, https:\/\/sagnlandet.dk\/de\/wp-content\/uploads\/sites\/13\/2025\/02\/landbohusene-34-aspect-ratio-2700-1111-600x247.jpg 600w, https:\/\/sagnlandet.dk\/de\/wp-content\/uploads\/sites\/13\/2025\/02\/landbohusene-34-aspect-ratio-2700-1111-1920x790.jpg 1920w, https:\/\/sagnlandet.dk\/de\/wp-content\/uploads\/sites\/13\/2025\/02\/landbohusene-34-aspect-ratio-2700-1111-1536x632.jpg 1536w, https:\/\/sagnlandet.dk\/de\/wp-content\/uploads\/sites\/13\/2025\/02\/landbohusene-34-aspect-ratio-2700-1111-2048x843.jpg 2048w, https:\/\/sagnlandet.dk\/de\/wp-content\/uploads\/sites\/13\/2025\/02\/landbohusene-34-aspect-ratio-2700-1111-243x100.jpg 243w, https:\/\/sagnlandet.dk\/de\/wp-content\/uploads\/sites\/13\/2025\/02\/landbohusene-34-aspect-ratio-2700-1111-1200x494.jpg 1200w, https:\/\/sagnlandet.dk\/de\/wp-content\/uploads\/sites\/13\/2025\/02\/landbohusene-34-aspect-ratio-2700-1111-1320x543.jpg 1320w\" sizes=\"(max-width: 1920px) 100vw, 1920px\" \/>\t<\/div>\r\n\r\n\t\t\r\n\t\t\t\t\t\t<div class=\"acf-innerblocks-container\">\n\n<h1 class=\"wp-block-heading\">Unterricht auf eigene Faust<\/h1>\n\n\n\n<p class=\"has-h-6-font-size\">Verschaffen Sie sich einen \u00dcberblick \u00fcber die verschiedenen Bildungsangebote, bei denen Sie auf eigene Faust in Lejre Land of Legends unterwegs sind.<\/p>\n\n<\/div>\r\n\t\t\t\r\n\t\t\t<div class=\"standout-hero-information\"><div class=\"standout-hero-information-inner\">Das Programm des Tages finden Sie <a href=\"https:\/\/sagnlandet.dk\/de\/tagesprogramm\/\">hier <span height=\"1em\" class=\"standout-custom-svg custom-svg\"><?xml version=\"1.0\" encoding=\"UTF-8\"?><svg height=\"1em\" id=\"a\" xmlns=\"http:\/\/www.w3.org\/2000\/svg\" viewBox=\"0 0 16.28 22.02\"><path d=\"M5.4,18.67h-.24c-.77.76-1.5,1.5-2.28,2.28v.35h-.36c-.24.26-.45.47-.68.71H.74c0-.15-.01-.28-.02-.37-.24-.23-.45-.43-.7-.66v-.34c.08-.05.15-.1.23-.15-.06-.05-.14-.09-.19-.15-.03-.04-.06-.13-.04-.15.13-.13.28-.24.46-.39,0-.08,0-.22.01-.29.52-.52,1.01-1,1.49-1.49-.01-.02-.02-.03-.04-.05.14,0,.27-.01.35-.02.32-.33.61-.62.94-.95h.35c0-.15.02-.3.02-.37.2-.2.37-.37.58-.58h.26c.48-.49.93-.94,1.42-1.44h.35v-.38c.13-.11.22-.2.31-.28,0-.02-.02-.04-.03-.06h.34c.41-.42.77-.79,1.18-1.2h.25c.57-.57,1.1-1.11,1.66-1.68h.25c.2-.19.37-.33.52-.49.04-.04.09-.16.07-.18-.12-.11-.26-.19-.38-.3-.12-.11-.22-.23-.33-.35-.11-.12-.21-.24-.32-.36-.07-.07-.15-.13-.29-.24h-.25c-.31-.33-.6-.62-.92-.96h-.3c-.15-.17-.26-.3-.41-.48h-.31c-.15-.17-.26-.3-.41-.48h-.28c-.41-.42-.77-.79-1.18-1.2h-.27c-.31-.33-.6-.62-.92-.96h-.29c-.23-.25-.44-.47-.68-.72h-.29c-.14-.17-.26-.31-.4-.48h-.31c-.14-.17-.26-.31-.41-.48h-.28c-.29-.29-.53-.54-.83-.84v-.26c-.26-.24-.47-.44-.71-.67.1-.18-.21-.52.23-.68v-.31c.22-.22.38-.38.59-.59h1.02c.14.16.25.29.4.47h.36c.02.09.04.16.06.24h.35c.23.25.44.46.68.72h.29c.15.17.26.3.42.48h.27c.33.33.61.62.94.96.06,0,.19,0,.3.02.14.16.26.3.4.47h.29c.32.33.61.62.94.96h.28c.14.17.26.31.4.48h.37c0,.36.29.21.41.24.24.26.44.47.68.72h.34c.07.11,0,.36.28.23v.48c.15,0,.29.01.38.02.31.32.59.62.91.95h.28c.23.25.44.47.68.72h.3c.14-.16.26-.3.4-.47h1.33c0-.37.27-.21.47-.25.02-.06.05-.14.07-.22h.58c.19.2.36.37.57.58v.58c-.07.01-.14.03-.2.04-.1.17.13.48-.26.48v.33c-.2.21-.34.36-.49.51-.1.11-.2.23-.31.33-.12.1-.26.18-.39.29-.03.02-.03.12-.01.14.14.12.29.24.46.38v.36c.08.03.16.06.25.08v.65c.08.02.15.04.23.06v.42c-.07.02-.14.05-.23.07v.43h-.38c-.11.12-.17.18-.23.25-.05-.07-.11-.13-.19-.23h-.55c-.15-.17-.26-.3-.41-.48h-.32c-.26-.48-.68-.1-.93-.25-.24.25-.44.46-.68.72-.07,0-.2,0-.37.02v.37c-.13.11-.22.19-.31.27,0,.02.02.04.03.06h-.33c-.66.66-1.26,1.27-1.91,1.92h-.25c-.81.81-1.57,1.58-2.39,2.4h-.35c0,.15-.02.29-.02.39-.11.11-.2.19-.35.33Z\"\/><\/svg><\/span><\/a><\/div><div class=\"standout-hero-rowing-animation\"><img decoding=\"async\" class=\"animation\" src=\"https:\/\/sagnlandet.dk\/de\/wp-content\/themes\/s-child\/images\/rowing.png\"><\/div><\/div>\t<\/div>\r\n\r\n\r\n\r\n\t\t<\/div>\r\n<\/section>\n\n\r\n\r\n<section class=\"standout-section standout-block standout-basic alignwide border-bg rounded-bg\">\r\n\r\n\t<div class=\"standout-max-container\">\t\r\n\r\n<div class=\"standout-block-inner\">\r\n\t\r\n\t\t\t\t\t\t<div class=\"acf-innerblocks-container\">\n\n<h2 class=\"wp-block-heading has-text-align-center has-h-4-font-size\">Besuchen Sie Lejre Land of Legends auf eigene Faust!<\/h2>\n\n<\/div>\r\n\t\t\t\r\n\t<\/div>\r\n\r\n\r\n\r\n\t\t<\/div>\r\n<\/section>\n\n\n<p> <\/p>\n\n\n\n<p>Sie kommen in einen Lernraum mit hohen Decken. Im Lejre Land of Legends k\u00f6nnen Sie 43 Hektar Naturlandschaft erkunden. Wenn Ihr Besuch mehr als nur ein Ausflug sein soll, m\u00fcssen Sie einen Sinn und eine Absicht f\u00fcr Ihren Besuch haben. Es ist ein ganz besonderer Ort, den nicht alle Sch\u00fcler kennen.<\/p>\n\n\n\r\n\r\n<section class=\"standout-section standout-block standout-basic alignwide\">\r\n\r\n\t<div class=\"standout-max-container\">\t\r\n\r\n<div class=\"standout-block-inner\">\r\n\t\r\n\t\t\t\t\t\t<div class=\"acf-innerblocks-container\">\n\n<div class=\"wp-block-columns alignfull standout-content-with-sidebar column-gap-s is-layout-flex wp-container-core-columns-is-layout-1 wp-block-columns-is-layout-flex\">\n<div class=\"wp-block-column standout-secondary-content is-layout-flow wp-block-column-is-layout-flow\">\r\n\r\n<section class=\"standout-section standout-block standout-basic alignwide rounded-bg wp-elements-f216f103474115b2ba5d1db4613271b5 has-bg has-bg-color has-text-color\" style=\"background-color: var(--wp--preset--color--color-text); color: #ffffff;\">\r\n\r\n\t<div class=\"standout-max-container\">\t\r\n\r\n<div class=\"standout-block-inner\">\r\n\t\r\n\t\t\t\t\t\t<div class=\"acf-innerblocks-container\">\n\n<h4 class=\"wp-block-heading has-color-gul-color has-text-color has-link-color wp-elements-c62f8c71103cac1b053fd635c54c0507\">Auf eigene Faust<\/h4>\n\n\n\n<h3 class=\"wp-block-heading has-color-gul-color has-text-color has-link-color wp-elements-e9c97840236e8b1373358cf0a7bd5d92\">Zu erledigende Aktivit\u00e4ten<\/h3>\n\n\n\n<h6 class=\"wp-block-heading\">Bereich Allgemeine Lernziele<\/h6>\n\n\n\n<h6 class=\"wp-block-heading\"><strong>Dauer<\/strong><br>1 1\/2 &#8211; 2 Stunden im Land der Legenden. Das Programm unterst\u00fctzt vereinfachte gemeinsame Ziele in den F\u00e4chern Biologie und Geschichte.<\/h6>\n\n\n\n<h6 class=\"wp-block-heading\"><strong>Klassenstufe<br><\/strong>7. bis 9. Klasse. Der Kurs findet in Eigenregie statt.<\/h6>\n\n\n\n<h6 class=\"wp-block-heading\"><strong>Besondere Lernziele <\/strong><br>Der Kurs f\u00f6rdert die Kompetenz der Sch\u00fclerinnen und Sch\u00fcler, zu forschen, zu modellieren, zu relativieren und ihre Ergebnisse zu kommunizieren. Der Kurs l\u00e4sst Raum f\u00fcr eigene Interpretationen und Reflexion \u00fcber die Interaktion mit der eigenen Lebenswelt.<\/h6>\n\n<\/div>\r\n\t\t\t\r\n\t<\/div>\r\n\r\n\r\n\r\n\t\t<\/div>\r\n<\/section><\/div>\n\n\n\n<div class=\"wp-block-column standout-primary-content is-layout-flow wp-block-column-is-layout-flow\">\r\n\r\n<section class=\"standout-section standout-block standout-basic alignwide border-bg rounded-bg\">\r\n\r\n\t<div class=\"standout-max-container\">\t\r\n\r\n<div class=\"standout-block-inner\">\r\n\t\r\n\t\t\t\t\t\t<div class=\"acf-innerblocks-container\">\n\n<h6 class=\"wp-block-heading\">Selbstst\u00e4ndiges Lernen im Lejre Land of Legends<br><\/h6>\n\n\n\n<p>Wir begr\u00fc\u00dfen die offene Schule und die Zusammenarbeit beim Lernen der Sch\u00fcler. Deshalb haben wir eine Reihe von Unterrichtskursen vorbereitet, die als Inspiration f\u00fcr diejenigen dienen sollen, die Lejre Land of Legends als Ort f\u00fcr ihren Unterricht nutzen m\u00f6chten &#8211; ein alternativer Lernraum, ein zus\u00e4tzliches Klassenzimmer. Die Kurse sind Beispiele daf\u00fcr, wie der Unterricht hier drau\u00dfen gestaltet und qualifiziert werden kann.<\/p>\n\n\n\n<p>Die Kurse sind so konzipiert, dass sie in Ihren Alltag passen. Sie orientieren sich daher an den Gemeinsamen Zielen (FM). M\u00f6gliche F\u00e4higkeits- und Wissensziele sind in jedem Kurs angegeben, und wir haben auch Vorschl\u00e4ge f\u00fcr Lernziele gemacht. Wir schlagen auch vor, welche Auswirkungen der Lernraum auf die ganzheitliche Entwicklung der Sch\u00fcler haben kann.<\/p>\n\n\n\n<p>Die Kurse bieten Inhalte und Aktivit\u00e4ten f\u00fcr die Zeit vor, w\u00e4hrend und nach dem Besuch.<\/p>\n\n\n\n<p>Wenn Sie an anderen Kursen in Lejre Land of Legends interessiert sind, finden Sie sie hier:<\/p>\n\n\n\n<div class=\"wp-block-buttons btn-gap-10 is-content-justification-center is-layout-flex wp-container-core-buttons-is-layout-1 wp-block-buttons-is-layout-flex\">\n<div class=\"wp-block-button has-custom-font-size\" style=\"font-size:14px\"><a class=\"wp-block-button__link has-color-text-background-color has-background wp-element-button\" href=\"https:\/\/sagnlandet.dk\/en\/undervisningsforloeb\/\">Eine vollst\u00e4ndige \u00dcbersicht + Preise f\u00fcr Bildungsprogramme finden Sie hier.<\/a><\/div>\n<\/div>\n\n<\/div>\r\n\t\t\t\r\n\t<\/div>\r\n\r\n\r\n\r\n\t\t<\/div>\r\n<\/section><\/div>\n<\/div>\n\n<\/div>\r\n\t\t\t\r\n\t<\/div>\r\n\r\n\r\n\r\n\t\t<\/div>\r\n<\/section>\n\n\r\n\r\n<section class=\"standout-section standout-block standout-basic alignwide\">\r\n\r\n\t<div class=\"standout-max-container\">\t\r\n\r\n<div class=\"standout-block-inner\">\r\n\t\r\n\t\t\t\t\t\t<div class=\"acf-innerblocks-container\">\n\n<div class=\"wp-block-columns alignfull standout-content-with-sidebar column-gap-s is-layout-flex wp-container-core-columns-is-layout-2 wp-block-columns-is-layout-flex\">\n<div class=\"wp-block-column standout-primary-content is-layout-flow wp-block-column-is-layout-flow\">\r\n\r\n<section class=\"standout-section standout-block standout-basic alignwide border-bg rounded-bg\">\r\n\r\n\t<div class=\"standout-max-container\">\t\r\n\r\n<div class=\"standout-block-inner\">\r\n\t\r\n\t\t\t\t\t\t<div class=\"acf-innerblocks-container\">\n\n<h5 class=\"wp-block-heading\">Anleitung f\u00fcr Lehrer<\/h5>\n\n\n\n<p>Sie kommen in einen Lernraum mit hohen Decken. In Lejre Land of Legends haben Sie 43 Hektar Naturlandschaft zu erkunden. Wenn Ihr Besuch mehr als nur ein Ausflug sein soll, m\u00fcssen Sie einen Sinn und eine Absicht f\u00fcr Ihren Besuch haben. Es ist ein ganz besonderer Ort, den nicht alle Studenten kennen. Nat\u00fcrlich m\u00fcssen Sie auf die Natur, die Tiere, die historischen Umgebungen und die rekonstruierten Objekte achten. Einige Tiere sind in ihren Gehegen und d\u00fcrfen nicht betreten werden. Manche Tiere laufen frei herum. Die Tiere m\u00f6gen es nicht, angeschrien oder gejagt zu werden.<\/p>\n\n\n\n<p>Wir begr\u00fc\u00dfen die offene Schule und die Zusammenarbeit beim Lernen der Sch\u00fcler. Deshalb haben wir eine Reihe von Unterrichtskursen vorbereitet, die als Inspiration f\u00fcr diejenigen dienen sollen, die Lejre Land of Legends als Ort f\u00fcr ihren Unterricht nutzen m\u00f6chten &#8211; ein alternativer Lernraum, ein zus\u00e4tzliches Klassenzimmer. Die Kurse sind Beispiele daf\u00fcr, wie der Unterricht hier drau\u00dfen gestaltet und qualifiziert werden kann.<\/p>\n\n\n\n<p>Die Kurse sind so konzipiert, dass sie in Ihren Alltag passen. Sie orientieren sich daher an den Gemeinsamen Zielen (FM). M\u00f6gliche F\u00e4higkeits- und Wissensziele sind in jedem Kurs angegeben, und wir haben auch Vorschl\u00e4ge f\u00fcr Lernziele gemacht. Wir schlagen auch vor, was der Lernraum f\u00fcr die ganzheitliche Entwicklung der Teilnehmer bedeuten kann.<\/p>\n\n\n\n<h6 class=\"wp-block-heading\">Dauer<\/h6>\n\n\n\n<p>Die Klasse erkundet Lejre Land of Legends auf eigene Faust.<\/p>\n\n\n\n<figure class=\"wp-block-image size-full\"><a href=\"https:\/\/sagnlandet.dk\/wp-content\/uploads\/2024\/10\/paa-egen-haand-vejledning-til-laererne.pdf\"><img decoding=\"async\" src=\"https:\/\/sagnlandet.dk\/wp-content\/uploads\/2025\/02\/paa-egen-haand-vejledning-til-laererne-212x300-1.png\" alt=\"\" class=\"wp-image-1641\"\/><\/a><\/figure>\n\n\n\n<p><a href=\"https:\/\/sagnlandet.dk\/wp-content\/uploads\/2024\/10\/paa-egen-haand-vejledning-til-laererne.pdf\">Leitfaden f\u00fcr Lehrer<\/a><\/p>\n\n<\/div>\r\n\t\t\t\r\n\t<\/div>\r\n\r\n\r\n\r\n\t\t<\/div>\r\n<\/section><\/div>\n\n\n\n<div class=\"wp-block-column standout-secondary-content is-layout-flow wp-block-column-is-layout-flow\">\r\n\r\n<section class=\"standout-section standout-block standout-basic alignwide\">\r\n\r\n\t<div class=\"standout-max-container\">\t\r\n\r\n<div class=\"standout-block-inner\">\r\n\t\r\n\t\t\t\t\t\t<div class=\"acf-innerblocks-container\">\n\n<figure class=\"wp-block-image size-full is-resized is-style-rounded\"><img decoding=\"async\" src=\"https:\/\/sagnlandet.dk\/wp-content\/uploads\/2025\/02\/kongehal-sct-hans-2021-02-beskaaret-2.jpg\" alt=\"\" class=\"wp-image-1683\" style=\"object-fit:cover;width:400px;height:600px\"\/><\/figure>\n\n\n\r\n\r\n<section class=\"standout-section standout-block standout-basic alignwide rounded-bg wp-elements-45c33b654bae3c7d8a6c31a76c7cd43d has-bg has-bg-color has-text-color\" style=\"background-color: var(--wp--preset--color--color-text); color: #ffffff;\">\r\n\r\n\t<div class=\"standout-max-container\">\t\r\n\r\n<div class=\"standout-block-inner\">\r\n\t\r\n\t\t\t\t\t\t<div class=\"acf-innerblocks-container\">\n\n<h5 class=\"wp-block-heading has-text-align-center has-color-gul-color has-text-color has-link-color wp-elements-62bf032ef6ce3dba9bb4ab4a64314b87\">Entdecken Sie unsere anderen Bildungsangebote<\/h5>\n\n\n\n<hr class=\"wp-block-separator has-alpha-channel-opacity\"\/>\n\n\n\n<div class=\"wp-block-buttons btn-gap-10 is-content-justification-center is-layout-flex wp-container-core-buttons-is-layout-2 wp-block-buttons-is-layout-flex\">\n<div class=\"wp-block-button has-custom-font-size\" style=\"font-size:14px\"><a class=\"wp-block-button__link has-color-maglemose-background-color has-background wp-element-button\" href=\"https:\/\/sagnlandet.dk\/de\/die-steinzeit-lehren\/\">Steinzeit unterrichten<\/a><\/div>\n\n\n\n<div class=\"wp-block-button has-custom-font-size\" style=\"font-size:14px\"><a class=\"wp-block-button__link has-color-jernalder-background-color has-background wp-element-button\" href=\"https:\/\/sagnlandet.dk\/en\/undervisning-i-jernalderen\/\">Unterricht in der Eisenzeit<\/a><\/div>\n\n\n\n<div class=\"wp-block-button has-custom-font-size\" style=\"font-size:14px\"><a class=\"wp-block-button__link has-color-2-background-color has-background wp-element-button\" href=\"https:\/\/sagnlandet.dk\/en\/undervisning-i-vikingeomraadet\/\">Unterrichten in der Wikingerzeit<\/a><\/div>\n\n\n\n<div class=\"wp-block-button has-custom-font-size\" style=\"font-size:14px\"><a class=\"wp-block-button__link has-color-landbo-background-color has-background wp-element-button\" href=\"https:\/\/sagnlandet.dk\/de\/der-unterricht-in-den-1850er-jahren\/\">Unterricht in den 1850er Jahren<\/a><\/div>\n\n\n\n<div class=\"wp-block-button has-custom-font-size\" style=\"font-size:14px\"><a class=\"wp-block-button__link has-color-text-background-color has-background wp-element-button\" href=\"https:\/\/sagnlandet.dk\/de\/unterricht-in-baldalen\/\">Unterricht im Tal der Lagerfeuer<\/a><\/div>\n<\/div>\n\n\n\n<hr class=\"wp-block-separator has-alpha-channel-opacity\"\/>\n\n\n\n<p class=\"aligncenter has-text-align-center\"><strong>Der Preis f\u00fcr einen Unterricht ist der Eintrittspreis pro Teilnehmer beim Besuch von Lejre Land of Legends.<\/strong><\/p>\n\n\n\n<div class=\"wp-block-buttons btn-gap-10 is-content-justification-center is-layout-flex wp-container-core-buttons-is-layout-3 wp-block-buttons-is-layout-flex\">\n<div class=\"wp-block-button has-custom-font-size\" style=\"font-size:14px\"><a class=\"wp-block-button__link has-color-2-background-color has-background wp-element-button\" href=\"https:\/\/sagnlandet.dk\/en\/undervisningsforloeb\/\">Eine vollst\u00e4ndige \u00dcbersicht + Preise f\u00fcr Bildungsprogramme finden Sie hier.<\/a><\/div>\n<\/div>\n\n<\/div>\r\n\t\t\t\r\n\t<\/div>\r\n\r\n\r\n\r\n\t\t<\/div>\r\n<\/section>\n<\/div>\r\n\t\t\t\r\n\t<\/div>\r\n\r\n\r\n\r\n\t\t<\/div>\r\n<\/section><\/div>\n<\/div>\n\n<\/div>\r\n\t\t\t\r\n\t<\/div>\r\n\r\n\r\n\r\n\t\t<\/div>\r\n<\/section>\n\n\r\n\r\n<section class=\"standout-section standout-block standout-basic alignwide\">\r\n\r\n\t<div class=\"standout-max-container\">\t\r\n\r\n<div class=\"standout-block-inner\">\r\n\t\r\n\t\t\t\t\t\t<div class=\"acf-innerblocks-container\">\n\n<div class=\"wp-block-columns alignfull standout-content-with-sidebar column-gap-s is-layout-flex wp-container-core-columns-is-layout-4 wp-block-columns-is-layout-flex\">\n<div class=\"wp-block-column standout-primary-content is-layout-flow wp-block-column-is-layout-flow\">\r\n\r\n<section class=\"standout-section standout-block standout-basic alignwide border-bg rounded-bg\">\r\n\r\n\t<div class=\"standout-max-container\">\t\r\n\r\n<div class=\"standout-block-inner\">\r\n\t\r\n\t\t\t\t\t\t<div class=\"acf-innerblocks-container\">\n\n<h5 class=\"wp-block-heading\">Der Wikinger-Zimmermann<\/h5>\n\n\n\n<p>Mit diesem Material k\u00f6nnen Sie lernen, wie die Wikinger mit Hilfe von Br\u00fcchen und handwerklichem Geschick die K\u00f6nigshalle bauen konnten.<\/p>\n\n\n\n<p>Dieses Material gibt Ihnen die M\u00f6glichkeit, mit Mathematik zu arbeiten, indem Sie die K\u00f6nigshalle in Lejre Land of Legends als Ausgangspunkt nehmen. Dieses Material basiert auf dem &#8220;Bauen auf der Klammer&#8221; Papier und Schrift waren im Ausland erfunden worden, aber in der Welt der Wikinger herrschte die m\u00fcndliche \u00dcberlieferung vor. Das hei\u00dft, wenn sie Schiffe oder H\u00e4user bauen mussten, hatten sie keine Baupl\u00e4ne, wie wir sie kennen.<\/p>\n\n\n\n<p>Sie bauten auf Klammern.<\/p>\n\n\n\n<p>Das ist ein Begriff aus dem Holzschiffbau. Es ist eine Baumethode, bei der man mit der Erfahrung baut, die man von anderen Bauvorhaben hat. Wir wissen sehr wenig \u00fcber Zahlensymbole aus der Wikingerzeit und wir wissen nicht, wie sie rechneten. Wir wissen aber, dass sie Ma\u00dfe wie Zoll, Fu\u00df und Elle hatten.<\/p>\n\n\n\n<p><em>&#8220;Der Wikinger-Zimmermann&#8221; wurde dem Lejre Land of Legends im Sommer 2022 von der Gemeinde Lejre geschenkt. Das Material wurde von Birgitte Lindhardt f\u00fcr die Gemeinde Lejre geschaffen.<\/em><\/p>\n\n\n\n<hr class=\"wp-block-separator has-alpha-channel-opacity\"\/>\n\n\n\n<h5 class=\"wp-block-heading\">Der Wikinger-Zimmermann<\/h5>\n\n\n\n<h6 class=\"wp-block-heading\">Dauer<\/h6>\n\n\n\n<p>Auf eigene Faust. Die Klasse kann Lejre Land of Legends und Kongehallen auf eigene Faust erkunden.<\/p>\n\n\n\n<div class=\"wp-block-columns is-layout-flex wp-container-core-columns-is-layout-3 wp-block-columns-is-layout-flex\">\n<div class=\"wp-block-column is-layout-flow wp-block-column-is-layout-flow\">\n<figure class=\"wp-block-image size-full\"><a href=\"https:\/\/sagnlandet.dk\/wp-content\/uploads\/2024\/10\/matematik-elev-2024-compressed.pdf\"><img decoding=\"async\" src=\"https:\/\/sagnlandet.dk\/wp-content\/uploads\/2025\/02\/paa-egen-haand-matematik-212x300-1.png\" alt=\"\" class=\"wp-image-1650\"\/><\/a><\/figure>\n\n\n\n<p><a href=\"https:\/\/sagnlandet.dk\/wp-content\/uploads\/2024\/10\/matematik-elev-2024-compressed.pdf\">Der Wikinger-Zimmermann &#8211; Sch\u00fcler<\/a><\/p>\n<\/div>\n\n\n\n<div class=\"wp-block-column is-layout-flow wp-block-column-is-layout-flow\">\n<figure class=\"wp-block-image size-full\"><a href=\"https:\/\/sagnlandet.dk\/wp-content\/uploads\/2024\/10\/matematik-underviser-2024-compressed.pdf\"><img decoding=\"async\" src=\"https:\/\/sagnlandet.dk\/wp-content\/uploads\/2025\/02\/matematik-underviser-212x300-1.png\" alt=\"\" class=\"wp-image-1649\"\/><\/a><\/figure>\n\n\n\n<p>Der Wikinger-Zimmermann &#8211; Lehrerhandbuch<\/p>\n<\/div>\n<\/div>\n\n<\/div>\r\n\t\t\t\r\n\t<\/div>\r\n\r\n\r\n\r\n\t\t<\/div>\r\n<\/section><\/div>\n\n\n\n<div class=\"wp-block-column standout-secondary-content is-layout-flow wp-block-column-is-layout-flow\">\r\n\r\n<section class=\"standout-section standout-block standout-basic alignwide\">\r\n\r\n\t<div class=\"standout-max-container\">\t\r\n\r\n<div class=\"standout-block-inner\">\r\n\t\r\n\t\t\t\t\t\t<div class=\"acf-innerblocks-container\">\n\n<figure class=\"wp-block-image size-full is-resized is-style-rounded\"><img decoding=\"async\" src=\"https:\/\/sagnlandet.dk\/wp-content\/uploads\/2025\/02\/kongehal-drone-1-nov-2020-04-scaled-1.jpg\" alt=\"\" class=\"wp-image-1653\" style=\"object-fit:cover;width:400px;height:600px\"\/><\/figure>\n\n<\/div>\r\n\t\t\t\r\n\t<\/div>\r\n\r\n\r\n\r\n\t\t<\/div>\r\n<\/section>\n\n\r\n\r\n<section class=\"standout-section standout-block standout-basic alignwide rounded-bg wp-elements-cecaa5b2dc8e5b4e46680541397614bc has-bg has-bg-color has-text-color\" style=\"background-color: var(--wp--preset--color--color-text); color: #ffffff;\">\r\n\r\n\t<div class=\"standout-max-container\">\t\r\n\r\n<div class=\"standout-block-inner\">\r\n\t\r\n\t\t\t\t\t\t<div class=\"acf-innerblocks-container\">\n\n<h5 class=\"wp-block-heading has-text-align-center has-color-gul-color has-text-color has-link-color wp-elements-62bf032ef6ce3dba9bb4ab4a64314b87\">Entdecken Sie unsere anderen Bildungsangebote<\/h5>\n\n\n\n<hr class=\"wp-block-separator has-alpha-channel-opacity\"\/>\n\n\n\n<div class=\"wp-block-buttons btn-gap-10 is-content-justification-center is-layout-flex wp-container-core-buttons-is-layout-4 wp-block-buttons-is-layout-flex\">\n<div class=\"wp-block-button has-custom-font-size\" style=\"font-size:14px\"><a class=\"wp-block-button__link has-color-maglemose-background-color has-background wp-element-button\" href=\"https:\/\/sagnlandet.dk\/de\/die-steinzeit-lehren\/\">Unterricht in der Steinzeit<\/a><\/div>\n\n\n\n<div class=\"wp-block-button has-custom-font-size\" style=\"font-size:14px\"><a class=\"wp-block-button__link has-color-jernalder-background-color has-background wp-element-button\" href=\"https:\/\/sagnlandet.dk\/en\/undervisning-i-jernalderen\/\">Unterricht in der Eisenzeit<\/a><\/div>\n\n\n\n<div class=\"wp-block-button has-custom-font-size\" style=\"font-size:14px\"><a class=\"wp-block-button__link has-color-2-background-color has-background wp-element-button\" href=\"https:\/\/sagnlandet.dk\/en\/undervisning-i-vikingeomraadet\/\">Unterricht in der Wikingerzeit<\/a><\/div>\n\n\n\n<div class=\"wp-block-button has-custom-font-size\" style=\"font-size:14px\"><a class=\"wp-block-button__link has-color-landbo-background-color has-background wp-element-button\" href=\"https:\/\/sagnlandet.dk\/de\/der-unterricht-in-den-1850er-jahren\/\">Unterricht in den 1850er Jahren<\/a><\/div>\n\n\n\n<div class=\"wp-block-button has-custom-font-size\" style=\"font-size:14px\"><a class=\"wp-block-button__link has-color-text-background-color has-background wp-element-button\" href=\"https:\/\/sagnlandet.dk\/de\/unterricht-in-baldalen\/\">Unterricht im Tal des Feuers<\/a><\/div>\n<\/div>\n\n\n\n<hr class=\"wp-block-separator has-alpha-channel-opacity\"\/>\n\n\n\n<p class=\"aligncenter has-text-align-center\"><strong>Der Preis f\u00fcr einen Unterricht ist der Eintrittspreis pro Teilnehmer beim Besuch von Lejre Land of Legends.<\/strong><\/p>\n\n\n\n<div class=\"wp-block-buttons btn-gap-10 is-content-justification-center is-layout-flex wp-container-core-buttons-is-layout-5 wp-block-buttons-is-layout-flex\">\n<div class=\"wp-block-button has-custom-font-size\" style=\"font-size:14px\"><a class=\"wp-block-button__link has-color-2-background-color has-background wp-element-button\" href=\"https:\/\/sagnlandet.dk\/en\/undervisningsforloeb\/\">Eine vollst\u00e4ndige \u00dcbersicht + Preise f\u00fcr Bildungsprogramme finden Sie hier.<\/a><\/div>\n<\/div>\n\n<\/div>\r\n\t\t\t\r\n\t<\/div>\r\n\r\n\r\n\r\n\t\t<\/div>\r\n<\/section><\/div>\n<\/div>\n\n<\/div>\r\n\t\t\t\r\n\t<\/div>\r\n\r\n\r\n\r\n\t\t<\/div>\r\n<\/section>\n\n\r\n\r\n<section class=\"standout-section standout-block standout-basic alignwide\">\r\n\r\n\t<div class=\"standout-max-container\">\t\r\n\r\n<div class=\"standout-block-inner\">\r\n\t\r\n\t\t\t\t\t\t<div class=\"acf-innerblocks-container\">\n\n<div class=\"wp-block-columns alignfull standout-content-with-sidebar column-gap-s is-layout-flex wp-container-core-columns-is-layout-6 wp-block-columns-is-layout-flex\">\n<div class=\"wp-block-column standout-primary-content is-layout-flow wp-block-column-is-layout-flow\">\r\n\r\n<section class=\"standout-section standout-block standout-basic alignwide border-bg rounded-bg\">\r\n\r\n\t<div class=\"standout-max-container\">\t\r\n\r\n<div class=\"standout-block-inner\">\r\n\t\r\n\t\t\t\t\t\t<div class=\"acf-innerblocks-container\">\n\n<h2 class=\"wp-block-heading\">Der Garten von Henrik Harpestreng<\/h2>\n\n\n\n<p>Harpestrengs Garten ist eine Rekonstruktion des Kr\u00e4utergartens des mittelalterlichen Arztes Henrik Harpestreng, den er in seiner Eigenschaft als Arzt von Erik Plovpenning nutzte. Es handelt sich um die Pflanzensammlung eines mittelalterlichen Arztes. Im 13. Jahrhundert systematisierten \u00c4rzte und Botaniker die Pflanzen nach ihrer Heilwirkung.<\/p>\n\n\n\n<p>Der Lehrer absolviert den Kurs selbst\u00e4ndig.<\/p>\n\n\n\n<p>Eine gro\u00dfartige Website bietet Informationen \u00fcber Henrik Harpestreng, den Arzneigarten, die Pflanzen, die Herstellung von Medikamenten und die Behandlung von Krankheiten.<\/p>\n\n\n\n<p><a href=\"http:\/\/www.harpestrengshave.dk\">www.harpestrengshave.dk<\/a><\/p>\n\n\n\n<p>Sie ermutigt die Klasse, sich mit der Behandlung von Krankheiten und der Heilung aller Arten von Beschwerden zu besch\u00e4ftigen.<\/p>\n\n\n\n<p>BiologielehrerInnen k\u00f6nnen die Sch\u00fclerInnen mit einer Reihe von Kr\u00e4utern vertraut machen, die sie in Gruppen zu klassifizieren versuchen. Bei den Diskussionen in den Arbeitsgruppen der Sch\u00fcler werden verschiedene Klassifizierungssysteme zur Sprache kommen, wobei unter anderem das System von Linnaeus erw\u00e4hnt werden kann. Die heutige genetisch basierte Klassifizierung kann ebenfalls einbezogen werden.<\/p>\n\n\n\n<hr class=\"wp-block-separator has-alpha-channel-opacity\"\/>\n\n\n\n<h2 class=\"wp-block-heading\">Der Garten von Henrik Harpestreng<\/h2>\n\n\n\n<h6 class=\"wp-block-heading\">Dauer<\/h6>\n\n\n\n<p>Auf eigene Faust.<br>Die Klasse erkundet den Garten auf eigene Faust.<\/p>\n\n\n\n<div class=\"wp-block-columns is-layout-flex wp-container-core-columns-is-layout-5 wp-block-columns-is-layout-flex\">\n<div class=\"wp-block-column is-layout-flow wp-block-column-is-layout-flow\">\n<figure class=\"wp-block-image size-full\"><a href=\"https:\/\/sagnlandet.dk\/wp-content\/uploads\/2024\/10\/paa-egen-haand-birgit-green-compressed.pdf\"><img decoding=\"async\" src=\"https:\/\/sagnlandet.dk\/wp-content\/uploads\/2025\/02\/paa-egen-haand-birgit-green-212x300-1.png\" alt=\"\" class=\"wp-image-1647\"\/><\/a><\/figure>\n<\/div>\n\n\n\n<div class=\"wp-block-column is-layout-flow wp-block-column-is-layout-flow\">\n<figure class=\"wp-block-image size-full\"><a href=\"https:\/\/sagnlandet.dk\/wp-content\/uploads\/2024\/10\/paa-egen-haand-informationsark-foraarsplanter-compressed.pdf\"><img decoding=\"async\" src=\"https:\/\/sagnlandet.dk\/wp-content\/uploads\/2025\/02\/paa-egen-haand-informationsark-foraarsplanter-212x300-1.png\" alt=\"\" class=\"wp-image-1646\"\/><\/a><\/figure>\n\n\n\n<p><a href=\"https:\/\/sagnlandet.dk\/wp-content\/uploads\/2024\/10\/paa-egen-haand-informationsark-foraarsplanter-compressed.pdf\">Informationsblatt \u00fcber Fr\u00fchlingspflanzen in Henrik Harpestrengs Garten<\/a><\/p>\n<\/div>\n\n\n\n<div class=\"wp-block-column is-layout-flow wp-block-column-is-layout-flow\">\n<figure class=\"wp-block-image size-full\"><a href=\"https:\/\/sagnlandet.dk\/wp-content\/uploads\/2024\/10\/paa-egen-haand-informationsark-efteraarsplanter-compressed.pdf\"><img decoding=\"async\" src=\"https:\/\/sagnlandet.dk\/wp-content\/uploads\/2025\/02\/paa-egen-haand-informationsark-efteraarsplanter-212x300-1.png\" alt=\"\" class=\"wp-image-1645\"\/><\/a><\/figure>\n\n\n\n<p><a href=\"https:\/\/sagnlandet.dk\/wp-content\/uploads\/2024\/10\/paa-egen-haand-informationsark-efteraarsplanter-compressed.pdf\">Informationsblatt \u00fcber Herbstpflanzen in Henrik Harpestrengs Garten<\/a><\/p>\n<\/div>\n<\/div>\n\n<\/div>\r\n\t\t\t\r\n\t<\/div>\r\n\r\n\r\n\r\n\t\t<\/div>\r\n<\/section><\/div>\n\n\n\n<div class=\"wp-block-column standout-secondary-content is-layout-flow wp-block-column-is-layout-flow\">\r\n\r\n<section class=\"standout-section standout-block standout-basic alignwide\">\r\n\r\n\t<div class=\"standout-max-container\">\t\r\n\r\n<div class=\"standout-block-inner\">\r\n\t\r\n\t\t\t\t\t\t<div class=\"acf-innerblocks-container\">\n\n<figure class=\"wp-block-image size-full is-resized is-style-rounded\"><img decoding=\"async\" src=\"https:\/\/sagnlandet.dk\/wp-content\/uploads\/2025\/02\/kongehal-drone-1-nov-2020-04-scaled-1.jpg\" alt=\"\" class=\"wp-image-1653\" style=\"object-fit:cover;width:400px;height:600px\"\/><\/figure>\n\n<\/div>\r\n\t\t\t\r\n\t<\/div>\r\n\r\n\r\n\r\n\t\t<\/div>\r\n<\/section>\n\n\r\n\r\n<section class=\"standout-section standout-block standout-basic alignwide rounded-bg wp-elements-a67ee27f6e2b044f3819335fe216d563 has-bg has-bg-color has-text-color\" style=\"background-color: var(--wp--preset--color--color-text); color: #ffffff;\">\r\n\r\n\t<div class=\"standout-max-container\">\t\r\n\r\n<div class=\"standout-block-inner\">\r\n\t\r\n\t\t\t\t\t\t<div class=\"acf-innerblocks-container\">\n\n<h5 class=\"wp-block-heading has-text-align-center has-color-gul-color has-text-color has-link-color wp-elements-62bf032ef6ce3dba9bb4ab4a64314b87\">Entdecken Sie unsere anderen Bildungsangebote<\/h5>\n\n\n\n<hr class=\"wp-block-separator has-alpha-channel-opacity\"\/>\n\n\n\n<div class=\"wp-block-buttons btn-gap-10 is-content-justification-center is-layout-flex wp-container-core-buttons-is-layout-6 wp-block-buttons-is-layout-flex\">\n<div class=\"wp-block-button has-custom-font-size\" style=\"font-size:14px\"><a class=\"wp-block-button__link has-color-maglemose-background-color has-background wp-element-button\" href=\"https:\/\/sagnlandet.dk\/de\/die-steinzeit-lehren\/\">Steinzeitunterricht<\/a><\/div>\n\n\n\n<div class=\"wp-block-button has-custom-font-size\" style=\"font-size:14px\"><a class=\"wp-block-button__link has-color-jernalder-background-color has-background wp-element-button\" href=\"https:\/\/sagnlandet.dk\/en\/undervisning-i-jernalderen\/\">Unterricht \u00fcber die Eisenzeit<\/a><\/div>\n\n\n\n<div class=\"wp-block-button has-custom-font-size\" style=\"font-size:14px\"><a class=\"wp-block-button__link has-color-2-background-color has-background wp-element-button\" href=\"https:\/\/sagnlandet.dk\/en\/undervisning-i-vikingeomraadet\/\">Unterricht in der Wikingerzeit<\/a><\/div>\n\n\n\n<div class=\"wp-block-button has-custom-font-size\" style=\"font-size:14px\"><a class=\"wp-block-button__link has-color-landbo-background-color has-background wp-element-button\" href=\"https:\/\/sagnlandet.dk\/de\/der-unterricht-in-den-1850er-jahren\/\">Unterricht in den 1850er Jahren<\/a><\/div>\n\n\n\n<div class=\"wp-block-button has-custom-font-size\" style=\"font-size:14px\"><a class=\"wp-block-button__link has-color-text-background-color has-background wp-element-button\" href=\"https:\/\/sagnlandet.dk\/de\/unterricht-in-baldalen\/\">Unterricht im Tal der Lagerfeuer<\/a><\/div>\n<\/div>\n\n\n\n<hr class=\"wp-block-separator has-alpha-channel-opacity\"\/>\n\n\n\n<p class=\"aligncenter has-text-align-center\"><strong>Der Preis f\u00fcr einen Unterricht ist der Eintrittspreis pro Teilnehmer beim Besuch von Lejre Land of Legends.<\/strong><\/p>\n\n\n\n<div class=\"wp-block-buttons btn-gap-10 is-content-justification-center is-layout-flex wp-container-core-buttons-is-layout-7 wp-block-buttons-is-layout-flex\">\n<div class=\"wp-block-button has-custom-font-size\" style=\"font-size:14px\"><a class=\"wp-block-button__link has-color-2-background-color has-background wp-element-button\" href=\"https:\/\/sagnlandet.dk\/en\/undervisningsforloeb\/\">Eine vollst\u00e4ndige \u00dcbersicht + Preise f\u00fcr Bildungsprogramme finden Sie hier.<\/a><\/div>\n<\/div>\n\n<\/div>\r\n\t\t\t\r\n\t<\/div>\r\n\r\n\r\n\r\n\t\t<\/div>\r\n<\/section><\/div>\n<\/div>\n\n<\/div>\r\n\t\t\t\r\n\t<\/div>\r\n\r\n\r\n\r\n\t\t<\/div>\r\n<\/section>\n\n\r\n\r\n<section class=\"standout-section standout-block standout-basic alignwide border-bg rounded-bg\">\r\n\r\n\t<div class=\"standout-max-container\">\t\r\n\r\n<div class=\"standout-block-inner\">\r\n\t\r\n\t\t\t\t\t\t<div class=\"acf-innerblocks-container\">\n\n<h2 class=\"wp-block-heading has-text-align-center has-h-4-font-size\">Weitere Aktivit\u00e4ten auf eigene Faust<\/h2>\n\n<\/div>\r\n\t\t\t\r\n\t<\/div>\r\n\r\n\r\n\r\n\t\t<\/div>\r\n<\/section>\n\n\r\n\r\n<section class=\"standout-section standout-block standout-basic alignwide\">\r\n\r\n\t<div class=\"standout-max-container\">\t\r\n\r\n<div class=\"standout-block-inner\">\r\n\t\r\n\t\t\t\t\t\t<div class=\"acf-innerblocks-container\">\n\n<div class=\"wp-block-columns alignfull standout-content-with-sidebar column-gap-s is-layout-flex wp-container-core-columns-is-layout-8 wp-block-columns-is-layout-flex\">\n<div class=\"wp-block-column standout-primary-content is-layout-flow wp-block-column-is-layout-flow\">\r\n\r\n<section class=\"standout-section standout-block standout-basic alignwide border-bg rounded-bg\">\r\n\r\n\t<div class=\"standout-max-container\">\t\r\n\r\n<div class=\"standout-block-inner\">\r\n\t\r\n\t\t\t\t\t\t<div class=\"acf-innerblocks-container\">\n\n<h2 class=\"wp-block-heading\">Werkzeuge in Friedenszeiten \/ Waffen in Kriegszeiten<\/h2>\n\n\n\n<p>Diese Brosch\u00fcre sollte zusammen mit den Brosch\u00fcren &#8220;D\u00e4nenaxt&#8221;, &#8220;Speer&#8221; und &#8220;Schild&#8221; verwendet werden. Sie finden sie auch online auf der Website von Lejre Land of Legends. Die Infobl\u00e4tter &#8220;Werkzeuge in Friedenszeiten, Waffen in Kriegszeiten&#8221; \u00fcber die &#8220;D\u00e4nische Axt&#8221;, den &#8220;Schild&#8221; und den &#8220;Speer&#8221; sind f\u00fcr alle, die Wikingerwaffen lieben. Wer sich in sie vertiefen will, ist hier willkommen.<\/p>\n\n\n\n<p>In der Wikingerzeit war die Bewaffnung sowohl ein Recht als auch eine Pflicht. Die wikingerzeitlichen Freibeuter waren verpflichtet, Waffen zu tragen, und es gab strenge Vorschriften, die sicherstellten, dass man \u00fcber die notwendigen Waffen verf\u00fcgte, um an der Landesverteidigung (dem Schutz des Landes) teilzunehmen. Man musste Geldstrafen zahlen, wenn man nicht in der Waffenkammer erschien oder wenn die erforderliche Ausr\u00fcstung unzureichend war. Dies ist in den \u00e4ltesten erhaltenen Rechtstexten Skandinaviens verankert, die zwar aus dem Mittelalter stammen, aber bis in die Wikingerzeit zur\u00fcckreichen. In den Gesetzen der Gulatings und Frostatings hei\u00dft es, dass jeder freie Mann drei grundlegende Waffen besitzen musste: Speer, Schild und entweder ein Schwert oder eine Axt.<\/p>\n\n\n\n<p>Unser Wissen \u00fcber die Wikingerzeit und die Waffen der Wikinger stammt sowohl aus historischen als auch aus arch\u00e4ologischen Quellen. In den historischen Werkst\u00e4tten von Lejre Land of Legends rekonstruieren wir sowohl die Waffen der Wikinger als auch ihren Gebrauch von Waffen.<\/p>\n\n\n\n<hr class=\"wp-block-separator has-alpha-channel-opacity\"\/>\n\n\n\n<h2 class=\"wp-block-heading\">Werkzeuge in Friedenszeiten \/ Waffen in Kriegszeiten<\/h2>\n\n\n\n<h6 class=\"wp-block-heading\">Dauer<\/h6>\n\n\n\n<p>Auf eigene Faust.<br>Die Klasse erkundet auf eigene Faust.<\/p>\n\n\n\n<div class=\"wp-block-columns is-layout-flex wp-container-core-columns-is-layout-7 wp-block-columns-is-layout-flex\">\n<div class=\"wp-block-column is-layout-flow wp-block-column-is-layout-flow\">\n<figure class=\"wp-block-image size-full\"><a href=\"https:\/\/sagnlandet.dk\/wp-content\/uploads\/2024\/10\/paa-egen-haand-vaerktoej-i-fredstid-compressed.pdf\"><img decoding=\"async\" src=\"https:\/\/sagnlandet.dk\/wp-content\/uploads\/2025\/02\/paa-egen-haand-vaerktoej-i-fredstid-212x300-1.png\" alt=\"\" class=\"wp-image-1677\"\/><\/a><\/figure>\n\n\n\n<p><a href=\"https:\/\/sagnlandet.dk\/wp-content\/uploads\/2024\/10\/paa-egen-haand-vaerktoej-i-fredstid-compressed.pdf\">&#8220;Werkzeuge in Friedenszeiten &amp; Waffen in Kriegszeiten&#8221;<\/a><\/p>\n<\/div>\n\n\n\n<div class=\"wp-block-column is-layout-flow wp-block-column-is-layout-flow\">\n<figure class=\"wp-block-image size-full\"><a href=\"https:\/\/sagnlandet.dk\/wp-content\/uploads\/2024\/10\/paa-egen-haand-daneoeksen-compressed.pdf\"><img decoding=\"async\" src=\"https:\/\/sagnlandet.dk\/wp-content\/uploads\/2025\/02\/paa-egen-haand-daneoeksen-212x300-1.png\" alt=\"\" class=\"wp-image-1676\"\/><\/a><\/figure>\n\n\n\n<p><a href=\"https:\/\/sagnlandet.dk\/wp-content\/uploads\/2024\/10\/paa-egen-haand-daneoeksen-compressed.pdf\">&#8220;Die d\u00e4nische Axt&#8221;<\/a><\/p>\n<\/div>\n\n\n\n<div class=\"wp-block-column is-layout-flow wp-block-column-is-layout-flow\">\n<figure class=\"wp-block-image size-full\"><a href=\"https:\/\/sagnlandet.dk\/wp-content\/uploads\/2024\/10\/paa-egen-haand-skjoldet-compressed.pdf\"><img decoding=\"async\" src=\"https:\/\/sagnlandet.dk\/wp-content\/uploads\/2025\/02\/paa-egen-haand-skjoldet-212x300-1.png\" alt=\"\" class=\"wp-image-1675\"\/><\/a><\/figure>\n\n\n\n<p><a href=\"https:\/\/sagnlandet.dk\/wp-content\/uploads\/2024\/10\/paa-egen-haand-skjoldet-compressed.pdf\">&#8220;Der Schild&#8221;<\/a><\/p>\n<\/div>\n\n\n\n<div class=\"wp-block-column is-layout-flow wp-block-column-is-layout-flow\">\n<figure class=\"wp-block-image size-full\"><a href=\"https:\/\/sagnlandet.dk\/wp-content\/uploads\/2024\/10\/paa-egen-haand-spyddet-compressed.pdf\"><img decoding=\"async\" src=\"https:\/\/sagnlandet.dk\/wp-content\/uploads\/2025\/02\/paa-egen-haand-spyddet-212x300-1.png\" alt=\"\" class=\"wp-image-1674\"\/><\/a><\/figure>\n\n\n\n<p><a href=\"https:\/\/sagnlandet.dk\/wp-content\/uploads\/2024\/10\/paa-egen-haand-spyddet-compressed.pdf\">&#8220;Der Speer&#8221;<\/a><\/p>\n<\/div>\n<\/div>\n\n<\/div>\r\n\t\t\t\r\n\t<\/div>\r\n\r\n\r\n\r\n\t\t<\/div>\r\n<\/section><\/div>\n\n\n\n<div class=\"wp-block-column standout-secondary-content is-layout-flow wp-block-column-is-layout-flow\">\r\n\r\n<section class=\"standout-section standout-block standout-basic alignwide\">\r\n\r\n\t<div class=\"standout-max-container\">\t\r\n\r\n<div class=\"standout-block-inner\">\r\n\t\r\n\t\t\t\t\t\t<div class=\"acf-innerblocks-container\">\n\n<figure class=\"wp-block-image size-full is-resized is-style-rounded\"><img decoding=\"async\" src=\"https:\/\/sagnlandet.dk\/wp-content\/uploads\/2025\/02\/kongehal-drone-1-nov-2020-04-scaled-1.jpg\" alt=\"\" class=\"wp-image-1653\" style=\"object-fit:cover;width:400px;height:600px\"\/><\/figure>\n\n<\/div>\r\n\t\t\t\r\n\t<\/div>\r\n\r\n\r\n\r\n\t\t<\/div>\r\n<\/section>\n\n\r\n\r\n<section class=\"standout-section standout-block standout-basic alignwide rounded-bg wp-elements-cecaa5b2dc8e5b4e46680541397614bc has-bg has-bg-color has-text-color\" style=\"background-color: var(--wp--preset--color--color-text); color: #ffffff;\">\r\n\r\n\t<div class=\"standout-max-container\">\t\r\n\r\n<div class=\"standout-block-inner\">\r\n\t\r\n\t\t\t\t\t\t<div class=\"acf-innerblocks-container\">\n\n<h5 class=\"wp-block-heading has-text-align-center has-color-gul-color has-text-color has-link-color wp-elements-62bf032ef6ce3dba9bb4ab4a64314b87\">Entdecken Sie unsere anderen Bildungsangebote<\/h5>\n\n\n\n<hr class=\"wp-block-separator has-alpha-channel-opacity\"\/>\n\n\n\n<div class=\"wp-block-buttons btn-gap-10 is-content-justification-center is-layout-flex wp-container-core-buttons-is-layout-8 wp-block-buttons-is-layout-flex\">\n<div class=\"wp-block-button has-custom-font-size\" style=\"font-size:14px\"><a class=\"wp-block-button__link has-color-maglemose-background-color has-background wp-element-button\" href=\"https:\/\/sagnlandet.dk\/de\/die-steinzeit-lehren\/\">Unterricht in der Steinzeit<\/a><\/div>\n\n\n\n<div class=\"wp-block-button has-custom-font-size\" style=\"font-size:14px\"><a class=\"wp-block-button__link has-color-jernalder-background-color has-background wp-element-button\" href=\"https:\/\/sagnlandet.dk\/en\/undervisning-i-jernalderen\/\">Unterricht in der Eisenzeit<\/a><\/div>\n\n\n\n<div class=\"wp-block-button has-custom-font-size\" style=\"font-size:14px\"><a class=\"wp-block-button__link has-color-2-background-color has-background wp-element-button\" href=\"https:\/\/sagnlandet.dk\/en\/undervisning-i-vikingeomraadet\/\">Unterricht in der Wikingerzeit<\/a><\/div>\n\n\n\n<div class=\"wp-block-button has-custom-font-size\" style=\"font-size:14px\"><a class=\"wp-block-button__link has-color-landbo-background-color has-background wp-element-button\" href=\"https:\/\/sagnlandet.dk\/de\/der-unterricht-in-den-1850er-jahren\/\">Unterricht in den 1850er Jahren<\/a><\/div>\n\n\n\n<div class=\"wp-block-button has-custom-font-size\" style=\"font-size:14px\"><a class=\"wp-block-button__link has-color-text-background-color has-background wp-element-button\" href=\"https:\/\/sagnlandet.dk\/de\/unterricht-in-baldalen\/\">Unterricht im Tal des Feuers<\/a><\/div>\n<\/div>\n\n\n\n<hr class=\"wp-block-separator has-alpha-channel-opacity\"\/>\n\n\n\n<p class=\"aligncenter has-text-align-center\"><strong>Der Preis f\u00fcr einen Unterricht ist der Eintrittspreis pro Teilnehmer beim Besuch von Lejre Land of Legends.<\/strong><\/p>\n\n\n\n<div class=\"wp-block-buttons btn-gap-10 is-content-justification-center is-layout-flex wp-container-core-buttons-is-layout-9 wp-block-buttons-is-layout-flex\">\n<div class=\"wp-block-button has-custom-font-size\" style=\"font-size:14px\"><a class=\"wp-block-button__link has-color-2-background-color has-background wp-element-button\" href=\"https:\/\/sagnlandet.dk\/en\/undervisningsforloeb\/\">Eine vollst\u00e4ndige \u00dcbersicht + Preise f\u00fcr Bildungsprogramme finden Sie hier.<\/a><\/div>\n<\/div>\n\n<\/div>\r\n\t\t\t\r\n\t<\/div>\r\n\r\n\r\n\r\n\t\t<\/div>\r\n<\/section><\/div>\n<\/div>\n\n<\/div>\r\n\t\t\t\r\n\t<\/div>\r\n\r\n\r\n\r\n\t\t<\/div>\r\n<\/section>\n\n\r\n\r\n<section class=\"standout-section standout-block standout-basic alignwide\">\r\n\r\n\t<div class=\"standout-max-container\">\t\r\n\r\n<div class=\"standout-block-inner\">\r\n\t\r\n\t\t\t\t\t\t<div class=\"acf-innerblocks-container\">\n\n<div class=\"wp-block-columns alignfull standout-content-with-sidebar column-gap-s is-layout-flex wp-container-core-columns-is-layout-12 wp-block-columns-is-layout-flex\">\n<div class=\"wp-block-column standout-primary-content is-layout-flow wp-block-column-is-layout-flow\">\r\n\r\n<section class=\"standout-section standout-block standout-basic alignwide border-bg rounded-bg\">\r\n\r\n\t<div class=\"standout-max-container\">\t\r\n\r\n<div class=\"standout-block-inner\">\r\n\t\r\n\t\t\t\t\t\t<div class=\"acf-innerblocks-container\">\n\n<h2 class=\"wp-block-heading\">Auf eigene Faust im Lejre Land der Sagen<\/h2>\n\n\n\n<p>Die folgenden Brosch\u00fcren nehmen Sie mit auf eine Tour durch das Lejre Land der Sagen. Einige von ihnen f\u00fchren Sie nur in eine bestimmte Zeit, w\u00e4hrend andere Sie durch die verschiedenen Zeitr\u00e4ume f\u00fchren, die wir haben.<\/p>\n\n\n\n<p>Die Brosch\u00fcren sind so gestaltet, dass Sie das Lejre Land of Legends auf eigene Faust erkunden k\u00f6nnen &#8211; das bedeutet, dass Sie den Besuch mit Ihrer Klasse steuern. Die Hefte sind f\u00fcr die in den Heften hervorgehobenen Klassenstufen gedacht.<\/p>\n\n\n\n<p>Die 10 Hefte sind:<\/p>\n\n\n\n<ul class=\"wp-block-list\">\n<li><strong>&#8220;&#8230; und machte die D\u00e4nen zu Christen<\/strong>&#8220;: ein f\u00e4cher\u00fcbergreifender christlicher und historischer Kurs f\u00fcr die Klassen 7-9.<\/li>\n\n\n\n<li><strong>&#8220;Essen aller Zeiten<\/strong>&#8220;: ein interdisziplin\u00e4rer Kurs in Geschichte, Kochkunst und Natur\/Technik f\u00fcr die Mittelstufe.<\/li>\n\n\n\n<li><strong>&#8220;Breve fra fronten<\/strong>: om stormen p\u00e5 Dybb\u00f8l&#8221;: ein f\u00e4cher\u00fcbergreifender Kurs in D\u00e4nisch und Geschichte f\u00fcr die Klassen 7-9.<\/li>\n\n\n\n<li><strong>&#8220;Die Welt der Toten<\/strong>&#8220;: ein f\u00e4cher\u00fcbergreifender Kurs in Christentum und Geschichte f\u00fcr die Klasse 3.<\/li>\n\n\n\n<li><strong>&#8220;Vaterland und Gesang<\/strong>&#8220;: ein Tanzkurs f\u00fcr die 1. bis 2. Klasse, die 3. bis 4. Klasse, die 5. bis 6. Klasse und die 7. bis 9. Klasse. Das Programm kann f\u00e4cher\u00fcbergreifend mit Musik gestaltet werden.<\/li>\n\n\n\n<li><strong>&#8220;Wie haben die Menschen im Laufe der Zeit&#8230;&#8221;<\/strong>: ein Geschichtskurs f\u00fcr die 5. bis 6. Der Kurs kann f\u00e4cher\u00fcbergreifend mit anderen F\u00e4chern wie D\u00e4nisch, Handwerk oder Design gestaltet werden.<\/li>\n\n\n\n<li><strong>&#8220;Begegnungen mit Hans Christian Andersen<\/strong>&#8220;: ein D\u00e4nischkurs f\u00fcr die 3. bis 4.<\/li>\n\n\n\n<li><strong>&#8220;Etwas \u00fcber Namen<\/strong>&#8220;: ein Kurs \u00fcber Namen f\u00fcr die Klassen 1-2, 3-4, 5-6 und 7-9.<\/li>\n\n\n\n<li>&#8220;<strong>Rituale des Opfers<\/strong>&#8220;: ein Kurs \u00fcber christliche Studien f\u00fcr die Klassen 7-9.<\/li>\n\n\n\n<li>&#8220;<strong>Religi\u00f6se Symbole<\/strong>&#8220;: ein f\u00e4cher\u00fcbergreifender Kurs in Christlicher Erziehung und Bildender Kunst f\u00fcr die 5.<\/li>\n<\/ul>\n\n\n\n<hr class=\"wp-block-separator has-alpha-channel-opacity\"\/>\n\n\n\n<h2 class=\"wp-block-heading\">Auf eigene Faust im Lejre Land der Legenden<\/h2>\n\n\n\n<h6 class=\"wp-block-heading\">Dauer<\/h6>\n\n\n\n<p>Auf eigene Faust. Die Klasse erkundet auf eigene Faust.<\/p>\n\n\n\n<div class=\"wp-block-columns is-layout-flex wp-container-core-columns-is-layout-9 wp-block-columns-is-layout-flex\">\n<div class=\"wp-block-column is-layout-flow wp-block-column-is-layout-flow\">\n<figure class=\"wp-block-image size-full\"><a href=\"https:\/\/sagnlandet.dk\/wp-content\/uploads\/2024\/10\/paa-egen-haand-og-gjorde-danerne-kristne-compressed.pdf\"><img decoding=\"async\" src=\"https:\/\/sagnlandet.dk\/wp-content\/uploads\/2025\/02\/paa-egen-haand-og-gjorde-danerne-kristne-212x300-1.png\" alt=\"\" class=\"wp-image-1663\"\/><\/a><\/figure>\n\n\n\n<p><a href=\"https:\/\/sagnlandet.dk\/wp-content\/uploads\/2024\/10\/paa-egen-haand-og-gjorde-danerne-kristne-compressed.pdf\">&#8220;&#8230; und machte die D\u00e4nen zu Christen&#8221;<\/a><\/p>\n<\/div>\n\n\n\n<div class=\"wp-block-column is-layout-flow wp-block-column-is-layout-flow\">\n<figure class=\"wp-block-image size-full\"><a href=\"https:\/\/sagnlandet.dk\/wp-content\/uploads\/2024\/10\/paa-egen-haand-alle-tiders-mad-compressed.pdf\"><img decoding=\"async\" src=\"https:\/\/sagnlandet.dk\/wp-content\/uploads\/2025\/02\/paa-egen-haand-alle-tiders-mad-212x300-1.png\" alt=\"\" class=\"wp-image-1662\"\/><\/a><\/figure>\n\n\n\n<p><a href=\"https:\/\/sagnlandet.dk\/wp-content\/uploads\/2024\/10\/paa-egen-haand-alle-tiders-mad-compressed.pdf\">&#8220;Essen aller Zeiten&#8221;<\/a><\/p>\n<\/div>\n\n\n\n<div class=\"wp-block-column is-layout-flow wp-block-column-is-layout-flow\">\n<figure class=\"wp-block-image size-full\"><a href=\"https:\/\/sagnlandet.dk\/wp-content\/uploads\/2024\/10\/paa-egen-haand-breve-fra-fronton-om-stormen-paa-dybboel-compressed.pdf\"><img decoding=\"async\" src=\"https:\/\/sagnlandet.dk\/wp-content\/uploads\/2025\/02\/paa-egen-haand-breve-fra-fronton-om-stormen-paa-dybboel-212x300-1.png\" alt=\"\" class=\"wp-image-1661\"\/><\/a><\/figure>\n\n\n\n<p><a href=\"https:\/\/sagnlandet.dk\/wp-content\/uploads\/2024\/10\/paa-egen-haand-breve-fra-fronton-om-stormen-paa-dybboel-compressed.pdf\">&#8220;Briefe von der Front: \u00dcber den Sturm bei Dybb\u00f8l&#8221;<\/a><\/p>\n<\/div>\n\n\n\n<div class=\"wp-block-column is-layout-flow wp-block-column-is-layout-flow\">\n<figure class=\"wp-block-image size-full\"><a href=\"https:\/\/sagnlandet.dk\/wp-content\/uploads\/2024\/10\/paa-egen-haand-de-doedes-verden-compressed.pdf\"><img decoding=\"async\" src=\"https:\/\/sagnlandet.dk\/wp-content\/uploads\/2025\/02\/paa-egen-haand-de-doedes-verden-212x300-1.png\" alt=\"\" class=\"wp-image-1660\"\/><\/a><\/figure>\n\n\n\n<p><a href=\"https:\/\/sagnlandet.dk\/wp-content\/uploads\/2024\/10\/paa-egen-haand-de-doedes-verden-compressed.pdf\">&#8220;Die Welt der Toten&#8221;<\/a><\/p>\n<\/div>\n<\/div>\n\n\n\n<div class=\"wp-block-columns is-layout-flex wp-container-core-columns-is-layout-10 wp-block-columns-is-layout-flex\">\n<div class=\"wp-block-column is-layout-flow wp-block-column-is-layout-flow\">\n<figure class=\"wp-block-image size-full\"><a href=\"https:\/\/sagnlandet.dk\/wp-content\/uploads\/2024\/10\/paa-egen-haand-faedreland-og-sange-compressed.pdf\"><img decoding=\"async\" src=\"https:\/\/sagnlandet.dk\/wp-content\/uploads\/2025\/02\/paa-egen-haand-faedreland-og-sange-212x300-1.png\" alt=\"\" class=\"wp-image-1659\"\/><\/a><\/figure>\n\n\n\n<p><a href=\"https:\/\/sagnlandet.dk\/wp-content\/uploads\/2024\/10\/paa-egen-haand-faedreland-og-sange-compressed.pdf\">&#8220;Vaterland und Lieder&#8221;<\/a><\/p>\n<\/div>\n\n\n\n<div class=\"wp-block-column is-layout-flow wp-block-column-is-layout-flow\">\n<figure class=\"wp-block-image size-full\"><a href=\"https:\/\/sagnlandet.dk\/wp-content\/uploads\/2024\/10\/paa-egen-haand-hvordan-har-mennesker-gennem-tiden-compressed.pdf\"><img decoding=\"async\" src=\"https:\/\/sagnlandet.dk\/wp-content\/uploads\/2025\/02\/paa-egen-haand-hvordan-har-mennesker-gennem-tiden-212x300-1.png\" alt=\"\" class=\"wp-image-1658\"\/><\/a><\/figure>\n\n\n\n<p><a href=\"https:\/\/sagnlandet.dk\/wp-content\/uploads\/2024\/10\/paa-egen-haand-hvordan-har-mennesker-gennem-tiden-compressed.pdf\">&#8220;Wie haben die Menschen im Laufe der Zeit&#8230;&#8221;<\/a><\/p>\n<\/div>\n\n\n\n<div class=\"wp-block-column is-layout-flow wp-block-column-is-layout-flow\">\n<figure class=\"wp-block-image size-full\"><a href=\"https:\/\/sagnlandet.dk\/wp-content\/uploads\/2024\/10\/paa-egen-haand-moeder-med-hc-andersen-compressed.pdf\"><img decoding=\"async\" src=\"https:\/\/sagnlandet.dk\/wp-content\/uploads\/2025\/02\/paa-egen-haand-moeder-med-hc-andersen-212x300-1.png\" alt=\"\" class=\"wp-image-1657\"\/><\/a><\/figure>\n\n\n\n<p><a href=\"https:\/\/sagnlandet.dk\/wp-content\/uploads\/2024\/10\/paa-egen-haand-moeder-med-hc-andersen-compressed.pdf\">&#8220;Begegnungen mit Hans Christian Andersen&#8221;<\/a><\/p>\n<\/div>\n\n\n\n<div class=\"wp-block-column is-layout-flow wp-block-column-is-layout-flow\">\n<figure class=\"wp-block-image size-full\"><a href=\"https:\/\/sagnlandet.dk\/wp-content\/uploads\/2024\/10\/paa-egen-haand-noget-om-navne-compressed.pdf\"><img decoding=\"async\" src=\"https:\/\/sagnlandet.dk\/wp-content\/uploads\/2025\/02\/paa-egen-haand-noget-om-navne-212x300-1.png\" alt=\"\" class=\"wp-image-1656\"\/><\/a><\/figure>\n\n\n\n<p><a href=\"https:\/\/sagnlandet.dk\/wp-content\/uploads\/2024\/10\/paa-egen-haand-noget-om-navne-compressed.pdf\">&#8220;Etwas \u00fcber Namen&#8221;<\/a><\/p>\n<\/div>\n<\/div>\n\n\n\n<div class=\"wp-block-columns is-layout-flex wp-container-core-columns-is-layout-11 wp-block-columns-is-layout-flex\">\n<div class=\"wp-block-column is-layout-flow wp-block-column-is-layout-flow\">\n<figure class=\"wp-block-image size-full\"><a href=\"https:\/\/sagnlandet.dk\/wp-content\/uploads\/2024\/10\/paa-egen-haand-offerritualer-compressed-1.pdf\"><img decoding=\"async\" src=\"https:\/\/sagnlandet.dk\/wp-content\/uploads\/2025\/02\/paa-egen-haand-offerritualer-212x300-1.png\" alt=\"\" class=\"wp-image-1655\"\/><\/a><\/figure>\n\n\n\n<p><a href=\"https:\/\/sagnlandet.dk\/wp-content\/uploads\/2024\/10\/paa-egen-haand-offerritualer-compressed-1.pdf\">&#8220;Opferrituale&#8221;<\/a><\/p>\n<\/div>\n\n\n\n<div class=\"wp-block-column is-layout-flow wp-block-column-is-layout-flow\">\n<figure class=\"wp-block-image size-full\"><a href=\"https:\/\/sagnlandet.dk\/wp-content\/uploads\/2024\/10\/paa-egen-haand-religioese-symboler-compressed.pdf\"><img decoding=\"async\" src=\"https:\/\/sagnlandet.dk\/wp-content\/uploads\/2025\/02\/paa-egen-haand-religioese-symboler-212x300-1.png\" alt=\"\" class=\"wp-image-1654\"\/><\/a><\/figure>\n\n\n\n<p><a href=\"https:\/\/sagnlandet.dk\/wp-content\/uploads\/2024\/10\/paa-egen-haand-religioese-symboler-compressed.pdf\">&#8220;Religi\u00f6se Symbole&#8221;<\/a><\/p>\n<\/div>\n\n\n\n<div class=\"wp-block-column is-layout-flow wp-block-column-is-layout-flow\"><\/div>\n\n\n\n<div class=\"wp-block-column is-layout-flow wp-block-column-is-layout-flow\"><\/div>\n<\/div>\n\n<\/div>\r\n\t\t\t\r\n\t<\/div>\r\n\r\n\r\n\r\n\t\t<\/div>\r\n<\/section><\/div>\n\n\n\n<div class=\"wp-block-column standout-secondary-content is-layout-flow wp-block-column-is-layout-flow\">\r\n\r\n<section class=\"standout-section standout-block standout-basic alignwide\">\r\n\r\n\t<div class=\"standout-max-container\">\t\r\n\r\n<div class=\"standout-block-inner\">\r\n\t\r\n\t\t\t\t\t\t<div class=\"acf-innerblocks-container\">\n\n<figure class=\"wp-block-image size-full is-resized is-style-rounded\"><img decoding=\"async\" src=\"https:\/\/sagnlandet.dk\/wp-content\/uploads\/2025\/02\/kongehal-drone-1-nov-2020-04-scaled-1.jpg\" alt=\"\" class=\"wp-image-1653\" style=\"object-fit:cover;width:400px;height:600px\"\/><\/figure>\n\n<\/div>\r\n\t\t\t\r\n\t<\/div>\r\n\r\n\r\n\r\n\t\t<\/div>\r\n<\/section>\n\n\r\n\r\n<section class=\"standout-section standout-block standout-basic alignwide rounded-bg wp-elements-cecaa5b2dc8e5b4e46680541397614bc has-bg has-bg-color has-text-color\" style=\"background-color: var(--wp--preset--color--color-text); color: #ffffff;\">\r\n\r\n\t<div class=\"standout-max-container\">\t\r\n\r\n<div class=\"standout-block-inner\">\r\n\t\r\n\t\t\t\t\t\t<div class=\"acf-innerblocks-container\">\n\n<h5 class=\"wp-block-heading has-text-align-center has-color-gul-color has-text-color has-link-color wp-elements-62bf032ef6ce3dba9bb4ab4a64314b87\">Entdecken Sie unsere anderen Bildungsangebote<\/h5>\n\n\n\n<hr class=\"wp-block-separator has-alpha-channel-opacity\"\/>\n\n\n\n<div class=\"wp-block-buttons btn-gap-10 is-content-justification-center is-layout-flex wp-container-core-buttons-is-layout-10 wp-block-buttons-is-layout-flex\">\n<div class=\"wp-block-button has-custom-font-size\" style=\"font-size:14px\"><a class=\"wp-block-button__link has-color-maglemose-background-color has-background wp-element-button\" href=\"https:\/\/sagnlandet.dk\/de\/die-steinzeit-lehren\/\">Unterricht in der Steinzeit<\/a><\/div>\n\n\n\n<div class=\"wp-block-button has-custom-font-size\" style=\"font-size:14px\"><a class=\"wp-block-button__link has-color-jernalder-background-color has-background wp-element-button\" href=\"https:\/\/sagnlandet.dk\/en\/undervisning-i-jernalderen\/\">Unterricht in der Eisenzeit<\/a><\/div>\n\n\n\n<div class=\"wp-block-button has-custom-font-size\" style=\"font-size:14px\"><a class=\"wp-block-button__link has-color-2-background-color has-background wp-element-button\" href=\"https:\/\/sagnlandet.dk\/en\/undervisning-i-vikingeomraadet\/\">Unterricht in der Wikingerzeit<\/a><\/div>\n\n\n\n<div class=\"wp-block-button has-custom-font-size\" style=\"font-size:14px\"><a class=\"wp-block-button__link has-color-landbo-background-color has-background wp-element-button\" href=\"https:\/\/sagnlandet.dk\/de\/der-unterricht-in-den-1850er-jahren\/\">Unterricht in den 1850er Jahren<\/a><\/div>\n\n\n\n<div class=\"wp-block-button has-custom-font-size\" style=\"font-size:14px\"><a class=\"wp-block-button__link has-color-text-background-color has-background wp-element-button\" href=\"https:\/\/sagnlandet.dk\/de\/unterricht-in-baldalen\/\">Unterricht im Tal des Feuers<\/a><\/div>\n<\/div>\n\n\n\n<hr class=\"wp-block-separator has-alpha-channel-opacity\"\/>\n\n\n\n<p class=\"aligncenter has-text-align-center\"><strong>Der Preis f\u00fcr einen Unterricht ist der Eintrittspreis pro Teilnehmer beim Besuch von Lejre Land of Legends.<\/strong><\/p>\n\n\n\n<div class=\"wp-block-buttons btn-gap-10 is-content-justification-center is-layout-flex wp-container-core-buttons-is-layout-11 wp-block-buttons-is-layout-flex\">\n<div class=\"wp-block-button has-custom-font-size\" style=\"font-size:14px\"><a class=\"wp-block-button__link has-color-2-background-color has-background wp-element-button\" href=\"https:\/\/sagnlandet.dk\/en\/undervisningsforloeb\/\">Eine vollst\u00e4ndige \u00dcbersicht + Preise f\u00fcr Bildungsprogramme finden Sie hier.<\/a><\/div>\n<\/div>\n\n<\/div>\r\n\t\t\t\r\n\t<\/div>\r\n\r\n\r\n\r\n\t\t<\/div>\r\n<\/section><\/div>\n<\/div>\n\n<\/div>\r\n\t\t\t\r\n\t<\/div>\r\n\r\n\r\n\r\n\t\t<\/div>\r\n<\/section>\n\n\r\n\r\n<section class=\"standout-section standout-block standout-basic alignwide border-bg rounded-bg\">\r\n\r\n\t<div class=\"standout-max-container\">\t\r\n\r\n<div class=\"standout-block-inner\">\r\n\t\r\n\t\t\t\t\t\t<div class=\"acf-innerblocks-container\">\n\n<h2 class=\"wp-block-heading has-text-align-center has-h-4-font-size\">Unsere anderen Angebote<\/h2>\n\n<\/div>\r\n\t\t\t\r\n\t<\/div>\r\n\r\n\r\n\r\n\t\t<\/div>\r\n<\/section>\n\n\r\n\r\n<section class=\"standout-section standout-block standout-basic alignwide\">\r\n\r\n\t<div class=\"standout-max-container\">\t\r\n\r\n<div class=\"standout-block-inner\">\r\n\t\r\n\t\t\t\t\t\t<div class=\"acf-innerblocks-container\">\n\r\n\r\n<section class=\"standout-section standout-block standout-columns alignwide column-gap-s\" style=\"--columns: 4; --column-span: 1; --element-alignment: flex-start;\" data-columns=\"4\">\r\n\r\n\t<div class=\"standout-max-container\">\t\r\n\r\n<div class=\"standout-block-inner\">\r\n\t\t\t<div class=\"acf-innerblocks-container\">\n\r\n\r\n<section class=\"standout-block standout-column-element rounded-bg wp-elements-c02e96599de0e741efffe053e9011e49 has-bg has-bg-color has-text-color\" style=\"background-color: var(--wp--preset--color--color-erteboelle); color: #ffffff;\">\r\n\r\n\t<div class=\"standout-max-container\">\t\r\n\r\n<div class=\"standout-block-inner\">\r\n\t\t\r\n\t\t\t<div class=\"acf-innerblocks-container\">\n\n<h4 class=\"wp-block-heading\"><a href=\"https:\/\/sagnlandet.dk\/de\/die-steinzeit-lehren\/\">Unterricht in der Steinzeit<\/a><\/h4>\n\n\n\n<p>Erleben Sie die ersten J\u00e4ger und Fischer in D\u00e4nemark oder versuchen Sie, das Leben vom eiszeitlichen J\u00e4ger bis zum F\u00f6rster zu erfahren.<\/p>\n\n\n\n<div class=\"wp-block-buttons is-content-justification-center is-layout-flex wp-container-core-buttons-is-layout-12 wp-block-buttons-is-layout-flex\">\n<div class=\"wp-block-button\"><a class=\"wp-block-button__link has-color-text-background-color has-background wp-element-button\" href=\"https:\/\/sagnlandet.dk\/de\/die-steinzeit-lehren\/\">Lesen Sie mehr \u00fcber<\/a><\/div>\n<\/div>\n\n<\/div>\r\n\t<\/div>\r\n\r\n\r\n\r\n\t\t<\/div>\r\n<\/section>\n\n\r\n\r\n<section class=\"standout-block standout-column-element rounded-bg wp-elements-e06427a412ab2d1db06af70a74ccc0ac has-bg has-bg-color has-text-color\" style=\"background-color: var(--wp--preset--color--color-jernalder); color: #ffffff;\">\r\n\r\n\t<div class=\"standout-max-container\">\t\r\n\r\n<div class=\"standout-block-inner\">\r\n\t\t\r\n\t\t\t<div class=\"acf-innerblocks-container\">\n\n<h4 class=\"wp-block-heading\"><a href=\"https:\/\/sagnlandet.dk\/en\/undervisning-i-jernalderen\/\">Unterricht in der Eisenzeit<\/a><\/h4>\n\n\n\n<p>Erleben Sie einen Tag in Lethra, treffen Sie einen gallischen Fl\u00fcchtling oder entdecken Sie die Gaben der G\u00f6tter im eisenzeitlichen Dorf Lethra.<\/p>\n\n\n\n<div class=\"wp-block-buttons is-content-justification-center is-layout-flex wp-container-core-buttons-is-layout-13 wp-block-buttons-is-layout-flex\">\n<div class=\"wp-block-button\"><a class=\"wp-block-button__link has-color-text-background-color has-background wp-element-button\" href=\"https:\/\/sagnlandet.dk\/en\/undervisning-i-jernalderen\/\">Lesen Sie mehr \u00fcber<\/a><\/div>\n<\/div>\n\n<\/div>\r\n\t<\/div>\r\n\r\n\r\n\r\n\t\t<\/div>\r\n<\/section>\n\n\r\n\r\n<section class=\"standout-block standout-column-element rounded-bg wp-elements-32e6bf3d3ece619f0230518164c5f0c0 has-bg has-bg-color has-text-color\" style=\"background-color: var(--wp--preset--color--color-landbo); color: #ffffff;\">\r\n\r\n\t<div class=\"standout-max-container\">\t\r\n\r\n<div class=\"standout-block-inner\">\r\n\t\t\r\n\t\t\t<div class=\"acf-innerblocks-container\">\n\n<h4 class=\"wp-block-heading\"><a href=\"https:\/\/sagnlandet.dk\/de\/der-unterricht-in-den-1850er-jahren\/\">Lernen in den 1800er Jahren<\/a><\/h4>\n\n\n\n<p>Erleben Sie die Jahreszeiten und Feste in Krikkebjerghuse oder tauchen Sie in das Leben eines Kleinbauern in den 1850er Jahren ein.<\/p>\n\n\n\n<div class=\"wp-block-buttons is-content-justification-center is-layout-flex wp-container-core-buttons-is-layout-14 wp-block-buttons-is-layout-flex\">\n<div class=\"wp-block-button\"><a class=\"wp-block-button__link has-color-text-background-color has-background wp-element-button\" href=\"https:\/\/sagnlandet.dk\/de\/der-unterricht-in-den-1850er-jahren\/\">Lesen Sie mehr \u00fcber<\/a><\/div>\n<\/div>\n\n<\/div>\r\n\t<\/div>\r\n\r\n\r\n\r\n\t\t<\/div>\r\n<\/section>\n\n\r\n\r\n<section class=\"standout-block standout-column-element rounded-bg wp-elements-fd57ad552e0a3bde1340aa01c166db95 has-bg has-bg-color has-text-color\" style=\"background-color: var(--wp--preset--color--color-2); color: #ffffff;\">\r\n\r\n\t<div class=\"standout-max-container\">\t\r\n\r\n<div class=\"standout-block-inner\">\r\n\t\t\r\n\t\t\t<div class=\"acf-innerblocks-container\">\n\n<h4 class=\"wp-block-heading\"><a href=\"https:\/\/sagnlandet.dk\/en\/undervisning-i-vikingeomraadet\/\">Lernen \u00fcber die Wikingerzeit<\/a><\/h4>\n\n\n\n<p>Werden Sie f\u00fcr einen Tag zum Wikinger oder probieren Sie Wikingersportarten aus. Besuchen Sie die Wikingerst\u00e4tte, wo die Geschichte Sie in die Wikingerzeit zur\u00fcckversetzt.<\/p>\n\n\n\n<div class=\"wp-block-buttons is-content-justification-center is-layout-flex wp-container-core-buttons-is-layout-15 wp-block-buttons-is-layout-flex\">\n<div class=\"wp-block-button\"><a class=\"wp-block-button__link has-color-gul-background-color has-background wp-element-button\" href=\"https:\/\/sagnlandet.dk\/en\/undervisning-i-vikingeomraadet\/\">Lesen Sie mehr dar\u00fcber<\/a><\/div>\n<\/div>\n\n<\/div>\r\n\t<\/div>\r\n\r\n\r\n\r\n\t\t<\/div>\r\n<\/section>\n<\/div>\r\n\t<\/div>\r\n\r\n\r\n\r\n\t\t<\/div>\r\n<\/section>\n\n\r\n\r\n<section class=\"standout-section standout-block standout-columns alignwide column-gap-s\" style=\"--columns: 2; --column-span: 1; --element-alignment: flex-start;\" data-columns=\"2\">\r\n\r\n\t<div class=\"standout-max-container\">\t\r\n\r\n<div class=\"standout-block-inner\">\r\n\t\t\t<div class=\"acf-innerblocks-container\">\n\r\n\r\n<section class=\"standout-block standout-column-element rounded-bg wp-elements-164280d0f01f1d071c5260def187da06 has-bg has-bg-color has-text-color\" style=\"background-color: var(--wp--preset--color--color-istid); color: #ffffff;\">\r\n\r\n\t<div class=\"standout-max-container\">\t\r\n\r\n<div class=\"standout-block-inner\">\r\n\t\t\r\n\t\t\t<div class=\"acf-innerblocks-container\">\n\n<h4 class=\"wp-block-heading\"><a href=\"https:\/\/sagnlandet.dk\/de\/unterricht-in-baldalen\/\">Bildung im Tal des Feuers<\/a><\/h4>\n\n\n\n<p>Erkunden Sie das alte Experimentarium im Lagerfeuertal: Treffen Sie die Tiere, mahlen Sie Mehl, fahren Sie mit einem Einbaum und vieles mehr.<\/p>\n\n\n\n<div class=\"wp-block-buttons is-content-justification-center is-layout-flex wp-container-core-buttons-is-layout-16 wp-block-buttons-is-layout-flex\">\n<div class=\"wp-block-button\"><a class=\"wp-block-button__link has-color-gul-background-color has-background wp-element-button\" href=\"https:\/\/sagnlandet.dk\/de\/unterricht-in-baldalen\/\">Lies mehr dar\u00fcber<\/a><\/div>\n<\/div>\n\n<\/div>\r\n\t<\/div>\r\n\r\n\r\n\r\n\t\t<\/div>\r\n<\/section>\n\n\r\n\r\n<section class=\"standout-block standout-column-element rounded-bg wp-elements-aca96342c9988ba6b0fb91f9cc7dc1c9 has-bg has-bg-color has-text-color\" style=\"background-color: var(--wp--preset--color--color-2); color: #ffffff;\">\r\n\r\n\t<div class=\"standout-max-container\">\t\r\n\r\n<div class=\"standout-block-inner\">\r\n\t\t\r\n\t\t\t<div class=\"acf-innerblocks-container\">\n\n<h4 class=\"wp-block-heading\"><a href=\"https:\/\/sagnlandet.dk\/en\/lejrskoler\/\">Schulfreizeiten in Lejre Land der Legenden<\/a><\/h4>\n\n\n\n<p class=\"aligncenter has-text-align-center\">Tauchen Sie bei einem mehrt\u00e4gigen Aufenthalt im Lejre Land of Legends in die Wikingerzeit ein. Ihr Aufenthalt dauert zwischen 1 Tag und 4 Tagen. Bitte beachten Sie: Der Wikingerbereich ist auch dann f\u00fcr Aufenthalte ge\u00f6ffnet, wenn der Rest von Lejre Land der Legenden geschlossen ist. Es ist m\u00f6glich, sich f\u00fcr zwei Jahre im Voraus anzumelden.<\/p>\n\n\n\n<div class=\"wp-block-buttons is-content-justification-center is-layout-flex wp-container-core-buttons-is-layout-17 wp-block-buttons-is-layout-flex\">\n<div class=\"wp-block-button\"><a class=\"wp-block-button__link has-color-text-background-color has-background wp-element-button\" href=\"https:\/\/sagnlandet.dk\/en\/lejrskoler\/\">Lesen Sie mehr \u00fcber die Wikinger<\/a><\/div>\n<\/div>\n\n<\/div>\r\n\t<\/div>\r\n\r\n\r\n\r\n\t\t<\/div>\r\n<\/section>\n<\/div>\r\n\t<\/div>\r\n\r\n\r\n\r\n\t\t<\/div>\r\n<\/section>\n\n\r\n\r\n<section class=\"standout-section standout-block standout-basic alignwide border-bg rounded-bg\">\r\n\r\n\t<div class=\"standout-max-container\">\t\r\n\r\n<div class=\"standout-block-inner\">\r\n\t\r\n\t\t\t\t\t\t<div class=\"acf-innerblocks-container\">\n\n<h2 class=\"wp-block-heading has-text-align-center has-h-4-font-size\">Kontaktieren Sie uns unter<\/h2>\n\n<\/div>\r\n\t\t\t\r\n\t<\/div>\r\n\r\n\r\n\r\n\t\t<\/div>\r\n<\/section>\n\n\r\n\r\n<section class=\"standout-section standout-block standout-basic alignwide\">\r\n\r\n\t<div class=\"standout-max-container\">\t\r\n\r\n<div class=\"standout-block-inner\">\r\n\t\r\n\t\t\t\t\t\t<div class=\"acf-innerblocks-container\">\n\r\n\r\n<section class=\"standout-section standout-block standout-columns alignwide column-gap-s\" style=\"--columns: 2; --column-span: 1; --element-alignment: flex-start;\" data-columns=\"2\">\r\n\r\n\t<div class=\"standout-max-container\">\t\r\n\r\n<div class=\"standout-block-inner\">\r\n\t\t\t<div class=\"acf-innerblocks-container\">\n\r\n\r\n<section class=\"standout-block standout-column-element rounded-bg wp-elements-cd4ebefc28f9488b1c032b6056328d21 has-bg has-bg-color has-text-color\" style=\"background-color: var(--wp--preset--color--color-gul); color: #ffffff;\">\r\n\r\n\t<div class=\"standout-max-container\">\t\r\n\r\n<div class=\"standout-block-inner\">\r\n\t\t\r\n\t\t\t<div class=\"acf-innerblocks-container\">\n\n<h5 class=\"wp-block-heading has-text-align-center\">Finden Sie uns unter skoletjenesten.dk<\/h5>\n\n\n\n<p class=\"aligncenter has-text-align-center\">Alle unsere Aufenthalte und Angebote finden Sie unter skoletjenesten.dk. Hier k\u00f6nnen Sie mehr dar\u00fcber erfahren, wann Sie die verschiedenen Kurse buchen k\u00f6nnen.<\/p>\n\n\n\n<div class=\"wp-block-buttons is-content-justification-center is-layout-flex wp-container-core-buttons-is-layout-18 wp-block-buttons-is-layout-flex\">\n<div class=\"wp-block-button\"><a class=\"wp-block-button__link has-color-text-background-color has-background wp-element-button\">Lesen Sie mehr \u00fcber uns<\/a><\/div>\n<\/div>\n\n<\/div>\r\n\t<\/div>\r\n\r\n\r\n\r\n\t\t<\/div>\r\n<\/section>\n\n\r\n\r\n<section class=\"standout-block standout-column-element rounded-bg wp-elements-64c6d4683a4947f2ca0b94aa04240ba3 has-bg has-bg-color has-text-color\" style=\"background-color: var(--wp--preset--color--color-text); color: #ffffff;\">\r\n\r\n\t<div class=\"standout-max-container\">\t\r\n\r\n<div class=\"standout-block-inner\">\r\n\t\t\r\n\t\t\t<div class=\"acf-innerblocks-container\">\n\n<h5 class=\"wp-block-heading has-text-align-center\">Nehmen Sie Kontakt mit uns auf<\/h5>\n\n\n\n<p class=\"aligncenter has-text-align-center\">Haben Sie die Antwort auf Ihre Frage noch nicht gefunden? Dann finden Sie den richtigen Ansprechpartner auf unserer Kontaktseite!<\/p>\n\n\n\n<div class=\"wp-block-buttons is-content-justification-center is-layout-flex wp-container-core-buttons-is-layout-19 wp-block-buttons-is-layout-flex\">\n<div class=\"wp-block-button\"><a class=\"wp-block-button__link has-color-2-background-color has-background wp-element-button\">Lies mehr \u00fcber uns<\/a><\/div>\n<\/div>\n\n<\/div>\r\n\t<\/div>\r\n\r\n\r\n\r\n\t\t<\/div>\r\n<\/section>\n<\/div>\r\n\t<\/div>\r\n\r\n\r\n\r\n\t\t<\/div>\r\n<\/section>\n<\/div>\r\n\t\t\t\r\n\t<\/div>\r\n\r\n\r\n\r\n\t\t<\/div>\r\n<\/section>\n<\/div>\r\n\t\t\t\r\n\t<\/div>\r\n\r\n\r\n\r\n\t\t<\/div>\r\n<\/section>","protected":false},"excerpt":{"rendered":"<p>Sie kommen in einen Lernraum mit hohen Decken. Im Lejre Land of Legends k\u00f6nnen Sie 43 Hektar Naturlandschaft erkunden. Wenn Ihr Besuch mehr als nur ein Ausflug sein soll, m\u00fcssen Sie einen Sinn und eine Absicht f\u00fcr Ihren Besuch haben. Es ist ein ganz besonderer Ort, den nicht alle Sch\u00fcler kennen.<\/p>\n","protected":false},"author":3,"featured_media":71081,"parent":0,"menu_order":0,"comment_status":"open","ping_status":"open","template":"","meta":{"_acf_changed":false,"footnotes":""},"class_list":["post-70047","page","type-page","status-publish","has-post-thumbnail","hentry"],"acf":[],"yoast_head":"<!-- This site is optimized with the Yoast SEO plugin v23.5 - https:\/\/yoast.com\/wordpress\/plugins\/seo\/ -->\n<title>Auf eigene Faust - Sagnlandet Lejre<\/title>\n<meta name=\"robots\" content=\"index, follow, max-snippet:-1, max-image-preview:large, max-video-preview:-1\" \/>\n<link rel=\"canonical\" href=\"https:\/\/sagnlandet.dk\/de\/on-your-own\/\" \/>\n<meta property=\"og:locale\" content=\"de_DE\" \/>\n<meta property=\"og:type\" content=\"article\" \/>\n<meta property=\"og:title\" content=\"Auf eigene Faust - Sagnlandet Lejre\" \/>\n<meta property=\"og:description\" content=\"Sie kommen in einen Lernraum mit hohen Decken. Im Lejre Land of Legends k\u00f6nnen Sie 43 Hektar Naturlandschaft erkunden. Wenn Ihr Besuch mehr als nur ein Ausflug sein soll, m\u00fcssen Sie einen Sinn und eine Absicht f\u00fcr Ihren Besuch haben. Es ist ein ganz besonderer Ort, den nicht alle Sch\u00fcler kennen.\" \/>\n<meta property=\"og:url\" content=\"https:\/\/sagnlandet.dk\/de\/on-your-own\/\" \/>\n<meta property=\"og:site_name\" content=\"Sagnlandet Lejre\" \/>\n<meta property=\"article:modified_time\" content=\"2025-02-24T06:11:34+00:00\" \/>\n<meta property=\"og:image\" content=\"https:\/\/sagnlandet.dk\/de\/wp-content\/uploads\/sites\/13\/2025\/02\/sagnlandets-areal-drone-7-juni-2020-01-scaled-e1662025825346-3.jpg\" \/>\n\t<meta property=\"og:image:width\" content=\"1440\" \/>\n\t<meta property=\"og:image:height\" content=\"1440\" \/>\n\t<meta property=\"og:image:type\" content=\"image\/jpeg\" \/>\n<meta name=\"twitter:card\" content=\"summary_large_image\" \/>\n<meta name=\"twitter:label1\" content=\"Gesch\u00e4tzte Lesezeit\" \/>\n\t<meta name=\"twitter:data1\" content=\"15\u00a0Minuten\" \/>\n<!-- \/ Yoast SEO plugin. -->","yoast_head_json":{"title":"Auf eigene Faust - Sagnlandet Lejre","robots":{"index":"index","follow":"follow","max-snippet":"max-snippet:-1","max-image-preview":"max-image-preview:large","max-video-preview":"max-video-preview:-1"},"canonical":"https:\/\/sagnlandet.dk\/de\/on-your-own\/","og_locale":"de_DE","og_type":"article","og_title":"Auf eigene Faust - Sagnlandet Lejre","og_description":"Sie kommen in einen Lernraum mit hohen Decken. Im Lejre Land of Legends k\u00f6nnen Sie 43 Hektar Naturlandschaft erkunden. Wenn Ihr Besuch mehr als nur ein Ausflug sein soll, m\u00fcssen Sie einen Sinn und eine Absicht f\u00fcr Ihren Besuch haben. Es ist ein ganz besonderer Ort, den nicht alle Sch\u00fcler kennen.","og_url":"https:\/\/sagnlandet.dk\/de\/on-your-own\/","og_site_name":"Sagnlandet Lejre","article_modified_time":"2025-02-24T06:11:34+00:00","og_image":[{"width":1440,"height":1440,"url":"https:\/\/sagnlandet.dk\/de\/wp-content\/uploads\/sites\/13\/2025\/02\/sagnlandets-areal-drone-7-juni-2020-01-scaled-e1662025825346-3.jpg","type":"image\/jpeg"}],"twitter_card":"summary_large_image","twitter_misc":{"Gesch\u00e4tzte Lesezeit":"15\u00a0Minuten"},"schema":{"@context":"https:\/\/schema.org","@graph":[{"@type":"WebPage","@id":"https:\/\/sagnlandet.dk\/de\/on-your-own\/","url":"https:\/\/sagnlandet.dk\/de\/on-your-own\/","name":"Auf eigene Faust - Sagnlandet Lejre","isPartOf":{"@id":"https:\/\/sagnlandet.dk\/de\/#website"},"primaryImageOfPage":{"@id":"https:\/\/sagnlandet.dk\/de\/on-your-own\/#primaryimage"},"image":{"@id":"https:\/\/sagnlandet.dk\/de\/on-your-own\/#primaryimage"},"thumbnailUrl":"https:\/\/sagnlandet.dk\/de\/wp-content\/uploads\/sites\/13\/2025\/02\/sagnlandets-areal-drone-7-juni-2020-01-scaled-e1662025825346-3-1.jpg","datePublished":"2024-10-07T06:11:36+00:00","dateModified":"2025-02-24T06:11:34+00:00","breadcrumb":{"@id":"https:\/\/sagnlandet.dk\/de\/on-your-own\/#breadcrumb"},"inLanguage":"de","potentialAction":[{"@type":"ReadAction","target":["https:\/\/sagnlandet.dk\/de\/on-your-own\/"]}]},{"@type":"ImageObject","inLanguage":"de","@id":"https:\/\/sagnlandet.dk\/de\/on-your-own\/#primaryimage","url":"https:\/\/sagnlandet.dk\/de\/wp-content\/uploads\/sites\/13\/2025\/02\/sagnlandets-areal-drone-7-juni-2020-01-scaled-e1662025825346-3-1.jpg","contentUrl":"https:\/\/sagnlandet.dk\/de\/wp-content\/uploads\/sites\/13\/2025\/02\/sagnlandets-areal-drone-7-juni-2020-01-scaled-e1662025825346-3-1.jpg","width":1440,"height":1440},{"@type":"BreadcrumbList","@id":"https:\/\/sagnlandet.dk\/de\/on-your-own\/#breadcrumb","itemListElement":[{"@type":"ListItem","position":1,"name":"Hjem","item":"https:\/\/sagnlandet.dk\/de\/"},{"@type":"ListItem","position":2,"name":"On Your Own"}]},{"@type":"WebSite","@id":"https:\/\/sagnlandet.dk\/de\/#website","url":"https:\/\/sagnlandet.dk\/de\/","name":"Sagnlandet Lejre","description":"","publisher":{"@id":"https:\/\/sagnlandet.dk\/de\/#organization"},"potentialAction":[{"@type":"SearchAction","target":{"@type":"EntryPoint","urlTemplate":"https:\/\/sagnlandet.dk\/de\/?s={search_term_string}"},"query-input":{"@type":"PropertyValueSpecification","valueRequired":true,"valueName":"search_term_string"}}],"inLanguage":"de"},{"@type":"Organization","@id":"https:\/\/sagnlandet.dk\/de\/#organization","name":"Sagnlandet Lejre","url":"https:\/\/sagnlandet.dk\/de\/","logo":{"@type":"ImageObject","inLanguage":"de","@id":"https:\/\/sagnlandet.dk\/de\/#\/schema\/logo\/image\/","url":"https:\/\/sagnlandet.dk\/de\/wp-content\/uploads\/sites\/13\/1738\/65\/logo.png","contentUrl":"https:\/\/sagnlandet.dk\/de\/wp-content\/uploads\/sites\/13\/1738\/65\/logo.png","width":398,"height":143,"caption":"Sagnlandet Lejre"},"image":{"@id":"https:\/\/sagnlandet.dk\/de\/#\/schema\/logo\/image\/"}}]}},"_links":{"self":[{"href":"https:\/\/sagnlandet.dk\/de\/wp-json\/wp\/v2\/pages\/70047"}],"collection":[{"href":"https:\/\/sagnlandet.dk\/de\/wp-json\/wp\/v2\/pages"}],"about":[{"href":"https:\/\/sagnlandet.dk\/de\/wp-json\/wp\/v2\/types\/page"}],"author":[{"embeddable":true,"href":"https:\/\/sagnlandet.dk\/de\/wp-json\/wp\/v2\/users\/3"}],"replies":[{"embeddable":true,"href":"https:\/\/sagnlandet.dk\/de\/wp-json\/wp\/v2\/comments?post=70047"}],"version-history":[{"count":7,"href":"https:\/\/sagnlandet.dk\/de\/wp-json\/wp\/v2\/pages\/70047\/revisions"}],"predecessor-version":[{"id":71359,"href":"https:\/\/sagnlandet.dk\/de\/wp-json\/wp\/v2\/pages\/70047\/revisions\/71359"}],"wp:featuredmedia":[{"embeddable":true,"href":"https:\/\/sagnlandet.dk\/de\/wp-json\/wp\/v2\/media\/71081"}],"wp:attachment":[{"href":"https:\/\/sagnlandet.dk\/de\/wp-json\/wp\/v2\/media?parent=70047"}],"curies":[{"name":"wp","href":"https:\/\/api.w.org\/{rel}","templated":true}]}}