{"id":70017,"date":"2024-10-02T09:35:44","date_gmt":"2024-10-02T07:35:44","guid":{"rendered":"https:\/\/sagnlandet.dk\/undervisning-i-jernalderen\/"},"modified":"2025-02-24T07:11:41","modified_gmt":"2025-02-24T06:11:41","slug":"die-eisenzeit-im-unterricht","status":"publish","type":"page","link":"https:\/\/sagnlandet.dk\/de\/die-eisenzeit-im-unterricht\/","title":{"rendered":"Die Eisenzeit im Unterricht"},"content":{"rendered":"\r\n\r\n<section class=\"standout-section standout-block standout-basic alignfull rounded-bg wp-elements-213cfd32fe0bc06f5a6e11d9078bb070 hero-section side-spacing has-bg has-bg-img bg-size-cover bg-align-horizontal-center bg-align-vertical-center has-text-color\" style=\"color: #ffffff;\">\r\n\r\n\t<div class=\"standout-max-container\">\t\r\n\r\n<div class=\"standout-block-inner\">\r\n\t\t\t\r\n\t<div class=\"standout-block-background-deco\" style=\"--bg-align-vertical: center; --bg-align-horizontal: center; --bg-object-position: center center\">\r\n\t\t<img loading=\"lazy\" decoding=\"async\" width=\"1920\" height=\"1280\" src=\"https:\/\/sagnlandet.dk\/de\/wp-content\/uploads\/sites\/13\/2020\/01\/luft-maj-2012-03.jpg\" class=\"standout-block-background-deco-element\" alt=\"\" srcset=\"https:\/\/sagnlandet.dk\/de\/wp-content\/uploads\/sites\/13\/2020\/01\/luft-maj-2012-03.jpg 2700w, https:\/\/sagnlandet.dk\/de\/wp-content\/uploads\/sites\/13\/2020\/01\/luft-maj-2012-03-300x200.jpg 300w, https:\/\/sagnlandet.dk\/de\/wp-content\/uploads\/sites\/13\/2020\/01\/luft-maj-2012-03-1920x1280.jpg 1920w, https:\/\/sagnlandet.dk\/de\/wp-content\/uploads\/sites\/13\/2020\/01\/luft-maj-2012-03-600x400.jpg 600w\" sizes=\"(max-width: 1920px) 100vw, 1920px\" \/>\t<\/div>\r\n\r\n\t\t\r\n\t\t\t\t\t\t<div class=\"acf-innerblocks-container\">\n\n<h1 class=\"wp-block-heading\">Bildung in der Eisenzeit<\/h1>\n\n\n\n<p class=\"has-h-6-font-size\">Verschaffen Sie sich einen \u00dcberblick \u00fcber die verschiedenen Bildungsangebote im Eisenzeitdorf von Lejre Land of Legends. <\/p>\n\n<\/div>\r\n\t\t\t\r\n\t\t\t<div class=\"standout-hero-information\"><div class=\"standout-hero-information-inner\">Das Programm des Tages finden Sie <a href=\"https:\/\/sagnlandet.dk\/de\/tagesprogramm\/\">hier <span height=\"1em\" class=\"standout-custom-svg custom-svg\"><?xml version=\"1.0\" encoding=\"UTF-8\"?><svg height=\"1em\" id=\"a\" xmlns=\"http:\/\/www.w3.org\/2000\/svg\" viewBox=\"0 0 16.28 22.02\"><path d=\"M5.4,18.67h-.24c-.77.76-1.5,1.5-2.28,2.28v.35h-.36c-.24.26-.45.47-.68.71H.74c0-.15-.01-.28-.02-.37-.24-.23-.45-.43-.7-.66v-.34c.08-.05.15-.1.23-.15-.06-.05-.14-.09-.19-.15-.03-.04-.06-.13-.04-.15.13-.13.28-.24.46-.39,0-.08,0-.22.01-.29.52-.52,1.01-1,1.49-1.49-.01-.02-.02-.03-.04-.05.14,0,.27-.01.35-.02.32-.33.61-.62.94-.95h.35c0-.15.02-.3.02-.37.2-.2.37-.37.58-.58h.26c.48-.49.93-.94,1.42-1.44h.35v-.38c.13-.11.22-.2.31-.28,0-.02-.02-.04-.03-.06h.34c.41-.42.77-.79,1.18-1.2h.25c.57-.57,1.1-1.11,1.66-1.68h.25c.2-.19.37-.33.52-.49.04-.04.09-.16.07-.18-.12-.11-.26-.19-.38-.3-.12-.11-.22-.23-.33-.35-.11-.12-.21-.24-.32-.36-.07-.07-.15-.13-.29-.24h-.25c-.31-.33-.6-.62-.92-.96h-.3c-.15-.17-.26-.3-.41-.48h-.31c-.15-.17-.26-.3-.41-.48h-.28c-.41-.42-.77-.79-1.18-1.2h-.27c-.31-.33-.6-.62-.92-.96h-.29c-.23-.25-.44-.47-.68-.72h-.29c-.14-.17-.26-.31-.4-.48h-.31c-.14-.17-.26-.31-.41-.48h-.28c-.29-.29-.53-.54-.83-.84v-.26c-.26-.24-.47-.44-.71-.67.1-.18-.21-.52.23-.68v-.31c.22-.22.38-.38.59-.59h1.02c.14.16.25.29.4.47h.36c.02.09.04.16.06.24h.35c.23.25.44.46.68.72h.29c.15.17.26.3.42.48h.27c.33.33.61.62.94.96.06,0,.19,0,.3.02.14.16.26.3.4.47h.29c.32.33.61.62.94.96h.28c.14.17.26.31.4.48h.37c0,.36.29.21.41.24.24.26.44.47.68.72h.34c.07.11,0,.36.28.23v.48c.15,0,.29.01.38.02.31.32.59.62.91.95h.28c.23.25.44.47.68.72h.3c.14-.16.26-.3.4-.47h1.33c0-.37.27-.21.47-.25.02-.06.05-.14.07-.22h.58c.19.2.36.37.57.58v.58c-.07.01-.14.03-.2.04-.1.17.13.48-.26.48v.33c-.2.21-.34.36-.49.51-.1.11-.2.23-.31.33-.12.1-.26.18-.39.29-.03.02-.03.12-.01.14.14.12.29.24.46.38v.36c.08.03.16.06.25.08v.65c.08.02.15.04.23.06v.42c-.07.02-.14.05-.23.07v.43h-.38c-.11.12-.17.18-.23.25-.05-.07-.11-.13-.19-.23h-.55c-.15-.17-.26-.3-.41-.48h-.32c-.26-.48-.68-.1-.93-.25-.24.25-.44.46-.68.72-.07,0-.2,0-.37.02v.37c-.13.11-.22.19-.31.27,0,.02.02.04.03.06h-.33c-.66.66-1.26,1.27-1.91,1.92h-.25c-.81.81-1.57,1.58-2.39,2.4h-.35c0,.15-.02.29-.02.39-.11.11-.2.19-.35.33Z\"\/><\/svg><\/span><\/a><\/div><div class=\"standout-hero-rowing-animation\"><img decoding=\"async\" class=\"animation\" src=\"https:\/\/sagnlandet.dk\/de\/wp-content\/themes\/s-child\/images\/rowing.png\"><\/div><\/div>\t<\/div>\r\n\r\n\r\n\r\n\t\t<\/div>\r\n<\/section>\n\n\r\n\r\n<section class=\"standout-section standout-block standout-basic alignwide border-bg rounded-bg\">\r\n\r\n\t<div class=\"standout-max-container\">\t\r\n\r\n<div class=\"standout-block-inner\">\r\n\t\r\n\t\t\t\t\t\t<div class=\"acf-innerblocks-container\">\n\n<h2 class=\"wp-block-heading has-text-align-center has-h-4-font-size\">Reisen Sie mit Ihrer Klasse zur\u00fcck in die Eisenzeit!<\/h2>\n\n<\/div>\r\n\t\t\t\r\n\t<\/div>\r\n\r\n\r\n\r\n\t\t<\/div>\r\n<\/section>\n\n\r\n\r\n<section class=\"standout-section standout-block standout-basic alignwide\">\r\n\r\n\t<div class=\"standout-max-container\">\t\r\n\r\n<div class=\"standout-block-inner\">\r\n\t\r\n\t\t\t\t\t\t<div class=\"acf-innerblocks-container\">\n\n<div class=\"wp-block-columns alignfull standout-content-with-sidebar column-gap-s is-layout-flex wp-container-core-columns-is-layout-1 wp-block-columns-is-layout-flex\">\n<div class=\"wp-block-column standout-secondary-content is-layout-flow wp-block-column-is-layout-flow\">\r\n\r\n<section class=\"standout-section standout-block standout-basic alignwide rounded-bg wp-elements-d90e67446aac4f4852c6a795dafa0b6b has-bg has-bg-color has-text-color\" style=\"background-color: var(--wp--preset--color--color-text); color: #ffffff;\">\r\n\r\n\t<div class=\"standout-max-container\">\t\r\n\r\n<div class=\"standout-block-inner\">\r\n\t\r\n\t\t\t\t\t\t<div class=\"acf-innerblocks-container\">\n\n<h4 class=\"wp-block-heading has-color-gul-color has-text-color has-link-color wp-elements-78742c79e0edf03390bebaf8a711c4c3\">Die Zeit<\/h4>\n\n\n\n<h3 class=\"wp-block-heading has-color-gul-color has-text-color has-link-color wp-elements-e44774e4ec294e0cdc5b3740a5229561\">Die Eisenzeit<\/h3>\n\n\n\n<h6 class=\"wp-block-heading\">Allgemeine Lernziele des Bereichs<\/h6>\n\n\n\n<p>Die Sch\u00fclerInnen lernen etwas \u00fcber das Leben in der Eisenzeit und \u00fcber nicht-christliche Religionen und Glaubensrichtungen.<\/p>\n\n\n\n<p>Die Sch\u00fclerInnen k\u00f6nnen recherchieren, ihre eigene Lebenswelt ins rechte Licht r\u00fccken und ihre Erfahrungen aus erster Hand in Worte fassen.<\/p>\n\n\n\n<p>Die Sch\u00fcler \u00fcben den Umgang mit der Geschichte und das Verst\u00e4ndnis der Chronologie, indem sie bei der Erstellung historischer Szenarien mitwirken.<\/p>\n\n\n\n<figure class=\"wp-block-image size-full\"><img decoding=\"async\" src=\"https:\/\/sagnlandet.dk\/wp-content\/uploads\/2025\/02\/2015-11-04-20-00-copy-of-laurent-52-fritlagt-e1579775043843-266x300-1.png\" alt=\"\" class=\"wp-image-1620\"\/><\/figure>\n\n<\/div>\r\n\t\t\t\r\n\t<\/div>\r\n\r\n\r\n\r\n\t\t<\/div>\r\n<\/section><\/div>\n\n\n\n<div class=\"wp-block-column standout-primary-content is-layout-flow wp-block-column-is-layout-flow\">\r\n\r\n<section class=\"standout-section standout-block standout-basic alignwide border-bg rounded-bg\">\r\n\r\n\t<div class=\"standout-max-container\">\t\r\n\r\n<div class=\"standout-block-inner\">\r\n\t\r\n\t\t\t\t\t\t<div class=\"acf-innerblocks-container\">\n\n<h6 class=\"wp-block-heading\">Die eisenzeitliche Umgebung und das Dorf Lethra<\/h6>\n\n\n\n<p>LLethra ist eine Rekonstruktion eines kleinen Dorfes, das die Zeit von etwa 200 v. Chr. bis 200 n. Chr. widerspiegelt. Die Sch\u00fclerInnen erleben eine Reise 2000 Jahre zur\u00fcck in die Zeit, als die Menschen der Eisenzeit in kleinen H\u00e4uptlingst\u00fcmern lebten, w\u00e4hrend Kaiser Augustus das R\u00f6mische Reich regierte. Die Eisenzeit ist ein Teil der d\u00e4nischen Vorgeschichte und umfasst einen Zeitraum von 1250 Jahren, von 500 vor bis 750 nach Christus. Je nach Einfluss aus dem \u00fcbrigen Europa unterscheidet man zwischen der keltischen\/vorr\u00f6mischen Eisenzeit von 500 v. Chr. bis 0 n. Chr., der r\u00f6mischen Eisenzeit von 0 bis 400 n. Chr. und der germanischen Eisenzeit von 400 bis 750 n. Chr.<\/p>\n\n\n\n<p>Der Klimawandel und das Ende der Bronzeimporte in der sp\u00e4ten Bronzezeit, im Gefolge der keltischen und dann r\u00f6mischen Expansion in Europa, schufen die Grundlage f\u00fcr die Entwicklung des Eisenbergbaus. Dies f\u00fchrte zu zahlreichen Ver\u00e4nderungen in den n\u00f6rdlichen Gesellschaften. H\u00e4ufig kam es zu Konflikten um Land und Ressourcen, und Kriege geh\u00f6rten zum Alltag. In dieser Zeit wurde die alte nordgermanische Stammesgesellschaft umstrukturiert, was zu einer Umverteilung und Intensivierung der Landnutzung und zur Bildung neuer Gemeinschaften und Territorien f\u00fchrte.<\/p>\n\n\n\n<p>Im 1. Jahrhundert n. Chr. wurden B\u00fcndnisse und Verb\u00fcndete zu einer \u00dcberlebensnotwendigkeit. Gleichzeitig schufen sie gr\u00f6\u00dfere Machtzentren \u00fcber kleine Stammesgemeinschaften, die von isolierten Geh\u00f6ften zu wachsenden D\u00f6rfern wurden. So wurde die eisenzeitliche Gesellschaft im d\u00e4nischen Gebiet sowohl von den lokalen Gegebenheiten gepr\u00e4gt als auch von Fernhandel und Interessen beeinflusst.<\/p>\n\n\n\n<p>Die Klasse wird im Gebiet der Bauerngemeinschaft mit Wohnh\u00e4usern, einem Weberhaus, einer Holzschmiede und einer Schmiede mit einer Eisengewinnungsst\u00e4tte und einem Zaunhaus empfangen. Neben mehreren kleinen Geb\u00e4uden geh\u00f6ren zu Lethra bewirtschaftete Felder, Feld- und Waldbewuchs, ein stimmungsvolles Opfermoor und ein Begr\u00e4bnisplatz. Einige der Dorfbewohner haben in ihrer Rolle die Kelten und R\u00f6mer kennengelernt, im Guten wie im Schlechten. Als Zeitzeugen k\u00f6nnen sie \u00fcber ihre Ausr\u00fcstung, Erfahrungen und Beziehungen berichten.<\/p>\n\n\n\n<div class=\"wp-block-buttons btn-gap-10 is-content-justification-center is-layout-flex wp-container-core-buttons-is-layout-1 wp-block-buttons-is-layout-flex\">\n<div class=\"wp-block-button has-custom-font-size\" style=\"font-size:14px\"><a class=\"wp-block-button__link has-color-text-background-color has-background wp-element-button\" href=\"https:\/\/sagnlandet.dk\/en\/undervisningsforloeb\/\">Eine \u00dcbersicht + Preise f\u00fcr Bildungsprogramme finden Sie hier<\/a><\/div>\n<\/div>\n\n<\/div>\r\n\t\t\t\r\n\t<\/div>\r\n\r\n\r\n\r\n\t\t<\/div>\r\n<\/section><\/div>\n<\/div>\n\n<\/div>\r\n\t\t\t\r\n\t<\/div>\r\n\r\n\r\n\r\n\t\t<\/div>\r\n<\/section>\n\n\r\n\r\n<section class=\"standout-section standout-block standout-basic alignwide\">\r\n\r\n\t<div class=\"standout-max-container\">\t\r\n\r\n<div class=\"standout-block-inner\">\r\n\t\r\n\t\t\t\t\t\t<div class=\"acf-innerblocks-container\">\n\n<div class=\"wp-block-columns alignfull standout-content-with-sidebar column-gap-s is-layout-flex wp-container-core-columns-is-layout-2 wp-block-columns-is-layout-flex\">\n<div class=\"wp-block-column standout-primary-content is-layout-flow wp-block-column-is-layout-flow\">\r\n\r\n<section class=\"standout-section standout-block standout-basic alignwide border-bg rounded-bg\">\r\n\r\n\t<div class=\"standout-max-container\">\t\r\n\r\n<div class=\"standout-block-inner\">\r\n\t\r\n\t\t\t\t\t\t<div class=\"acf-innerblocks-container\">\n\n<h6 class=\"wp-block-heading\">Ein Tag in Lethra<\/h6>\n\n\n\n<p>Nach einem praktischen und informativen Empfang in unserem Welcome Center werden die Sch\u00fcler in das Dorf Lethra gebracht und im Leben der Eisenzeit um 0 n. Chr. willkommen gehei\u00dfen. Praktische Aktivit\u00e4ten, Sketche und Geschichten geben einen Einblick in das Alltagsleben in der Eisenzeit. Handwerkliche Aktivit\u00e4ten und Geschichten von Lehrern in Kost\u00fcmen und Rollen bringen die Eisenzeit unter die Haut der Sch\u00fcler.<\/p>\n\n\n\n<p>Das Heimatdorf, aus dem Ihre Klasse kommt, f\u00fchlt sich durch das Nachbardorf bedroht. Ihr habt geh\u00f6rt, dass es den Menschen aus dem Dorf Lethra beim H\u00e4uptling gut geht. Du bist nach Lethra gekommen, um ein B\u00fcndnis mit den Menschen dort zu schlie\u00dfen. Es ist gut, sich gegenseitig kennenzulernen und zusammenzuarbeiten. Die Dorfbewohner geben euch verschiedene Aufgaben. Ihr arbeitet hart zusammen und die Bewohner von Lethra schlie\u00dfen sich euch in einer Opferzeremonie im Opfersumpf an, um das B\u00fcndnis zu besiegeln.<\/p>\n\n\n\n<p>Oft besuchen zwei verschiedene Klassen gleichzeitig das Dorf. Die eine H\u00e4lfte der Klasse besch\u00e4ftigt sich mit der Haushaltsf\u00fchrung und der Zubereitung von Speisen im Stil der Eisenzeit. Die andere H\u00e4lfte der Sch\u00fcler besch\u00e4ftigt sich mit einem f\u00fcr die damalige Zeit typischen Handwerk, der Schmiedekunst. Die Sch\u00fcler demonstrieren und testen teilweise Werkzeuge in verschiedenen Arbeitsg\u00e4ngen, darunter auch das Holzhacken. Gegen 11.30 Uhr versammelt sich die Klasse zu einer kurzen Mittagspause, bevor sie sich wieder ihren jeweiligen Aktivit\u00e4ten widmet. Es wird ein gemeinsamer Ausflug zum Opfermoor unternommen. Nach der Opferzeremonie sitzt die Klasse im Eisenzeithaus, wo das Essen gemeinsam verkostet wird und Erfahrungen, Wissen und Erlebnisse ausgetauscht werden. Um 13:15 Uhr kehrt die Gruppe in die Gegenwart zur\u00fcck.<\/p>\n\n\n\n<hr class=\"wp-block-separator has-alpha-channel-opacity\"\/>\n\n\n\n<h6 class=\"wp-block-heading\">Ein Tag in Lethra<\/h6>\n\n\n\n<h6 class=\"wp-block-heading\">Dauer<\/h6>\n\n\n\n<p>3 Stunden, von 10:15 &#8211; 13:15 Uhr.<br>Die Klasse hat zwei Lehrer, die in den Kost\u00fcmen und Rollen der Menschen der Eisenzeit arbeiten.<br>Das Programm unterst\u00fctzt die Gemeinsamen Ziele in den F\u00e4chern Geschichte, Christliche Studien, Handwerk und Gestaltung.<br>Kanon der Geschichte: Kaiser Augustus<\/p>\n\n\n\n<h6 class=\"wp-block-heading\">Klassenstufe<\/h6>\n\n\n\n<p>3.- 6. Klasse<br>Der Kurs ist so organisiert, dass den Sch\u00fclern altersgerechte Aufgaben gestellt werden. Max. 28 Sch\u00fcler.<\/p>\n\n\n\n<h6 class=\"wp-block-heading\">Spezifische Lernziele<\/h6>\n\n\n\n<p>Der Kurs f\u00f6rdert das historische Bewusstsein und das Verst\u00e4ndnis f\u00fcr die Chronologie, bringt unterschiedliches Quellenmaterial (Rekonstruktionen, Erz\u00e4hlungen und Augenzeugenberichte der Lehrpersonen) ins Spiel, unterst\u00fctzt die quellenkritische Analyse und l\u00e4sst Raum f\u00fcr eigene Interpretationen und die Reflexion der Interaktion mit der eigenen Lebenswelt.<\/p>\n\n\n\n<p><strong>Der Preis f\u00fcr eine Klasse von max. 28 Teilnehmern betr\u00e4gt 2.550,- f\u00fcr den Kurs.<\/strong><\/p>\n\n<\/div>\r\n\t\t\t\r\n\t<\/div>\r\n\r\n\r\n\r\n\t\t<\/div>\r\n<\/section><\/div>\n\n\n\n<div class=\"wp-block-column standout-secondary-content is-layout-flow wp-block-column-is-layout-flow\">\r\n\r\n<section class=\"standout-section standout-block standout-basic alignwide\">\r\n\r\n\t<div class=\"standout-max-container\">\t\r\n\r\n<div class=\"standout-block-inner\">\r\n\t\r\n\t\t\t\t\t\t<div class=\"acf-innerblocks-container\">\n\n<figure class=\"wp-block-image size-full is-resized is-style-rounded\"><img decoding=\"async\" src=\"https:\/\/sagnlandet.dk\/wp-content\/uploads\/2025\/02\/jernalder-22-1920x1280-1-1.jpg\" alt=\"\" class=\"wp-image-1619\" style=\"object-fit:cover;width:400px;height:600px\"\/><\/figure>\n\n\n\r\n\r\n<section class=\"standout-section standout-block standout-basic alignwide rounded-bg wp-elements-11851c3d9a85c766962231cb0fdc8bfb has-bg has-bg-color has-text-color\" style=\"background-color: var(--wp--preset--color--color-text); color: #ffffff;\">\r\n\r\n\t<div class=\"standout-max-container\">\t\r\n\r\n<div class=\"standout-block-inner\">\r\n\t\r\n\t\t\t\t\t\t<div class=\"acf-innerblocks-container\">\n\n<h5 class=\"wp-block-heading has-text-align-center has-color-gul-color has-text-color has-link-color wp-elements-fdf89971b0ea26b29c02a33e93ee6d9e\">Kontaktieren Sie uns zur Buchung<\/h5>\n\n\n\n<h6 class=\"wp-block-heading has-text-align-center\"><a href=\"mailto:kontakt@sagnlandet.dk\">kontakt@sagnlandet.dk<\/a><\/h6>\n\n\n\n<h6 class=\"wp-block-heading has-text-align-center\"><a href=\"tel:+45 46 48 08 78\">+45 46 48 08 78<\/a><\/h6>\n\n\n\n<p class=\"aligncenter has-text-align-center\">Lejre Land der Legenden<br>Slangealleen 2<br>4320 Lejre, D\u00e4nemark<br><strong>CVR:<\/strong> 33247257<\/p>\n\n<\/div>\r\n\t\t\t\r\n\t<\/div>\r\n\r\n\r\n\r\n\t\t<\/div>\r\n<\/section>\n<\/div>\r\n\t\t\t\r\n\t<\/div>\r\n\r\n\r\n\r\n\t\t<\/div>\r\n<\/section><\/div>\n<\/div>\n\n<\/div>\r\n\t\t\t\r\n\t<\/div>\r\n\r\n\r\n\r\n\t\t<\/div>\r\n<\/section>\n\n\r\n\r\n<section class=\"standout-section standout-block standout-basic alignwide\">\r\n\r\n\t<div class=\"standout-max-container\">\t\r\n\r\n<div class=\"standout-block-inner\">\r\n\t\r\n\t\t\t\t\t\t<div class=\"acf-innerblocks-container\">\n\n<div class=\"wp-block-columns alignfull standout-content-with-sidebar column-gap-s is-layout-flex wp-container-core-columns-is-layout-3 wp-block-columns-is-layout-flex\">\n<div class=\"wp-block-column standout-primary-content is-layout-flow wp-block-column-is-layout-flow\">\r\n\r\n<section class=\"standout-section standout-block standout-basic alignwide border-bg rounded-bg\">\r\n\r\n\t<div class=\"standout-max-container\">\t\r\n\r\n<div class=\"standout-block-inner\">\r\n\t\r\n\t\t\t\t\t\t<div class=\"acf-innerblocks-container\">\n\n<h6 class=\"wp-block-heading\">Treffen Sie einen gallischen Fl\u00fcchtling<\/h6>\n\n\n\n<p>Nach einem praktischen und informativen Empfang um 10:15 oder 12:30 Uhr in unserem Welcome Center werden die Sch\u00fcler in Kost\u00fcm und Rolle vom Lehrer 2.000 Jahre zur\u00fcck in das eisenzeitliche Dorf Lethra gef\u00fchrt. Als Fl\u00fcchtling aus dem Stamm der Allobrogs, aus Ostgallien in den nordfranz\u00f6sischen Alpen, geh\u00f6rte er zu einem der einflussreichsten V\u00f6lker im eisenzeitlichen Europa im Vergleich zum r\u00f6mischen Reich.<\/p>\n\n\n\n<p>Hier kam der Lehrer um das Jahr 0 in Lethra an. Auf einem kurzen Rundgang erz\u00e4hlt er uns von der Welt der Kelten und Germanen unter r\u00f6mischem Einfluss. \u00dcber die Kelten, die sich \u00fcber ganz Europa ausbreiteten und mit ihrer Eisentechnologie, ihren Bestattungsbr\u00e4uchen und Opferritualen die ganze Gegend beeinflussten. Stimmt es, dass sie Menschen opferten und enthaupteten? Was f\u00fchrte Jarund hierher, wen traf er auf seinem Weg und wie wurde er empfangen? Wie kam er dorthin und wie lange dauerte seine Reise?<\/p>\n\n\n\n<p>Zusammen mit dem Lehrer finden Sie die Antworten, w\u00e4hrend Sie durch die eisenzeitliche Umgebung wandern, verschiedene Anschauungsobjekte betrachten und verschiedene Aspekte des damaligen Lebens kennen lernen. Du h\u00f6rst das Knistern des Feuers und erf\u00e4hrst etwas \u00fcber die Feinde, das R\u00f6mische Reich und Kaiser Augustus. Sie werden auch \u00fcber Ihre Gedanken zu seiner Situation sprechen und dar\u00fcber, wie sie sich von der der heutigen Fl\u00fcchtlinge unterscheidet.<\/p>\n\n\n\n<p>Zum Abschluss im Opfersumpf erfahren Sie etwas \u00fcber die keltischen G\u00f6tter, Opferst\u00e4tten und Rituale. Erfahrungen, Wissen und Einsichten werden ausgetauscht, bevor Sie um 12:15 oder 14:30 Uhr wieder in die Gegenwart zur\u00fcckkehren.<\/p>\n\n\n\n<hr class=\"wp-block-separator has-alpha-channel-opacity\"\/>\n\n\n\n<h6 class=\"wp-block-heading\">Begegnung mit einem gallischen Fl\u00fcchtling<\/h6>\n\n\n\n<h6 class=\"wp-block-heading\">Dauer<\/h6>\n\n\n\n<p>2 Stunden, 10:15 &#8211; 12:15 oder 12:30 &#8211; 14:30.<br>Die Klasse wird von einem Lehrer unterrichtet, der das Kost\u00fcm und die Rolle eines Mannes aus der Eisenzeit tr\u00e4gt. Der Kurs unterst\u00fctzt die gemeinsamen Ziele in den F\u00e4chern Geschichte, Geografie und Christentum.<\/p>\n\n\n\n<h6 class=\"wp-block-heading\">Klassenstufe<\/h6>\n\n\n\n<p>3.6. bis 6. Klasse.<br>Der Kurs ist so organisiert, dass die Sch\u00fcler altersgem\u00e4\u00dfe Aufgaben erhalten. Max. 28 Sch\u00fcler.<\/p>\n\n\n\n<h6 class=\"wp-block-heading\">Spezifische Lernziele<\/h6>\n\n\n\n<p>Der Kurs unterst\u00fctzt das chronologische Verst\u00e4ndnis. Die Sch\u00fcler k\u00f6nnen sich auf ethische Fragen des Lebens wie die Fl\u00fcchtlingsproblematik beziehen und ihre Erfahrungen mit ihrem eigenen Wissen und ihren eigenen Erfahrungen vergleichen.<\/p>\n\n\n\n<p>Der Kurs nutzt unterschiedliches Quellenmaterial (Rekonstruktionen, Erz\u00e4hlungen und Augenzeugenberichte aus der Feder des Dozenten) und unterst\u00fctzt die quellenkritische Analyse. Die Studierenden k\u00f6nnen quellenkritische Konzepte anwenden, um Interpretationen der Vergangenheit anhand einfacher Problemstellungen zu erkl\u00e4ren.<\/p>\n\n\n\n<p>Die Sch\u00fcler st\u00e4rken ihre F\u00e4higkeit zur Empathie und Identifikation. Die Sch\u00fcler st\u00e4rken ihre F\u00e4higkeit, sich zu wundern und Fragen zu stellen.<\/p>\n\n\n\n<p><strong>Der Preis f\u00fcr eine Klasse von max. 28 Teilnehmern betr\u00e4gt 1.650,- f\u00fcr den Kurs.<\/strong><\/p>\n\n<\/div>\r\n\t\t\t\r\n\t<\/div>\r\n\r\n\r\n\r\n\t\t<\/div>\r\n<\/section><\/div>\n\n\n\n<div class=\"wp-block-column standout-secondary-content is-layout-flow wp-block-column-is-layout-flow\">\r\n\r\n<section class=\"standout-section standout-block standout-basic alignwide\">\r\n\r\n\t<div class=\"standout-max-container\">\t\r\n\r\n<div class=\"standout-block-inner\">\r\n\t\r\n\t\t\t\t\t\t<div class=\"acf-innerblocks-container\">\n\n<figure class=\"wp-block-image size-full is-resized is-style-rounded\"><img decoding=\"async\" src=\"https:\/\/sagnlandet.dk\/wp-content\/uploads\/2025\/02\/varusslaget-08-1-1920x1280-1.jpg\" alt=\"\" class=\"wp-image-1618\" style=\"object-fit:cover;width:400px;height:600px\"\/><\/figure>\n\n\n\r\n\r\n<section class=\"standout-section standout-block standout-basic alignwide rounded-bg wp-elements-96c3b315a2ca6c70c84b13ff17ea5c77 has-bg has-bg-color has-text-color\" style=\"background-color: var(--wp--preset--color--color-text); color: #ffffff;\">\r\n\r\n\t<div class=\"standout-max-container\">\t\r\n\r\n<div class=\"standout-block-inner\">\r\n\t\r\n\t\t\t\t\t\t<div class=\"acf-innerblocks-container\">\n\n<h5 class=\"wp-block-heading has-text-align-center has-color-gul-color has-text-color has-link-color wp-elements-a4c39b8070b9a081edc5586cda9c97d9\">Kontaktieren Sie uns f\u00fcr eine Buchung<\/h5>\n\n\n\n<h6 class=\"wp-block-heading has-text-align-center\"><a href=\"mailto:kontakt@sagnlandet.dk\">kontakt@sagnlandet.dk<\/a><\/h6>\n\n\n\n<h6 class=\"wp-block-heading has-text-align-center\"><a href=\"tel:+45 46 48 08 78\">+45 46 48 08 78<\/a><\/h6>\n\n\n\n<p class=\"aligncenter has-text-align-center\">Lejre Land der Legenden<br>Slangealleen 2<br>4320 Lejre, D\u00e4nemark<br><strong>CVR:<\/strong> 33247257<\/p>\n\n<\/div>\r\n\t\t\t\r\n\t<\/div>\r\n\r\n\r\n\r\n\t\t<\/div>\r\n<\/section>\n<\/div>\r\n\t\t\t\r\n\t<\/div>\r\n\r\n\r\n\r\n\t\t<\/div>\r\n<\/section><\/div>\n<\/div>\n\n<\/div>\r\n\t\t\t\r\n\t<\/div>\r\n\r\n\r\n\r\n\t\t<\/div>\r\n<\/section>\n\n\r\n\r\n<section class=\"standout-section standout-block standout-basic alignwide\">\r\n\r\n\t<div class=\"standout-max-container\">\t\r\n\r\n<div class=\"standout-block-inner\">\r\n\t\r\n\t\t\t\t\t\t<div class=\"acf-innerblocks-container\">\n\n<div class=\"wp-block-columns alignfull standout-content-with-sidebar column-gap-s is-layout-flex wp-container-core-columns-is-layout-4 wp-block-columns-is-layout-flex\">\n<div class=\"wp-block-column standout-primary-content is-layout-flow wp-block-column-is-layout-flow\">\r\n\r\n<section class=\"standout-section standout-block standout-basic alignwide border-bg rounded-bg\">\r\n\r\n\t<div class=\"standout-max-container\">\t\r\n\r\n<div class=\"standout-block-inner\">\r\n\t\r\n\t\t\t\t\t\t<div class=\"acf-innerblocks-container\">\n\n<h6 class=\"wp-block-heading\">Die Gaben der G\u00f6tter<\/h6>\n\n\n\n<p>Arch\u00e4ologische Funde und historische Quellen bezeugen, dass unsere Vorfahren kultische Handlungen vollzogen haben. Aber wie das geschah, dar\u00fcber k\u00f6nnen wir nur spekulieren. Zeitzeugen in Kost\u00fcm und Rolle aus zwei Epochen berichten dar\u00fcber und nehmen Sie mit auf eine Zeitreise, die Ihnen die spirituelle und mentale Seite unter die Haut gehen l\u00e4sst. Dieser Kurs f\u00fchrt Sie zur\u00fcck in die Eisenzeit und die Wikingerzeit. Gemeinsam werden wir vier Reisen unternehmen, die verschiedene Aspekte des Themas Opfer beleuchten.<\/p>\n\n\n\n<ul class=\"wp-block-list\">\n<li>Sie besuchen ein eisenzeitliches Haus, wobei der Schwerpunkt auf dem t\u00e4glichen Leben der Eisenzeitmenschen rund um die Feuerstelle, ihren Hausg\u00f6ttern und besonderen Bedingungen liegt, die sich auf arch\u00e4ologische Funde beziehen. Anhand von Anschauungsobjekten werden verschiedene Themen im Zusammenhang mit Opferritualen im eisenzeitlichen Dorf veranschaulicht.<\/li>\n\n\n\n<li>Im Opfermoor von Lethra erleben Sie die eisenzeitliche Kultst\u00e4tte und f\u00fchren ein Opferritual durch. Hier erfahren Sie, warum geopfert wurde und lernen etwas \u00fcber Fruchtbarkeitsrituale, G\u00f6tter und G\u00f6ttinnen. Die Sitzung wird durch die Berichte von Tacitus beleuchtet, dem ersten bekannten ethnografischen Bericht oder Aufkl\u00e4rungswerk f\u00fcr das R\u00f6mische Reich, das die germanischen St\u00e4mme beschreibt.<\/li>\n\n\n\n<li>Im Gebiet der Wikinger wird Brennholz gehackt, Brot gebacken und Butter geschlagen. Im Einklang mit der animistischen Denkweise der Wikinger, in der die Natur beseelt ist und alles ein Wesen hat und ist, verzieren die Sch\u00fcler Brotkekse mit der Rune des Tages und kn\u00fcpfen eine Schnur, in die sie W\u00fcnsche und Gedanken \u00fcber die Vergangenheit und die Zukunft legen. Die Sch\u00fcler bereiten einen Opferteller vor und dekorieren ihn. Es ist auch Zeit f\u00fcr eine Geschichte.<\/li>\n\n\n\n<li>Man st\u00f6\u00dft gemeinsam auf zuk\u00fcnftige Errungenschaften an und bringt ein gemeinsames Opfer, einen Fleck auf Gudehorgen. Hier hat das Wikingergebiet die Beschreibung des Rechtsgelehrten Ahmad Ibn Fadlan \u00fcber eine Opferst\u00e4tte in der Wolgaregion zum Leben erweckt. Vielleicht bleibt auch Zeit f\u00fcr einen Besuch in der K\u00f6nigshalle, wo der Baum des Lebens, Ask Yggdrasil und die Nornen (Schicksalsg\u00f6ttinnen) ins Spiel kommen.<\/li>\n<\/ul>\n\n\n\n<hr class=\"wp-block-separator has-alpha-channel-opacity\"\/>\n\n\n\n<h6 class=\"wp-block-heading\">Die Gaben der G\u00f6tter<\/h6>\n\n\n\n<h6 class=\"wp-block-heading\">Dauer<\/h6>\n\n\n\n<p>3 Stunden, von 10:15 &#8211; 13:15<br>Der Kurs wird f\u00fcr zwei Klassen mit zwei Moderatoren in Kost\u00fcm und Rolle in jedem Zeitalter gebucht. Beim Wechsel in das andere Zeitalter um ca. 11:35 Uhr gibt es eine kurze Mittagspause, w\u00e4hrend der man von einem Bereich in den anderen wechselt.<\/p>\n\n\n\n<p>Das Programm kann auch f\u00fcr jeweils eine Klasse als 1\u00bd-st\u00fcndiges Programm im Bereich Eisenzeit oder im Bereich Wikinger mit einem P\u00e4dagogen in Kost\u00fcm und Rolle gebucht werden.<\/p>\n\n\n\n<h6 class=\"wp-block-heading\">Klassenstufe<\/h6>\n\n\n\n<p>4.7. bis 7. Klasse. Das Programm ist so konzipiert, dass es altersgerechte Herausforderungen f\u00fcr die Sch\u00fcler bietet. Maximal 28 Sch\u00fcler pro Klasse + 2-3 Erwachsene.<\/p>\n\n\n\n<h6 class=\"wp-block-heading\">Spezifische Lernziele<\/h6>\n\n\n\n<p>Die Sch\u00fclerInnen reflektieren \u00fcber die Glaubensvorstellungen, die Opferrituale ausmachen. Die Sch\u00fcler erwerben Kenntnisse \u00fcber nichtchristliche Religionen und Glaubensvorstellungen.<\/p>\n\n\n\n<p>Mit &#8220;Opfer&#8221; als Thema f\u00fcr eine universelle menschliche Handlung gewinnen die Sch\u00fcler ein reflektiertes Verst\u00e4ndnis daf\u00fcr, was der Mensch ist, was das Leben bieten kann und wie wir uns darauf beziehen k\u00f6nnen und in Bezug auf ethische Lebensfragen bezogen haben.<\/p>\n\n\n\n<p>Im Hinblick auf die ganzheitliche Entwicklung der Sch\u00fcler lernen die Sch\u00fcler gemeinsam mit anderen etwas \u00fcber die gemeinsame Menschlichkeit.<\/p>\n\n\n\n<p><strong>Der Preis f\u00fcr <u>zwei Klassen<\/u> mit jeweils max. 28 Sch\u00fclern betr\u00e4gt 5.100 DKK f\u00fcr den Kurs. <\/strong><\/p>\n\n<\/div>\r\n\t\t\t\r\n\t<\/div>\r\n\r\n\r\n\r\n\t\t<\/div>\r\n<\/section><\/div>\n\n\n\n<div class=\"wp-block-column standout-secondary-content is-layout-flow wp-block-column-is-layout-flow\">\r\n\r\n<section class=\"standout-section standout-block standout-basic alignwide\">\r\n\r\n\t<div class=\"standout-max-container\">\t\r\n\r\n<div class=\"standout-block-inner\">\r\n\t\r\n\t\t\t\t\t\t<div class=\"acf-innerblocks-container\">\n\n<figure class=\"wp-block-image size-full is-resized is-style-rounded\"><img decoding=\"async\" src=\"https:\/\/sagnlandet.dk\/wp-content\/uploads\/2025\/02\/offermose-beskaaret-fortaellere-2009-23.jpg\" alt=\"\" class=\"wp-image-1615\" style=\"object-fit:cover;width:400px;height:600px\"\/><\/figure>\n\n\n\r\n\r\n<section class=\"standout-section standout-block standout-basic alignwide rounded-bg wp-elements-ae9d36c1005830e95d46df3cb6e09801 has-bg has-bg-color has-text-color\" style=\"background-color: var(--wp--preset--color--color-text); color: #ffffff;\">\r\n\r\n\t<div class=\"standout-max-container\">\t\r\n\r\n<div class=\"standout-block-inner\">\r\n\t\r\n\t\t\t\t\t\t<div class=\"acf-innerblocks-container\">\n\n<h5 class=\"wp-block-heading has-text-align-center has-color-gul-color has-text-color has-link-color wp-elements-11ddd760877d6c44ef5c72aefb03a6e8\">Kontaktieren Sie uns, um zu buchen<\/h5>\n\n\n\n<h6 class=\"wp-block-heading has-text-align-center\"><a href=\"mailto:kontakt@sagnlandet.dk\">kontakt@sagnlandet.dk<\/a><\/h6>\n\n\n\n<h6 class=\"wp-block-heading has-text-align-center\"><a href=\"tel:+45 46 48 08 78\">+45 46 48 08 78<\/a><\/h6>\n\n\n\n<p class=\"aligncenter has-text-align-center\">Lejre Land der Legenden<br>Slangealleen 2<br>4320 Lejre, D\u00e4nemark<br><strong>CVR:<\/strong> 33247257<\/p>\n\n<\/div>\r\n\t\t\t\r\n\t<\/div>\r\n\r\n\r\n\r\n\t\t<\/div>\r\n<\/section>\n<\/div>\r\n\t\t\t\r\n\t<\/div>\r\n\r\n\r\n\r\n\t\t<\/div>\r\n<\/section><\/div>\n<\/div>\n\n<\/div>\r\n\t\t\t\r\n\t<\/div>\r\n\r\n\r\n\r\n\t\t<\/div>\r\n<\/section>\n\n\r\n\r\n<section class=\"standout-section standout-block standout-basic alignwide border-bg rounded-bg\">\r\n\r\n\t<div class=\"standout-max-container\">\t\r\n\r\n<div class=\"standout-block-inner\">\r\n\t\r\n\t\t\t\t\t\t<div class=\"acf-innerblocks-container\">\n\n<h2 class=\"wp-block-heading has-text-align-center has-h-4-font-size\">Unsere anderen Angebote<\/h2>\n\n<\/div>\r\n\t\t\t\r\n\t<\/div>\r\n\r\n\r\n\r\n\t\t<\/div>\r\n<\/section>\n\n\r\n\r\n<section class=\"standout-section standout-block standout-basic alignwide\">\r\n\r\n\t<div class=\"standout-max-container\">\t\r\n\r\n<div class=\"standout-block-inner\">\r\n\t\r\n\t\t\t\t\t\t<div class=\"acf-innerblocks-container\">\n\r\n\r\n<section class=\"standout-section standout-block standout-columns alignwide column-gap-s\" style=\"--columns: 4; --column-span: 1; --element-alignment: flex-start;\" data-columns=\"4\">\r\n\r\n\t<div class=\"standout-max-container\">\t\r\n\r\n<div class=\"standout-block-inner\">\r\n\t\t\t<div class=\"acf-innerblocks-container\">\n\r\n\r\n<section class=\"standout-block standout-column-element rounded-bg wp-elements-61879bcb2a5500aaa99239ef210a85d9 has-bg has-bg-color has-text-color\" style=\"background-color: var(--wp--preset--color--color-erteboelle); color: #ffffff;\">\r\n\r\n\t<div class=\"standout-max-container\">\t\r\n\r\n<div class=\"standout-block-inner\">\r\n\t\t\r\n\t\t\t<div class=\"acf-innerblocks-container\">\n\n<h4 class=\"wp-block-heading\"><a href=\"https:\/\/sagnlandet.dk\/de\/die-steinzeit-lehren\/\">Bildung in der Steinzeit<\/a><\/h4>\n\n\n\n<p>Entdecken Sie die ersten J\u00e4ger und Fischer in D\u00e4nemark oder erleben Sie das Leben vom eiszeitlichen J\u00e4ger bis zum F\u00f6rster.<\/p>\n\n\n\n<div class=\"wp-block-buttons is-content-justification-center is-layout-flex wp-container-core-buttons-is-layout-2 wp-block-buttons-is-layout-flex\">\n<div class=\"wp-block-button\"><a class=\"wp-block-button__link has-color-text-background-color has-background wp-element-button\" href=\"https:\/\/sagnlandet.dk\/de\/die-steinzeit-lehren\/\">Lesen Sie mehr \u00fcber<\/a><\/div>\n<\/div>\n\n<\/div>\r\n\t<\/div>\r\n\r\n\r\n\r\n\t\t<\/div>\r\n<\/section>\n\n\r\n\r\n<section class=\"standout-block standout-column-element rounded-bg wp-elements-93b9c9f1a01e7b4f252e27aec7427c00 has-bg has-bg-color has-text-color\" style=\"background-color: var(--wp--preset--color--color-2); color: #ffffff;\">\r\n\r\n\t<div class=\"standout-max-container\">\t\r\n\r\n<div class=\"standout-block-inner\">\r\n\t\t\r\n\t\t\t<div class=\"acf-innerblocks-container\">\n\n<h4 class=\"wp-block-heading\"><a href=\"https:\/\/sagnlandet.dk\/de\/unterricht-in-der-wikingerregion\/\">Lernen \u00fcber die Wikingerzeit<\/a><\/h4>\n\n\n\n<p>Werden Sie f\u00fcr einen Tag zum Wikinger oder probieren Sie Wikingersportarten aus. Kommen Sie zum Wikingerplatz, wo die Geschichte Sie zur\u00fcck in die Wikingerzeit f\u00fchrt.<\/p>\n\n\n\n<div class=\"wp-block-buttons is-content-justification-center is-layout-flex wp-container-core-buttons-is-layout-3 wp-block-buttons-is-layout-flex\">\n<div class=\"wp-block-button\"><a class=\"wp-block-button__link has-color-text-background-color has-background wp-element-button\" href=\"https:\/\/sagnlandet.dk\/de\/unterricht-in-der-wikingerregion\/\">Lesen Sie mehr dar\u00fcber<\/a><\/div>\n<\/div>\n\n<\/div>\r\n\t<\/div>\r\n\r\n\r\n\r\n\t\t<\/div>\r\n<\/section>\n\n\r\n\r\n<section class=\"standout-block standout-column-element rounded-bg wp-elements-e3cf3e4e3b6abafb8150996c44c7e8de has-bg has-bg-color has-text-color\" style=\"background-color: var(--wp--preset--color--color-landbo); color: #ffffff;\">\r\n\r\n\t<div class=\"standout-max-container\">\t\r\n\r\n<div class=\"standout-block-inner\">\r\n\t\t\r\n\t\t\t<div class=\"acf-innerblocks-container\">\n\n<h4 class=\"wp-block-heading\"><a href=\"https:\/\/sagnlandet.dk\/de\/der-unterricht-in-den-1850er-jahren\/\">Lernen in den 1800er Jahren<\/a><\/h4>\n\n\n\n<p>Erleben Sie die Jahreszeiten und Feste in Krikkebjerghuse, oder tauchen Sie ein in das Leben eines Kleinbauern um 1850.<\/p>\n\n\n\n<div class=\"wp-block-buttons is-content-justification-center is-layout-flex wp-container-core-buttons-is-layout-4 wp-block-buttons-is-layout-flex\">\n<div class=\"wp-block-button\"><a class=\"wp-block-button__link has-color-text-background-color has-background wp-element-button\" href=\"https:\/\/sagnlandet.dk\/de\/der-unterricht-in-den-1850er-jahren\/\">Lesen Sie mehr dar\u00fcber<\/a><\/div>\n<\/div>\n\n<\/div>\r\n\t<\/div>\r\n\r\n\r\n\r\n\t\t<\/div>\r\n<\/section>\n\n\r\n\r\n<section class=\"standout-block standout-column-element rounded-bg wp-elements-c93dff466a742279b9289048c899a7b8 has-bg has-bg-color has-text-color\" style=\"background-color: var(--wp--preset--color--color-text); color: #ffffff;\">\r\n\r\n\t<div class=\"standout-max-container\">\t\r\n\r\n<div class=\"standout-block-inner\">\r\n\t\t\r\n\t\t\t<div class=\"acf-innerblocks-container\">\n\n<h4 class=\"wp-block-heading\"><a href=\"https:\/\/sagnlandet.dk\/de\/unterricht-in-baldalen\/\">Bildung im Tal des Feuers<\/a><\/h4>\n\n\n\n<p>Erkunden Sie das alte Experimentarium im Lagerfeuertal: Treffen Sie die Tiere, mahlen Sie Mehl, fahren Sie mit einem Einbaum und vieles mehr.<\/p>\n\n\n\n<div class=\"wp-block-buttons is-content-justification-center is-layout-flex wp-container-core-buttons-is-layout-5 wp-block-buttons-is-layout-flex\">\n<div class=\"wp-block-button\"><a class=\"wp-block-button__link has-color-gul-background-color has-background wp-element-button\" href=\"https:\/\/sagnlandet.dk\/de\/unterricht-in-baldalen\/\">Lesen Sie mehr dar\u00fcber<\/a><\/div>\n<\/div>\n\n<\/div>\r\n\t<\/div>\r\n\r\n\r\n\r\n\t\t<\/div>\r\n<\/section>\n<\/div>\r\n\t<\/div>\r\n\r\n\r\n\r\n\t\t<\/div>\r\n<\/section>\n\n\r\n\r\n<section class=\"standout-section standout-block standout-columns alignwide column-gap-s\" style=\"--columns: 2; --column-span: 1; --element-alignment: flex-start;\" data-columns=\"2\">\r\n\r\n\t<div class=\"standout-max-container\">\t\r\n\r\n<div class=\"standout-block-inner\">\r\n\t\t\t<div class=\"acf-innerblocks-container\">\n\r\n\r\n<section class=\"standout-block standout-column-element rounded-bg wp-elements-1da65d925937c2ce37f2fadeef265e20 has-bg has-bg-color has-text-color\" style=\"background-color: var(--wp--preset--color--color-istid); color: #ffffff;\">\r\n\r\n\t<div class=\"standout-max-container\">\t\r\n\r\n<div class=\"standout-block-inner\">\r\n\t\t\r\n\t\t\t<div class=\"acf-innerblocks-container\">\n\n<h4 class=\"wp-block-heading\"><a href=\"https:\/\/sagnlandet.dk\/de\/auf-eigene-faust\/\">Unterricht in Ihrem eigenen Tempo<\/a><\/h4>\n\n\n\n<p>Erleben Sie Lejre Land of Legends auf eigene Faust: Besuchen Sie den mittelalterlichen Garten Harpestreng&#8217;s Garden oder probieren Sie unsere speziell entwickelte Matheaufgabe \u00fcber die K\u00f6nigshalle aus. Probieren Sie einige unserer anderen Kurse aus, mit denen Sie Lejre Land of Legends auf eigene Faust erkunden k\u00f6nnen.<\/p>\n\n\n\n<div class=\"wp-block-buttons is-content-justification-center is-layout-flex wp-container-core-buttons-is-layout-6 wp-block-buttons-is-layout-flex\">\n<div class=\"wp-block-button\"><a class=\"wp-block-button__link has-color-text-background-color has-background wp-element-button\" href=\"https:\/\/sagnlandet.dk\/de\/auf-eigene-faust\/\">Lesen Sie mehr \u00fcber<\/a><\/div>\n<\/div>\n\n<\/div>\r\n\t<\/div>\r\n\r\n\r\n\r\n\t\t<\/div>\r\n<\/section>\n\n\r\n\r\n<section class=\"standout-block standout-column-element rounded-bg wp-elements-88f7c30bd4c3bec20b9764682978c460 has-bg has-bg-color has-text-color\" style=\"background-color: var(--wp--preset--color--color-2); color: #ffffff;\">\r\n\r\n\t<div class=\"standout-max-container\">\t\r\n\r\n<div class=\"standout-block-inner\">\r\n\t\t\r\n\t\t\t<div class=\"acf-innerblocks-container\">\n\n<h4 class=\"wp-block-heading\"><a href=\"https:\/\/sagnlandet.dk\/de\/camp-schulen\/\">Camp-Schulen in Lejre Land of Legends<\/a><\/h4>\n\n\n\n<p class=\"aligncenter has-text-align-center\">Tauchen Sie bei einem mehrt\u00e4gigen Aufenthalt im Lejre Land der Legenden in die Wikingerzeit ein. Ihr Aufenthalt dauert zwischen 1 Tag und 4 Tagen. Bitte beachten Sie: Der Wikingerbereich ist auch dann f\u00fcr Aufenthalte ge\u00f6ffnet, wenn der Rest von Lejre Land der Legenden geschlossen ist. Es ist m\u00f6glich, sich f\u00fcr zwei Jahre im Voraus anzumelden.<\/p>\n\n\n\n<div class=\"wp-block-buttons is-content-justification-center is-layout-flex wp-container-core-buttons-is-layout-7 wp-block-buttons-is-layout-flex\">\n<div class=\"wp-block-button\"><a class=\"wp-block-button__link has-color-text-background-color has-background wp-element-button\" href=\"https:\/\/sagnlandet.dk\/de\/camp-schulen\/\">Lesen Sie mehr \u00fcber die Wikinger<\/a><\/div>\n<\/div>\n\n<\/div>\r\n\t<\/div>\r\n\r\n\r\n\r\n\t\t<\/div>\r\n<\/section>\n<\/div>\r\n\t<\/div>\r\n\r\n\r\n\r\n\t\t<\/div>\r\n<\/section>\n\n\r\n\r\n<section class=\"standout-section standout-block standout-basic alignwide border-bg rounded-bg\">\r\n\r\n\t<div class=\"standout-max-container\">\t\r\n\r\n<div class=\"standout-block-inner\">\r\n\t\r\n\t\t\t\t\t\t<div class=\"acf-innerblocks-container\">\n\n<h2 class=\"wp-block-heading has-text-align-center has-h-4-font-size\">Kontaktieren Sie uns unter<\/h2>\n\n<\/div>\r\n\t\t\t\r\n\t<\/div>\r\n\r\n\r\n\r\n\t\t<\/div>\r\n<\/section>\n\n\r\n\r\n<section class=\"standout-section standout-block standout-basic alignwide\">\r\n\r\n\t<div class=\"standout-max-container\">\t\r\n\r\n<div class=\"standout-block-inner\">\r\n\t\r\n\t\t\t\t\t\t<div class=\"acf-innerblocks-container\">\n\r\n\r\n<section class=\"standout-section standout-block standout-columns alignwide column-gap-s\" style=\"--columns: 2; --column-span: 1; --element-alignment: flex-start;\" data-columns=\"2\">\r\n\r\n\t<div class=\"standout-max-container\">\t\r\n\r\n<div class=\"standout-block-inner\">\r\n\t\t\t<div class=\"acf-innerblocks-container\">\n\r\n\r\n<section class=\"standout-block standout-column-element rounded-bg wp-elements-cd4ebefc28f9488b1c032b6056328d21 has-bg has-bg-color has-text-color\" style=\"background-color: var(--wp--preset--color--color-gul); color: #ffffff;\">\r\n\r\n\t<div class=\"standout-max-container\">\t\r\n\r\n<div class=\"standout-block-inner\">\r\n\t\t\r\n\t\t\t<div class=\"acf-innerblocks-container\">\n\n<h5 class=\"wp-block-heading has-text-align-center\">Finden Sie uns unter skoletjenesten.dk<\/h5>\n\n\n\n<p class=\"aligncenter has-text-align-center\">Alle unsere Aufenthalte und Angebote finden Sie unter skoletjenesten.dk. Hier k\u00f6nnen Sie mehr dar\u00fcber erfahren, wann Sie die verschiedenen Kurse buchen k\u00f6nnen.<\/p>\n\n\n\n<div class=\"wp-block-buttons is-content-justification-center is-layout-flex wp-container-core-buttons-is-layout-8 wp-block-buttons-is-layout-flex\">\n<div class=\"wp-block-button\"><a class=\"wp-block-button__link has-color-text-background-color has-background wp-element-button\">Lesen Sie mehr \u00fcber uns<\/a><\/div>\n<\/div>\n\n<\/div>\r\n\t<\/div>\r\n\r\n\r\n\r\n\t\t<\/div>\r\n<\/section>\n\n\r\n\r\n<section class=\"standout-block standout-column-element rounded-bg wp-elements-64c6d4683a4947f2ca0b94aa04240ba3 has-bg has-bg-color has-text-color\" style=\"background-color: var(--wp--preset--color--color-text); color: #ffffff;\">\r\n\r\n\t<div class=\"standout-max-container\">\t\r\n\r\n<div class=\"standout-block-inner\">\r\n\t\t\r\n\t\t\t<div class=\"acf-innerblocks-container\">\n\n<h5 class=\"wp-block-heading has-text-align-center\">Nehmen Sie Kontakt mit uns auf<\/h5>\n\n\n\n<p class=\"aligncenter has-text-align-center\">Haben Sie die Antwort auf Ihre Frage noch nicht gefunden? Dann finden Sie den richtigen Ansprechpartner auf unserer Kontaktseite!<\/p>\n\n\n\n<div class=\"wp-block-buttons is-content-justification-center is-layout-flex wp-container-core-buttons-is-layout-9 wp-block-buttons-is-layout-flex\">\n<div class=\"wp-block-button\"><a class=\"wp-block-button__link has-color-2-background-color has-background wp-element-button\">Lies mehr \u00fcber uns<\/a><\/div>\n<\/div>\n\n<\/div>\r\n\t<\/div>\r\n\r\n\r\n\r\n\t\t<\/div>\r\n<\/section>\n<\/div>\r\n\t<\/div>\r\n\r\n\r\n\r\n\t\t<\/div>\r\n<\/section>\n<\/div>\r\n\t\t\t\r\n\t<\/div>\r\n\r\n\r\n\r\n\t\t<\/div>\r\n<\/section>\n<\/div>\r\n\t\t\t\r\n\t<\/div>\r\n\r\n\r\n\r\n\t\t<\/div>\r\n<\/section>","protected":false},"excerpt":{"rendered":"","protected":false},"author":3,"featured_media":71082,"parent":0,"menu_order":0,"comment_status":"open","ping_status":"open","template":"","meta":{"_acf_changed":false,"footnotes":""},"class_list":["post-70017","page","type-page","status-publish","has-post-thumbnail","hentry"],"acf":[],"yoast_head":"<!-- This site is optimized with the Yoast SEO plugin v23.5 - https:\/\/yoast.com\/wordpress\/plugins\/seo\/ -->\n<title>Die Eisenzeit im Unterricht - Sagnlandet Lejre<\/title>\n<meta name=\"robots\" content=\"index, follow, max-snippet:-1, max-image-preview:large, max-video-preview:-1\" \/>\n<link rel=\"canonical\" href=\"https:\/\/sagnlandet.dk\/de\/teaching-the-iron-age\/\" \/>\n<meta property=\"og:locale\" content=\"de_DE\" \/>\n<meta property=\"og:type\" content=\"article\" \/>\n<meta property=\"og:title\" content=\"Die Eisenzeit im Unterricht - Sagnlandet Lejre\" \/>\n<meta property=\"og:url\" content=\"https:\/\/sagnlandet.dk\/de\/teaching-the-iron-age\/\" \/>\n<meta property=\"og:site_name\" content=\"Sagnlandet Lejre\" \/>\n<meta property=\"article:modified_time\" content=\"2025-02-24T06:11:41+00:00\" \/>\n<meta property=\"og:image\" content=\"https:\/\/sagnlandet.dk\/de\/wp-content\/uploads\/sites\/13\/2025\/02\/luft-maj-2012-03-scaled-1-1.jpg\" \/>\n\t<meta property=\"og:image:width\" content=\"2560\" \/>\n\t<meta property=\"og:image:height\" content=\"1707\" \/>\n\t<meta property=\"og:image:type\" content=\"image\/jpeg\" \/>\n<meta name=\"twitter:card\" content=\"summary_large_image\" \/>\n<meta name=\"twitter:label1\" content=\"Gesch\u00e4tzte Lesezeit\" \/>\n\t<meta name=\"twitter:data1\" content=\"11\u00a0Minuten\" \/>\n<!-- \/ Yoast SEO plugin. -->","yoast_head_json":{"title":"Die Eisenzeit im Unterricht - Sagnlandet Lejre","robots":{"index":"index","follow":"follow","max-snippet":"max-snippet:-1","max-image-preview":"max-image-preview:large","max-video-preview":"max-video-preview:-1"},"canonical":"https:\/\/sagnlandet.dk\/de\/teaching-the-iron-age\/","og_locale":"de_DE","og_type":"article","og_title":"Die Eisenzeit im Unterricht - Sagnlandet Lejre","og_url":"https:\/\/sagnlandet.dk\/de\/teaching-the-iron-age\/","og_site_name":"Sagnlandet Lejre","article_modified_time":"2025-02-24T06:11:41+00:00","og_image":[{"width":2560,"height":1707,"url":"https:\/\/sagnlandet.dk\/de\/wp-content\/uploads\/sites\/13\/2025\/02\/luft-maj-2012-03-scaled-1-1.jpg","type":"image\/jpeg"}],"twitter_card":"summary_large_image","twitter_misc":{"Gesch\u00e4tzte Lesezeit":"11\u00a0Minuten"},"schema":{"@context":"https:\/\/schema.org","@graph":[{"@type":"WebPage","@id":"https:\/\/sagnlandet.dk\/de\/teaching-the-iron-age\/","url":"https:\/\/sagnlandet.dk\/de\/teaching-the-iron-age\/","name":"Die Eisenzeit im Unterricht - Sagnlandet Lejre","isPartOf":{"@id":"https:\/\/sagnlandet.dk\/de\/#website"},"primaryImageOfPage":{"@id":"https:\/\/sagnlandet.dk\/de\/teaching-the-iron-age\/#primaryimage"},"image":{"@id":"https:\/\/sagnlandet.dk\/de\/teaching-the-iron-age\/#primaryimage"},"thumbnailUrl":"https:\/\/sagnlandet.dk\/de\/wp-content\/uploads\/sites\/13\/2025\/02\/luft-maj-2012-03-scaled-1-1-1.jpg","datePublished":"2024-10-02T07:35:44+00:00","dateModified":"2025-02-24T06:11:41+00:00","breadcrumb":{"@id":"https:\/\/sagnlandet.dk\/de\/teaching-the-iron-age\/#breadcrumb"},"inLanguage":"de","potentialAction":[{"@type":"ReadAction","target":["https:\/\/sagnlandet.dk\/de\/teaching-the-iron-age\/"]}]},{"@type":"ImageObject","inLanguage":"de","@id":"https:\/\/sagnlandet.dk\/de\/teaching-the-iron-age\/#primaryimage","url":"https:\/\/sagnlandet.dk\/de\/wp-content\/uploads\/sites\/13\/2025\/02\/luft-maj-2012-03-scaled-1-1-1.jpg","contentUrl":"https:\/\/sagnlandet.dk\/de\/wp-content\/uploads\/sites\/13\/2025\/02\/luft-maj-2012-03-scaled-1-1-1.jpg","width":2560,"height":1707},{"@type":"BreadcrumbList","@id":"https:\/\/sagnlandet.dk\/de\/teaching-the-iron-age\/#breadcrumb","itemListElement":[{"@type":"ListItem","position":1,"name":"Hjem","item":"https:\/\/sagnlandet.dk\/de\/"},{"@type":"ListItem","position":2,"name":"Teaching the Iron Age"}]},{"@type":"WebSite","@id":"https:\/\/sagnlandet.dk\/de\/#website","url":"https:\/\/sagnlandet.dk\/de\/","name":"Sagnlandet Lejre","description":"","publisher":{"@id":"https:\/\/sagnlandet.dk\/de\/#organization"},"potentialAction":[{"@type":"SearchAction","target":{"@type":"EntryPoint","urlTemplate":"https:\/\/sagnlandet.dk\/de\/?s={search_term_string}"},"query-input":{"@type":"PropertyValueSpecification","valueRequired":true,"valueName":"search_term_string"}}],"inLanguage":"de"},{"@type":"Organization","@id":"https:\/\/sagnlandet.dk\/de\/#organization","name":"Sagnlandet Lejre","url":"https:\/\/sagnlandet.dk\/de\/","logo":{"@type":"ImageObject","inLanguage":"de","@id":"https:\/\/sagnlandet.dk\/de\/#\/schema\/logo\/image\/","url":"https:\/\/sagnlandet.dk\/de\/wp-content\/uploads\/sites\/13\/1738\/65\/logo.png","contentUrl":"https:\/\/sagnlandet.dk\/de\/wp-content\/uploads\/sites\/13\/1738\/65\/logo.png","width":398,"height":143,"caption":"Sagnlandet Lejre"},"image":{"@id":"https:\/\/sagnlandet.dk\/de\/#\/schema\/logo\/image\/"}}]}},"_links":{"self":[{"href":"https:\/\/sagnlandet.dk\/de\/wp-json\/wp\/v2\/pages\/70017"}],"collection":[{"href":"https:\/\/sagnlandet.dk\/de\/wp-json\/wp\/v2\/pages"}],"about":[{"href":"https:\/\/sagnlandet.dk\/de\/wp-json\/wp\/v2\/types\/page"}],"author":[{"embeddable":true,"href":"https:\/\/sagnlandet.dk\/de\/wp-json\/wp\/v2\/users\/3"}],"replies":[{"embeddable":true,"href":"https:\/\/sagnlandet.dk\/de\/wp-json\/wp\/v2\/comments?post=70017"}],"version-history":[{"count":7,"href":"https:\/\/sagnlandet.dk\/de\/wp-json\/wp\/v2\/pages\/70017\/revisions"}],"predecessor-version":[{"id":71117,"href":"https:\/\/sagnlandet.dk\/de\/wp-json\/wp\/v2\/pages\/70017\/revisions\/71117"}],"wp:featuredmedia":[{"embeddable":true,"href":"https:\/\/sagnlandet.dk\/de\/wp-json\/wp\/v2\/media\/71082"}],"wp:attachment":[{"href":"https:\/\/sagnlandet.dk\/de\/wp-json\/wp\/v2\/media?parent=70017"}],"curies":[{"name":"wp","href":"https:\/\/api.w.org\/{rel}","templated":true}]}}